{"id":3555,"date":"2024-08-26T07:47:51","date_gmt":"2024-08-26T07:47:51","guid":{"rendered":"https:\/\/www.totiaranalquilerbaqueira.com\/blog\/?page_id=3555"},"modified":"2025-04-07T09:29:42","modified_gmt":"2025-04-07T09:29:42","slug":"gessa","status":"publish","type":"page","link":"https:\/\/www.totiaranalquilerbaqueira.com\/blog\/gessa\/","title":{"rendered":"Gessa, un pueblo soleado en pleno valle junto al bosque de Mont-Romies"},"content":{"rendered":"\t\t<div data-elementor-type=\"wp-page\" data-elementor-id=\"3555\" class=\"elementor elementor-3555\" data-elementor-post-type=\"page\">\n\t\t\t\t\t\t<section class=\"elementor-section elementor-top-section elementor-element elementor-element-b58e604 elementor-section-boxed elementor-section-height-default elementor-section-height-default\" data-id=\"b58e604\" data-element_type=\"section\" data-e-type=\"section\">\n\t\t\t\t\t\t<div class=\"elementor-container elementor-column-gap-default\">\n\t\t\t\t\t<div class=\"elementor-column elementor-col-100 elementor-top-column elementor-element elementor-element-5f79145b\" data-id=\"5f79145b\" data-element_type=\"column\" data-e-type=\"column\">\n\t\t\t<div class=\"elementor-widget-wrap elementor-element-populated\">\n\t\t\t\t\t\t<div class=\"elementor-element elementor-element-65872140 elementor-widget elementor-widget-heading\" data-id=\"65872140\" data-element_type=\"widget\" data-e-type=\"widget\" data-widget_type=\"heading.default\">\n\t\t\t\t<div class=\"elementor-widget-container\">\n\t\t\t\t\t<h2 class=\"elementor-heading-title elementor-size-default\">\u00bfD\u00f3nde est\u00e1 Gessa y c\u00f3mo llegar?<\/h2>\t\t\t\t<\/div>\n\t\t\t\t<\/div>\n\t\t\t\t<div class=\"elementor-element elementor-element-1d033f11 elementor-widget elementor-widget-text-editor\" data-id=\"1d033f11\" data-element_type=\"widget\" data-e-type=\"widget\" data-widget_type=\"text-editor.default\">\n\t\t\t\t<div class=\"elementor-widget-container\">\n\t\t\t\t\t\t\t\t\t<div class=\"row-fluid-wrapper row-depth-2 row-number-1 \"><div class=\"row-fluid \"><div class=\"span12 widget-span widget-type-custom_widget \" data-widget-type=\"custom_widget\" data-x=\"0\" data-w=\"12\"><div id=\"hs_cos_wrapper_module_156680604517689\" class=\"hs_cos_wrapper hs_cos_wrapper_widget hs_cos_wrapper_type_module widget-type-rich_text\" data-hs-cos-general-type=\"widget\" data-hs-cos-type=\"module\"><p>Gessa es un peque\u00f1o y pintoresco pueblo ubicado en el Valle de Ar\u00e1n, en la provincia de Lleida, Catalu\u00f1a, en plena cordillera de los Pirineos. A una altitud de aproximadamente 1.250 metros sobre el nivel del mar, Gessa se encuentra rodeado de monta\u00f1as y valles que ofrecen un entorno natural de gran belleza, caracter\u00edstico de esta regi\u00f3n pirenaica.<\/p><p>Para llegar a Gessa, el acceso m\u00e1s com\u00fan es en coche. Desde Lleida, se sigue la carretera N-230 en direcci\u00f3n a Vielha, la capital del Valle de Ar\u00e1n. Desde Vielha, se toma la carretera C-28 hacia Baqueira. Gessa se encuentra a unos 15 kil\u00f3metros de Vielha, justo despu\u00e9s de pasar por Salard\u00fa, por lo que el viaje es sencillo y directo.<\/p><p>A pesar de su tama\u00f1o reducido, Gessa ofrece un acceso privilegiado a numerosas actividades al aire libre. Durante el invierno, su cercan\u00eda a la estaci\u00f3n de esqu\u00ed de Baqueira-Beret lo convierte en un excelente punto de base para los esquiadores. En verano, la zona es ideal para practicar senderismo, ciclismo y otras actividades en plena naturaleza, disfrutando de los paisajes monta\u00f1osos y la flora y fauna aut\u00f3ctonas.<\/p><\/div><\/div><\/div><\/div>\t\t\t\t\t\t\t\t<\/div>\n\t\t\t\t<\/div>\n\t\t\t\t<div class=\"elementor-element elementor-element-f73101b elementor-widget elementor-widget-image-gallery\" data-id=\"f73101b\" data-element_type=\"widget\" data-e-type=\"widget\" data-widget_type=\"image-gallery.default\">\n\t\t\t\t<div class=\"elementor-widget-container\">\n\t\t\t\t\t\t\t<div class=\"elementor-image-gallery\">\n\t\t\t<div id='gallery-1' class='gallery galleryid-3555 gallery-columns-4 gallery-size-medium'><figure class='gallery-item'>\n\t\t\t<div class='gallery-icon landscape'>\n\t\t\t\t<a data-elementor-open-lightbox=\"yes\" data-elementor-lightbox-slideshow=\"f73101b\" data-elementor-lightbox-title=\"gessa-1\" data-e-action-hash=\"#elementor-action%3Aaction%3Dlightbox%26settings%3DeyJpZCI6MzU1NiwidXJsIjoiaHR0cHM6XC9cL3d3dy50b3RpYXJhbmFscXVpbGVyYmFxdWVpcmEuY29tXC9ibG9nXC93cC1jb250ZW50XC91cGxvYWRzXC8yMDI0XC8wOFwvZ2Vzc2EtMS5qcGciLCJzbGlkZXNob3ciOiJmNzMxMDFiIn0%3D\" href='https:\/\/www.totiaranalquilerbaqueira.com\/blog\/wp-content\/uploads\/2024\/08\/gessa-1.jpg'><img fetchpriority=\"high\" decoding=\"async\" width=\"300\" height=\"200\" src=\"https:\/\/www.totiaranalquilerbaqueira.com\/blog\/wp-content\/uploads\/2024\/08\/gessa-1-300x200.jpg\" class=\"attachment-medium size-medium\" alt=\"Casas en Gessa con vistas\" srcset=\"https:\/\/www.totiaranalquilerbaqueira.com\/blog\/wp-content\/uploads\/2024\/08\/gessa-1-300x200.jpg 300w, https:\/\/www.totiaranalquilerbaqueira.com\/blog\/wp-content\/uploads\/2024\/08\/gessa-1.jpg 724w\" sizes=\"(max-width: 300px) 100vw, 300px\" \/><\/a>\n\t\t\t<\/div><\/figure><figure class='gallery-item'>\n\t\t\t<div class='gallery-icon landscape'>\n\t\t\t\t<a data-elementor-open-lightbox=\"yes\" data-elementor-lightbox-slideshow=\"f73101b\" data-elementor-lightbox-title=\"gessa-10\" data-e-action-hash=\"#elementor-action%3Aaction%3Dlightbox%26settings%3DeyJpZCI6MzU4MywidXJsIjoiaHR0cHM6XC9cL3d3dy50b3RpYXJhbmFscXVpbGVyYmFxdWVpcmEuY29tXC9ibG9nXC93cC1jb250ZW50XC91cGxvYWRzXC8yMDI0XC8wOFwvZ2Vzc2EtMTAuanBnIiwic2xpZGVzaG93IjoiZjczMTAxYiJ9\" href='https:\/\/www.totiaranalquilerbaqueira.com\/blog\/wp-content\/uploads\/2024\/08\/gessa-10.jpg'><img decoding=\"async\" width=\"300\" height=\"200\" src=\"https:\/\/www.totiaranalquilerbaqueira.com\/blog\/wp-content\/uploads\/2024\/08\/gessa-10-300x200.jpg\" class=\"attachment-medium size-medium\" alt=\"Gessa pueblo\" srcset=\"https:\/\/www.totiaranalquilerbaqueira.com\/blog\/wp-content\/uploads\/2024\/08\/gessa-10-300x200.jpg 300w, https:\/\/www.totiaranalquilerbaqueira.com\/blog\/wp-content\/uploads\/2024\/08\/gessa-10.jpg 724w\" sizes=\"(max-width: 300px) 100vw, 300px\" \/><\/a>\n\t\t\t<\/div><\/figure><figure class='gallery-item'>\n\t\t\t<div class='gallery-icon landscape'>\n\t\t\t\t<a data-elementor-open-lightbox=\"yes\" data-elementor-lightbox-slideshow=\"f73101b\" data-elementor-lightbox-title=\"gessa-7\" data-e-action-hash=\"#elementor-action%3Aaction%3Dlightbox%26settings%3DeyJpZCI6MzU3NCwidXJsIjoiaHR0cHM6XC9cL3d3dy50b3RpYXJhbmFscXVpbGVyYmFxdWVpcmEuY29tXC9ibG9nXC93cC1jb250ZW50XC91cGxvYWRzXC8yMDI0XC8wOFwvZ2Vzc2EtNy5qcGciLCJzbGlkZXNob3ciOiJmNzMxMDFiIn0%3D\" href='https:\/\/www.totiaranalquilerbaqueira.com\/blog\/wp-content\/uploads\/2024\/08\/gessa-7.jpg'><img decoding=\"async\" width=\"300\" height=\"200\" src=\"https:\/\/www.totiaranalquilerbaqueira.com\/blog\/wp-content\/uploads\/2024\/08\/gessa-7-300x200.jpg\" class=\"attachment-medium size-medium\" alt=\"Fuente en Gessa\" srcset=\"https:\/\/www.totiaranalquilerbaqueira.com\/blog\/wp-content\/uploads\/2024\/08\/gessa-7-300x200.jpg 300w, https:\/\/www.totiaranalquilerbaqueira.com\/blog\/wp-content\/uploads\/2024\/08\/gessa-7.jpg 724w\" sizes=\"(max-width: 300px) 100vw, 300px\" \/><\/a>\n\t\t\t<\/div><\/figure><figure class='gallery-item'>\n\t\t\t<div class='gallery-icon landscape'>\n\t\t\t\t<a data-elementor-open-lightbox=\"yes\" data-elementor-lightbox-slideshow=\"f73101b\" data-elementor-lightbox-title=\"gessa-6\" data-e-action-hash=\"#elementor-action%3Aaction%3Dlightbox%26settings%3DeyJpZCI6MzU3MSwidXJsIjoiaHR0cHM6XC9cL3d3dy50b3RpYXJhbmFscXVpbGVyYmFxdWVpcmEuY29tXC9ibG9nXC93cC1jb250ZW50XC91cGxvYWRzXC8yMDI0XC8wOFwvZ2Vzc2EtNi5qcGciLCJzbGlkZXNob3ciOiJmNzMxMDFiIn0%3D\" href='https:\/\/www.totiaranalquilerbaqueira.com\/blog\/wp-content\/uploads\/2024\/08\/gessa-6.jpg'><img loading=\"lazy\" decoding=\"async\" width=\"300\" height=\"200\" src=\"https:\/\/www.totiaranalquilerbaqueira.com\/blog\/wp-content\/uploads\/2024\/08\/gessa-6-300x200.jpg\" class=\"attachment-medium size-medium\" alt=\"Gessa nevado en invierno\" srcset=\"https:\/\/www.totiaranalquilerbaqueira.com\/blog\/wp-content\/uploads\/2024\/08\/gessa-6-300x200.jpg 300w, https:\/\/www.totiaranalquilerbaqueira.com\/blog\/wp-content\/uploads\/2024\/08\/gessa-6.jpg 724w\" sizes=\"(max-width: 300px) 100vw, 300px\" \/><\/a>\n\t\t\t<\/div><\/figure><figure class='gallery-item'>\n\t\t\t<div class='gallery-icon landscape'>\n\t\t\t\t<a data-elementor-open-lightbox=\"yes\" data-elementor-lightbox-slideshow=\"f73101b\" data-elementor-lightbox-title=\"gessa-4\" data-e-action-hash=\"#elementor-action%3Aaction%3Dlightbox%26settings%3DeyJpZCI6MzU2NSwidXJsIjoiaHR0cHM6XC9cL3d3dy50b3RpYXJhbmFscXVpbGVyYmFxdWVpcmEuY29tXC9ibG9nXC93cC1jb250ZW50XC91cGxvYWRzXC8yMDI0XC8wOFwvZ2Vzc2EtNC5qcGciLCJzbGlkZXNob3ciOiJmNzMxMDFiIn0%3D\" href='https:\/\/www.totiaranalquilerbaqueira.com\/blog\/wp-content\/uploads\/2024\/08\/gessa-4.jpg'><img loading=\"lazy\" decoding=\"async\" width=\"300\" height=\"200\" src=\"https:\/\/www.totiaranalquilerbaqueira.com\/blog\/wp-content\/uploads\/2024\/08\/gessa-4-300x200.jpg\" class=\"attachment-medium size-medium\" alt=\"Vistas del valle y de Gessa\" srcset=\"https:\/\/www.totiaranalquilerbaqueira.com\/blog\/wp-content\/uploads\/2024\/08\/gessa-4-300x200.jpg 300w, https:\/\/www.totiaranalquilerbaqueira.com\/blog\/wp-content\/uploads\/2024\/08\/gessa-4.jpg 724w\" sizes=\"(max-width: 300px) 100vw, 300px\" \/><\/a>\n\t\t\t<\/div><\/figure><figure class='gallery-item'>\n\t\t\t<div class='gallery-icon landscape'>\n\t\t\t\t<a data-elementor-open-lightbox=\"yes\" data-elementor-lightbox-slideshow=\"f73101b\" data-elementor-lightbox-title=\"gessa-3\" data-e-action-hash=\"#elementor-action%3Aaction%3Dlightbox%26settings%3DeyJpZCI6MzU2MiwidXJsIjoiaHR0cHM6XC9cL3d3dy50b3RpYXJhbmFscXVpbGVyYmFxdWVpcmEuY29tXC9ibG9nXC93cC1jb250ZW50XC91cGxvYWRzXC8yMDI0XC8wOFwvZ2Vzc2EtMy5qcGciLCJzbGlkZXNob3ciOiJmNzMxMDFiIn0%3D\" href='https:\/\/www.totiaranalquilerbaqueira.com\/blog\/wp-content\/uploads\/2024\/08\/gessa-3.jpg'><img loading=\"lazy\" decoding=\"async\" width=\"300\" height=\"200\" src=\"https:\/\/www.totiaranalquilerbaqueira.com\/blog\/wp-content\/uploads\/2024\/08\/gessa-3-300x200.jpg\" class=\"attachment-medium size-medium\" alt=\"Casas para alojarte en Gessa\" srcset=\"https:\/\/www.totiaranalquilerbaqueira.com\/blog\/wp-content\/uploads\/2024\/08\/gessa-3-300x200.jpg 300w, https:\/\/www.totiaranalquilerbaqueira.com\/blog\/wp-content\/uploads\/2024\/08\/gessa-3.jpg 724w\" sizes=\"(max-width: 300px) 100vw, 300px\" \/><\/a>\n\t\t\t<\/div><\/figure><figure class='gallery-item'>\n\t\t\t<div class='gallery-icon landscape'>\n\t\t\t\t<a data-elementor-open-lightbox=\"yes\" data-elementor-lightbox-slideshow=\"f73101b\" data-elementor-lightbox-title=\"gessa-2\" data-e-action-hash=\"#elementor-action%3Aaction%3Dlightbox%26settings%3DeyJpZCI6MzU1OSwidXJsIjoiaHR0cHM6XC9cL3d3dy50b3RpYXJhbmFscXVpbGVyYmFxdWVpcmEuY29tXC9ibG9nXC93cC1jb250ZW50XC91cGxvYWRzXC8yMDI0XC8wOFwvZ2Vzc2EtMi5qcGciLCJzbGlkZXNob3ciOiJmNzMxMDFiIn0%3D\" href='https:\/\/www.totiaranalquilerbaqueira.com\/blog\/wp-content\/uploads\/2024\/08\/gessa-2.jpg'><img loading=\"lazy\" decoding=\"async\" width=\"300\" height=\"200\" src=\"https:\/\/www.totiaranalquilerbaqueira.com\/blog\/wp-content\/uploads\/2024\/08\/gessa-2-300x200.jpg\" class=\"attachment-medium size-medium\" alt=\"Flores de Gessa\" srcset=\"https:\/\/www.totiaranalquilerbaqueira.com\/blog\/wp-content\/uploads\/2024\/08\/gessa-2-300x200.jpg 300w, https:\/\/www.totiaranalquilerbaqueira.com\/blog\/wp-content\/uploads\/2024\/08\/gessa-2.jpg 724w\" sizes=\"(max-width: 300px) 100vw, 300px\" \/><\/a>\n\t\t\t<\/div><\/figure><figure class='gallery-item'>\n\t\t\t<div class='gallery-icon landscape'>\n\t\t\t\t<a data-elementor-open-lightbox=\"yes\" data-elementor-lightbox-slideshow=\"f73101b\" data-elementor-lightbox-title=\"gessa-9\" data-e-action-hash=\"#elementor-action%3Aaction%3Dlightbox%26settings%3DeyJpZCI6MzU4MCwidXJsIjoiaHR0cHM6XC9cL3d3dy50b3RpYXJhbmFscXVpbGVyYmFxdWVpcmEuY29tXC9ibG9nXC93cC1jb250ZW50XC91cGxvYWRzXC8yMDI0XC8wOFwvZ2Vzc2EtOS5qcGciLCJzbGlkZXNob3ciOiJmNzMxMDFiIn0%3D\" href='https:\/\/www.totiaranalquilerbaqueira.com\/blog\/wp-content\/uploads\/2024\/08\/gessa-9.jpg'><img loading=\"lazy\" decoding=\"async\" width=\"300\" height=\"200\" src=\"https:\/\/www.totiaranalquilerbaqueira.com\/blog\/wp-content\/uploads\/2024\/08\/gessa-9-300x200.jpg\" class=\"attachment-medium size-medium\" alt=\"Maceta con flores en Gessa\" srcset=\"https:\/\/www.totiaranalquilerbaqueira.com\/blog\/wp-content\/uploads\/2024\/08\/gessa-9-300x200.jpg 300w, https:\/\/www.totiaranalquilerbaqueira.com\/blog\/wp-content\/uploads\/2024\/08\/gessa-9.jpg 724w\" sizes=\"(max-width: 300px) 100vw, 300px\" \/><\/a>\n\t\t\t<\/div><\/figure>\n\t\t<\/div>\n\t\t<\/div>\n\t\t\t\t\t\t<\/div>\n\t\t\t\t<\/div>\n\t\t\t\t<div class=\"elementor-element elementor-element-507c76a3 elementor-align-left elementor-widget elementor-widget-button\" data-id=\"507c76a3\" data-element_type=\"widget\" data-e-type=\"widget\" data-widget_type=\"button.default\">\n\t\t\t\t<div class=\"elementor-widget-container\">\n\t\t\t\t\t\t\t\t\t<div class=\"elementor-button-wrapper\">\n\t\t\t\t\t<a class=\"elementor-button elementor-button-link elementor-size-sm\" href=\"https:\/\/www.totiaranalquilerbaqueira.com\/alquiler\/alquileres-gessa-naut-aran-n1909985\/\">\n\t\t\t\t\t\t<span class=\"elementor-button-content-wrapper\">\n\t\t\t\t\t\t\t\t\t<span class=\"elementor-button-text\">Alojamientos en Gessa<\/span>\n\t\t\t\t\t<\/span>\n\t\t\t\t\t<\/a>\n\t\t\t\t<\/div>\n\t\t\t\t\t\t\t\t<\/div>\n\t\t\t\t<\/div>\n\t\t\t\t\t<\/div>\n\t\t<\/div>\n\t\t\t\t\t<\/div>\n\t\t<\/section>\n\t\t\t\t<section class=\"elementor-section elementor-top-section elementor-element elementor-element-1ea0c062 elementor-section-boxed elementor-section-height-default elementor-section-height-default\" data-id=\"1ea0c062\" data-element_type=\"section\" data-e-type=\"section\" data-settings=\"{&quot;background_background&quot;:&quot;classic&quot;}\">\n\t\t\t\t\t\t<div class=\"elementor-container elementor-column-gap-default\">\n\t\t\t\t\t<div class=\"elementor-column elementor-col-50 elementor-top-column elementor-element elementor-element-39eb9367\" data-id=\"39eb9367\" data-element_type=\"column\" data-e-type=\"column\">\n\t\t\t<div class=\"elementor-widget-wrap elementor-element-populated\">\n\t\t\t\t\t\t<div class=\"elementor-element elementor-element-2bf62a9d elementor-widget elementor-widget-heading\" data-id=\"2bf62a9d\" data-element_type=\"widget\" data-e-type=\"widget\" data-widget_type=\"heading.default\">\n\t\t\t\t<div class=\"elementor-widget-container\">\n\t\t\t\t\t<h2 class=\"elementor-heading-title elementor-size-default\">Atractivos en Gessa<\/h2>\t\t\t\t<\/div>\n\t\t\t\t<\/div>\n\t\t\t\t<div class=\"elementor-element elementor-element-3e955ea8 elementor-widget elementor-widget-text-editor\" data-id=\"3e955ea8\" data-element_type=\"widget\" data-e-type=\"widget\" data-widget_type=\"text-editor.default\">\n\t\t\t\t<div class=\"elementor-widget-container\">\n\t\t\t\t\t\t\t\t\t<div class=\"row-fluid-wrapper row-depth-2 row-number-1 \"><div class=\"row-fluid \"><div class=\"span12 widget-span widget-type-custom_widget \" data-widget-type=\"custom_widget\" data-x=\"0\" data-w=\"12\"><div id=\"hs_cos_wrapper_module_156680604517689\" class=\"hs_cos_wrapper hs_cos_wrapper_widget hs_cos_wrapper_type_module widget-type-rich_text\" data-hs-cos-general-type=\"widget\" data-hs-cos-type=\"module\"><p>Desde Gessa puedes realizar\u00a0<strong>excursiones a pie o en bicicleta<\/strong>\u00a0por el camino real hacia Unha o Arties, o podr\u00e1s subir por el barranc de Corilha y llegar hasta\u00a0<strong>la ermita de Sant Mart\u00ed<\/strong>\u00a0situada a 1800 m de altitud.<\/p><p>La\u00a0<strong>Iglesia de Sant P\u00e8ir<\/strong>\u00a0preside el grupo de casas que forman el pueblo, la iglesia es de origen rom\u00e1nico muy reformado, pero conserva el estilo de su origen en el interior, en la pila bautismal y la imagen de San Pedro en el centro del retablo del altar mayor, una de las mejores\u00a0<strong>tallas policromadas<\/strong>\u00a0de la Val d\u2019Aran<\/p><p>Destacar que algunas de las casas del pueblo forman parte del\u00a0<strong>Inventario del Patrimonio Arquitect\u00f3nico de Catalu\u00f1a<\/strong>, destacaremos las casas antiguas \u201c<strong>\u00c7\u00f2 de R\u00f2sa\u201d,<\/strong>\u00a0que posee una torre cil\u00edndrica de piedra con escudos esculpidos y en el umbral de la puerta con el a\u00f1o de construcci\u00f3n, en 1589, y la llamada\u00a0<strong>\u201c\u00c7\u00f2 de Chelina\u201d,<\/strong>\u00a0con escudo de fecha 1575.<\/p><\/div><\/div><\/div><\/div>\t\t\t\t\t\t\t\t<\/div>\n\t\t\t\t<\/div>\n\t\t\t\t\t<\/div>\n\t\t<\/div>\n\t\t\t\t<div class=\"elementor-column elementor-col-50 elementor-top-column elementor-element elementor-element-1860ea73\" data-id=\"1860ea73\" data-element_type=\"column\" data-e-type=\"column\">\n\t\t\t<div class=\"elementor-widget-wrap elementor-element-populated\">\n\t\t\t\t\t\t<div class=\"elementor-element elementor-element-73b84042 elementor-widget elementor-widget-image\" data-id=\"73b84042\" data-element_type=\"widget\" data-e-type=\"widget\" data-widget_type=\"image.default\">\n\t\t\t\t<div class=\"elementor-widget-container\">\n\t\t\t\t\t\t\t\t\t\t\t\t\t\t\t<img loading=\"lazy\" decoding=\"async\" width=\"724\" height=\"483\" src=\"https:\/\/www.totiaranalquilerbaqueira.com\/blog\/wp-content\/uploads\/2024\/08\/gessa-5.jpg\" class=\"attachment-large size-large wp-image-3568\" alt=\"Valle de Ar\u00e1n y Gessa\" srcset=\"https:\/\/www.totiaranalquilerbaqueira.com\/blog\/wp-content\/uploads\/2024\/08\/gessa-5.jpg 724w, https:\/\/www.totiaranalquilerbaqueira.com\/blog\/wp-content\/uploads\/2024\/08\/gessa-5-300x200.jpg 300w\" sizes=\"(max-width: 724px) 100vw, 724px\" \/>\t\t\t\t\t\t\t\t\t\t\t\t\t\t\t<\/div>\n\t\t\t\t<\/div>\n\t\t\t\t\t<\/div>\n\t\t<\/div>\n\t\t\t\t\t<\/div>\n\t\t<\/section>\n\t\t\t\t<section class=\"elementor-section elementor-top-section elementor-element elementor-element-5ca93194 elementor-section-boxed elementor-section-height-default elementor-section-height-default\" data-id=\"5ca93194\" data-element_type=\"section\" data-e-type=\"section\">\n\t\t\t\t\t\t<div class=\"elementor-container elementor-column-gap-default\">\n\t\t\t\t\t<div class=\"elementor-column elementor-col-100 elementor-top-column elementor-element elementor-element-353b2473\" data-id=\"353b2473\" data-element_type=\"column\" data-e-type=\"column\">\n\t\t\t<div class=\"elementor-widget-wrap elementor-element-populated\">\n\t\t\t\t\t\t<div class=\"elementor-element elementor-element-17681481 elementor-widget elementor-widget-heading\" data-id=\"17681481\" data-element_type=\"widget\" data-e-type=\"widget\" data-widget_type=\"heading.default\">\n\t\t\t\t<div class=\"elementor-widget-container\">\n\t\t\t\t\t<h2 class=\"elementor-heading-title elementor-size-default\">Casas y apartamentos Gessa<\/h2>\t\t\t\t<\/div>\n\t\t\t\t<\/div>\n\t\t\t\t<div class=\"elementor-element elementor-element-6160ed7a elementor-widget elementor-widget-text-editor\" data-id=\"6160ed7a\" data-element_type=\"widget\" data-e-type=\"widget\" data-widget_type=\"text-editor.default\">\n\t\t\t\t<div class=\"elementor-widget-container\">\n\t\t\t\t\t\t\t\t\t<div class=\"row-fluid-wrapper row-depth-2 row-number-1 \"><div class=\"row-fluid \"><div class=\"span12 widget-span widget-type-custom_widget \" data-widget-type=\"custom_widget\" data-x=\"0\" data-w=\"12\"><div id=\"hs_cos_wrapper_module_156680604517689\" class=\"hs_cos_wrapper hs_cos_wrapper_widget hs_cos_wrapper_type_module widget-type-rich_text\" data-hs-cos-general-type=\"widget\" data-hs-cos-type=\"module\"><p>Si est\u00e1s pensando en alojarte en unos apartamentos o casas de alquiler en Gessa con las mayores comodidades, Totiaran es la soluci\u00f3n. Nuestro alojamiento est\u00e1 dise\u00f1ado con un estilo r\u00fastico t\u00edpico de la zona del Valle de Ar\u00e1n, cuenta con\u00a0 las mejores instalaciones seleccionadas de una manera exquisita para su mayor comodidad durante sus vacaciones.\u00a0<\/p><\/div><\/div><\/div><\/div>\t\t\t\t\t\t\t\t<\/div>\n\t\t\t\t<\/div>\n\t\t\t\t\t<\/div>\n\t\t<\/div>\n\t\t\t\t\t<\/div>\n\t\t<\/section>\n\t\t\t\t<section class=\"elementor-section elementor-top-section elementor-element elementor-element-62a9c85 elementor-section-boxed elementor-section-height-default elementor-section-height-default\" data-id=\"62a9c85\" data-element_type=\"section\" data-e-type=\"section\">\n\t\t\t\t\t\t<div class=\"elementor-container elementor-column-gap-default\">\n\t\t\t\t\t<div class=\"elementor-column elementor-col-100 elementor-top-column elementor-element elementor-element-8fdea04\" data-id=\"8fdea04\" data-element_type=\"column\" data-e-type=\"column\">\n\t\t\t<div class=\"elementor-widget-wrap elementor-element-populated\">\n\t\t\t\t\t\t<div class=\"elementor-element elementor-element-b25e43c elementor-widget elementor-widget-grid\" data-id=\"b25e43c\" data-element_type=\"widget\" data-e-type=\"widget\" data-widget_type=\"grid.default\">\n\t\t\t\t<div class=\"elementor-widget-container\">\n\t\t\t\t\t\t\t<div class=\"its--row alojamientos-recomendados\">\n\n\t\t\t<div class=\"alojamientos-recomendados-container\">\n\n\t\t\t\t\t\t\t<\/div>\n\t\t\t<\/div>\n\t\t\t\t\t\t<\/div>\n\t\t\t\t<\/div>\n\t\t\t\t\t<\/div>\n\t\t<\/div>\n\t\t\t\t\t<\/div>\n\t\t<\/section>\n\t\t\t\t<section class=\"elementor-section elementor-top-section elementor-element elementor-element-1fbcda8f elementor-section-boxed elementor-section-height-default elementor-section-height-default\" data-id=\"1fbcda8f\" data-element_type=\"section\" data-e-type=\"section\">\n\t\t\t\t\t\t<div class=\"elementor-container elementor-column-gap-default\">\n\t\t\t\t\t<div class=\"elementor-column elementor-col-100 elementor-top-column elementor-element elementor-element-366f7991\" data-id=\"366f7991\" data-element_type=\"column\" data-e-type=\"column\">\n\t\t\t<div class=\"elementor-widget-wrap elementor-element-populated\">\n\t\t\t\t\t\t<div class=\"elementor-element elementor-element-56bcbc65 elementor-widget elementor-widget-heading\" data-id=\"56bcbc65\" data-element_type=\"widget\" data-e-type=\"widget\" data-widget_type=\"heading.default\">\n\t\t\t\t<div class=\"elementor-widget-container\">\n\t\t\t\t\t<h2 class=\"elementor-heading-title elementor-size-default\">Descubre todos nuestros cerca de Gessa<\/h2>\t\t\t\t<\/div>\n\t\t\t\t<\/div>\n\t\t\t\t\t<\/div>\n\t\t<\/div>\n\t\t\t\t\t<\/div>\n\t\t<\/section>\n\t\t\t\t<section class=\"elementor-section elementor-top-section elementor-element elementor-element-5c0d5910 elementor-section-boxed elementor-section-height-default elementor-section-height-default\" data-id=\"5c0d5910\" data-element_type=\"section\" data-e-type=\"section\">\n\t\t\t\t\t\t<div class=\"elementor-container elementor-column-gap-default\">\n\t\t\t\t\t<div class=\"elementor-column elementor-col-33 elementor-top-column elementor-element elementor-element-3294f615\" data-id=\"3294f615\" data-element_type=\"column\" data-e-type=\"column\">\n\t\t\t<div class=\"elementor-widget-wrap elementor-element-populated\">\n\t\t\t\t\t\t<div class=\"elementor-element elementor-element-81b9951 elementor-align-left elementor-widget elementor-widget-button\" data-id=\"81b9951\" data-element_type=\"widget\" data-e-type=\"widget\" data-widget_type=\"button.default\">\n\t\t\t\t<div class=\"elementor-widget-container\">\n\t\t\t\t\t\t\t\t\t<div class=\"elementor-button-wrapper\">\n\t\t\t\t\t<a class=\"elementor-button elementor-button-link elementor-size-sm\" href=\"https:\/\/www.totiaranalquilerbaqueira.com\/alquiler\/alquileres-baqueira-d1396\/\">\n\t\t\t\t\t\t<span class=\"elementor-button-content-wrapper\">\n\t\t\t\t\t\t\t\t\t<span class=\"elementor-button-text\">Alojamientos en Baqueira<\/span>\n\t\t\t\t\t<\/span>\n\t\t\t\t\t<\/a>\n\t\t\t\t<\/div>\n\t\t\t\t\t\t\t\t<\/div>\n\t\t\t\t<\/div>\n\t\t\t\t\t<\/div>\n\t\t<\/div>\n\t\t\t\t<div class=\"elementor-column elementor-col-33 elementor-top-column elementor-element elementor-element-74f62a4d\" data-id=\"74f62a4d\" data-element_type=\"column\" data-e-type=\"column\">\n\t\t\t<div class=\"elementor-widget-wrap elementor-element-populated\">\n\t\t\t\t\t\t<div class=\"elementor-element elementor-element-9315fc0 elementor-align-left elementor-widget elementor-widget-button\" data-id=\"9315fc0\" data-element_type=\"widget\" data-e-type=\"widget\" data-widget_type=\"button.default\">\n\t\t\t\t<div class=\"elementor-widget-container\">\n\t\t\t\t\t\t\t\t\t<div class=\"elementor-button-wrapper\">\n\t\t\t\t\t<a class=\"elementor-button elementor-button-link elementor-size-sm\" href=\"https:\/\/www.totiaranalquilerbaqueira.com\/alquiler\/alquileres-gessa-naut-aran-n1909985\/\">\n\t\t\t\t\t\t<span class=\"elementor-button-content-wrapper\">\n\t\t\t\t\t\t\t\t\t<span class=\"elementor-button-text\">Alojamientos en Gessa<\/span>\n\t\t\t\t\t<\/span>\n\t\t\t\t\t<\/a>\n\t\t\t\t<\/div>\n\t\t\t\t\t\t\t\t<\/div>\n\t\t\t\t<\/div>\n\t\t\t\t\t<\/div>\n\t\t<\/div>\n\t\t\t\t<div class=\"elementor-column elementor-col-33 elementor-top-column elementor-element elementor-element-2c3123a4\" data-id=\"2c3123a4\" data-element_type=\"column\" data-e-type=\"column\">\n\t\t\t<div class=\"elementor-widget-wrap elementor-element-populated\">\n\t\t\t\t\t\t<div class=\"elementor-element elementor-element-3e28688a elementor-align-left elementor-widget elementor-widget-button\" data-id=\"3e28688a\" data-element_type=\"widget\" data-e-type=\"widget\" data-widget_type=\"button.default\">\n\t\t\t\t<div class=\"elementor-widget-container\">\n\t\t\t\t\t\t\t\t\t<div class=\"elementor-button-wrapper\">\n\t\t\t\t\t<a class=\"elementor-button elementor-button-link elementor-size-sm\" href=\"https:\/\/www.totiaranalquilerbaqueira.com\/alquiler\/alquiler-alquileres-u0\/\">\n\t\t\t\t\t\t<span class=\"elementor-button-content-wrapper\">\n\t\t\t\t\t\t\t\t\t<span class=\"elementor-button-text\">Alojamientos en Valle de Ar\u00e1n<\/span>\n\t\t\t\t\t<\/span>\n\t\t\t\t\t<\/a>\n\t\t\t\t<\/div>\n\t\t\t\t\t\t\t\t<\/div>\n\t\t\t\t<\/div>\n\t\t\t\t\t<\/div>\n\t\t<\/div>\n\t\t\t\t\t<\/div>\n\t\t<\/section>\n\t\t\t\t<section class=\"elementor-section elementor-top-section elementor-element elementor-element-2ce3ad42 elementor-section-boxed elementor-section-height-default elementor-section-height-default\" data-id=\"2ce3ad42\" data-element_type=\"section\" data-e-type=\"section\" data-settings=\"{&quot;background_background&quot;:&quot;classic&quot;}\">\n\t\t\t\t\t\t<div class=\"elementor-container elementor-column-gap-no\">\n\t\t\t\t\t<div class=\"elementor-column elementor-col-50 elementor-top-column elementor-element elementor-element-78fd5a49\" data-id=\"78fd5a49\" data-element_type=\"column\" data-e-type=\"column\">\n\t\t\t<div class=\"elementor-widget-wrap elementor-element-populated\">\n\t\t\t\t\t\t<div class=\"elementor-element elementor-element-46788b21 elementor-widget elementor-widget-text-editor\" data-id=\"46788b21\" data-element_type=\"widget\" data-e-type=\"widget\" data-widget_type=\"text-editor.default\">\n\t\t\t\t<div class=\"elementor-widget-container\">\n\t\t\t\t\t\t\t\t\t<p style=\"text-align: left;\"><span style=\"color: #ffffff;\">Si reservas tu alojamiento en Gessacon nosotros, <strong>tienes un 25% de descuento en el alquiler de Esqu\u00eds en Totirent Ski.\u00a0<\/strong><\/span><\/p>\t\t\t\t\t\t\t\t<\/div>\n\t\t\t\t<\/div>\n\t\t\t\t\t<\/div>\n\t\t<\/div>\n\t\t\t\t<div class=\"elementor-column elementor-col-50 elementor-top-column elementor-element elementor-element-8ebd9a6\" data-id=\"8ebd9a6\" data-element_type=\"column\" data-e-type=\"column\">\n\t\t\t<div class=\"elementor-widget-wrap elementor-element-populated\">\n\t\t\t\t\t\t<div class=\"elementor-element elementor-element-313a3fa3 elementor-align-center elementor-widget elementor-widget-button\" data-id=\"313a3fa3\" data-element_type=\"widget\" data-e-type=\"widget\" data-widget_type=\"button.default\">\n\t\t\t\t<div class=\"elementor-widget-container\">\n\t\t\t\t\t\t\t\t\t<div class=\"elementor-button-wrapper\">\n\t\t\t\t\t<a class=\"elementor-button elementor-button-link elementor-size-sm\" href=\"https:\/\/www.totiaranalquilerbaqueira.com\/blog\/alquiler-ski-reparaciones\/\">\n\t\t\t\t\t\t<span class=\"elementor-button-content-wrapper\">\n\t\t\t\t\t\t\t\t\t<span class=\"elementor-button-text\">Alquiler de ski<\/span>\n\t\t\t\t\t<\/span>\n\t\t\t\t\t<\/a>\n\t\t\t\t<\/div>\n\t\t\t\t\t\t\t\t<\/div>\n\t\t\t\t<\/div>\n\t\t\t\t\t<\/div>\n\t\t<\/div>\n\t\t\t\t\t<\/div>\n\t\t<\/section>\n\t\t\t\t<section class=\"elementor-section elementor-top-section elementor-element elementor-element-1480890b elementor-section-full_width elementor-section-height-default elementor-section-height-default\" data-id=\"1480890b\" data-element_type=\"section\" data-e-type=\"section\">\n\t\t\t\t\t\t<div class=\"elementor-container elementor-column-gap-no\">\n\t\t\t\t\t<div class=\"elementor-column elementor-col-100 elementor-top-column elementor-element elementor-element-2c356b08\" data-id=\"2c356b08\" data-element_type=\"column\" data-e-type=\"column\">\n\t\t\t<div class=\"elementor-widget-wrap elementor-element-populated\">\n\t\t\t\t\t\t<div class=\"elementor-element elementor-element-32388112 elementor-widget elementor-widget-image\" data-id=\"32388112\" data-element_type=\"widget\" data-e-type=\"widget\" data-widget_type=\"image.default\">\n\t\t\t\t<div class=\"elementor-widget-container\">\n\t\t\t\t\t\t\t\t\t\t\t\t\t\t\t<img loading=\"lazy\" decoding=\"async\" width=\"1920\" height=\"650\" src=\"https:\/\/www.totiaranalquilerbaqueira.com\/blog\/wp-content\/uploads\/2024\/08\/gessa-valle-aran.jpg\" class=\"attachment-full size-full wp-image-3586\" alt=\"Gessa\" srcset=\"https:\/\/www.totiaranalquilerbaqueira.com\/blog\/wp-content\/uploads\/2024\/08\/gessa-valle-aran.jpg 1920w, https:\/\/www.totiaranalquilerbaqueira.com\/blog\/wp-content\/uploads\/2024\/08\/gessa-valle-aran-300x102.jpg 300w, https:\/\/www.totiaranalquilerbaqueira.com\/blog\/wp-content\/uploads\/2024\/08\/gessa-valle-aran-1024x347.jpg 1024w, https:\/\/www.totiaranalquilerbaqueira.com\/blog\/wp-content\/uploads\/2024\/08\/gessa-valle-aran-768x260.jpg 768w, https:\/\/www.totiaranalquilerbaqueira.com\/blog\/wp-content\/uploads\/2024\/08\/gessa-valle-aran-1536x520.jpg 1536w\" sizes=\"(max-width: 1920px) 100vw, 1920px\" \/>\t\t\t\t\t\t\t\t\t\t\t\t\t\t\t<\/div>\n\t\t\t\t<\/div>\n\t\t\t\t\t<\/div>\n\t\t<\/div>\n\t\t\t\t\t<\/div>\n\t\t<\/section>\n\t\t\t\t<section class=\"elementor-section elementor-top-section elementor-element elementor-element-41336266 elementor-section-content-middle elementor-section-boxed elementor-section-height-default elementor-section-height-default\" data-id=\"41336266\" data-element_type=\"section\" data-e-type=\"section\" data-settings=\"{&quot;background_background&quot;:&quot;classic&quot;}\">\n\t\t\t\t\t\t<div class=\"elementor-container elementor-column-gap-no\">\n\t\t\t\t\t<div class=\"elementor-column elementor-col-100 elementor-top-column elementor-element elementor-element-75bf849b\" data-id=\"75bf849b\" data-element_type=\"column\" data-e-type=\"column\">\n\t\t\t<div class=\"elementor-widget-wrap elementor-element-populated\">\n\t\t\t\t\t\t<div class=\"elementor-element elementor-element-199b2f39 elementor-widget elementor-widget-heading\" data-id=\"199b2f39\" data-element_type=\"widget\" data-e-type=\"widget\" data-widget_type=\"heading.default\">\n\t\t\t\t<div class=\"elementor-widget-container\">\n\t\t\t\t\t<h2 class=\"elementor-heading-title elementor-size-default\">Servicios adicionales en Gessa<\/h2>\t\t\t\t<\/div>\n\t\t\t\t<\/div>\n\t\t\t\t<div class=\"elementor-element elementor-element-460ce034 elementor-widget elementor-widget-heading\" data-id=\"460ce034\" data-element_type=\"widget\" data-e-type=\"widget\" data-widget_type=\"heading.default\">\n\t\t\t\t<div class=\"elementor-widget-container\">\n\t\t\t\t\t<h5 class=\"elementor-heading-title elementor-size-default\">Tu tranquilidad y bienestar es la principal preocupaci\u00f3n del equipo de Toti Ar\u00e1n. Por esta raz\u00f3n, le ofrecemos un conjunto de servicios adicionales para que sus vacaciones sean perfectas en el Valle de Ar\u00e1n y en Gessa:<\/h5>\t\t\t\t<\/div>\n\t\t\t\t<\/div>\n\t\t\t\t<section class=\"elementor-section elementor-inner-section elementor-element elementor-element-4483c10f elementor-section-content-middle elementor-section-boxed elementor-section-height-default elementor-section-height-default\" data-id=\"4483c10f\" data-element_type=\"section\" data-e-type=\"section\">\n\t\t\t\t\t\t<div class=\"elementor-container elementor-column-gap-default\">\n\t\t\t\t\t<div class=\"elementor-column elementor-col-33 elementor-inner-column elementor-element elementor-element-3dde61ba\" data-id=\"3dde61ba\" data-element_type=\"column\" data-e-type=\"column\" data-settings=\"{&quot;background_background&quot;:&quot;classic&quot;}\">\n\t\t\t<div class=\"elementor-widget-wrap elementor-element-populated\">\n\t\t\t\t\t<div class=\"elementor-background-overlay\"><\/div>\n\t\t\t\t\t\t<div class=\"elementor-element elementor-element-65c14075 elementor-cta--skin-cover elementor-cta--valign-middle elementor-bg-transform elementor-bg-transform-zoom-out elementor-animated-content elementor-widget elementor-widget-call-to-action\" data-id=\"65c14075\" data-element_type=\"widget\" data-e-type=\"widget\" data-widget_type=\"call-to-action.default\">\n\t\t\t\t<div class=\"elementor-widget-container\">\n\t\t\t\t\t\t\t<div class=\"elementor-cta\">\n\t\t\t\t\t<div class=\"elementor-cta__bg-wrapper\">\n\t\t\t\t<div class=\"elementor-cta__bg elementor-bg\" style=\"background-image: url(https:\/\/www.totiaranalquilerbaqueira.com\/blog\/wp-content\/uploads\/2024\/08\/botas-de-ski-como-elegirlas-768x465.jpg);\" role=\"img\" aria-label=\"botas de ski. c\u00f3mo elegirlas\"><\/div>\n\t\t\t\t<div class=\"elementor-cta__bg-overlay\"><\/div>\n\t\t\t<\/div>\n\t\t\t\t\t\t\t<div class=\"elementor-cta__content\">\n\t\t\t\t\n\t\t\t\t\t\t\t\t\t<h2 class=\"elementor-cta__title elementor-cta__content-item elementor-content-item elementor-animated-item--grow\">\n\t\t\t\t\t\tAlquiler de Skis\t\t\t\t\t<\/h2>\n\t\t\t\t\n\t\t\t\t\n\t\t\t\t\t\t\t<\/div>\n\t\t\t\t\t\t<\/div>\n\t\t\t\t\t\t<\/div>\n\t\t\t\t<\/div>\n\t\t\t\t\t<\/div>\n\t\t<\/div>\n\t\t\t\t<div class=\"elementor-column elementor-col-33 elementor-inner-column elementor-element elementor-element-4ba52911\" data-id=\"4ba52911\" data-element_type=\"column\" data-e-type=\"column\">\n\t\t\t<div class=\"elementor-widget-wrap elementor-element-populated\">\n\t\t\t\t\t\t<div class=\"elementor-element elementor-element-4d77fb71 elementor-cta--skin-cover elementor-bg-transform elementor-bg-transform-zoom-out elementor-animated-content elementor-widget elementor-widget-call-to-action\" data-id=\"4d77fb71\" data-element_type=\"widget\" data-e-type=\"widget\" data-widget_type=\"call-to-action.default\">\n\t\t\t\t<div class=\"elementor-widget-container\">\n\t\t\t\t\t\t\t<div class=\"elementor-cta\">\n\t\t\t\t\t<div class=\"elementor-cta__bg-wrapper\">\n\t\t\t\t<div class=\"elementor-cta__bg elementor-bg\" style=\"background-image: url(https:\/\/www.totiaranalquilerbaqueira.com\/blog\/wp-content\/uploads\/2024\/08\/lavanderia-baqueira.jpg);\" role=\"img\" aria-label=\"lavanderia en baqueira\"><\/div>\n\t\t\t\t<div class=\"elementor-cta__bg-overlay\"><\/div>\n\t\t\t<\/div>\n\t\t\t\t\t\t\t<div class=\"elementor-cta__content\">\n\t\t\t\t\n\t\t\t\t\t\t\t\t\t<h2 class=\"elementor-cta__title elementor-cta__content-item elementor-content-item elementor-animated-item--grow\">\n\t\t\t\t\t\tLavander\u00eda a domicilio\t\t\t\t\t<\/h2>\n\t\t\t\t\n\t\t\t\t\n\t\t\t\t\t\t\t<\/div>\n\t\t\t\t\t\t<\/div>\n\t\t\t\t\t\t<\/div>\n\t\t\t\t<\/div>\n\t\t\t\t\t<\/div>\n\t\t<\/div>\n\t\t\t\t<div class=\"elementor-column elementor-col-33 elementor-inner-column elementor-element elementor-element-2e18fa1b\" data-id=\"2e18fa1b\" data-element_type=\"column\" data-e-type=\"column\">\n\t\t\t<div class=\"elementor-widget-wrap elementor-element-populated\">\n\t\t\t\t\t\t<div class=\"elementor-element elementor-element-7619f3af elementor-cta--skin-cover elementor-bg-transform elementor-bg-transform-zoom-out elementor-animated-content elementor-widget elementor-widget-call-to-action\" data-id=\"7619f3af\" data-element_type=\"widget\" data-e-type=\"widget\" data-widget_type=\"call-to-action.default\">\n\t\t\t\t<div class=\"elementor-widget-container\">\n\t\t\t\t\t\t\t<div class=\"elementor-cta\">\n\t\t\t\t\t<div class=\"elementor-cta__bg-wrapper\">\n\t\t\t\t<div class=\"elementor-cta__bg elementor-bg\" style=\"background-image: url(https:\/\/www.totiaranalquilerbaqueira.com\/blog\/wp-content\/uploads\/2024\/08\/canguros-baqueira-768x386.jpg);\" role=\"img\" aria-label=\"Servicio de canguro y cuidado de ni\u00f1os en Baqueira\"><\/div>\n\t\t\t\t<div class=\"elementor-cta__bg-overlay\"><\/div>\n\t\t\t<\/div>\n\t\t\t\t\t\t\t<div class=\"elementor-cta__content\">\n\t\t\t\t\n\t\t\t\t\t\t\t\t\t<h2 class=\"elementor-cta__title elementor-cta__content-item elementor-content-item elementor-animated-item--grow\">\n\t\t\t\t\t\tCanguros\t\t\t\t\t<\/h2>\n\t\t\t\t\n\t\t\t\t\n\t\t\t\t\t\t\t<\/div>\n\t\t\t\t\t\t<\/div>\n\t\t\t\t\t\t<\/div>\n\t\t\t\t<\/div>\n\t\t\t\t\t<\/div>\n\t\t<\/div>\n\t\t\t\t\t<\/div>\n\t\t<\/section>\n\t\t\t\t<section class=\"elementor-section elementor-inner-section elementor-element elementor-element-1906f255 elementor-section-content-middle elementor-section-boxed elementor-section-height-default elementor-section-height-default\" data-id=\"1906f255\" data-element_type=\"section\" data-e-type=\"section\">\n\t\t\t\t\t\t<div class=\"elementor-container elementor-column-gap-default\">\n\t\t\t\t\t<div class=\"elementor-column elementor-col-33 elementor-inner-column elementor-element elementor-element-570e708f\" data-id=\"570e708f\" data-element_type=\"column\" data-e-type=\"column\">\n\t\t\t<div class=\"elementor-widget-wrap elementor-element-populated\">\n\t\t\t\t\t\t<div class=\"elementor-element elementor-element-1baab587 elementor-cta--skin-cover elementor-cta--valign-middle elementor-bg-transform elementor-bg-transform-zoom-out elementor-animated-content elementor-widget elementor-widget-call-to-action\" data-id=\"1baab587\" data-element_type=\"widget\" data-e-type=\"widget\" data-widget_type=\"call-to-action.default\">\n\t\t\t\t<div class=\"elementor-widget-container\">\n\t\t\t\t\t\t\t<div class=\"elementor-cta\">\n\t\t\t\t\t<div class=\"elementor-cta__bg-wrapper\">\n\t\t\t\t<div class=\"elementor-cta__bg elementor-bg\" style=\"background-image: url(https:\/\/www.totiaranalquilerbaqueira.com\/blog\/wp-content\/uploads\/2024\/08\/compra-a-domicilio-baqueira-768x483.jpg);\" role=\"img\" aria-label=\"Compra a domicilio en Baqueira\"><\/div>\n\t\t\t\t<div class=\"elementor-cta__bg-overlay\"><\/div>\n\t\t\t<\/div>\n\t\t\t\t\t\t\t<div class=\"elementor-cta__content\">\n\t\t\t\t\n\t\t\t\t\t\t\t\t\t<h2 class=\"elementor-cta__title elementor-cta__content-item elementor-content-item elementor-animated-item--grow\">\n\t\t\t\t\t\tComida a domicilio\t\t\t\t\t<\/h2>\n\t\t\t\t\n\t\t\t\t\n\t\t\t\t\t\t\t<\/div>\n\t\t\t\t\t\t<\/div>\n\t\t\t\t\t\t<\/div>\n\t\t\t\t<\/div>\n\t\t\t\t\t<\/div>\n\t\t<\/div>\n\t\t\t\t<div class=\"elementor-column elementor-col-33 elementor-inner-column elementor-element elementor-element-461bbdd5\" data-id=\"461bbdd5\" data-element_type=\"column\" data-e-type=\"column\">\n\t\t\t<div class=\"elementor-widget-wrap elementor-element-populated\">\n\t\t\t\t\t\t<div class=\"elementor-element elementor-element-b714c93 elementor-cta--skin-cover elementor-bg-transform elementor-bg-transform-zoom-out elementor-animated-content elementor-widget elementor-widget-call-to-action\" data-id=\"b714c93\" data-element_type=\"widget\" data-e-type=\"widget\" data-widget_type=\"call-to-action.default\">\n\t\t\t\t<div class=\"elementor-widget-container\">\n\t\t\t\t\t\t\t<div class=\"elementor-cta\">\n\t\t\t\t\t<div class=\"elementor-cta__bg-wrapper\">\n\t\t\t\t<div class=\"elementor-cta__bg elementor-bg\" style=\"background-image: url(https:\/\/www.totiaranalquilerbaqueira.com\/blog\/wp-content\/uploads\/2024\/08\/taxi-traslados-baqueira.jpg);\" role=\"img\" aria-label=\"Taxis y traslados en Baqueira\"><\/div>\n\t\t\t\t<div class=\"elementor-cta__bg-overlay\"><\/div>\n\t\t\t<\/div>\n\t\t\t\t\t\t\t<div class=\"elementor-cta__content\">\n\t\t\t\t\n\t\t\t\t\t\t\t\t\t<h2 class=\"elementor-cta__title elementor-cta__content-item elementor-content-item elementor-animated-item--grow\">\n\t\t\t\t\t\tTransporte privado\t\t\t\t\t<\/h2>\n\t\t\t\t\n\t\t\t\t\n\t\t\t\t\t\t\t<\/div>\n\t\t\t\t\t\t<\/div>\n\t\t\t\t\t\t<\/div>\n\t\t\t\t<\/div>\n\t\t\t\t\t<\/div>\n\t\t<\/div>\n\t\t\t\t<div class=\"elementor-column elementor-col-33 elementor-inner-column elementor-element elementor-element-45fabf3a\" data-id=\"45fabf3a\" data-element_type=\"column\" data-e-type=\"column\">\n\t\t\t<div class=\"elementor-widget-wrap elementor-element-populated\">\n\t\t\t\t\t\t<div class=\"elementor-element elementor-element-2be1c996 elementor-cta--skin-cover elementor-bg-transform elementor-bg-transform-zoom-out elementor-animated-content elementor-widget elementor-widget-call-to-action\" data-id=\"2be1c996\" data-element_type=\"widget\" data-e-type=\"widget\" data-widget_type=\"call-to-action.default\">\n\t\t\t\t<div class=\"elementor-widget-container\">\n\t\t\t\t\t\t\t<div class=\"elementor-cta\">\n\t\t\t\t\t<div class=\"elementor-cta__bg-wrapper\">\n\t\t\t\t<div class=\"elementor-cta__bg elementor-bg\" style=\"background-image: url(https:\/\/www.totiaranalquilerbaqueira.com\/blog\/wp-content\/uploads\/2024\/08\/ninos-curso-esqui.jpg);\" role=\"img\" aria-label=\"Ninos en un curso de esqui\"><\/div>\n\t\t\t\t<div class=\"elementor-cta__bg-overlay\"><\/div>\n\t\t\t<\/div>\n\t\t\t\t\t\t\t<div class=\"elementor-cta__content\">\n\t\t\t\t\n\t\t\t\t\t\t\t\t\t<h2 class=\"elementor-cta__title elementor-cta__content-item elementor-content-item elementor-animated-item--grow\">\n\t\t\t\t\t\tClases de ski\t\t\t\t\t<\/h2>\n\t\t\t\t\n\t\t\t\t\n\t\t\t\t\t\t\t<\/div>\n\t\t\t\t\t\t<\/div>\n\t\t\t\t\t\t<\/div>\n\t\t\t\t<\/div>\n\t\t\t\t\t<\/div>\n\t\t<\/div>\n\t\t\t\t\t<\/div>\n\t\t<\/section>\n\t\t\t\t\t<\/div>\n\t\t<\/div>\n\t\t\t\t\t<\/div>\n\t\t<\/section>\n\t\t\t\t<\/div>\n\t\t","protected":false},"excerpt":{"rendered":"<p>\u00bfD\u00f3nde est\u00e1 Gessa y c\u00f3mo llegar? Gessa es un peque\u00f1o y pintoresco pueblo ubicado en el Valle de Ar\u00e1n, en la provincia de Lleida, Catalu\u00f1a, en plena cordillera de los Pirineos. A una altitud de aproximadamente 1.250 metros sobre el nivel del mar, Gessa se encuentra rodeado de monta\u00f1as y valles que ofrecen un entorno [&hellip;]<\/p>\n","protected":false},"author":2,"featured_media":3589,"parent":0,"menu_order":0,"comment_status":"closed","ping_status":"closed","template":"","meta":{"footnotes":""},"class_list":["post-3555","page","type-page","status-publish","has-post-thumbnail","hentry"],"yoast_head":"<!-- This site is optimized with the Yoast SEO plugin v27.4 - https:\/\/yoast.com\/product\/yoast-seo-wordpress\/ -->\n<title>Gessa, un pueblo soleado junto al bosque de Mont-Romies<\/title>\n<meta name=\"description\" content=\"Gessa es uno de los pueblos m\u00e1s bonitos y pintorescos del Valle de Ar\u00e1n. Vistas sobre el bosque de Mont Romies y bonitas calles de piedra\" \/>\n<meta name=\"robots\" content=\"index, follow, max-snippet:-1, max-image-preview:large, max-video-preview:-1\" \/>\n<link rel=\"canonical\" href=\"https:\/\/www.totiaranalquilerbaqueira.com\/blog\/gessa\/\" \/>\n<meta property=\"og:locale\" content=\"es_ES\" \/>\n<meta property=\"og:type\" content=\"article\" \/>\n<meta property=\"og:title\" content=\"Gessa, un pueblo soleado junto al bosque de Mont-Romies\" \/>\n<meta property=\"og:description\" content=\"Gessa es uno de los pueblos m\u00e1s bonitos y pintorescos del Valle de Ar\u00e1n. Vistas sobre el bosque de Mont Romies y bonitas calles de piedra\" \/>\n<meta property=\"og:url\" content=\"https:\/\/www.totiaranalquilerbaqueira.com\/blog\/gessa\/\" \/>\n<meta property=\"og:site_name\" content=\"Blog\" \/>\n<meta property=\"article:modified_time\" content=\"2025-04-07T09:29:42+00:00\" \/>\n<meta property=\"og:image\" content=\"https:\/\/www.totiaranalquilerbaqueira.com\/blog\/wp-content\/uploads\/2024\/08\/gessa.jpg\" \/>\n\t<meta property=\"og:image:width\" content=\"1920\" \/>\n\t<meta property=\"og:image:height\" content=\"650\" \/>\n\t<meta property=\"og:image:type\" content=\"image\/jpeg\" \/>\n<meta name=\"twitter:card\" content=\"summary_large_image\" \/>\n<meta name=\"twitter:label1\" content=\"Tiempo de lectura\" \/>\n\t<meta name=\"twitter:data1\" content=\"5 minutos\" \/>\n<script type=\"application\/ld+json\" class=\"yoast-schema-graph\">{\"@context\":\"https:\\\/\\\/schema.org\",\"@graph\":[{\"@type\":\"WebPage\",\"@id\":\"https:\\\/\\\/www.totiaranalquilerbaqueira.com\\\/blog\\\/gessa\\\/\",\"url\":\"https:\\\/\\\/www.totiaranalquilerbaqueira.com\\\/blog\\\/gessa\\\/\",\"name\":\"Gessa, un pueblo soleado junto al bosque de Mont-Romies\",\"isPartOf\":{\"@id\":\"https:\\\/\\\/www.totiaranalquilerbaqueira.com\\\/blog\\\/#website\"},\"primaryImageOfPage\":{\"@id\":\"https:\\\/\\\/www.totiaranalquilerbaqueira.com\\\/blog\\\/gessa\\\/#primaryimage\"},\"image\":{\"@id\":\"https:\\\/\\\/www.totiaranalquilerbaqueira.com\\\/blog\\\/gessa\\\/#primaryimage\"},\"thumbnailUrl\":\"https:\\\/\\\/www.totiaranalquilerbaqueira.com\\\/blog\\\/wp-content\\\/uploads\\\/2024\\\/08\\\/gessa.jpg\",\"datePublished\":\"2024-08-26T07:47:51+00:00\",\"dateModified\":\"2025-04-07T09:29:42+00:00\",\"description\":\"Gessa es uno de los pueblos m\u00e1s bonitos y pintorescos del Valle de Ar\u00e1n. Vistas sobre el bosque de Mont Romies y bonitas calles de piedra\",\"breadcrumb\":{\"@id\":\"https:\\\/\\\/www.totiaranalquilerbaqueira.com\\\/blog\\\/gessa\\\/#breadcrumb\"},\"inLanguage\":\"es\",\"potentialAction\":[{\"@type\":\"ReadAction\",\"target\":[\"https:\\\/\\\/www.totiaranalquilerbaqueira.com\\\/blog\\\/gessa\\\/\"]}]},{\"@type\":\"ImageObject\",\"inLanguage\":\"es\",\"@id\":\"https:\\\/\\\/www.totiaranalquilerbaqueira.com\\\/blog\\\/gessa\\\/#primaryimage\",\"url\":\"https:\\\/\\\/www.totiaranalquilerbaqueira.com\\\/blog\\\/wp-content\\\/uploads\\\/2024\\\/08\\\/gessa.jpg\",\"contentUrl\":\"https:\\\/\\\/www.totiaranalquilerbaqueira.com\\\/blog\\\/wp-content\\\/uploads\\\/2024\\\/08\\\/gessa.jpg\",\"width\":1920,\"height\":650,\"caption\":\"Pueblo de Gessa sobre las monta\u00f1as de pirineos\"},{\"@type\":\"BreadcrumbList\",\"@id\":\"https:\\\/\\\/www.totiaranalquilerbaqueira.com\\\/blog\\\/gessa\\\/#breadcrumb\",\"itemListElement\":[{\"@type\":\"ListItem\",\"position\":1,\"name\":\"Portada\",\"item\":\"https:\\\/\\\/www.totiaranalquilerbaqueira.com\\\/blog\\\/\"},{\"@type\":\"ListItem\",\"position\":2,\"name\":\"Gessa, un pueblo soleado en pleno valle junto al bosque de Mont-Romies\"}]},{\"@type\":\"WebSite\",\"@id\":\"https:\\\/\\\/www.totiaranalquilerbaqueira.com\\\/blog\\\/#website\",\"url\":\"https:\\\/\\\/www.totiaranalquilerbaqueira.com\\\/blog\\\/\",\"name\":\"Blog\",\"description\":\"Totiaranalquilerbaqueira\",\"publisher\":{\"@id\":\"https:\\\/\\\/www.totiaranalquilerbaqueira.com\\\/blog\\\/#organization\"},\"potentialAction\":[{\"@type\":\"SearchAction\",\"target\":{\"@type\":\"EntryPoint\",\"urlTemplate\":\"https:\\\/\\\/www.totiaranalquilerbaqueira.com\\\/blog\\\/?s={search_term_string}\"},\"query-input\":{\"@type\":\"PropertyValueSpecification\",\"valueRequired\":true,\"valueName\":\"search_term_string\"}}],\"inLanguage\":\"es\"},{\"@type\":\"Organization\",\"@id\":\"https:\\\/\\\/www.totiaranalquilerbaqueira.com\\\/blog\\\/#organization\",\"name\":\"Blog\",\"url\":\"https:\\\/\\\/www.totiaranalquilerbaqueira.com\\\/blog\\\/\",\"logo\":{\"@type\":\"ImageObject\",\"inLanguage\":\"es\",\"@id\":\"https:\\\/\\\/www.totiaranalquilerbaqueira.com\\\/blog\\\/#\\\/schema\\\/logo\\\/image\\\/\",\"url\":\"https:\\\/\\\/www.totiaranalquilerbaqueira.com\\\/blog\\\/wp-content\\\/uploads\\\/2024\\\/08\\\/logo-totiaran-baqueira.png\",\"contentUrl\":\"https:\\\/\\\/www.totiaranalquilerbaqueira.com\\\/blog\\\/wp-content\\\/uploads\\\/2024\\\/08\\\/logo-totiaran-baqueira.png\",\"width\":400,\"height\":84,\"caption\":\"Blog\"},\"image\":{\"@id\":\"https:\\\/\\\/www.totiaranalquilerbaqueira.com\\\/blog\\\/#\\\/schema\\\/logo\\\/image\\\/\"}}]}<\/script>\n<!-- \/ Yoast SEO plugin. -->","yoast_head_json":{"title":"Gessa, un pueblo soleado junto al bosque de Mont-Romies","description":"Gessa es uno de los pueblos m\u00e1s bonitos y pintorescos del Valle de Ar\u00e1n. Vistas sobre el bosque de Mont Romies y bonitas calles de piedra","robots":{"index":"index","follow":"follow","max-snippet":"max-snippet:-1","max-image-preview":"max-image-preview:large","max-video-preview":"max-video-preview:-1"},"canonical":"https:\/\/www.totiaranalquilerbaqueira.com\/blog\/gessa\/","og_locale":"es_ES","og_type":"article","og_title":"Gessa, un pueblo soleado junto al bosque de Mont-Romies","og_description":"Gessa es uno de los pueblos m\u00e1s bonitos y pintorescos del Valle de Ar\u00e1n. Vistas sobre el bosque de Mont Romies y bonitas calles de piedra","og_url":"https:\/\/www.totiaranalquilerbaqueira.com\/blog\/gessa\/","og_site_name":"Blog","article_modified_time":"2025-04-07T09:29:42+00:00","og_image":[{"width":1920,"height":650,"url":"https:\/\/www.totiaranalquilerbaqueira.com\/blog\/wp-content\/uploads\/2024\/08\/gessa.jpg","type":"image\/jpeg"}],"twitter_card":"summary_large_image","twitter_misc":{"Tiempo de lectura":"5 minutos"},"schema":{"@context":"https:\/\/schema.org","@graph":[{"@type":"WebPage","@id":"https:\/\/www.totiaranalquilerbaqueira.com\/blog\/gessa\/","url":"https:\/\/www.totiaranalquilerbaqueira.com\/blog\/gessa\/","name":"Gessa, un pueblo soleado junto al bosque de Mont-Romies","isPartOf":{"@id":"https:\/\/www.totiaranalquilerbaqueira.com\/blog\/#website"},"primaryImageOfPage":{"@id":"https:\/\/www.totiaranalquilerbaqueira.com\/blog\/gessa\/#primaryimage"},"image":{"@id":"https:\/\/www.totiaranalquilerbaqueira.com\/blog\/gessa\/#primaryimage"},"thumbnailUrl":"https:\/\/www.totiaranalquilerbaqueira.com\/blog\/wp-content\/uploads\/2024\/08\/gessa.jpg","datePublished":"2024-08-26T07:47:51+00:00","dateModified":"2025-04-07T09:29:42+00:00","description":"Gessa es uno de los pueblos m\u00e1s bonitos y pintorescos del Valle de Ar\u00e1n. Vistas sobre el bosque de Mont Romies y bonitas calles de piedra","breadcrumb":{"@id":"https:\/\/www.totiaranalquilerbaqueira.com\/blog\/gessa\/#breadcrumb"},"inLanguage":"es","potentialAction":[{"@type":"ReadAction","target":["https:\/\/www.totiaranalquilerbaqueira.com\/blog\/gessa\/"]}]},{"@type":"ImageObject","inLanguage":"es","@id":"https:\/\/www.totiaranalquilerbaqueira.com\/blog\/gessa\/#primaryimage","url":"https:\/\/www.totiaranalquilerbaqueira.com\/blog\/wp-content\/uploads\/2024\/08\/gessa.jpg","contentUrl":"https:\/\/www.totiaranalquilerbaqueira.com\/blog\/wp-content\/uploads\/2024\/08\/gessa.jpg","width":1920,"height":650,"caption":"Pueblo de Gessa sobre las monta\u00f1as de pirineos"},{"@type":"BreadcrumbList","@id":"https:\/\/www.totiaranalquilerbaqueira.com\/blog\/gessa\/#breadcrumb","itemListElement":[{"@type":"ListItem","position":1,"name":"Portada","item":"https:\/\/www.totiaranalquilerbaqueira.com\/blog\/"},{"@type":"ListItem","position":2,"name":"Gessa, un pueblo soleado en pleno valle junto al bosque de Mont-Romies"}]},{"@type":"WebSite","@id":"https:\/\/www.totiaranalquilerbaqueira.com\/blog\/#website","url":"https:\/\/www.totiaranalquilerbaqueira.com\/blog\/","name":"Blog","description":"Totiaranalquilerbaqueira","publisher":{"@id":"https:\/\/www.totiaranalquilerbaqueira.com\/blog\/#organization"},"potentialAction":[{"@type":"SearchAction","target":{"@type":"EntryPoint","urlTemplate":"https:\/\/www.totiaranalquilerbaqueira.com\/blog\/?s={search_term_string}"},"query-input":{"@type":"PropertyValueSpecification","valueRequired":true,"valueName":"search_term_string"}}],"inLanguage":"es"},{"@type":"Organization","@id":"https:\/\/www.totiaranalquilerbaqueira.com\/blog\/#organization","name":"Blog","url":"https:\/\/www.totiaranalquilerbaqueira.com\/blog\/","logo":{"@type":"ImageObject","inLanguage":"es","@id":"https:\/\/www.totiaranalquilerbaqueira.com\/blog\/#\/schema\/logo\/image\/","url":"https:\/\/www.totiaranalquilerbaqueira.com\/blog\/wp-content\/uploads\/2024\/08\/logo-totiaran-baqueira.png","contentUrl":"https:\/\/www.totiaranalquilerbaqueira.com\/blog\/wp-content\/uploads\/2024\/08\/logo-totiaran-baqueira.png","width":400,"height":84,"caption":"Blog"},"image":{"@id":"https:\/\/www.totiaranalquilerbaqueira.com\/blog\/#\/schema\/logo\/image\/"}}]}},"_links":{"self":[{"href":"https:\/\/www.totiaranalquilerbaqueira.com\/blog\/wp-json\/wp\/v2\/pages\/3555","targetHints":{"allow":["GET"]}}],"collection":[{"href":"https:\/\/www.totiaranalquilerbaqueira.com\/blog\/wp-json\/wp\/v2\/pages"}],"about":[{"href":"https:\/\/www.totiaranalquilerbaqueira.com\/blog\/wp-json\/wp\/v2\/types\/page"}],"author":[{"embeddable":true,"href":"https:\/\/www.totiaranalquilerbaqueira.com\/blog\/wp-json\/wp\/v2\/users\/2"}],"replies":[{"embeddable":true,"href":"https:\/\/www.totiaranalquilerbaqueira.com\/blog\/wp-json\/wp\/v2\/comments?post=3555"}],"version-history":[{"count":8,"href":"https:\/\/www.totiaranalquilerbaqueira.com\/blog\/wp-json\/wp\/v2\/pages\/3555\/revisions"}],"predecessor-version":[{"id":5393,"href":"https:\/\/www.totiaranalquilerbaqueira.com\/blog\/wp-json\/wp\/v2\/pages\/3555\/revisions\/5393"}],"wp:featuredmedia":[{"embeddable":true,"href":"https:\/\/www.totiaranalquilerbaqueira.com\/blog\/wp-json\/wp\/v2\/media\/3589"}],"wp:attachment":[{"href":"https:\/\/www.totiaranalquilerbaqueira.com\/blog\/wp-json\/wp\/v2\/media?parent=3555"}],"curies":[{"name":"wp","href":"https:\/\/api.w.org\/{rel}","templated":true}]}}