{"id":3475,"date":"2024-08-26T06:58:34","date_gmt":"2024-08-26T06:58:34","guid":{"rendered":"https:\/\/www.totiaranalquilerbaqueira.com\/blog\/?page_id=3475"},"modified":"2024-08-26T08:48:26","modified_gmt":"2024-08-26T08:48:26","slug":"unha","status":"publish","type":"page","link":"https:\/\/www.totiaranalquilerbaqueira.com\/blog\/unha\/","title":{"rendered":"Unha, un pueblo de cuento en el Valle de Ar\u00e1n"},"content":{"rendered":"\t\t<div data-elementor-type=\"wp-page\" data-elementor-id=\"3475\" class=\"elementor elementor-3475\" data-elementor-post-type=\"page\">\n\t\t\t\t\t\t<section class=\"elementor-section elementor-top-section elementor-element elementor-element-7561717d elementor-section-boxed elementor-section-height-default elementor-section-height-default\" data-id=\"7561717d\" data-element_type=\"section\" data-e-type=\"section\">\n\t\t\t\t\t\t<div class=\"elementor-container elementor-column-gap-default\">\n\t\t\t\t\t<div class=\"elementor-column elementor-col-100 elementor-top-column elementor-element elementor-element-4dcc4624\" data-id=\"4dcc4624\" data-element_type=\"column\" data-e-type=\"column\">\n\t\t\t<div class=\"elementor-widget-wrap elementor-element-populated\">\n\t\t\t\t\t\t<div class=\"elementor-element elementor-element-b612acd elementor-widget elementor-widget-heading\" data-id=\"b612acd\" data-element_type=\"widget\" data-e-type=\"widget\" data-widget_type=\"heading.default\">\n\t\t\t\t<div class=\"elementor-widget-container\">\n\t\t\t\t\t<h2 class=\"elementor-heading-title elementor-size-default\">\u00bfD\u00f3nde est\u00e1 Unha y c\u00f3mo llegar?<\/h2>\t\t\t\t<\/div>\n\t\t\t\t<\/div>\n\t\t\t\t<div class=\"elementor-element elementor-element-76a64e46 elementor-widget elementor-widget-text-editor\" data-id=\"76a64e46\" data-element_type=\"widget\" data-e-type=\"widget\" data-widget_type=\"text-editor.default\">\n\t\t\t\t<div class=\"elementor-widget-container\">\n\t\t\t\t\t\t\t\t\t<div class=\"row-fluid-wrapper row-depth-2 row-number-1 \"><div class=\"row-fluid \"><div class=\"span12 widget-span widget-type-custom_widget \" data-widget-type=\"custom_widget\" data-x=\"0\" data-w=\"12\"><div id=\"hs_cos_wrapper_module_156680604517689\" class=\"hs_cos_wrapper hs_cos_wrapper_widget hs_cos_wrapper_type_module widget-type-rich_text\" data-hs-cos-general-type=\"widget\" data-hs-cos-type=\"module\"><p>Unha es un peque\u00f1o y pintoresco pueblo situado <strong>en la comarca del Valle de Ar\u00e1n, en el coraz\u00f3n de los Pirineos, en la provincia de Lleida, Catalu\u00f1a, Espa\u00f1a<\/strong>. Se encuentra a una altitud de aproximadamente 1.300 metros sobre el nivel del mar, lo que le confiere un entorno natural \u00fanico, envuelto entre monta\u00f1as y vistas impresionantes.<\/p><p><strong>Para llegar a Unha<\/strong>, lo m\u00e1s com\u00fan es viajar en coche. Desde Lleida, la capital de la provincia, se toma la carretera N-230 en direcci\u00f3n a Vielha, la capital del Valle de Ar\u00e1n. Desde Vielha, se sigue la C-28 hacia Salard\u00fa, un recorrido que lleva aproximadamente 20 minutos. Unha se encuentra a unos pocos kil\u00f3metros de Salard\u00fa, en una carretera secundaria que asciende hacia el pueblo.<\/p><p>Unha destaca por su <strong>arquitectura tradicional aranesa, con casas de piedra, tejados de pizarra y balcones de madera<\/strong> que conservan el estilo de la regi\u00f3n. El pueblo es conocido por la iglesia de Santa Eul\u00e0lia, un templo rom\u00e1nico del siglo XII que alberga un campanario con una estructura de torre muy caracter\u00edstica.<\/p><p>Adem\u00e1s, su ubicaci\u00f3n en el Valle de Ar\u00e1n lo convierte en un <strong>excelente punto de partida para explorar los paisajes circundantes<\/strong> y disfrutar de actividades al aire libre como el senderismo, el esqu\u00ed en invierno, y la observaci\u00f3n de la fauna y flora aut\u00f3ctonas.<\/p><\/div><\/div><\/div><\/div>\t\t\t\t\t\t\t\t<\/div>\n\t\t\t\t<\/div>\n\t\t\t\t<div class=\"elementor-element elementor-element-784eeda elementor-widget elementor-widget-image-gallery\" data-id=\"784eeda\" data-element_type=\"widget\" data-e-type=\"widget\" data-widget_type=\"image-gallery.default\">\n\t\t\t\t<div class=\"elementor-widget-container\">\n\t\t\t\t\t\t\t<div class=\"elementor-image-gallery\">\n\t\t\t<div id='gallery-1' class='gallery galleryid-3475 gallery-columns-4 gallery-size-medium'><figure class='gallery-item'>\n\t\t\t<div class='gallery-icon landscape'>\n\t\t\t\t<a data-elementor-open-lightbox=\"yes\" data-elementor-lightbox-slideshow=\"784eeda\" data-elementor-lightbox-title=\"unha-10\" data-e-action-hash=\"#elementor-action%3Aaction%3Dlightbox%26settings%3DeyJpZCI6MzUwOCwidXJsIjoiaHR0cHM6XC9cL3d3dy50b3RpYXJhbmFscXVpbGVyYmFxdWVpcmEuY29tXC9ibG9nXC93cC1jb250ZW50XC91cGxvYWRzXC8yMDI0XC8wOFwvdW5oYS0xMC5qcGciLCJzbGlkZXNob3ciOiI3ODRlZWRhIn0%3D\" href='https:\/\/www.totiaranalquilerbaqueira.com\/blog\/wp-content\/uploads\/2024\/08\/unha-10.jpg'><img fetchpriority=\"high\" decoding=\"async\" width=\"300\" height=\"200\" src=\"https:\/\/www.totiaranalquilerbaqueira.com\/blog\/wp-content\/uploads\/2024\/08\/unha-10-300x200.jpg\" class=\"attachment-medium size-medium\" alt=\"Flores en Unha\" srcset=\"https:\/\/www.totiaranalquilerbaqueira.com\/blog\/wp-content\/uploads\/2024\/08\/unha-10-300x200.jpg 300w, https:\/\/www.totiaranalquilerbaqueira.com\/blog\/wp-content\/uploads\/2024\/08\/unha-10.jpg 724w\" sizes=\"(max-width: 300px) 100vw, 300px\" \/><\/a>\n\t\t\t<\/div><\/figure><figure class='gallery-item'>\n\t\t\t<div class='gallery-icon landscape'>\n\t\t\t\t<a data-elementor-open-lightbox=\"yes\" data-elementor-lightbox-slideshow=\"784eeda\" data-elementor-lightbox-title=\"unha-9\" data-e-action-hash=\"#elementor-action%3Aaction%3Dlightbox%26settings%3DeyJpZCI6MzUwNSwidXJsIjoiaHR0cHM6XC9cL3d3dy50b3RpYXJhbmFscXVpbGVyYmFxdWVpcmEuY29tXC9ibG9nXC93cC1jb250ZW50XC91cGxvYWRzXC8yMDI0XC8wOFwvdW5oYS05LmpwZyIsInNsaWRlc2hvdyI6Ijc4NGVlZGEifQ%3D%3D\" href='https:\/\/www.totiaranalquilerbaqueira.com\/blog\/wp-content\/uploads\/2024\/08\/unha-9.jpg'><img decoding=\"async\" width=\"300\" height=\"200\" src=\"https:\/\/www.totiaranalquilerbaqueira.com\/blog\/wp-content\/uploads\/2024\/08\/unha-9-300x200.jpg\" class=\"attachment-medium size-medium\" alt=\"Vistas de Unha\" srcset=\"https:\/\/www.totiaranalquilerbaqueira.com\/blog\/wp-content\/uploads\/2024\/08\/unha-9-300x200.jpg 300w, https:\/\/www.totiaranalquilerbaqueira.com\/blog\/wp-content\/uploads\/2024\/08\/unha-9.jpg 724w\" sizes=\"(max-width: 300px) 100vw, 300px\" \/><\/a>\n\t\t\t<\/div><\/figure><figure class='gallery-item'>\n\t\t\t<div class='gallery-icon landscape'>\n\t\t\t\t<a data-elementor-open-lightbox=\"yes\" data-elementor-lightbox-slideshow=\"784eeda\" data-elementor-lightbox-title=\"unha-8\" data-e-action-hash=\"#elementor-action%3Aaction%3Dlightbox%26settings%3DeyJpZCI6MzUwMiwidXJsIjoiaHR0cHM6XC9cL3d3dy50b3RpYXJhbmFscXVpbGVyYmFxdWVpcmEuY29tXC9ibG9nXC93cC1jb250ZW50XC91cGxvYWRzXC8yMDI0XC8wOFwvdW5oYS04LmpwZyIsInNsaWRlc2hvdyI6Ijc4NGVlZGEifQ%3D%3D\" href='https:\/\/www.totiaranalquilerbaqueira.com\/blog\/wp-content\/uploads\/2024\/08\/unha-8.jpg'><img decoding=\"async\" width=\"300\" height=\"200\" src=\"https:\/\/www.totiaranalquilerbaqueira.com\/blog\/wp-content\/uploads\/2024\/08\/unha-8-300x200.jpg\" class=\"attachment-medium size-medium\" alt=\"casa tradicional en unha\" srcset=\"https:\/\/www.totiaranalquilerbaqueira.com\/blog\/wp-content\/uploads\/2024\/08\/unha-8-300x200.jpg 300w, https:\/\/www.totiaranalquilerbaqueira.com\/blog\/wp-content\/uploads\/2024\/08\/unha-8.jpg 724w\" sizes=\"(max-width: 300px) 100vw, 300px\" \/><\/a>\n\t\t\t<\/div><\/figure><figure class='gallery-item'>\n\t\t\t<div class='gallery-icon landscape'>\n\t\t\t\t<a data-elementor-open-lightbox=\"yes\" data-elementor-lightbox-slideshow=\"784eeda\" data-elementor-lightbox-title=\"unha-2\" data-e-action-hash=\"#elementor-action%3Aaction%3Dlightbox%26settings%3DeyJpZCI6MzQ4NCwidXJsIjoiaHR0cHM6XC9cL3d3dy50b3RpYXJhbmFscXVpbGVyYmFxdWVpcmEuY29tXC9ibG9nXC93cC1jb250ZW50XC91cGxvYWRzXC8yMDI0XC8wOFwvdW5oYS0yLmpwZyIsInNsaWRlc2hvdyI6Ijc4NGVlZGEifQ%3D%3D\" href='https:\/\/www.totiaranalquilerbaqueira.com\/blog\/wp-content\/uploads\/2024\/08\/unha-2.jpg'><img loading=\"lazy\" decoding=\"async\" width=\"300\" height=\"200\" src=\"https:\/\/www.totiaranalquilerbaqueira.com\/blog\/wp-content\/uploads\/2024\/08\/unha-2-300x200.jpg\" class=\"attachment-medium size-medium\" alt=\"casas en unha\" srcset=\"https:\/\/www.totiaranalquilerbaqueira.com\/blog\/wp-content\/uploads\/2024\/08\/unha-2-300x200.jpg 300w, https:\/\/www.totiaranalquilerbaqueira.com\/blog\/wp-content\/uploads\/2024\/08\/unha-2.jpg 724w\" sizes=\"(max-width: 300px) 100vw, 300px\" \/><\/a>\n\t\t\t<\/div><\/figure><figure class='gallery-item'>\n\t\t\t<div class='gallery-icon landscape'>\n\t\t\t\t<a data-elementor-open-lightbox=\"yes\" data-elementor-lightbox-slideshow=\"784eeda\" data-elementor-lightbox-title=\"unha-3\" data-e-action-hash=\"#elementor-action%3Aaction%3Dlightbox%26settings%3DeyJpZCI6MzQ4NywidXJsIjoiaHR0cHM6XC9cL3d3dy50b3RpYXJhbmFscXVpbGVyYmFxdWVpcmEuY29tXC9ibG9nXC93cC1jb250ZW50XC91cGxvYWRzXC8yMDI0XC8wOFwvdW5oYS0zLmpwZyIsInNsaWRlc2hvdyI6Ijc4NGVlZGEifQ%3D%3D\" href='https:\/\/www.totiaranalquilerbaqueira.com\/blog\/wp-content\/uploads\/2024\/08\/unha-3.jpg'><img loading=\"lazy\" decoding=\"async\" width=\"300\" height=\"200\" src=\"https:\/\/www.totiaranalquilerbaqueira.com\/blog\/wp-content\/uploads\/2024\/08\/unha-3-300x200.jpg\" class=\"attachment-medium size-medium\" alt=\"Unha pueblo del pirineo\" srcset=\"https:\/\/www.totiaranalquilerbaqueira.com\/blog\/wp-content\/uploads\/2024\/08\/unha-3-300x200.jpg 300w, https:\/\/www.totiaranalquilerbaqueira.com\/blog\/wp-content\/uploads\/2024\/08\/unha-3.jpg 724w\" sizes=\"(max-width: 300px) 100vw, 300px\" \/><\/a>\n\t\t\t<\/div><\/figure><figure class='gallery-item'>\n\t\t\t<div class='gallery-icon landscape'>\n\t\t\t\t<a data-elementor-open-lightbox=\"yes\" data-elementor-lightbox-slideshow=\"784eeda\" data-elementor-lightbox-title=\"unha-4\" data-e-action-hash=\"#elementor-action%3Aaction%3Dlightbox%26settings%3DeyJpZCI6MzQ5MCwidXJsIjoiaHR0cHM6XC9cL3d3dy50b3RpYXJhbmFscXVpbGVyYmFxdWVpcmEuY29tXC9ibG9nXC93cC1jb250ZW50XC91cGxvYWRzXC8yMDI0XC8wOFwvdW5oYS00LmpwZyIsInNsaWRlc2hvdyI6Ijc4NGVlZGEifQ%3D%3D\" href='https:\/\/www.totiaranalquilerbaqueira.com\/blog\/wp-content\/uploads\/2024\/08\/unha-4.jpg'><img loading=\"lazy\" decoding=\"async\" width=\"300\" height=\"200\" src=\"https:\/\/www.totiaranalquilerbaqueira.com\/blog\/wp-content\/uploads\/2024\/08\/unha-4-300x200.jpg\" class=\"attachment-medium size-medium\" alt=\"Unha nevado en invierno\" srcset=\"https:\/\/www.totiaranalquilerbaqueira.com\/blog\/wp-content\/uploads\/2024\/08\/unha-4-300x200.jpg 300w, https:\/\/www.totiaranalquilerbaqueira.com\/blog\/wp-content\/uploads\/2024\/08\/unha-4.jpg 724w\" sizes=\"(max-width: 300px) 100vw, 300px\" \/><\/a>\n\t\t\t<\/div><\/figure><figure class='gallery-item'>\n\t\t\t<div class='gallery-icon landscape'>\n\t\t\t\t<a data-elementor-open-lightbox=\"yes\" data-elementor-lightbox-slideshow=\"784eeda\" data-elementor-lightbox-title=\"unha-5\" data-e-action-hash=\"#elementor-action%3Aaction%3Dlightbox%26settings%3DeyJpZCI6MzQ5MywidXJsIjoiaHR0cHM6XC9cL3d3dy50b3RpYXJhbmFscXVpbGVyYmFxdWVpcmEuY29tXC9ibG9nXC93cC1jb250ZW50XC91cGxvYWRzXC8yMDI0XC8wOFwvdW5oYS01LmpwZyIsInNsaWRlc2hvdyI6Ijc4NGVlZGEifQ%3D%3D\" href='https:\/\/www.totiaranalquilerbaqueira.com\/blog\/wp-content\/uploads\/2024\/08\/unha-5.jpg'><img loading=\"lazy\" decoding=\"async\" width=\"300\" height=\"200\" src=\"https:\/\/www.totiaranalquilerbaqueira.com\/blog\/wp-content\/uploads\/2024\/08\/unha-5-300x200.jpg\" class=\"attachment-medium size-medium\" alt=\"Unha fuente\" srcset=\"https:\/\/www.totiaranalquilerbaqueira.com\/blog\/wp-content\/uploads\/2024\/08\/unha-5-300x200.jpg 300w, https:\/\/www.totiaranalquilerbaqueira.com\/blog\/wp-content\/uploads\/2024\/08\/unha-5.jpg 724w\" sizes=\"(max-width: 300px) 100vw, 300px\" \/><\/a>\n\t\t\t<\/div><\/figure><figure class='gallery-item'>\n\t\t\t<div class='gallery-icon landscape'>\n\t\t\t\t<a data-elementor-open-lightbox=\"yes\" data-elementor-lightbox-slideshow=\"784eeda\" data-elementor-lightbox-title=\"unha-6\" data-e-action-hash=\"#elementor-action%3Aaction%3Dlightbox%26settings%3DeyJpZCI6MzQ5NiwidXJsIjoiaHR0cHM6XC9cL3d3dy50b3RpYXJhbmFscXVpbGVyYmFxdWVpcmEuY29tXC9ibG9nXC93cC1jb250ZW50XC91cGxvYWRzXC8yMDI0XC8wOFwvdW5oYS02LmpwZyIsInNsaWRlc2hvdyI6Ijc4NGVlZGEifQ%3D%3D\" href='https:\/\/www.totiaranalquilerbaqueira.com\/blog\/wp-content\/uploads\/2024\/08\/unha-6.jpg'><img loading=\"lazy\" decoding=\"async\" width=\"300\" height=\"200\" src=\"https:\/\/www.totiaranalquilerbaqueira.com\/blog\/wp-content\/uploads\/2024\/08\/unha-6-300x200.jpg\" class=\"attachment-medium size-medium\" alt=\"\" srcset=\"https:\/\/www.totiaranalquilerbaqueira.com\/blog\/wp-content\/uploads\/2024\/08\/unha-6-300x200.jpg 300w, https:\/\/www.totiaranalquilerbaqueira.com\/blog\/wp-content\/uploads\/2024\/08\/unha-6.jpg 724w\" sizes=\"(max-width: 300px) 100vw, 300px\" \/><\/a>\n\t\t\t<\/div><\/figure>\n\t\t<\/div>\n\t\t<\/div>\n\t\t\t\t\t\t<\/div>\n\t\t\t\t<\/div>\n\t\t\t\t<div class=\"elementor-element elementor-element-389fe662 elementor-align-left elementor-widget elementor-widget-button\" data-id=\"389fe662\" data-element_type=\"widget\" data-e-type=\"widget\" data-widget_type=\"button.default\">\n\t\t\t\t<div class=\"elementor-widget-container\">\n\t\t\t\t\t\t\t\t\t<div class=\"elementor-button-wrapper\">\n\t\t\t\t\t<a class=\"elementor-button elementor-button-link elementor-size-sm\" href=\"https:\/\/www.totiaranalquilerbaqueira.com\/alquiler\/alquileres-unha-naut-aran-n1910067\/\">\n\t\t\t\t\t\t<span class=\"elementor-button-content-wrapper\">\n\t\t\t\t\t\t\t\t\t<span class=\"elementor-button-text\">Alojamientos en Unha<\/span>\n\t\t\t\t\t<\/span>\n\t\t\t\t\t<\/a>\n\t\t\t\t<\/div>\n\t\t\t\t\t\t\t\t<\/div>\n\t\t\t\t<\/div>\n\t\t\t\t\t<\/div>\n\t\t<\/div>\n\t\t\t\t\t<\/div>\n\t\t<\/section>\n\t\t\t\t<section class=\"elementor-section elementor-top-section elementor-element elementor-element-1acf6acf elementor-section-boxed elementor-section-height-default elementor-section-height-default\" data-id=\"1acf6acf\" data-element_type=\"section\" data-e-type=\"section\" data-settings=\"{&quot;background_background&quot;:&quot;classic&quot;}\">\n\t\t\t\t\t\t<div class=\"elementor-container elementor-column-gap-default\">\n\t\t\t\t\t<div class=\"elementor-column elementor-col-50 elementor-top-column elementor-element elementor-element-24ac4255\" data-id=\"24ac4255\" data-element_type=\"column\" data-e-type=\"column\">\n\t\t\t<div class=\"elementor-widget-wrap elementor-element-populated\">\n\t\t\t\t\t\t<div class=\"elementor-element elementor-element-20460c96 elementor-widget elementor-widget-heading\" data-id=\"20460c96\" data-element_type=\"widget\" data-e-type=\"widget\" data-widget_type=\"heading.default\">\n\t\t\t\t<div class=\"elementor-widget-container\">\n\t\t\t\t\t<h2 class=\"elementor-heading-title elementor-size-default\">Atractivos en Unha<\/h2>\t\t\t\t<\/div>\n\t\t\t\t<\/div>\n\t\t\t\t<div class=\"elementor-element elementor-element-12fb4df4 elementor-widget elementor-widget-text-editor\" data-id=\"12fb4df4\" data-element_type=\"widget\" data-e-type=\"widget\" data-widget_type=\"text-editor.default\">\n\t\t\t\t<div class=\"elementor-widget-container\">\n\t\t\t\t\t\t\t\t\t<div class=\"row-fluid-wrapper row-depth-2 row-number-1 \"><div class=\"row-fluid \"><div class=\"span12 widget-span widget-type-custom_widget \" data-widget-type=\"custom_widget\" data-x=\"0\" data-w=\"12\"><div id=\"hs_cos_wrapper_module_156680604517689\" class=\"hs_cos_wrapper hs_cos_wrapper_widget hs_cos_wrapper_type_module widget-type-rich_text\" data-hs-cos-general-type=\"widget\" data-hs-cos-type=\"module\"><p>Situado en un mont\u00edculo y al pie del escarpado Pui d\u2019Unha, con una espl\u00e9ndida vista del valle y el glaciar y picos de La Maladeta, este pueblecito cercano a Salard\u00fa es uno de los que mejor ha resistido el paso del tiempo. Es un pueblecito precioso tanto en Invierno como en Verano.\u00a0<\/p><p><strong>INVIERNO: <\/strong>En Invierno es un pueblo ideal para los que buscan alojarse en un aut\u00e9ntico pueblo aran\u00e9s, que busquen tranquilidad y descanso despu\u00e9s de su jornada de esqu\u00ed.<\/p><p><strong>VERANO Y RESTO DEL A\u00d1O<\/strong>: En el pueblo de Unha encontramos una\u00a0<strong>antigua casa se\u00f1orial<\/strong>\u00a0construida en 1580, fortificada y con ventanas y portal renacentista, se la conoce como \u00c7\u00f2 de Brastet.<\/p><p>Tambi\u00e9n podr\u00e1s visitar el\u00a0<strong>Museo dera Nh\u00e8u<\/strong>\u00a0que es un centro tem\u00e1tico dedicado a la nieve y har\u00e1s un recorrido por la historia del esqu\u00ed en la Val d\u2019Aran, se puede visitar durante todo el a\u00f1o<\/p><p>Y la Iglesia rom\u00e1nica del s. XII de\u00a0<strong>Santa Eul\u00e0ria<\/strong>\u00a0con una bell\u00edsima torre octogonal, y desde la que disfrutar\u00e9is de unas vistas fant\u00e1sticas al pueblo de Salard\u00fa.<\/p><p>Desde Unha puedes\u00a0<strong>ir paseando por el camino real<\/strong>\u00a0(antiguo camino que un\u00eda los pueblos de la Val d\u2019Aran) y subir hasta el pueblo de Bagergue o bajar hasta el pueblo de Gessa por el barranco de Corilha.<\/p><p>Y para los m\u00e1s aventureros nada mejor que hacer escalada en la\u00a0<strong>v\u00eda ferrata del Poi d\u2019Unha<\/strong>\u00a0con un recorrido de 800 metros y un desnivel de casi 500 metros, siendo una de las m\u00e1s largas de Espa\u00f1a, te encantar\u00e1n sus puentes tibetanos y una escalera en espiral muy emocionante, el primer tramo es muy f\u00e1cil y podr\u00e1s ir con los ni\u00f1os con una altura m\u00ednima de 1,20 m.<\/p><\/div><\/div><\/div><\/div>\t\t\t\t\t\t\t\t<\/div>\n\t\t\t\t<\/div>\n\t\t\t\t\t<\/div>\n\t\t<\/div>\n\t\t\t\t<div class=\"elementor-column elementor-col-50 elementor-top-column elementor-element elementor-element-6ded77d6\" data-id=\"6ded77d6\" data-element_type=\"column\" data-e-type=\"column\">\n\t\t\t<div class=\"elementor-widget-wrap elementor-element-populated\">\n\t\t\t\t\t\t<div class=\"elementor-element elementor-element-1941699c elementor-widget elementor-widget-image\" data-id=\"1941699c\" data-element_type=\"widget\" data-e-type=\"widget\" data-widget_type=\"image.default\">\n\t\t\t\t<div class=\"elementor-widget-container\">\n\t\t\t\t\t\t\t\t\t\t\t\t\t\t\t<img loading=\"lazy\" decoding=\"async\" width=\"724\" height=\"483\" src=\"https:\/\/www.totiaranalquilerbaqueira.com\/blog\/wp-content\/uploads\/2024\/08\/unha-4.jpg\" class=\"attachment-large size-large wp-image-3490\" alt=\"Unha nevado en invierno\" srcset=\"https:\/\/www.totiaranalquilerbaqueira.com\/blog\/wp-content\/uploads\/2024\/08\/unha-4.jpg 724w, https:\/\/www.totiaranalquilerbaqueira.com\/blog\/wp-content\/uploads\/2024\/08\/unha-4-300x200.jpg 300w\" sizes=\"(max-width: 724px) 100vw, 724px\" \/>\t\t\t\t\t\t\t\t\t\t\t\t\t\t\t<\/div>\n\t\t\t\t<\/div>\n\t\t\t\t<div class=\"elementor-element elementor-element-3c794cb elementor-widget elementor-widget-image\" data-id=\"3c794cb\" data-element_type=\"widget\" data-e-type=\"widget\" data-widget_type=\"image.default\">\n\t\t\t\t<div class=\"elementor-widget-container\">\n\t\t\t\t\t\t\t\t\t\t\t\t\t\t\t<img loading=\"lazy\" decoding=\"async\" width=\"724\" height=\"483\" src=\"https:\/\/www.totiaranalquilerbaqueira.com\/blog\/wp-content\/uploads\/2024\/08\/unha-7.jpg\" class=\"attachment-large size-large wp-image-3499\" alt=\"Una en oto\u00f1o\" srcset=\"https:\/\/www.totiaranalquilerbaqueira.com\/blog\/wp-content\/uploads\/2024\/08\/unha-7.jpg 724w, https:\/\/www.totiaranalquilerbaqueira.com\/blog\/wp-content\/uploads\/2024\/08\/unha-7-300x200.jpg 300w\" sizes=\"(max-width: 724px) 100vw, 724px\" \/>\t\t\t\t\t\t\t\t\t\t\t\t\t\t\t<\/div>\n\t\t\t\t<\/div>\n\t\t\t\t\t<\/div>\n\t\t<\/div>\n\t\t\t\t\t<\/div>\n\t\t<\/section>\n\t\t\t\t<section class=\"elementor-section elementor-top-section elementor-element elementor-element-457f3087 elementor-section-boxed elementor-section-height-default elementor-section-height-default\" data-id=\"457f3087\" data-element_type=\"section\" data-e-type=\"section\">\n\t\t\t\t\t\t<div class=\"elementor-container elementor-column-gap-default\">\n\t\t\t\t\t<div class=\"elementor-column elementor-col-100 elementor-top-column elementor-element elementor-element-29db297b\" data-id=\"29db297b\" data-element_type=\"column\" data-e-type=\"column\">\n\t\t\t<div class=\"elementor-widget-wrap elementor-element-populated\">\n\t\t\t\t\t\t<div class=\"elementor-element elementor-element-5d81216f elementor-widget elementor-widget-heading\" data-id=\"5d81216f\" data-element_type=\"widget\" data-e-type=\"widget\" data-widget_type=\"heading.default\">\n\t\t\t\t<div class=\"elementor-widget-container\">\n\t\t\t\t\t<h2 class=\"elementor-heading-title elementor-size-default\">Casas vacacionales en Unha<\/h2>\t\t\t\t<\/div>\n\t\t\t\t<\/div>\n\t\t\t\t<div class=\"elementor-element elementor-element-dd5dbd9 elementor-widget elementor-widget-text-editor\" data-id=\"dd5dbd9\" data-element_type=\"widget\" data-e-type=\"widget\" data-widget_type=\"text-editor.default\">\n\t\t\t\t<div class=\"elementor-widget-container\">\n\t\t\t\t\t\t\t\t\t<div class=\"row-fluid-wrapper row-depth-2 row-number-1 \"><div class=\"row-fluid \"><div class=\"span12 widget-span widget-type-custom_widget \" data-widget-type=\"custom_widget\" data-x=\"0\" data-w=\"12\"><div id=\"hs_cos_wrapper_module_156680604517689\" class=\"hs_cos_wrapper hs_cos_wrapper_widget hs_cos_wrapper_type_module widget-type-rich_text\" data-hs-cos-general-type=\"widget\" data-hs-cos-type=\"module\"><p>En Totiaran tenemos una preciosa casa situada a tan solo 4 kil\u00f3metros de la entrada principal de Baqueira, localidad del Valle de Ar\u00e1n que es la opci\u00f3n preferida para muchos esquiadores que buscan cercan\u00eda a pistas y tranquilidad para el descanso.<\/p><p>En Totiaran disponemos de una preciosa casa en esta localidad que la llamamos Casa Guineu.<\/p><p><a href=\"https:\/\/www.totiaranalquilerbaqueira.com\/alquiler\/casa-naut-aran-casa-guineu-289135.html\" target=\"_blank\" rel=\"noopener\"><strong>CASA GUINEU<\/strong><\/a> es una bonita casa aranesa, con una decoraci\u00f3n r\u00fastica y acogedora y salida a una peque\u00f1a zona con jard\u00edn. La casa cuenta con 3 dormitorios y 2 ba\u00f1os para un total de 6 adultos. \u00a0<\/p><\/div><p><a href=\"https:\/\/www.totiaranalquilerbaqueira.com\/alquiler\/casa-naut-aran-casa-guineu-289135.html\" target=\"_blank\" rel=\"noopener\"><strong>CASA ANETO<\/strong><\/a> tiene lo que buscas. Es una casa tradicional para 6 personas con 3 dormitorios. Por fuera tiene un estilo r\u00fastico y bien cuidado, pero por dentro tiene un estilo mucho m\u00e1s moderno y acogedor. Te encantar\u00e1 desde el minuto uno.\u00a0<\/p><\/div><\/div><\/div>\t\t\t\t\t\t\t\t<\/div>\n\t\t\t\t<\/div>\n\t\t\t\t\t<\/div>\n\t\t<\/div>\n\t\t\t\t\t<\/div>\n\t\t<\/section>\n\t\t\t\t<section class=\"elementor-section elementor-top-section elementor-element elementor-element-76b77e93 elementor-section-boxed elementor-section-height-default elementor-section-height-default\" data-id=\"76b77e93\" data-element_type=\"section\" data-e-type=\"section\">\n\t\t\t\t\t\t<div class=\"elementor-container elementor-column-gap-default\">\n\t\t\t\t\t<div class=\"elementor-column elementor-col-100 elementor-top-column elementor-element elementor-element-3b819963\" data-id=\"3b819963\" data-element_type=\"column\" data-e-type=\"column\">\n\t\t\t<div class=\"elementor-widget-wrap elementor-element-populated\">\n\t\t\t\t\t\t<div class=\"elementor-element elementor-element-169ea792 elementor-widget elementor-widget-heading\" data-id=\"169ea792\" data-element_type=\"widget\" data-e-type=\"widget\" data-widget_type=\"heading.default\">\n\t\t\t\t<div class=\"elementor-widget-container\">\n\t\t\t\t\t<h2 class=\"elementor-heading-title elementor-size-default\">Descubre todos nuestros alojamientos en Unha y alrededores<\/h2>\t\t\t\t<\/div>\n\t\t\t\t<\/div>\n\t\t\t\t\t<\/div>\n\t\t<\/div>\n\t\t\t\t\t<\/div>\n\t\t<\/section>\n\t\t\t\t<section class=\"elementor-section elementor-top-section elementor-element elementor-element-6f1ae8e6 elementor-section-boxed elementor-section-height-default elementor-section-height-default\" data-id=\"6f1ae8e6\" data-element_type=\"section\" data-e-type=\"section\">\n\t\t\t\t\t\t<div class=\"elementor-container elementor-column-gap-default\">\n\t\t\t\t\t<div class=\"elementor-column elementor-col-33 elementor-top-column elementor-element elementor-element-62314d9\" data-id=\"62314d9\" data-element_type=\"column\" data-e-type=\"column\">\n\t\t\t<div class=\"elementor-widget-wrap elementor-element-populated\">\n\t\t\t\t\t\t<div class=\"elementor-element elementor-element-2805e333 elementor-align-left elementor-widget elementor-widget-button\" data-id=\"2805e333\" data-element_type=\"widget\" data-e-type=\"widget\" data-widget_type=\"button.default\">\n\t\t\t\t<div class=\"elementor-widget-container\">\n\t\t\t\t\t\t\t\t\t<div class=\"elementor-button-wrapper\">\n\t\t\t\t\t<a class=\"elementor-button elementor-button-link elementor-size-sm\" href=\"https:\/\/www.totiaranalquilerbaqueira.com\/alquiler\/alquileres-baqueira-d1396\/\">\n\t\t\t\t\t\t<span class=\"elementor-button-content-wrapper\">\n\t\t\t\t\t\t\t\t\t<span class=\"elementor-button-text\">Alojamientos en Baqueira<\/span>\n\t\t\t\t\t<\/span>\n\t\t\t\t\t<\/a>\n\t\t\t\t<\/div>\n\t\t\t\t\t\t\t\t<\/div>\n\t\t\t\t<\/div>\n\t\t\t\t\t<\/div>\n\t\t<\/div>\n\t\t\t\t<div class=\"elementor-column elementor-col-33 elementor-top-column elementor-element elementor-element-7cd147d2\" data-id=\"7cd147d2\" data-element_type=\"column\" data-e-type=\"column\">\n\t\t\t<div class=\"elementor-widget-wrap elementor-element-populated\">\n\t\t\t\t\t\t<div class=\"elementor-element elementor-element-b786992 elementor-align-left elementor-widget elementor-widget-button\" data-id=\"b786992\" data-element_type=\"widget\" data-e-type=\"widget\" data-widget_type=\"button.default\">\n\t\t\t\t<div class=\"elementor-widget-container\">\n\t\t\t\t\t\t\t\t\t<div class=\"elementor-button-wrapper\">\n\t\t\t\t\t<a class=\"elementor-button elementor-button-link elementor-size-sm\" href=\"https:\/\/www.totiaranalquilerbaqueira.com\/alquiler\/alquileres-unha-naut-aran-n1910067\/\">\n\t\t\t\t\t\t<span class=\"elementor-button-content-wrapper\">\n\t\t\t\t\t\t\t\t\t<span class=\"elementor-button-text\">Alojamientos en Unha<\/span>\n\t\t\t\t\t<\/span>\n\t\t\t\t\t<\/a>\n\t\t\t\t<\/div>\n\t\t\t\t\t\t\t\t<\/div>\n\t\t\t\t<\/div>\n\t\t\t\t\t<\/div>\n\t\t<\/div>\n\t\t\t\t<div class=\"elementor-column elementor-col-33 elementor-top-column elementor-element elementor-element-44e6f0cb\" data-id=\"44e6f0cb\" data-element_type=\"column\" data-e-type=\"column\">\n\t\t\t<div class=\"elementor-widget-wrap elementor-element-populated\">\n\t\t\t\t\t\t<div class=\"elementor-element elementor-element-6dde87bf elementor-align-left elementor-widget elementor-widget-button\" data-id=\"6dde87bf\" data-element_type=\"widget\" data-e-type=\"widget\" data-widget_type=\"button.default\">\n\t\t\t\t<div class=\"elementor-widget-container\">\n\t\t\t\t\t\t\t\t\t<div class=\"elementor-button-wrapper\">\n\t\t\t\t\t<a class=\"elementor-button elementor-button-link elementor-size-sm\" href=\"https:\/\/www.totiaranalquilerbaqueira.com\/alquiler\/alquiler-alquileres-u0\/\">\n\t\t\t\t\t\t<span class=\"elementor-button-content-wrapper\">\n\t\t\t\t\t\t\t\t\t<span class=\"elementor-button-text\">Alojamientos en Valle de Ar\u00e1n<\/span>\n\t\t\t\t\t<\/span>\n\t\t\t\t\t<\/a>\n\t\t\t\t<\/div>\n\t\t\t\t\t\t\t\t<\/div>\n\t\t\t\t<\/div>\n\t\t\t\t\t<\/div>\n\t\t<\/div>\n\t\t\t\t\t<\/div>\n\t\t<\/section>\n\t\t\t\t<section class=\"elementor-section elementor-top-section elementor-element elementor-element-4fbf3673 elementor-section-boxed elementor-section-height-default elementor-section-height-default\" data-id=\"4fbf3673\" data-element_type=\"section\" data-e-type=\"section\" data-settings=\"{&quot;background_background&quot;:&quot;classic&quot;}\">\n\t\t\t\t\t\t<div class=\"elementor-container elementor-column-gap-no\">\n\t\t\t\t\t<div class=\"elementor-column elementor-col-50 elementor-top-column elementor-element elementor-element-6f327afe\" data-id=\"6f327afe\" data-element_type=\"column\" data-e-type=\"column\">\n\t\t\t<div class=\"elementor-widget-wrap elementor-element-populated\">\n\t\t\t\t\t\t<div class=\"elementor-element elementor-element-78918a37 elementor-widget elementor-widget-text-editor\" data-id=\"78918a37\" data-element_type=\"widget\" data-e-type=\"widget\" data-widget_type=\"text-editor.default\">\n\t\t\t\t<div class=\"elementor-widget-container\">\n\t\t\t\t\t\t\t\t\t<p style=\"text-align: left;\"><span style=\"color: #ffffff;\">Si reservas tu alojamiento en Unha con nosotros, <strong>tienes un 25% de descuento en el alquiler de Esqu\u00eds en Totirent Ski.\u00a0<\/strong><\/span><\/p>\t\t\t\t\t\t\t\t<\/div>\n\t\t\t\t<\/div>\n\t\t\t\t\t<\/div>\n\t\t<\/div>\n\t\t\t\t<div class=\"elementor-column elementor-col-50 elementor-top-column elementor-element elementor-element-9798ba4\" data-id=\"9798ba4\" data-element_type=\"column\" data-e-type=\"column\">\n\t\t\t<div class=\"elementor-widget-wrap elementor-element-populated\">\n\t\t\t\t\t\t<div class=\"elementor-element elementor-element-2106fbca elementor-align-center elementor-widget elementor-widget-button\" data-id=\"2106fbca\" data-element_type=\"widget\" data-e-type=\"widget\" data-widget_type=\"button.default\">\n\t\t\t\t<div class=\"elementor-widget-container\">\n\t\t\t\t\t\t\t\t\t<div class=\"elementor-button-wrapper\">\n\t\t\t\t\t<a class=\"elementor-button elementor-button-link elementor-size-sm\" href=\"https:\/\/www.totiaranalquilerbaqueira.com\/blog\/alquiler-ski-reparaciones\/\">\n\t\t\t\t\t\t<span class=\"elementor-button-content-wrapper\">\n\t\t\t\t\t\t\t\t\t<span class=\"elementor-button-text\">Alquiler de ski<\/span>\n\t\t\t\t\t<\/span>\n\t\t\t\t\t<\/a>\n\t\t\t\t<\/div>\n\t\t\t\t\t\t\t\t<\/div>\n\t\t\t\t<\/div>\n\t\t\t\t\t<\/div>\n\t\t<\/div>\n\t\t\t\t\t<\/div>\n\t\t<\/section>\n\t\t\t\t<section class=\"elementor-section elementor-top-section elementor-element elementor-element-11025475 elementor-section-full_width elementor-section-height-default elementor-section-height-default\" data-id=\"11025475\" data-element_type=\"section\" data-e-type=\"section\">\n\t\t\t\t\t\t<div class=\"elementor-container elementor-column-gap-no\">\n\t\t\t\t\t<div class=\"elementor-column elementor-col-100 elementor-top-column elementor-element elementor-element-5bfe149d\" data-id=\"5bfe149d\" data-element_type=\"column\" data-e-type=\"column\">\n\t\t\t<div class=\"elementor-widget-wrap elementor-element-populated\">\n\t\t\t\t\t\t<div class=\"elementor-element elementor-element-249769ec elementor-widget elementor-widget-image\" data-id=\"249769ec\" data-element_type=\"widget\" data-e-type=\"widget\" data-widget_type=\"image.default\">\n\t\t\t\t<div class=\"elementor-widget-container\">\n\t\t\t\t\t\t\t\t\t\t\t\t\t\t\t<img loading=\"lazy\" decoding=\"async\" width=\"1920\" height=\"650\" src=\"https:\/\/www.totiaranalquilerbaqueira.com\/blog\/wp-content\/uploads\/2024\/08\/unha-pueblo-valle-aran.jpg\" class=\"attachment-full size-full wp-image-3511\" alt=\"Unha, pueblo del valle de aran\" srcset=\"https:\/\/www.totiaranalquilerbaqueira.com\/blog\/wp-content\/uploads\/2024\/08\/unha-pueblo-valle-aran.jpg 1920w, https:\/\/www.totiaranalquilerbaqueira.com\/blog\/wp-content\/uploads\/2024\/08\/unha-pueblo-valle-aran-300x102.jpg 300w, https:\/\/www.totiaranalquilerbaqueira.com\/blog\/wp-content\/uploads\/2024\/08\/unha-pueblo-valle-aran-1024x347.jpg 1024w, https:\/\/www.totiaranalquilerbaqueira.com\/blog\/wp-content\/uploads\/2024\/08\/unha-pueblo-valle-aran-768x260.jpg 768w, https:\/\/www.totiaranalquilerbaqueira.com\/blog\/wp-content\/uploads\/2024\/08\/unha-pueblo-valle-aran-1536x520.jpg 1536w\" sizes=\"(max-width: 1920px) 100vw, 1920px\" \/>\t\t\t\t\t\t\t\t\t\t\t\t\t\t\t<\/div>\n\t\t\t\t<\/div>\n\t\t\t\t\t<\/div>\n\t\t<\/div>\n\t\t\t\t\t<\/div>\n\t\t<\/section>\n\t\t\t\t<section class=\"elementor-section elementor-top-section elementor-element elementor-element-251a4d5d elementor-section-content-middle elementor-section-boxed elementor-section-height-default elementor-section-height-default\" data-id=\"251a4d5d\" data-element_type=\"section\" data-e-type=\"section\" data-settings=\"{&quot;background_background&quot;:&quot;classic&quot;}\">\n\t\t\t\t\t\t<div class=\"elementor-container elementor-column-gap-no\">\n\t\t\t\t\t<div class=\"elementor-column elementor-col-100 elementor-top-column elementor-element elementor-element-4c97f6a\" data-id=\"4c97f6a\" data-element_type=\"column\" data-e-type=\"column\">\n\t\t\t<div class=\"elementor-widget-wrap elementor-element-populated\">\n\t\t\t\t\t\t<div class=\"elementor-element elementor-element-524b23cd elementor-widget elementor-widget-heading\" data-id=\"524b23cd\" data-element_type=\"widget\" data-e-type=\"widget\" data-widget_type=\"heading.default\">\n\t\t\t\t<div class=\"elementor-widget-container\">\n\t\t\t\t\t<h2 class=\"elementor-heading-title elementor-size-default\">Servicios adicionales en Unha<\/h2>\t\t\t\t<\/div>\n\t\t\t\t<\/div>\n\t\t\t\t<div class=\"elementor-element elementor-element-1aa803ef elementor-widget elementor-widget-heading\" data-id=\"1aa803ef\" data-element_type=\"widget\" data-e-type=\"widget\" data-widget_type=\"heading.default\">\n\t\t\t\t<div class=\"elementor-widget-container\">\n\t\t\t\t\t<h5 class=\"elementor-heading-title elementor-size-default\">Tu tranquilidad y bienestar es la principal preocupaci\u00f3n del equipo de Toti Ar\u00e1n. Por esta raz\u00f3n, le ofrecemos un conjunto de servicios adicionales para que sus vacaciones sean perfectas en en Valle de Ar\u00e1nt:<\/h5>\t\t\t\t<\/div>\n\t\t\t\t<\/div>\n\t\t\t\t<section class=\"elementor-section elementor-inner-section elementor-element elementor-element-393c3627 elementor-section-content-middle elementor-section-boxed elementor-section-height-default elementor-section-height-default\" data-id=\"393c3627\" data-element_type=\"section\" data-e-type=\"section\">\n\t\t\t\t\t\t<div class=\"elementor-container elementor-column-gap-default\">\n\t\t\t\t\t<div class=\"elementor-column elementor-col-33 elementor-inner-column elementor-element elementor-element-2b743e5a\" data-id=\"2b743e5a\" data-element_type=\"column\" data-e-type=\"column\" data-settings=\"{&quot;background_background&quot;:&quot;classic&quot;}\">\n\t\t\t<div class=\"elementor-widget-wrap elementor-element-populated\">\n\t\t\t\t\t<div class=\"elementor-background-overlay\"><\/div>\n\t\t\t\t\t\t<div class=\"elementor-element elementor-element-dc4d2b4 elementor-cta--skin-cover elementor-cta--valign-middle elementor-bg-transform elementor-bg-transform-zoom-out elementor-animated-content elementor-widget elementor-widget-call-to-action\" data-id=\"dc4d2b4\" data-element_type=\"widget\" data-e-type=\"widget\" data-widget_type=\"call-to-action.default\">\n\t\t\t\t<div class=\"elementor-widget-container\">\n\t\t\t\t\t\t\t<div class=\"elementor-cta\">\n\t\t\t\t\t<div class=\"elementor-cta__bg-wrapper\">\n\t\t\t\t<div class=\"elementor-cta__bg elementor-bg\" style=\"background-image: url(https:\/\/www.totiaranalquilerbaqueira.com\/blog\/wp-content\/uploads\/2024\/08\/botas-de-ski-como-elegirlas-768x465.jpg);\" role=\"img\" aria-label=\"botas de ski. c\u00f3mo elegirlas\"><\/div>\n\t\t\t\t<div class=\"elementor-cta__bg-overlay\"><\/div>\n\t\t\t<\/div>\n\t\t\t\t\t\t\t<div class=\"elementor-cta__content\">\n\t\t\t\t\n\t\t\t\t\t\t\t\t\t<h2 class=\"elementor-cta__title elementor-cta__content-item elementor-content-item elementor-animated-item--grow\">\n\t\t\t\t\t\tAlquiler de Skis\t\t\t\t\t<\/h2>\n\t\t\t\t\n\t\t\t\t\n\t\t\t\t\t\t\t<\/div>\n\t\t\t\t\t\t<\/div>\n\t\t\t\t\t\t<\/div>\n\t\t\t\t<\/div>\n\t\t\t\t\t<\/div>\n\t\t<\/div>\n\t\t\t\t<div class=\"elementor-column elementor-col-33 elementor-inner-column elementor-element elementor-element-610cb440\" data-id=\"610cb440\" data-element_type=\"column\" data-e-type=\"column\">\n\t\t\t<div class=\"elementor-widget-wrap elementor-element-populated\">\n\t\t\t\t\t\t<div class=\"elementor-element elementor-element-3a610a99 elementor-cta--skin-cover elementor-bg-transform elementor-bg-transform-zoom-out elementor-animated-content elementor-widget elementor-widget-call-to-action\" data-id=\"3a610a99\" data-element_type=\"widget\" data-e-type=\"widget\" data-widget_type=\"call-to-action.default\">\n\t\t\t\t<div class=\"elementor-widget-container\">\n\t\t\t\t\t\t\t<div class=\"elementor-cta\">\n\t\t\t\t\t<div class=\"elementor-cta__bg-wrapper\">\n\t\t\t\t<div class=\"elementor-cta__bg elementor-bg\" style=\"background-image: url(https:\/\/www.totiaranalquilerbaqueira.com\/blog\/wp-content\/uploads\/2024\/08\/lavanderia-baqueira.jpg);\" role=\"img\" aria-label=\"lavanderia en baqueira\"><\/div>\n\t\t\t\t<div class=\"elementor-cta__bg-overlay\"><\/div>\n\t\t\t<\/div>\n\t\t\t\t\t\t\t<div class=\"elementor-cta__content\">\n\t\t\t\t\n\t\t\t\t\t\t\t\t\t<h2 class=\"elementor-cta__title elementor-cta__content-item elementor-content-item elementor-animated-item--grow\">\n\t\t\t\t\t\tLavander\u00eda a domicilio\t\t\t\t\t<\/h2>\n\t\t\t\t\n\t\t\t\t\n\t\t\t\t\t\t\t<\/div>\n\t\t\t\t\t\t<\/div>\n\t\t\t\t\t\t<\/div>\n\t\t\t\t<\/div>\n\t\t\t\t\t<\/div>\n\t\t<\/div>\n\t\t\t\t<div class=\"elementor-column elementor-col-33 elementor-inner-column elementor-element elementor-element-18adedb0\" data-id=\"18adedb0\" data-element_type=\"column\" data-e-type=\"column\">\n\t\t\t<div class=\"elementor-widget-wrap elementor-element-populated\">\n\t\t\t\t\t\t<div class=\"elementor-element elementor-element-531f5b46 elementor-cta--skin-cover elementor-bg-transform elementor-bg-transform-zoom-out elementor-animated-content elementor-widget elementor-widget-call-to-action\" data-id=\"531f5b46\" data-element_type=\"widget\" data-e-type=\"widget\" data-widget_type=\"call-to-action.default\">\n\t\t\t\t<div class=\"elementor-widget-container\">\n\t\t\t\t\t\t\t<div class=\"elementor-cta\">\n\t\t\t\t\t<div class=\"elementor-cta__bg-wrapper\">\n\t\t\t\t<div class=\"elementor-cta__bg elementor-bg\" style=\"background-image: url(https:\/\/www.totiaranalquilerbaqueira.com\/blog\/wp-content\/uploads\/2024\/08\/canguros-baqueira-768x386.jpg);\" role=\"img\" aria-label=\"Servicio de canguro y cuidado de ni\u00f1os en Baqueira\"><\/div>\n\t\t\t\t<div class=\"elementor-cta__bg-overlay\"><\/div>\n\t\t\t<\/div>\n\t\t\t\t\t\t\t<div class=\"elementor-cta__content\">\n\t\t\t\t\n\t\t\t\t\t\t\t\t\t<h2 class=\"elementor-cta__title elementor-cta__content-item elementor-content-item elementor-animated-item--grow\">\n\t\t\t\t\t\tCanguros\t\t\t\t\t<\/h2>\n\t\t\t\t\n\t\t\t\t\n\t\t\t\t\t\t\t<\/div>\n\t\t\t\t\t\t<\/div>\n\t\t\t\t\t\t<\/div>\n\t\t\t\t<\/div>\n\t\t\t\t\t<\/div>\n\t\t<\/div>\n\t\t\t\t\t<\/div>\n\t\t<\/section>\n\t\t\t\t<section class=\"elementor-section elementor-inner-section elementor-element elementor-element-dbb9315 elementor-section-content-middle elementor-section-boxed elementor-section-height-default elementor-section-height-default\" data-id=\"dbb9315\" data-element_type=\"section\" data-e-type=\"section\">\n\t\t\t\t\t\t<div class=\"elementor-container elementor-column-gap-default\">\n\t\t\t\t\t<div class=\"elementor-column elementor-col-33 elementor-inner-column elementor-element elementor-element-5c323376\" data-id=\"5c323376\" data-element_type=\"column\" data-e-type=\"column\">\n\t\t\t<div class=\"elementor-widget-wrap elementor-element-populated\">\n\t\t\t\t\t\t<div class=\"elementor-element elementor-element-3a61b73e elementor-cta--skin-cover elementor-cta--valign-middle elementor-bg-transform elementor-bg-transform-zoom-out elementor-animated-content elementor-widget elementor-widget-call-to-action\" data-id=\"3a61b73e\" data-element_type=\"widget\" data-e-type=\"widget\" data-widget_type=\"call-to-action.default\">\n\t\t\t\t<div class=\"elementor-widget-container\">\n\t\t\t\t\t\t\t<div class=\"elementor-cta\">\n\t\t\t\t\t<div class=\"elementor-cta__bg-wrapper\">\n\t\t\t\t<div class=\"elementor-cta__bg elementor-bg\" style=\"background-image: url(https:\/\/www.totiaranalquilerbaqueira.com\/blog\/wp-content\/uploads\/2024\/08\/compra-a-domicilio-baqueira-768x483.jpg);\" role=\"img\" aria-label=\"Compra a domicilio en Baqueira\"><\/div>\n\t\t\t\t<div class=\"elementor-cta__bg-overlay\"><\/div>\n\t\t\t<\/div>\n\t\t\t\t\t\t\t<div class=\"elementor-cta__content\">\n\t\t\t\t\n\t\t\t\t\t\t\t\t\t<h2 class=\"elementor-cta__title elementor-cta__content-item elementor-content-item elementor-animated-item--grow\">\n\t\t\t\t\t\tComida a domicilio\t\t\t\t\t<\/h2>\n\t\t\t\t\n\t\t\t\t\n\t\t\t\t\t\t\t<\/div>\n\t\t\t\t\t\t<\/div>\n\t\t\t\t\t\t<\/div>\n\t\t\t\t<\/div>\n\t\t\t\t\t<\/div>\n\t\t<\/div>\n\t\t\t\t<div class=\"elementor-column elementor-col-33 elementor-inner-column elementor-element elementor-element-5f082262\" data-id=\"5f082262\" data-element_type=\"column\" data-e-type=\"column\">\n\t\t\t<div class=\"elementor-widget-wrap elementor-element-populated\">\n\t\t\t\t\t\t<div class=\"elementor-element elementor-element-80f9dda elementor-cta--skin-cover elementor-bg-transform elementor-bg-transform-zoom-out elementor-animated-content elementor-widget elementor-widget-call-to-action\" data-id=\"80f9dda\" data-element_type=\"widget\" data-e-type=\"widget\" data-widget_type=\"call-to-action.default\">\n\t\t\t\t<div class=\"elementor-widget-container\">\n\t\t\t\t\t\t\t<div class=\"elementor-cta\">\n\t\t\t\t\t<div class=\"elementor-cta__bg-wrapper\">\n\t\t\t\t<div class=\"elementor-cta__bg elementor-bg\" style=\"background-image: url(https:\/\/www.totiaranalquilerbaqueira.com\/blog\/wp-content\/uploads\/2024\/08\/taxi-traslados-baqueira.jpg);\" role=\"img\" aria-label=\"Taxis y traslados en Baqueira\"><\/div>\n\t\t\t\t<div class=\"elementor-cta__bg-overlay\"><\/div>\n\t\t\t<\/div>\n\t\t\t\t\t\t\t<div class=\"elementor-cta__content\">\n\t\t\t\t\n\t\t\t\t\t\t\t\t\t<h2 class=\"elementor-cta__title elementor-cta__content-item elementor-content-item elementor-animated-item--grow\">\n\t\t\t\t\t\tTransporte privado\t\t\t\t\t<\/h2>\n\t\t\t\t\n\t\t\t\t\n\t\t\t\t\t\t\t<\/div>\n\t\t\t\t\t\t<\/div>\n\t\t\t\t\t\t<\/div>\n\t\t\t\t<\/div>\n\t\t\t\t\t<\/div>\n\t\t<\/div>\n\t\t\t\t<div class=\"elementor-column elementor-col-33 elementor-inner-column elementor-element elementor-element-7b983621\" data-id=\"7b983621\" data-element_type=\"column\" data-e-type=\"column\">\n\t\t\t<div class=\"elementor-widget-wrap elementor-element-populated\">\n\t\t\t\t\t\t<div class=\"elementor-element elementor-element-264a6c55 elementor-cta--skin-cover elementor-bg-transform elementor-bg-transform-zoom-out elementor-animated-content elementor-widget elementor-widget-call-to-action\" data-id=\"264a6c55\" data-element_type=\"widget\" data-e-type=\"widget\" data-widget_type=\"call-to-action.default\">\n\t\t\t\t<div class=\"elementor-widget-container\">\n\t\t\t\t\t\t\t<div class=\"elementor-cta\">\n\t\t\t\t\t<div class=\"elementor-cta__bg-wrapper\">\n\t\t\t\t<div class=\"elementor-cta__bg elementor-bg\" style=\"background-image: url(https:\/\/www.totiaranalquilerbaqueira.com\/blog\/wp-content\/uploads\/2024\/08\/ninos-curso-esqui.jpg);\" role=\"img\" aria-label=\"Ninos en un curso de esqui\"><\/div>\n\t\t\t\t<div class=\"elementor-cta__bg-overlay\"><\/div>\n\t\t\t<\/div>\n\t\t\t\t\t\t\t<div class=\"elementor-cta__content\">\n\t\t\t\t\n\t\t\t\t\t\t\t\t\t<h2 class=\"elementor-cta__title elementor-cta__content-item elementor-content-item elementor-animated-item--grow\">\n\t\t\t\t\t\tClases de ski\t\t\t\t\t<\/h2>\n\t\t\t\t\n\t\t\t\t\n\t\t\t\t\t\t\t<\/div>\n\t\t\t\t\t\t<\/div>\n\t\t\t\t\t\t<\/div>\n\t\t\t\t<\/div>\n\t\t\t\t\t<\/div>\n\t\t<\/div>\n\t\t\t\t\t<\/div>\n\t\t<\/section>\n\t\t\t\t\t<\/div>\n\t\t<\/div>\n\t\t\t\t\t<\/div>\n\t\t<\/section>\n\t\t\t\t<\/div>\n\t\t","protected":false},"excerpt":{"rendered":"<p>\u00bfD\u00f3nde est\u00e1 Unha y c\u00f3mo llegar? Unha es un peque\u00f1o y pintoresco pueblo situado en la comarca del Valle de Ar\u00e1n, en el coraz\u00f3n de los Pirineos, en la provincia de Lleida, Catalu\u00f1a, Espa\u00f1a. Se encuentra a una altitud de aproximadamente 1.300 metros sobre el nivel del mar, lo que le confiere un entorno natural [&hellip;]<\/p>\n","protected":false},"author":2,"featured_media":3476,"parent":0,"menu_order":0,"comment_status":"closed","ping_status":"closed","template":"","meta":{"footnotes":""},"class_list":["post-3475","page","type-page","status-publish","has-post-thumbnail","hentry"],"yoast_head":"<!-- This site is optimized with the Yoast SEO plugin v27.4 - https:\/\/yoast.com\/product\/yoast-seo-wordpress\/ -->\n<title>Conoce Unha, un pueblo de cuento en el Valle de Ar\u00e1n<\/title>\n<meta name=\"description\" content=\"Unha, peque\u00f1o pueblo con espl\u00e9ndidas vistas del valle, del glaciar y los picos de La Maladeta, con mucho encanto y restaurantes tradicionales\" \/>\n<meta name=\"robots\" content=\"index, follow, max-snippet:-1, max-image-preview:large, max-video-preview:-1\" \/>\n<link rel=\"canonical\" href=\"https:\/\/www.totiaranalquilerbaqueira.com\/blog\/unha\/\" \/>\n<meta property=\"og:locale\" content=\"es_ES\" \/>\n<meta property=\"og:type\" content=\"article\" \/>\n<meta property=\"og:title\" content=\"Conoce Unha, un pueblo de cuento en el Valle de Ar\u00e1n\" \/>\n<meta property=\"og:description\" content=\"Unha, peque\u00f1o pueblo con espl\u00e9ndidas vistas del valle, del glaciar y los picos de La Maladeta, con mucho encanto y restaurantes tradicionales\" \/>\n<meta property=\"og:url\" content=\"https:\/\/www.totiaranalquilerbaqueira.com\/blog\/unha\/\" \/>\n<meta property=\"og:site_name\" content=\"Blog\" \/>\n<meta property=\"article:modified_time\" content=\"2024-08-26T08:48:26+00:00\" \/>\n<meta property=\"og:image\" content=\"https:\/\/www.totiaranalquilerbaqueira.com\/blog\/wp-content\/uploads\/2024\/08\/unha.jpg\" \/>\n\t<meta property=\"og:image:width\" content=\"1920\" \/>\n\t<meta property=\"og:image:height\" content=\"650\" \/>\n\t<meta property=\"og:image:type\" content=\"image\/jpeg\" \/>\n<meta name=\"twitter:card\" content=\"summary_large_image\" \/>\n<meta name=\"twitter:label1\" content=\"Tiempo de lectura\" \/>\n\t<meta name=\"twitter:data1\" content=\"6 minutos\" \/>\n<script type=\"application\/ld+json\" class=\"yoast-schema-graph\">{\"@context\":\"https:\\\/\\\/schema.org\",\"@graph\":[{\"@type\":\"WebPage\",\"@id\":\"https:\\\/\\\/www.totiaranalquilerbaqueira.com\\\/blog\\\/unha\\\/\",\"url\":\"https:\\\/\\\/www.totiaranalquilerbaqueira.com\\\/blog\\\/unha\\\/\",\"name\":\"Conoce Unha, un pueblo de cuento en el Valle de Ar\u00e1n\",\"isPartOf\":{\"@id\":\"https:\\\/\\\/www.totiaranalquilerbaqueira.com\\\/blog\\\/#website\"},\"primaryImageOfPage\":{\"@id\":\"https:\\\/\\\/www.totiaranalquilerbaqueira.com\\\/blog\\\/unha\\\/#primaryimage\"},\"image\":{\"@id\":\"https:\\\/\\\/www.totiaranalquilerbaqueira.com\\\/blog\\\/unha\\\/#primaryimage\"},\"thumbnailUrl\":\"https:\\\/\\\/www.totiaranalquilerbaqueira.com\\\/blog\\\/wp-content\\\/uploads\\\/2024\\\/08\\\/unha.jpg\",\"datePublished\":\"2024-08-26T06:58:34+00:00\",\"dateModified\":\"2024-08-26T08:48:26+00:00\",\"description\":\"Unha, peque\u00f1o pueblo con espl\u00e9ndidas vistas del valle, del glaciar y los picos de La Maladeta, con mucho encanto y restaurantes tradicionales\",\"breadcrumb\":{\"@id\":\"https:\\\/\\\/www.totiaranalquilerbaqueira.com\\\/blog\\\/unha\\\/#breadcrumb\"},\"inLanguage\":\"es\",\"potentialAction\":[{\"@type\":\"ReadAction\",\"target\":[\"https:\\\/\\\/www.totiaranalquilerbaqueira.com\\\/blog\\\/unha\\\/\"]}]},{\"@type\":\"ImageObject\",\"inLanguage\":\"es\",\"@id\":\"https:\\\/\\\/www.totiaranalquilerbaqueira.com\\\/blog\\\/unha\\\/#primaryimage\",\"url\":\"https:\\\/\\\/www.totiaranalquilerbaqueira.com\\\/blog\\\/wp-content\\\/uploads\\\/2024\\\/08\\\/unha.jpg\",\"contentUrl\":\"https:\\\/\\\/www.totiaranalquilerbaqueira.com\\\/blog\\\/wp-content\\\/uploads\\\/2024\\\/08\\\/unha.jpg\",\"width\":1920,\"height\":650,\"caption\":\"Unha\"},{\"@type\":\"BreadcrumbList\",\"@id\":\"https:\\\/\\\/www.totiaranalquilerbaqueira.com\\\/blog\\\/unha\\\/#breadcrumb\",\"itemListElement\":[{\"@type\":\"ListItem\",\"position\":1,\"name\":\"Portada\",\"item\":\"https:\\\/\\\/www.totiaranalquilerbaqueira.com\\\/blog\\\/\"},{\"@type\":\"ListItem\",\"position\":2,\"name\":\"Unha, un pueblo de cuento en el Valle de Ar\u00e1n\"}]},{\"@type\":\"WebSite\",\"@id\":\"https:\\\/\\\/www.totiaranalquilerbaqueira.com\\\/blog\\\/#website\",\"url\":\"https:\\\/\\\/www.totiaranalquilerbaqueira.com\\\/blog\\\/\",\"name\":\"Blog\",\"description\":\"Totiaranalquilerbaqueira\",\"publisher\":{\"@id\":\"https:\\\/\\\/www.totiaranalquilerbaqueira.com\\\/blog\\\/#organization\"},\"potentialAction\":[{\"@type\":\"SearchAction\",\"target\":{\"@type\":\"EntryPoint\",\"urlTemplate\":\"https:\\\/\\\/www.totiaranalquilerbaqueira.com\\\/blog\\\/?s={search_term_string}\"},\"query-input\":{\"@type\":\"PropertyValueSpecification\",\"valueRequired\":true,\"valueName\":\"search_term_string\"}}],\"inLanguage\":\"es\"},{\"@type\":\"Organization\",\"@id\":\"https:\\\/\\\/www.totiaranalquilerbaqueira.com\\\/blog\\\/#organization\",\"name\":\"Blog\",\"url\":\"https:\\\/\\\/www.totiaranalquilerbaqueira.com\\\/blog\\\/\",\"logo\":{\"@type\":\"ImageObject\",\"inLanguage\":\"es\",\"@id\":\"https:\\\/\\\/www.totiaranalquilerbaqueira.com\\\/blog\\\/#\\\/schema\\\/logo\\\/image\\\/\",\"url\":\"https:\\\/\\\/www.totiaranalquilerbaqueira.com\\\/blog\\\/wp-content\\\/uploads\\\/2024\\\/08\\\/logo-totiaran-baqueira.png\",\"contentUrl\":\"https:\\\/\\\/www.totiaranalquilerbaqueira.com\\\/blog\\\/wp-content\\\/uploads\\\/2024\\\/08\\\/logo-totiaran-baqueira.png\",\"width\":400,\"height\":84,\"caption\":\"Blog\"},\"image\":{\"@id\":\"https:\\\/\\\/www.totiaranalquilerbaqueira.com\\\/blog\\\/#\\\/schema\\\/logo\\\/image\\\/\"}}]}<\/script>\n<!-- \/ Yoast SEO plugin. -->","yoast_head_json":{"title":"Conoce Unha, un pueblo de cuento en el Valle de Ar\u00e1n","description":"Unha, peque\u00f1o pueblo con espl\u00e9ndidas vistas del valle, del glaciar y los picos de La Maladeta, con mucho encanto y restaurantes tradicionales","robots":{"index":"index","follow":"follow","max-snippet":"max-snippet:-1","max-image-preview":"max-image-preview:large","max-video-preview":"max-video-preview:-1"},"canonical":"https:\/\/www.totiaranalquilerbaqueira.com\/blog\/unha\/","og_locale":"es_ES","og_type":"article","og_title":"Conoce Unha, un pueblo de cuento en el Valle de Ar\u00e1n","og_description":"Unha, peque\u00f1o pueblo con espl\u00e9ndidas vistas del valle, del glaciar y los picos de La Maladeta, con mucho encanto y restaurantes tradicionales","og_url":"https:\/\/www.totiaranalquilerbaqueira.com\/blog\/unha\/","og_site_name":"Blog","article_modified_time":"2024-08-26T08:48:26+00:00","og_image":[{"width":1920,"height":650,"url":"https:\/\/www.totiaranalquilerbaqueira.com\/blog\/wp-content\/uploads\/2024\/08\/unha.jpg","type":"image\/jpeg"}],"twitter_card":"summary_large_image","twitter_misc":{"Tiempo de lectura":"6 minutos"},"schema":{"@context":"https:\/\/schema.org","@graph":[{"@type":"WebPage","@id":"https:\/\/www.totiaranalquilerbaqueira.com\/blog\/unha\/","url":"https:\/\/www.totiaranalquilerbaqueira.com\/blog\/unha\/","name":"Conoce Unha, un pueblo de cuento en el Valle de Ar\u00e1n","isPartOf":{"@id":"https:\/\/www.totiaranalquilerbaqueira.com\/blog\/#website"},"primaryImageOfPage":{"@id":"https:\/\/www.totiaranalquilerbaqueira.com\/blog\/unha\/#primaryimage"},"image":{"@id":"https:\/\/www.totiaranalquilerbaqueira.com\/blog\/unha\/#primaryimage"},"thumbnailUrl":"https:\/\/www.totiaranalquilerbaqueira.com\/blog\/wp-content\/uploads\/2024\/08\/unha.jpg","datePublished":"2024-08-26T06:58:34+00:00","dateModified":"2024-08-26T08:48:26+00:00","description":"Unha, peque\u00f1o pueblo con espl\u00e9ndidas vistas del valle, del glaciar y los picos de La Maladeta, con mucho encanto y restaurantes tradicionales","breadcrumb":{"@id":"https:\/\/www.totiaranalquilerbaqueira.com\/blog\/unha\/#breadcrumb"},"inLanguage":"es","potentialAction":[{"@type":"ReadAction","target":["https:\/\/www.totiaranalquilerbaqueira.com\/blog\/unha\/"]}]},{"@type":"ImageObject","inLanguage":"es","@id":"https:\/\/www.totiaranalquilerbaqueira.com\/blog\/unha\/#primaryimage","url":"https:\/\/www.totiaranalquilerbaqueira.com\/blog\/wp-content\/uploads\/2024\/08\/unha.jpg","contentUrl":"https:\/\/www.totiaranalquilerbaqueira.com\/blog\/wp-content\/uploads\/2024\/08\/unha.jpg","width":1920,"height":650,"caption":"Unha"},{"@type":"BreadcrumbList","@id":"https:\/\/www.totiaranalquilerbaqueira.com\/blog\/unha\/#breadcrumb","itemListElement":[{"@type":"ListItem","position":1,"name":"Portada","item":"https:\/\/www.totiaranalquilerbaqueira.com\/blog\/"},{"@type":"ListItem","position":2,"name":"Unha, un pueblo de cuento en el Valle de Ar\u00e1n"}]},{"@type":"WebSite","@id":"https:\/\/www.totiaranalquilerbaqueira.com\/blog\/#website","url":"https:\/\/www.totiaranalquilerbaqueira.com\/blog\/","name":"Blog","description":"Totiaranalquilerbaqueira","publisher":{"@id":"https:\/\/www.totiaranalquilerbaqueira.com\/blog\/#organization"},"potentialAction":[{"@type":"SearchAction","target":{"@type":"EntryPoint","urlTemplate":"https:\/\/www.totiaranalquilerbaqueira.com\/blog\/?s={search_term_string}"},"query-input":{"@type":"PropertyValueSpecification","valueRequired":true,"valueName":"search_term_string"}}],"inLanguage":"es"},{"@type":"Organization","@id":"https:\/\/www.totiaranalquilerbaqueira.com\/blog\/#organization","name":"Blog","url":"https:\/\/www.totiaranalquilerbaqueira.com\/blog\/","logo":{"@type":"ImageObject","inLanguage":"es","@id":"https:\/\/www.totiaranalquilerbaqueira.com\/blog\/#\/schema\/logo\/image\/","url":"https:\/\/www.totiaranalquilerbaqueira.com\/blog\/wp-content\/uploads\/2024\/08\/logo-totiaran-baqueira.png","contentUrl":"https:\/\/www.totiaranalquilerbaqueira.com\/blog\/wp-content\/uploads\/2024\/08\/logo-totiaran-baqueira.png","width":400,"height":84,"caption":"Blog"},"image":{"@id":"https:\/\/www.totiaranalquilerbaqueira.com\/blog\/#\/schema\/logo\/image\/"}}]}},"_links":{"self":[{"href":"https:\/\/www.totiaranalquilerbaqueira.com\/blog\/wp-json\/wp\/v2\/pages\/3475","targetHints":{"allow":["GET"]}}],"collection":[{"href":"https:\/\/www.totiaranalquilerbaqueira.com\/blog\/wp-json\/wp\/v2\/pages"}],"about":[{"href":"https:\/\/www.totiaranalquilerbaqueira.com\/blog\/wp-json\/wp\/v2\/types\/page"}],"author":[{"embeddable":true,"href":"https:\/\/www.totiaranalquilerbaqueira.com\/blog\/wp-json\/wp\/v2\/users\/2"}],"replies":[{"embeddable":true,"href":"https:\/\/www.totiaranalquilerbaqueira.com\/blog\/wp-json\/wp\/v2\/comments?post=3475"}],"version-history":[{"count":8,"href":"https:\/\/www.totiaranalquilerbaqueira.com\/blog\/wp-json\/wp\/v2\/pages\/3475\/revisions"}],"predecessor-version":[{"id":3545,"href":"https:\/\/www.totiaranalquilerbaqueira.com\/blog\/wp-json\/wp\/v2\/pages\/3475\/revisions\/3545"}],"wp:featuredmedia":[{"embeddable":true,"href":"https:\/\/www.totiaranalquilerbaqueira.com\/blog\/wp-json\/wp\/v2\/media\/3476"}],"wp:attachment":[{"href":"https:\/\/www.totiaranalquilerbaqueira.com\/blog\/wp-json\/wp\/v2\/media?parent=3475"}],"curies":[{"name":"wp","href":"https:\/\/api.w.org\/{rel}","templated":true}]}}