{"id":3427,"date":"2024-08-22T12:44:19","date_gmt":"2024-08-22T12:44:19","guid":{"rendered":"https:\/\/www.totiaranalquilerbaqueira.com\/blog\/?page_id=3427"},"modified":"2024-08-22T12:52:45","modified_gmt":"2024-08-22T12:52:45","slug":"baqueira-1700-tanau","status":"publish","type":"page","link":"https:\/\/www.totiaranalquilerbaqueira.com\/blog\/baqueira-1700-tanau\/","title":{"rendered":"Baqueira 1700 Tanau"},"content":{"rendered":"\t\t<div data-elementor-type=\"wp-page\" data-elementor-id=\"3427\" class=\"elementor elementor-3427\" data-elementor-post-type=\"page\">\n\t\t\t\t\t\t<section class=\"elementor-section elementor-top-section elementor-element elementor-element-9b0a7e elementor-section-boxed elementor-section-height-default elementor-section-height-default\" data-id=\"9b0a7e\" data-element_type=\"section\" data-e-type=\"section\">\n\t\t\t\t\t\t<div class=\"elementor-container elementor-column-gap-default\">\n\t\t\t\t\t<div class=\"elementor-column elementor-col-100 elementor-top-column elementor-element elementor-element-cf531bc\" data-id=\"cf531bc\" data-element_type=\"column\" data-e-type=\"column\">\n\t\t\t<div class=\"elementor-widget-wrap elementor-element-populated\">\n\t\t\t\t\t\t<div class=\"elementor-element elementor-element-3e8df796 elementor-widget elementor-widget-heading\" data-id=\"3e8df796\" data-element_type=\"widget\" data-e-type=\"widget\" data-widget_type=\"heading.default\">\n\t\t\t\t<div class=\"elementor-widget-container\">\n\t\t\t\t\t<h2 class=\"elementor-heading-title elementor-size-default\">\u00bfQu\u00e9 es Tanau y Baqueira 1700 y d\u00f3nde est\u00e1n?<\/h2>\t\t\t\t<\/div>\n\t\t\t\t<\/div>\n\t\t\t\t<div class=\"elementor-element elementor-element-deb5f47 elementor-widget elementor-widget-text-editor\" data-id=\"deb5f47\" data-element_type=\"widget\" data-e-type=\"widget\" data-widget_type=\"text-editor.default\">\n\t\t\t\t<div class=\"elementor-widget-container\">\n\t\t\t\t\t\t\t\t\t<div class=\"row-fluid-wrapper row-depth-2 row-number-1 \"><div class=\"row-fluid \"><div class=\"span12 widget-span widget-type-custom_widget \" data-widget-type=\"custom_widget\" data-x=\"0\" data-w=\"12\"><div id=\"hs_cos_wrapper_module_156680604517689\" class=\"hs_cos_wrapper hs_cos_wrapper_widget hs_cos_wrapper_type_module widget-type-rich_text\" data-hs-cos-general-type=\"widget\" data-hs-cos-type=\"module\"><div class=\"row-fluid-wrapper row-depth-2 row-number-1 \"><div class=\"row-fluid \"><div class=\"span12 widget-span widget-type-custom_widget \" data-widget-type=\"custom_widget\" data-x=\"0\" data-w=\"12\"><div id=\"hs_cos_wrapper_module_156680604517689\" class=\"hs_cos_wrapper hs_cos_wrapper_widget hs_cos_wrapper_type_module widget-type-rich_text\" data-hs-cos-general-type=\"widget\" data-hs-cos-type=\"module\"><p>Tanau y Baqueira 1700 es un para\u00edso de monta\u00f1a situado en el coraz\u00f3n de los Pirineos, dentro del prestigioso dominio esquiable de Baqueira-Beret, conocido por ser uno de los destinos de monta\u00f1a m\u00e1s exclusivos y reconocidos de Espa\u00f1a. <strong>Tanau, un encantador y selecto n\u00facleo residencial, se distingue por su tranquilidad y acceso directo a las pistas de ski<\/strong>, ofreciendo a los visitantes una experiencia de esqu\u00ed de lujo en un entorno sereno y rodeado de naturaleza.<\/p><p>Baqueira 1700, por su parte, <strong>es el epicentro de la estaci\u00f3n de esqu\u00ed, situado a una altitud de 1.700 metros<\/strong> sobre el nivel del mar. Esta \u00e1rea es conocida por su animada vida social, con una amplia oferta de servicios que incluyen restaurantes, tiendas de alta gama y alojamientos de primer nivel. Su ubicaci\u00f3n privilegiada permite un acceso f\u00e1cil y directo a las principales pistas de esqu\u00ed, convirti\u00e9ndola en un punto de referencia para esquiadores de todos los niveles.<\/p><p>Ambos destinos, Tanau y Baqueira 1700, ofrecen vistas de infarto y condiciones de esqu\u00ed excepcionales y una atm\u00f3sfera exclusiva y elegante con el tel\u00f3n de fondo de los colosales Pirineos. Todo esto, hacen de Tanau y Baqueira 1700 un lugar ideal para disfrutar de unas vacaciones, de invierno y de verano, de ensue\u00f1o, con todos los lujos y comodidades al alcance de la mano en plena naturaleza.<\/p><\/div><\/div><\/div><\/div><\/div><\/div><\/div><\/div>\t\t\t\t\t\t\t\t<\/div>\n\t\t\t\t<\/div>\n\t\t\t\t<div class=\"elementor-element elementor-element-0fd5330 elementor-widget elementor-widget-image-gallery\" data-id=\"0fd5330\" data-element_type=\"widget\" data-e-type=\"widget\" data-widget_type=\"image-gallery.default\">\n\t\t\t\t<div class=\"elementor-widget-container\">\n\t\t\t\t\t\t\t<div class=\"elementor-image-gallery\">\n\t\t\t<div id='gallery-1' class='gallery galleryid-3427 gallery-columns-4 gallery-size-medium'><figure class='gallery-item'>\n\t\t\t<div class='gallery-icon landscape'>\n\t\t\t\t<a data-elementor-open-lightbox=\"yes\" data-elementor-lightbox-slideshow=\"0fd5330\" data-elementor-lightbox-title=\"baqueira-1700-tanau-1\" data-e-action-hash=\"#elementor-action%3Aaction%3Dlightbox%26settings%3DeyJpZCI6MzQyOCwidXJsIjoiaHR0cHM6XC9cL3d3dy50b3RpYXJhbmFscXVpbGVyYmFxdWVpcmEuY29tXC9ibG9nXC93cC1jb250ZW50XC91cGxvYWRzXC8yMDI0XC8wOFwvYmFxdWVpcmEtMTcwMC10YW5hdS0xLmpwZyIsInNsaWRlc2hvdyI6IjBmZDUzMzAifQ%3D%3D\" href='https:\/\/www.totiaranalquilerbaqueira.com\/blog\/wp-content\/uploads\/2024\/08\/baqueira-1700-tanau-1.jpg'><img fetchpriority=\"high\" decoding=\"async\" width=\"300\" height=\"200\" src=\"https:\/\/www.totiaranalquilerbaqueira.com\/blog\/wp-content\/uploads\/2024\/08\/baqueira-1700-tanau-1-300x200.jpg\" class=\"attachment-medium size-medium\" alt=\"esqui de maxima calidad en Bauqiera Tanau\" srcset=\"https:\/\/www.totiaranalquilerbaqueira.com\/blog\/wp-content\/uploads\/2024\/08\/baqueira-1700-tanau-1-300x200.jpg 300w, https:\/\/www.totiaranalquilerbaqueira.com\/blog\/wp-content\/uploads\/2024\/08\/baqueira-1700-tanau-1-768x513.jpg 768w, https:\/\/www.totiaranalquilerbaqueira.com\/blog\/wp-content\/uploads\/2024\/08\/baqueira-1700-tanau-1.jpg 800w\" sizes=\"(max-width: 300px) 100vw, 300px\" \/><\/a>\n\t\t\t<\/div><\/figure><figure class='gallery-item'>\n\t\t\t<div class='gallery-icon landscape'>\n\t\t\t\t<a data-elementor-open-lightbox=\"yes\" data-elementor-lightbox-slideshow=\"0fd5330\" data-elementor-lightbox-title=\"baqueira-1700-tanau-2\" data-e-action-hash=\"#elementor-action%3Aaction%3Dlightbox%26settings%3DeyJpZCI6MzQzMSwidXJsIjoiaHR0cHM6XC9cL3d3dy50b3RpYXJhbmFscXVpbGVyYmFxdWVpcmEuY29tXC9ibG9nXC93cC1jb250ZW50XC91cGxvYWRzXC8yMDI0XC8wOFwvYmFxdWVpcmEtMTcwMC10YW5hdS0yLmpwZyIsInNsaWRlc2hvdyI6IjBmZDUzMzAifQ%3D%3D\" href='https:\/\/www.totiaranalquilerbaqueira.com\/blog\/wp-content\/uploads\/2024\/08\/baqueira-1700-tanau-2.jpg'><img decoding=\"async\" width=\"300\" height=\"200\" src=\"https:\/\/www.totiaranalquilerbaqueira.com\/blog\/wp-content\/uploads\/2024\/08\/baqueira-1700-tanau-2-300x200.jpg\" class=\"attachment-medium size-medium\" alt=\"tanau y la cota 1700\" srcset=\"https:\/\/www.totiaranalquilerbaqueira.com\/blog\/wp-content\/uploads\/2024\/08\/baqueira-1700-tanau-2-300x200.jpg 300w, https:\/\/www.totiaranalquilerbaqueira.com\/blog\/wp-content\/uploads\/2024\/08\/baqueira-1700-tanau-2-768x513.jpg 768w, https:\/\/www.totiaranalquilerbaqueira.com\/blog\/wp-content\/uploads\/2024\/08\/baqueira-1700-tanau-2.jpg 800w\" sizes=\"(max-width: 300px) 100vw, 300px\" \/><\/a>\n\t\t\t<\/div><\/figure><figure class='gallery-item'>\n\t\t\t<div class='gallery-icon landscape'>\n\t\t\t\t<a data-elementor-open-lightbox=\"yes\" data-elementor-lightbox-slideshow=\"0fd5330\" data-elementor-lightbox-title=\"baqueira-1700-tanau-7\" data-e-action-hash=\"#elementor-action%3Aaction%3Dlightbox%26settings%3DeyJpZCI6MzQ0NiwidXJsIjoiaHR0cHM6XC9cL3d3dy50b3RpYXJhbmFscXVpbGVyYmFxdWVpcmEuY29tXC9ibG9nXC93cC1jb250ZW50XC91cGxvYWRzXC8yMDI0XC8wOFwvYmFxdWVpcmEtMTcwMC10YW5hdS03LmpwZyIsInNsaWRlc2hvdyI6IjBmZDUzMzAifQ%3D%3D\" href='https:\/\/www.totiaranalquilerbaqueira.com\/blog\/wp-content\/uploads\/2024\/08\/baqueira-1700-tanau-7.jpg'><img decoding=\"async\" width=\"300\" height=\"200\" src=\"https:\/\/www.totiaranalquilerbaqueira.com\/blog\/wp-content\/uploads\/2024\/08\/baqueira-1700-tanau-7-300x200.jpg\" class=\"attachment-medium size-medium\" alt=\"urbanicaziones de Tanau y Baqueira 1700\" srcset=\"https:\/\/www.totiaranalquilerbaqueira.com\/blog\/wp-content\/uploads\/2024\/08\/baqueira-1700-tanau-7-300x200.jpg 300w, https:\/\/www.totiaranalquilerbaqueira.com\/blog\/wp-content\/uploads\/2024\/08\/baqueira-1700-tanau-7-768x513.jpg 768w, https:\/\/www.totiaranalquilerbaqueira.com\/blog\/wp-content\/uploads\/2024\/08\/baqueira-1700-tanau-7.jpg 800w\" sizes=\"(max-width: 300px) 100vw, 300px\" \/><\/a>\n\t\t\t<\/div><\/figure><figure class='gallery-item'>\n\t\t\t<div class='gallery-icon landscape'>\n\t\t\t\t<a data-elementor-open-lightbox=\"yes\" data-elementor-lightbox-slideshow=\"0fd5330\" data-elementor-lightbox-title=\"baqueira-1700-tanau-8\" data-e-action-hash=\"#elementor-action%3Aaction%3Dlightbox%26settings%3DeyJpZCI6MzQ0OSwidXJsIjoiaHR0cHM6XC9cL3d3dy50b3RpYXJhbmFscXVpbGVyYmFxdWVpcmEuY29tXC9ibG9nXC93cC1jb250ZW50XC91cGxvYWRzXC8yMDI0XC8wOFwvYmFxdWVpcmEtMTcwMC10YW5hdS04LmpwZyIsInNsaWRlc2hvdyI6IjBmZDUzMzAifQ%3D%3D\" href='https:\/\/www.totiaranalquilerbaqueira.com\/blog\/wp-content\/uploads\/2024\/08\/baqueira-1700-tanau-8.jpg'><img loading=\"lazy\" decoding=\"async\" width=\"300\" height=\"200\" src=\"https:\/\/www.totiaranalquilerbaqueira.com\/blog\/wp-content\/uploads\/2024\/08\/baqueira-1700-tanau-8-300x200.jpg\" class=\"attachment-medium size-medium\" alt=\"Ski en Tanau Baqueira 1700\" srcset=\"https:\/\/www.totiaranalquilerbaqueira.com\/blog\/wp-content\/uploads\/2024\/08\/baqueira-1700-tanau-8-300x200.jpg 300w, https:\/\/www.totiaranalquilerbaqueira.com\/blog\/wp-content\/uploads\/2024\/08\/baqueira-1700-tanau-8-768x513.jpg 768w, https:\/\/www.totiaranalquilerbaqueira.com\/blog\/wp-content\/uploads\/2024\/08\/baqueira-1700-tanau-8.jpg 800w\" sizes=\"(max-width: 300px) 100vw, 300px\" \/><\/a>\n\t\t\t<\/div><\/figure><figure class='gallery-item'>\n\t\t\t<div class='gallery-icon landscape'>\n\t\t\t\t<a data-elementor-open-lightbox=\"yes\" data-elementor-lightbox-slideshow=\"0fd5330\" data-elementor-lightbox-title=\"baqueira-1700-tanau-5\" data-e-action-hash=\"#elementor-action%3Aaction%3Dlightbox%26settings%3DeyJpZCI6MzQ0MCwidXJsIjoiaHR0cHM6XC9cL3d3dy50b3RpYXJhbmFscXVpbGVyYmFxdWVpcmEuY29tXC9ibG9nXC93cC1jb250ZW50XC91cGxvYWRzXC8yMDI0XC8wOFwvYmFxdWVpcmEtMTcwMC10YW5hdS01LmpwZyIsInNsaWRlc2hvdyI6IjBmZDUzMzAifQ%3D%3D\" href='https:\/\/www.totiaranalquilerbaqueira.com\/blog\/wp-content\/uploads\/2024\/08\/baqueira-1700-tanau-5.jpg'><img loading=\"lazy\" decoding=\"async\" width=\"300\" height=\"200\" src=\"https:\/\/www.totiaranalquilerbaqueira.com\/blog\/wp-content\/uploads\/2024\/08\/baqueira-1700-tanau-5-300x200.jpg\" class=\"attachment-medium size-medium\" alt=\"esqui desde Tanau y Baqueira 1700\" srcset=\"https:\/\/www.totiaranalquilerbaqueira.com\/blog\/wp-content\/uploads\/2024\/08\/baqueira-1700-tanau-5-300x200.jpg 300w, https:\/\/www.totiaranalquilerbaqueira.com\/blog\/wp-content\/uploads\/2024\/08\/baqueira-1700-tanau-5-768x513.jpg 768w, https:\/\/www.totiaranalquilerbaqueira.com\/blog\/wp-content\/uploads\/2024\/08\/baqueira-1700-tanau-5.jpg 800w\" sizes=\"(max-width: 300px) 100vw, 300px\" \/><\/a>\n\t\t\t<\/div><\/figure><figure class='gallery-item'>\n\t\t\t<div class='gallery-icon landscape'>\n\t\t\t\t<a data-elementor-open-lightbox=\"yes\" data-elementor-lightbox-slideshow=\"0fd5330\" data-elementor-lightbox-title=\"baqueira-1700-tanau-6\" data-e-action-hash=\"#elementor-action%3Aaction%3Dlightbox%26settings%3DeyJpZCI6MzQ0MywidXJsIjoiaHR0cHM6XC9cL3d3dy50b3RpYXJhbmFscXVpbGVyYmFxdWVpcmEuY29tXC9ibG9nXC93cC1jb250ZW50XC91cGxvYWRzXC8yMDI0XC8wOFwvYmFxdWVpcmEtMTcwMC10YW5hdS02LmpwZyIsInNsaWRlc2hvdyI6IjBmZDUzMzAifQ%3D%3D\" href='https:\/\/www.totiaranalquilerbaqueira.com\/blog\/wp-content\/uploads\/2024\/08\/baqueira-1700-tanau-6.jpg'><img loading=\"lazy\" decoding=\"async\" width=\"300\" height=\"200\" src=\"https:\/\/www.totiaranalquilerbaqueira.com\/blog\/wp-content\/uploads\/2024\/08\/baqueira-1700-tanau-6-300x200.jpg\" class=\"attachment-medium size-medium\" alt=\"Telesillas en Tanau y Baqueira 1700\" srcset=\"https:\/\/www.totiaranalquilerbaqueira.com\/blog\/wp-content\/uploads\/2024\/08\/baqueira-1700-tanau-6-300x200.jpg 300w, https:\/\/www.totiaranalquilerbaqueira.com\/blog\/wp-content\/uploads\/2024\/08\/baqueira-1700-tanau-6-768x513.jpg 768w, https:\/\/www.totiaranalquilerbaqueira.com\/blog\/wp-content\/uploads\/2024\/08\/baqueira-1700-tanau-6.jpg 800w\" sizes=\"(max-width: 300px) 100vw, 300px\" \/><\/a>\n\t\t\t<\/div><\/figure><figure class='gallery-item'>\n\t\t\t<div class='gallery-icon landscape'>\n\t\t\t\t<a data-elementor-open-lightbox=\"yes\" data-elementor-lightbox-slideshow=\"0fd5330\" data-elementor-lightbox-title=\"baqueira-1700-tanau-4\" data-e-action-hash=\"#elementor-action%3Aaction%3Dlightbox%26settings%3DeyJpZCI6MzQzNywidXJsIjoiaHR0cHM6XC9cL3d3dy50b3RpYXJhbmFscXVpbGVyYmFxdWVpcmEuY29tXC9ibG9nXC93cC1jb250ZW50XC91cGxvYWRzXC8yMDI0XC8wOFwvYmFxdWVpcmEtMTcwMC10YW5hdS00LmpwZyIsInNsaWRlc2hvdyI6IjBmZDUzMzAifQ%3D%3D\" href='https:\/\/www.totiaranalquilerbaqueira.com\/blog\/wp-content\/uploads\/2024\/08\/baqueira-1700-tanau-4.jpg'><img loading=\"lazy\" decoding=\"async\" width=\"300\" height=\"200\" src=\"https:\/\/www.totiaranalquilerbaqueira.com\/blog\/wp-content\/uploads\/2024\/08\/baqueira-1700-tanau-4-300x200.jpg\" class=\"attachment-medium size-medium\" alt=\"baqueira 1700\" srcset=\"https:\/\/www.totiaranalquilerbaqueira.com\/blog\/wp-content\/uploads\/2024\/08\/baqueira-1700-tanau-4-300x200.jpg 300w, https:\/\/www.totiaranalquilerbaqueira.com\/blog\/wp-content\/uploads\/2024\/08\/baqueira-1700-tanau-4-768x513.jpg 768w, https:\/\/www.totiaranalquilerbaqueira.com\/blog\/wp-content\/uploads\/2024\/08\/baqueira-1700-tanau-4.jpg 800w\" sizes=\"(max-width: 300px) 100vw, 300px\" \/><\/a>\n\t\t\t<\/div><\/figure><figure class='gallery-item'>\n\t\t\t<div class='gallery-icon landscape'>\n\t\t\t\t<a data-elementor-open-lightbox=\"yes\" data-elementor-lightbox-slideshow=\"0fd5330\" data-elementor-lightbox-title=\"baqueira-1700-tanau-3\" data-e-action-hash=\"#elementor-action%3Aaction%3Dlightbox%26settings%3DeyJpZCI6MzQzNCwidXJsIjoiaHR0cHM6XC9cL3d3dy50b3RpYXJhbmFscXVpbGVyYmFxdWVpcmEuY29tXC9ibG9nXC93cC1jb250ZW50XC91cGxvYWRzXC8yMDI0XC8wOFwvYmFxdWVpcmEtMTcwMC10YW5hdS0zLmpwZyIsInNsaWRlc2hvdyI6IjBmZDUzMzAifQ%3D%3D\" href='https:\/\/www.totiaranalquilerbaqueira.com\/blog\/wp-content\/uploads\/2024\/08\/baqueira-1700-tanau-3.jpg'><img loading=\"lazy\" decoding=\"async\" width=\"300\" height=\"200\" src=\"https:\/\/www.totiaranalquilerbaqueira.com\/blog\/wp-content\/uploads\/2024\/08\/baqueira-1700-tanau-3-300x200.jpg\" class=\"attachment-medium size-medium\" alt=\"esquia en baqueira desde tanau\" srcset=\"https:\/\/www.totiaranalquilerbaqueira.com\/blog\/wp-content\/uploads\/2024\/08\/baqueira-1700-tanau-3-300x200.jpg 300w, https:\/\/www.totiaranalquilerbaqueira.com\/blog\/wp-content\/uploads\/2024\/08\/baqueira-1700-tanau-3-768x513.jpg 768w, https:\/\/www.totiaranalquilerbaqueira.com\/blog\/wp-content\/uploads\/2024\/08\/baqueira-1700-tanau-3.jpg 800w\" sizes=\"(max-width: 300px) 100vw, 300px\" \/><\/a>\n\t\t\t<\/div><\/figure>\n\t\t<\/div>\n\t\t<\/div>\n\t\t\t\t\t\t<\/div>\n\t\t\t\t<\/div>\n\t\t\t\t<div class=\"elementor-element elementor-element-49e81703 elementor-align-left elementor-widget elementor-widget-button\" data-id=\"49e81703\" data-element_type=\"widget\" data-e-type=\"widget\" data-widget_type=\"button.default\">\n\t\t\t\t<div class=\"elementor-widget-container\">\n\t\t\t\t\t\t\t\t\t<div class=\"elementor-button-wrapper\">\n\t\t\t\t\t<a class=\"elementor-button elementor-button-link elementor-size-sm\" href=\"https:\/\/www.totiaranalquilerbaqueira.com\/alquiler\/alquileres-baqueira-1700-tanau-baqueira-n1906302\/\">\n\t\t\t\t\t\t<span class=\"elementor-button-content-wrapper\">\n\t\t\t\t\t\t\t\t\t<span class=\"elementor-button-text\">Alojamientos en Tanau<\/span>\n\t\t\t\t\t<\/span>\n\t\t\t\t\t<\/a>\n\t\t\t\t<\/div>\n\t\t\t\t\t\t\t\t<\/div>\n\t\t\t\t<\/div>\n\t\t\t\t\t<\/div>\n\t\t<\/div>\n\t\t\t\t\t<\/div>\n\t\t<\/section>\n\t\t\t\t<section class=\"elementor-section elementor-top-section elementor-element elementor-element-33b31e3a elementor-section-boxed elementor-section-height-default elementor-section-height-default\" data-id=\"33b31e3a\" data-element_type=\"section\" data-e-type=\"section\" data-settings=\"{&quot;background_background&quot;:&quot;classic&quot;}\">\n\t\t\t\t\t\t<div class=\"elementor-container elementor-column-gap-default\">\n\t\t\t\t\t<div class=\"elementor-column elementor-col-50 elementor-top-column elementor-element elementor-element-35e9769b\" data-id=\"35e9769b\" data-element_type=\"column\" data-e-type=\"column\">\n\t\t\t<div class=\"elementor-widget-wrap elementor-element-populated\">\n\t\t\t\t\t\t<div class=\"elementor-element elementor-element-5c964712 elementor-widget elementor-widget-heading\" data-id=\"5c964712\" data-element_type=\"widget\" data-e-type=\"widget\" data-widget_type=\"heading.default\">\n\t\t\t\t<div class=\"elementor-widget-container\">\n\t\t\t\t\t<h2 class=\"elementor-heading-title elementor-size-default\">Atractivos en Tanau y la cota 1700<\/h2>\t\t\t\t<\/div>\n\t\t\t\t<\/div>\n\t\t\t\t<div class=\"elementor-element elementor-element-2c55067a elementor-widget elementor-widget-text-editor\" data-id=\"2c55067a\" data-element_type=\"widget\" data-e-type=\"widget\" data-widget_type=\"text-editor.default\">\n\t\t\t\t<div class=\"elementor-widget-container\">\n\t\t\t\t\t\t\t\t\t<div class=\"row-fluid-wrapper row-depth-2 row-number-1 \"><div class=\"row-fluid \"><div class=\"span12 widget-span widget-type-custom_widget \" data-widget-type=\"custom_widget\" data-x=\"0\" data-w=\"12\"><div id=\"hs_cos_wrapper_module_156680604517689\" class=\"hs_cos_wrapper hs_cos_wrapper_widget hs_cos_wrapper_type_module widget-type-rich_text\" data-hs-cos-general-type=\"widget\" data-hs-cos-type=\"module\"><p>El Valle de Ar\u00e1n es conocido por algo m\u00e1s que el esqu\u00ed en Baqueira. Desde Baqueira 1700 tendr\u00e1s el privilegio de dormir en la cota m\u00e1s alta de todo el Valle de Aran, en un entorno de silencio y vistas del valle.\u00a0<\/p><p>Baqueira y Tanau ofrecen al visitante gastronom\u00eda t\u00edpica del valle, zonas de compras, excursiones y deportes de aventura. \u00bfAlguien da m\u00e1s?<\/p><p><strong>INVERNO: <\/strong>Durante el invierno, la zona de Tanau cuenta con 2 bares\/restaurantes con mucho ambiente para tomar algo despu\u00e9s de esquiar o comer algo r\u00e1pido. Sino bajando a\u00a0 Baqueira 1500 hay una gran oferta de restaurantes y bares para todos los gustos. As\u00ed no necesitar\u00e1s desplazarte a otras localidades para cenar o tomar algo. Adem\u00e1s tiene la ubicaci\u00f3n perfecta por la cercan\u00eda al telesilla Esquiros para practicar esqu\u00ed de m\u00e1ximo nivel.\u00a0<\/p><p><strong>VERANO: <\/strong>Durante el verano se pueden practicar deportes de aventura como rafting o senderismo, excursiones, juegos en grupo, picnics en plena naturaleza o visitas a los parques naturales y reservas cercanas. Adem\u00e1s puedes empezar la ruta en BTT saliendo la puerta de tu casa e ir hasta las pistas de esqu\u00ed donde hay muchas rutas por descubrir.<\/p><\/div><\/div><\/div><\/div>\t\t\t\t\t\t\t\t<\/div>\n\t\t\t\t<\/div>\n\t\t\t\t\t<\/div>\n\t\t<\/div>\n\t\t\t\t<div class=\"elementor-column elementor-col-50 elementor-top-column elementor-element elementor-element-7ba9bea8\" data-id=\"7ba9bea8\" data-element_type=\"column\" data-e-type=\"column\">\n\t\t\t<div class=\"elementor-widget-wrap elementor-element-populated\">\n\t\t\t\t\t\t<div class=\"elementor-element elementor-element-137d89cd elementor-widget elementor-widget-image\" data-id=\"137d89cd\" data-element_type=\"widget\" data-e-type=\"widget\" data-widget_type=\"image.default\">\n\t\t\t\t<div class=\"elementor-widget-container\">\n\t\t\t\t\t\t\t\t\t\t\t\t\t\t\t<img loading=\"lazy\" decoding=\"async\" width=\"700\" height=\"424\" src=\"https:\/\/www.totiaranalquilerbaqueira.com\/blog\/wp-content\/uploads\/2024\/08\/paseo-caballo-nieve-valle-aran.jpg\" class=\"attachment-large size-large wp-image-1690\" alt=\"Paseo a caballo por la nieve en el Valle de Ar\u00e1n\" srcset=\"https:\/\/www.totiaranalquilerbaqueira.com\/blog\/wp-content\/uploads\/2024\/08\/paseo-caballo-nieve-valle-aran.jpg 700w, https:\/\/www.totiaranalquilerbaqueira.com\/blog\/wp-content\/uploads\/2024\/08\/paseo-caballo-nieve-valle-aran-300x182.jpg 300w\" sizes=\"(max-width: 700px) 100vw, 700px\" \/>\t\t\t\t\t\t\t\t\t\t\t\t\t\t\t<\/div>\n\t\t\t\t<\/div>\n\t\t\t\t<div class=\"elementor-element elementor-element-7e36f0f elementor-widget elementor-widget-image\" data-id=\"7e36f0f\" data-element_type=\"widget\" data-e-type=\"widget\" data-widget_type=\"image.default\">\n\t\t\t\t<div class=\"elementor-widget-container\">\n\t\t\t\t\t\t\t\t\t\t\t\t\t\t\t<img loading=\"lazy\" decoding=\"async\" width=\"800\" height=\"484\" src=\"https:\/\/www.totiaranalquilerbaqueira.com\/blog\/wp-content\/uploads\/2024\/08\/apres-ski-baqueira-naturaleza.jpg\" class=\"attachment-large size-large wp-image-709\" alt=\"apres ski baqueira naturaleza salvaje\" srcset=\"https:\/\/www.totiaranalquilerbaqueira.com\/blog\/wp-content\/uploads\/2024\/08\/apres-ski-baqueira-naturaleza.jpg 800w, https:\/\/www.totiaranalquilerbaqueira.com\/blog\/wp-content\/uploads\/2024\/08\/apres-ski-baqueira-naturaleza-300x182.jpg 300w, https:\/\/www.totiaranalquilerbaqueira.com\/blog\/wp-content\/uploads\/2024\/08\/apres-ski-baqueira-naturaleza-768x465.jpg 768w\" sizes=\"(max-width: 800px) 100vw, 800px\" \/>\t\t\t\t\t\t\t\t\t\t\t\t\t\t\t<\/div>\n\t\t\t\t<\/div>\n\t\t\t\t\t<\/div>\n\t\t<\/div>\n\t\t\t\t\t<\/div>\n\t\t<\/section>\n\t\t\t\t<section class=\"elementor-section elementor-top-section elementor-element elementor-element-3d0ddffd elementor-section-boxed elementor-section-height-default elementor-section-height-default\" data-id=\"3d0ddffd\" data-element_type=\"section\" data-e-type=\"section\">\n\t\t\t\t\t\t<div class=\"elementor-container elementor-column-gap-default\">\n\t\t\t\t\t<div class=\"elementor-column elementor-col-100 elementor-top-column elementor-element elementor-element-6d99e4a3\" data-id=\"6d99e4a3\" data-element_type=\"column\" data-e-type=\"column\">\n\t\t\t<div class=\"elementor-widget-wrap elementor-element-populated\">\n\t\t\t\t\t\t<div class=\"elementor-element elementor-element-14e03fb0 elementor-widget elementor-widget-heading\" data-id=\"14e03fb0\" data-element_type=\"widget\" data-e-type=\"widget\" data-widget_type=\"heading.default\">\n\t\t\t\t<div class=\"elementor-widget-container\">\n\t\t\t\t\t<h2 class=\"elementor-heading-title elementor-size-default\">Casas y apartamentos en Tanau y Bauqiera 1700, el balc\u00f3n del Valle de Ar\u00e1n<\/h2>\t\t\t\t<\/div>\n\t\t\t\t<\/div>\n\t\t\t\t<div class=\"elementor-element elementor-element-3b2e072f elementor-widget elementor-widget-text-editor\" data-id=\"3b2e072f\" data-element_type=\"widget\" data-e-type=\"widget\" data-widget_type=\"text-editor.default\">\n\t\t\t\t<div class=\"elementor-widget-container\">\n\t\t\t\t\t\t\t\t\t<div class=\"row-fluid-wrapper row-depth-2 row-number-1 \"><div class=\"row-fluid \"><div class=\"span12 widget-span widget-type-custom_widget \" data-widget-type=\"custom_widget\" data-x=\"0\" data-w=\"12\"><div id=\"hs_cos_wrapper_module_156680604517689\" class=\"hs_cos_wrapper hs_cos_wrapper_widget hs_cos_wrapper_type_module widget-type-rich_text\" data-hs-cos-general-type=\"widget\" data-hs-cos-type=\"module\"><p>En\u00a0<strong>Totiaran,<\/strong>\u00a0disponemos de\u00a0<strong>los mejores alojamientos en la zona de Tanau y Baqueira<\/strong>.\u00a0<\/p><p>\u00a0<\/p><p><a href=\"https:\/\/www.totiaranalquilerbaqueira.com\/alquiler\/apartamento-baqueira-adriana-by-totiaran-289165.html\" target=\"_blank\" rel=\"noopener\">APARTAMENTO ADRIANA<\/a>: Un espl\u00e9ndido apartamento totalmente reformado de 2 dormitorios y 2 ba\u00f1os para un total de 6 personas.\u00a0\u00a0<\/p><p>\u00a0<\/p><p><a href=\"https:\/\/www.totiaranalquilerbaqueira.com\/alquiler\/casa-baqueira-casa-mont-romies-by-totiaran-288180.html\" target=\"_blank\" rel=\"noopener\">CASA MONT-ROMIES<\/a>: Un Duplex con vistas espectaculares. Dispone de 4 dormitorios y 3 ba\u00f1os y un aseo, es para un total de 8 personas pero con opci\u00f3n d 2 ni\u00f1os mas.<\/p><p>\u00a0<\/p><p><a href=\"https:\/\/www.totiaranalquilerbaqueira.com\/alquiler\/apartamento-baqueira-cris-by-totiaran-332893.html\" target=\"_blank\" rel=\"noopener\">APARTAMENTO CRIS<\/a>: Un acogedor apartamento de monta\u00f1a de 1 dormitorio y un sof\u00e1 cama doble que cuenta con 1 ba\u00f1o completo.\u00a0\u00a0\u00a0<\/p><p>\u00a0<\/p><p><a href=\"https:\/\/www.totiaranalquilerbaqueira.com\/alquiler\/apartamento-baqueira-eli-by-totiaran-307047.html\" target=\"_blank\" rel=\"noopener\">APARTAMENTO ELI<\/a>:\u00a0Apartamento totalmente reformado de 1 dormitorio y 1 ba\u00f1o adaptado hasta para 5 personas; completamente moderno, reformado y a estrenar. \u00a0<\/p><p>\u00a0<\/p><p>APARTAMENTO DUPLEX\u00a0<a href=\"https:\/\/www.totiaranalquilerbaqueira.com\/alquiler\/apartamento-baqueira-mike-289166.html\" target=\"_blank\" rel=\"noopener\">MIKE<\/a>: Un acogedor y comfortable duplex totalmente reformado y de estilo n\u00f3rdico con 3 dormitorios y 2 ba\u00f1os. Con una capacidad para un m\u00e1ximo de 7 personas.\u00a0<\/p><p>\u00a0<\/p><p><a href=\"https:\/\/www.totiaranalquilerbaqueira.com\/alquiler\/apartamento-baqueira-toran-289167.html\" target=\"_blank\" rel=\"noopener\">APARTAMENTO TORAN<\/a>: Bonito apartamento en un ambiente de monta\u00f1a tipo d\u00faplex de 2 dormitorios y 2 ba\u00f1os para un total de 6 personas.\u00a0\u00a0\u00a0\u00a0<\/p><p>\u00a0<\/p><p><strong>\u00a0<\/strong>Los\u00a0<strong>interiores de nuestros apartamentos y casas en Tanau est\u00e1n dise\u00f1ados con el estilo r\u00fastico<\/strong>\u00a0t\u00edpico de los Pirineos, empleando texturas y colores tradicionales como la piedra, la madera y la lana.<\/p><p>El contrapunto de modernidad lo aportan los electrodom\u00e9sticos y aparatos tecnol\u00f3gicos de \u00faltima generaci\u00f3n, para que sus vacaciones sean completas a la hora de descansar.<\/p><p>Los exteriores tambi\u00e9n van en la l\u00ednea: arquitectura t\u00edpica del Valle de Ar\u00e1n acompa\u00f1ada de las<strong> mejores vistas al entorno del Valle<\/strong>.<\/p><p>En los mismos complejos de apartamentos o en las inmediaciones, encontrar\u00e1s zonas de recreo y deportivas, incluso piscinas y spa, para relajarse despu\u00e9s de una buena sesi\u00f3n de esqu\u00ed.<\/p><\/div><\/div><\/div><\/div>\t\t\t\t\t\t\t\t<\/div>\n\t\t\t\t<\/div>\n\t\t\t\t\t<\/div>\n\t\t<\/div>\n\t\t\t\t\t<\/div>\n\t\t<\/section>\n\t\t\t\t<section class=\"elementor-section elementor-top-section elementor-element elementor-element-79cbe78c elementor-section-boxed elementor-section-height-default elementor-section-height-default\" data-id=\"79cbe78c\" data-element_type=\"section\" data-e-type=\"section\">\n\t\t\t\t\t\t<div class=\"elementor-container elementor-column-gap-default\">\n\t\t\t\t\t<div class=\"elementor-column elementor-col-100 elementor-top-column elementor-element elementor-element-516ce732\" data-id=\"516ce732\" data-element_type=\"column\" data-e-type=\"column\">\n\t\t\t<div class=\"elementor-widget-wrap elementor-element-populated\">\n\t\t\t\t\t\t<div class=\"elementor-element elementor-element-198bfdcd elementor-widget elementor-widget-heading\" data-id=\"198bfdcd\" data-element_type=\"widget\" data-e-type=\"widget\" data-widget_type=\"heading.default\">\n\t\t\t\t<div class=\"elementor-widget-container\">\n\t\t\t\t\t<h2 class=\"elementor-heading-title elementor-size-default\">Descubre donde alojarte en Tanau y alrededores<\/h2>\t\t\t\t<\/div>\n\t\t\t\t<\/div>\n\t\t\t\t<div class=\"elementor-element elementor-element-9860199 elementor-widget elementor-widget-text-editor\" data-id=\"9860199\" data-element_type=\"widget\" data-e-type=\"widget\" data-widget_type=\"text-editor.default\">\n\t\t\t\t<div class=\"elementor-widget-container\">\n\t\t\t\t\t\t\t\t\t<p>Tanau es el lugar ideal en la temporada de esqu\u00ed para ir caminando al telesilla Esquir\u00f3s y practicar esqu\u00ed c\u00f3modamente, pero tambi\u00e9n lo es en verano, para iniciar una ruta en BTT por trepidantes senderos y circuitos perfectos para descargar adrenalina sobre la bici de monta\u00f1a. \u00bfReservamos en Baqueira 1700?<\/p>\t\t\t\t\t\t\t\t<\/div>\n\t\t\t\t<\/div>\n\t\t\t\t\t<\/div>\n\t\t<\/div>\n\t\t\t\t\t<\/div>\n\t\t<\/section>\n\t\t\t\t<section class=\"elementor-section elementor-top-section elementor-element elementor-element-3182239a elementor-section-boxed elementor-section-height-default elementor-section-height-default\" data-id=\"3182239a\" data-element_type=\"section\" data-e-type=\"section\">\n\t\t\t\t\t\t<div class=\"elementor-container elementor-column-gap-default\">\n\t\t\t\t\t<div class=\"elementor-column elementor-col-33 elementor-top-column elementor-element elementor-element-397248f0\" data-id=\"397248f0\" data-element_type=\"column\" data-e-type=\"column\">\n\t\t\t<div class=\"elementor-widget-wrap elementor-element-populated\">\n\t\t\t\t\t\t<div class=\"elementor-element elementor-element-705e8c7f elementor-align-left elementor-widget elementor-widget-button\" data-id=\"705e8c7f\" data-element_type=\"widget\" data-e-type=\"widget\" data-widget_type=\"button.default\">\n\t\t\t\t<div class=\"elementor-widget-container\">\n\t\t\t\t\t\t\t\t\t<div class=\"elementor-button-wrapper\">\n\t\t\t\t\t<a class=\"elementor-button elementor-button-link elementor-size-sm\" href=\"https:\/\/www.totiaranalquilerbaqueira.com\/alquiler\/alquileres-baqueira-d1396\/\">\n\t\t\t\t\t\t<span class=\"elementor-button-content-wrapper\">\n\t\t\t\t\t\t\t\t\t<span class=\"elementor-button-text\">Alojamientos en Baqueira<\/span>\n\t\t\t\t\t<\/span>\n\t\t\t\t\t<\/a>\n\t\t\t\t<\/div>\n\t\t\t\t\t\t\t\t<\/div>\n\t\t\t\t<\/div>\n\t\t\t\t\t<\/div>\n\t\t<\/div>\n\t\t\t\t<div class=\"elementor-column elementor-col-33 elementor-top-column elementor-element elementor-element-22ad0ea\" data-id=\"22ad0ea\" data-element_type=\"column\" data-e-type=\"column\">\n\t\t\t<div class=\"elementor-widget-wrap elementor-element-populated\">\n\t\t\t\t\t\t<div class=\"elementor-element elementor-element-8840eb7 elementor-align-left elementor-widget elementor-widget-button\" data-id=\"8840eb7\" data-element_type=\"widget\" data-e-type=\"widget\" data-widget_type=\"button.default\">\n\t\t\t\t<div class=\"elementor-widget-container\">\n\t\t\t\t\t\t\t\t\t<div class=\"elementor-button-wrapper\">\n\t\t\t\t\t<a class=\"elementor-button elementor-button-link elementor-size-sm\" href=\"https:\/\/www.totiaranalquilerbaqueira.com\/alquiler\/alquileres-baqueira-1700-tanau-baqueira-n1906302\/\">\n\t\t\t\t\t\t<span class=\"elementor-button-content-wrapper\">\n\t\t\t\t\t\t\t\t\t<span class=\"elementor-button-text\">Alojamientos en Tanau<\/span>\n\t\t\t\t\t<\/span>\n\t\t\t\t\t<\/a>\n\t\t\t\t<\/div>\n\t\t\t\t\t\t\t\t<\/div>\n\t\t\t\t<\/div>\n\t\t\t\t\t<\/div>\n\t\t<\/div>\n\t\t\t\t<div class=\"elementor-column elementor-col-33 elementor-top-column elementor-element elementor-element-349da0df\" data-id=\"349da0df\" data-element_type=\"column\" data-e-type=\"column\">\n\t\t\t<div class=\"elementor-widget-wrap elementor-element-populated\">\n\t\t\t\t\t\t<div class=\"elementor-element elementor-element-1409464c elementor-align-left elementor-widget elementor-widget-button\" data-id=\"1409464c\" data-element_type=\"widget\" data-e-type=\"widget\" data-widget_type=\"button.default\">\n\t\t\t\t<div class=\"elementor-widget-container\">\n\t\t\t\t\t\t\t\t\t<div class=\"elementor-button-wrapper\">\n\t\t\t\t\t<a class=\"elementor-button elementor-button-link elementor-size-sm\" href=\"https:\/\/www.totiaranalquilerbaqueira.com\/alquiler\/alquiler-alquileres-u0\/\">\n\t\t\t\t\t\t<span class=\"elementor-button-content-wrapper\">\n\t\t\t\t\t\t\t\t\t<span class=\"elementor-button-text\">Alojamientos en Valle de Ar\u00e1n<\/span>\n\t\t\t\t\t<\/span>\n\t\t\t\t\t<\/a>\n\t\t\t\t<\/div>\n\t\t\t\t\t\t\t\t<\/div>\n\t\t\t\t<\/div>\n\t\t\t\t\t<\/div>\n\t\t<\/div>\n\t\t\t\t\t<\/div>\n\t\t<\/section>\n\t\t\t\t<section class=\"elementor-section elementor-top-section elementor-element elementor-element-2185fb22 elementor-section-boxed elementor-section-height-default elementor-section-height-default\" data-id=\"2185fb22\" data-element_type=\"section\" data-e-type=\"section\" data-settings=\"{&quot;background_background&quot;:&quot;classic&quot;}\">\n\t\t\t\t\t\t<div class=\"elementor-container elementor-column-gap-no\">\n\t\t\t\t\t<div class=\"elementor-column elementor-col-50 elementor-top-column elementor-element elementor-element-314f82f7\" data-id=\"314f82f7\" data-element_type=\"column\" data-e-type=\"column\">\n\t\t\t<div class=\"elementor-widget-wrap elementor-element-populated\">\n\t\t\t\t\t\t<div class=\"elementor-element elementor-element-6f70bf8e elementor-widget elementor-widget-text-editor\" data-id=\"6f70bf8e\" data-element_type=\"widget\" data-e-type=\"widget\" data-widget_type=\"text-editor.default\">\n\t\t\t\t<div class=\"elementor-widget-container\">\n\t\t\t\t\t\t\t\t\t<p style=\"text-align: left;\"><span style=\"color: #ffffff;\">Si reservas tu alojamiento en Tanau y Baqueira 1700 con nosotros, <strong>tienes un 25% de descuento en el alquiler de Esqu\u00eds en\u00a0 Totirent Ski<\/strong>. Ya no tienes excusa, \u00bfvamos a Tanau y a esquiar en Baqueira 1700?<\/span><\/p>\t\t\t\t\t\t\t\t<\/div>\n\t\t\t\t<\/div>\n\t\t\t\t\t<\/div>\n\t\t<\/div>\n\t\t\t\t<div class=\"elementor-column elementor-col-50 elementor-top-column elementor-element elementor-element-10151ef1\" data-id=\"10151ef1\" data-element_type=\"column\" data-e-type=\"column\">\n\t\t\t<div class=\"elementor-widget-wrap elementor-element-populated\">\n\t\t\t\t\t\t<div class=\"elementor-element elementor-element-499296f5 elementor-align-center elementor-widget elementor-widget-button\" data-id=\"499296f5\" data-element_type=\"widget\" data-e-type=\"widget\" data-widget_type=\"button.default\">\n\t\t\t\t<div class=\"elementor-widget-container\">\n\t\t\t\t\t\t\t\t\t<div class=\"elementor-button-wrapper\">\n\t\t\t\t\t<a class=\"elementor-button elementor-button-link elementor-size-sm\" href=\"https:\/\/www.totiaranalquilerbaqueira.com\/blog\/alquiler-ski-reparaciones\/\">\n\t\t\t\t\t\t<span class=\"elementor-button-content-wrapper\">\n\t\t\t\t\t\t\t\t\t<span class=\"elementor-button-text\">Alquiler de ski en Val de Ruda<\/span>\n\t\t\t\t\t<\/span>\n\t\t\t\t\t<\/a>\n\t\t\t\t<\/div>\n\t\t\t\t\t\t\t\t<\/div>\n\t\t\t\t<\/div>\n\t\t\t\t\t<\/div>\n\t\t<\/div>\n\t\t\t\t\t<\/div>\n\t\t<\/section>\n\t\t\t\t<section class=\"elementor-section elementor-top-section elementor-element elementor-element-27e374ed elementor-section-full_width elementor-section-height-default elementor-section-height-default\" data-id=\"27e374ed\" data-element_type=\"section\" data-e-type=\"section\">\n\t\t\t\t\t\t<div class=\"elementor-container elementor-column-gap-no\">\n\t\t\t\t\t<div class=\"elementor-column elementor-col-100 elementor-top-column elementor-element elementor-element-4487b86d\" data-id=\"4487b86d\" data-element_type=\"column\" data-e-type=\"column\">\n\t\t\t<div class=\"elementor-widget-wrap elementor-element-populated\">\n\t\t\t\t\t\t<div class=\"elementor-element elementor-element-1d7d764b elementor-widget elementor-widget-image\" data-id=\"1d7d764b\" data-element_type=\"widget\" data-e-type=\"widget\" data-widget_type=\"image.default\">\n\t\t\t\t<div class=\"elementor-widget-container\">\n\t\t\t\t\t\t\t\t\t\t\t\t\t\t\t<img loading=\"lazy\" decoding=\"async\" width=\"1920\" height=\"650\" src=\"https:\/\/www.totiaranalquilerbaqueira.com\/blog\/wp-content\/uploads\/2024\/08\/baqueira-1700.jpg\" class=\"attachment-full size-full wp-image-3462\" alt=\"Baqueira 1700\" srcset=\"https:\/\/www.totiaranalquilerbaqueira.com\/blog\/wp-content\/uploads\/2024\/08\/baqueira-1700.jpg 1920w, https:\/\/www.totiaranalquilerbaqueira.com\/blog\/wp-content\/uploads\/2024\/08\/baqueira-1700-300x102.jpg 300w, https:\/\/www.totiaranalquilerbaqueira.com\/blog\/wp-content\/uploads\/2024\/08\/baqueira-1700-1024x347.jpg 1024w, https:\/\/www.totiaranalquilerbaqueira.com\/blog\/wp-content\/uploads\/2024\/08\/baqueira-1700-768x260.jpg 768w, https:\/\/www.totiaranalquilerbaqueira.com\/blog\/wp-content\/uploads\/2024\/08\/baqueira-1700-1536x520.jpg 1536w\" sizes=\"(max-width: 1920px) 100vw, 1920px\" \/>\t\t\t\t\t\t\t\t\t\t\t\t\t\t\t<\/div>\n\t\t\t\t<\/div>\n\t\t\t\t\t<\/div>\n\t\t<\/div>\n\t\t\t\t\t<\/div>\n\t\t<\/section>\n\t\t\t\t<section class=\"elementor-section elementor-top-section elementor-element elementor-element-214b7734 elementor-section-content-middle elementor-section-boxed elementor-section-height-default elementor-section-height-default\" data-id=\"214b7734\" data-element_type=\"section\" data-e-type=\"section\" data-settings=\"{&quot;background_background&quot;:&quot;classic&quot;}\">\n\t\t\t\t\t\t<div class=\"elementor-container elementor-column-gap-no\">\n\t\t\t\t\t<div class=\"elementor-column elementor-col-100 elementor-top-column elementor-element elementor-element-252c82ea\" data-id=\"252c82ea\" data-element_type=\"column\" data-e-type=\"column\">\n\t\t\t<div class=\"elementor-widget-wrap elementor-element-populated\">\n\t\t\t\t\t\t<div class=\"elementor-element elementor-element-258de4f6 elementor-widget elementor-widget-heading\" data-id=\"258de4f6\" data-element_type=\"widget\" data-e-type=\"widget\" data-widget_type=\"heading.default\">\n\t\t\t\t<div class=\"elementor-widget-container\">\n\t\t\t\t\t<h2 class=\"elementor-heading-title elementor-size-default\">Servicios adicionales en Tanau y Baqueira 1700<\/h2>\t\t\t\t<\/div>\n\t\t\t\t<\/div>\n\t\t\t\t<div class=\"elementor-element elementor-element-6f897bb2 elementor-widget elementor-widget-heading\" data-id=\"6f897bb2\" data-element_type=\"widget\" data-e-type=\"widget\" data-widget_type=\"heading.default\">\n\t\t\t\t<div class=\"elementor-widget-container\">\n\t\t\t\t\t<h5 class=\"elementor-heading-title elementor-size-default\">Tu tranquilidad y bienestar es la principal preocupaci\u00f3n del equipo de Toti Ar\u00e1n. Por esta raz\u00f3n, le ofrecemos un conjunto de servicios adicionales para que sus vacaciones sean perfectas en Baqueira Beret:<\/h5>\t\t\t\t<\/div>\n\t\t\t\t<\/div>\n\t\t\t\t<section class=\"elementor-section elementor-inner-section elementor-element elementor-element-4302a7fe elementor-section-content-middle elementor-section-boxed elementor-section-height-default elementor-section-height-default\" data-id=\"4302a7fe\" data-element_type=\"section\" data-e-type=\"section\">\n\t\t\t\t\t\t<div class=\"elementor-container elementor-column-gap-default\">\n\t\t\t\t\t<div class=\"elementor-column elementor-col-33 elementor-inner-column elementor-element elementor-element-6ab9d729\" data-id=\"6ab9d729\" data-element_type=\"column\" data-e-type=\"column\" data-settings=\"{&quot;background_background&quot;:&quot;classic&quot;}\">\n\t\t\t<div class=\"elementor-widget-wrap elementor-element-populated\">\n\t\t\t\t\t<div class=\"elementor-background-overlay\"><\/div>\n\t\t\t\t\t\t<div class=\"elementor-element elementor-element-7853028b elementor-cta--skin-cover elementor-cta--valign-middle elementor-bg-transform elementor-bg-transform-zoom-out elementor-animated-content elementor-widget elementor-widget-call-to-action\" data-id=\"7853028b\" data-element_type=\"widget\" data-e-type=\"widget\" data-widget_type=\"call-to-action.default\">\n\t\t\t\t<div class=\"elementor-widget-container\">\n\t\t\t\t\t\t\t<div class=\"elementor-cta\">\n\t\t\t\t\t<div class=\"elementor-cta__bg-wrapper\">\n\t\t\t\t<div class=\"elementor-cta__bg elementor-bg\" style=\"background-image: url(https:\/\/www.totiaranalquilerbaqueira.com\/blog\/wp-content\/uploads\/2024\/08\/botas-de-ski-como-elegirlas-768x465.jpg);\" role=\"img\" aria-label=\"botas de ski. c\u00f3mo elegirlas\"><\/div>\n\t\t\t\t<div class=\"elementor-cta__bg-overlay\"><\/div>\n\t\t\t<\/div>\n\t\t\t\t\t\t\t<div class=\"elementor-cta__content\">\n\t\t\t\t\n\t\t\t\t\t\t\t\t\t<h2 class=\"elementor-cta__title elementor-cta__content-item elementor-content-item elementor-animated-item--grow\">\n\t\t\t\t\t\tAlquiler de Skis\t\t\t\t\t<\/h2>\n\t\t\t\t\n\t\t\t\t\n\t\t\t\t\t\t\t<\/div>\n\t\t\t\t\t\t<\/div>\n\t\t\t\t\t\t<\/div>\n\t\t\t\t<\/div>\n\t\t\t\t\t<\/div>\n\t\t<\/div>\n\t\t\t\t<div class=\"elementor-column elementor-col-33 elementor-inner-column elementor-element elementor-element-713843a4\" data-id=\"713843a4\" data-element_type=\"column\" data-e-type=\"column\">\n\t\t\t<div class=\"elementor-widget-wrap elementor-element-populated\">\n\t\t\t\t\t\t<div class=\"elementor-element elementor-element-16873b3f elementor-cta--skin-cover elementor-bg-transform elementor-bg-transform-zoom-out elementor-animated-content elementor-widget elementor-widget-call-to-action\" data-id=\"16873b3f\" data-element_type=\"widget\" data-e-type=\"widget\" data-widget_type=\"call-to-action.default\">\n\t\t\t\t<div class=\"elementor-widget-container\">\n\t\t\t\t\t\t\t<div class=\"elementor-cta\">\n\t\t\t\t\t<div class=\"elementor-cta__bg-wrapper\">\n\t\t\t\t<div class=\"elementor-cta__bg elementor-bg\" style=\"background-image: url(https:\/\/www.totiaranalquilerbaqueira.com\/blog\/wp-content\/uploads\/2024\/08\/lavanderia-baqueira.jpg);\" role=\"img\" aria-label=\"lavanderia en baqueira\"><\/div>\n\t\t\t\t<div class=\"elementor-cta__bg-overlay\"><\/div>\n\t\t\t<\/div>\n\t\t\t\t\t\t\t<div class=\"elementor-cta__content\">\n\t\t\t\t\n\t\t\t\t\t\t\t\t\t<h2 class=\"elementor-cta__title elementor-cta__content-item elementor-content-item elementor-animated-item--grow\">\n\t\t\t\t\t\tLavander\u00eda a domicilio\t\t\t\t\t<\/h2>\n\t\t\t\t\n\t\t\t\t\n\t\t\t\t\t\t\t<\/div>\n\t\t\t\t\t\t<\/div>\n\t\t\t\t\t\t<\/div>\n\t\t\t\t<\/div>\n\t\t\t\t\t<\/div>\n\t\t<\/div>\n\t\t\t\t<div class=\"elementor-column elementor-col-33 elementor-inner-column elementor-element elementor-element-6e1599c5\" data-id=\"6e1599c5\" data-element_type=\"column\" data-e-type=\"column\">\n\t\t\t<div class=\"elementor-widget-wrap elementor-element-populated\">\n\t\t\t\t\t\t<div class=\"elementor-element elementor-element-194b1f32 elementor-cta--skin-cover elementor-bg-transform elementor-bg-transform-zoom-out elementor-animated-content elementor-widget elementor-widget-call-to-action\" data-id=\"194b1f32\" data-element_type=\"widget\" data-e-type=\"widget\" data-widget_type=\"call-to-action.default\">\n\t\t\t\t<div class=\"elementor-widget-container\">\n\t\t\t\t\t\t\t<div class=\"elementor-cta\">\n\t\t\t\t\t<div class=\"elementor-cta__bg-wrapper\">\n\t\t\t\t<div class=\"elementor-cta__bg elementor-bg\" style=\"background-image: url(https:\/\/www.totiaranalquilerbaqueira.com\/blog\/wp-content\/uploads\/2024\/08\/canguros-baqueira-768x386.jpg);\" role=\"img\" aria-label=\"Servicio de canguro y cuidado de ni\u00f1os en Baqueira\"><\/div>\n\t\t\t\t<div class=\"elementor-cta__bg-overlay\"><\/div>\n\t\t\t<\/div>\n\t\t\t\t\t\t\t<div class=\"elementor-cta__content\">\n\t\t\t\t\n\t\t\t\t\t\t\t\t\t<h2 class=\"elementor-cta__title elementor-cta__content-item elementor-content-item elementor-animated-item--grow\">\n\t\t\t\t\t\tCanguros\t\t\t\t\t<\/h2>\n\t\t\t\t\n\t\t\t\t\n\t\t\t\t\t\t\t<\/div>\n\t\t\t\t\t\t<\/div>\n\t\t\t\t\t\t<\/div>\n\t\t\t\t<\/div>\n\t\t\t\t\t<\/div>\n\t\t<\/div>\n\t\t\t\t\t<\/div>\n\t\t<\/section>\n\t\t\t\t<section class=\"elementor-section elementor-inner-section elementor-element elementor-element-5d2b840f elementor-section-content-middle elementor-section-boxed elementor-section-height-default elementor-section-height-default\" data-id=\"5d2b840f\" data-element_type=\"section\" data-e-type=\"section\">\n\t\t\t\t\t\t<div class=\"elementor-container elementor-column-gap-default\">\n\t\t\t\t\t<div class=\"elementor-column elementor-col-33 elementor-inner-column elementor-element elementor-element-517793f8\" data-id=\"517793f8\" data-element_type=\"column\" data-e-type=\"column\">\n\t\t\t<div class=\"elementor-widget-wrap elementor-element-populated\">\n\t\t\t\t\t\t<div class=\"elementor-element elementor-element-7bfd41a9 elementor-cta--skin-cover elementor-cta--valign-middle elementor-bg-transform elementor-bg-transform-zoom-out elementor-animated-content elementor-widget elementor-widget-call-to-action\" data-id=\"7bfd41a9\" data-element_type=\"widget\" data-e-type=\"widget\" data-widget_type=\"call-to-action.default\">\n\t\t\t\t<div class=\"elementor-widget-container\">\n\t\t\t\t\t\t\t<div class=\"elementor-cta\">\n\t\t\t\t\t<div class=\"elementor-cta__bg-wrapper\">\n\t\t\t\t<div class=\"elementor-cta__bg elementor-bg\" style=\"background-image: url(https:\/\/www.totiaranalquilerbaqueira.com\/blog\/wp-content\/uploads\/2024\/08\/compra-a-domicilio-baqueira-768x483.jpg);\" role=\"img\" aria-label=\"Compra a domicilio en Baqueira\"><\/div>\n\t\t\t\t<div class=\"elementor-cta__bg-overlay\"><\/div>\n\t\t\t<\/div>\n\t\t\t\t\t\t\t<div class=\"elementor-cta__content\">\n\t\t\t\t\n\t\t\t\t\t\t\t\t\t<h2 class=\"elementor-cta__title elementor-cta__content-item elementor-content-item elementor-animated-item--grow\">\n\t\t\t\t\t\tComida a domicilio\t\t\t\t\t<\/h2>\n\t\t\t\t\n\t\t\t\t\n\t\t\t\t\t\t\t<\/div>\n\t\t\t\t\t\t<\/div>\n\t\t\t\t\t\t<\/div>\n\t\t\t\t<\/div>\n\t\t\t\t\t<\/div>\n\t\t<\/div>\n\t\t\t\t<div class=\"elementor-column elementor-col-33 elementor-inner-column elementor-element elementor-element-191d403a\" data-id=\"191d403a\" data-element_type=\"column\" data-e-type=\"column\">\n\t\t\t<div class=\"elementor-widget-wrap elementor-element-populated\">\n\t\t\t\t\t\t<div class=\"elementor-element elementor-element-68ef7224 elementor-cta--skin-cover elementor-bg-transform elementor-bg-transform-zoom-out elementor-animated-content elementor-widget elementor-widget-call-to-action\" data-id=\"68ef7224\" data-element_type=\"widget\" data-e-type=\"widget\" data-widget_type=\"call-to-action.default\">\n\t\t\t\t<div class=\"elementor-widget-container\">\n\t\t\t\t\t\t\t<div class=\"elementor-cta\">\n\t\t\t\t\t<div class=\"elementor-cta__bg-wrapper\">\n\t\t\t\t<div class=\"elementor-cta__bg elementor-bg\" style=\"background-image: url(https:\/\/www.totiaranalquilerbaqueira.com\/blog\/wp-content\/uploads\/2024\/08\/taxi-traslados-baqueira.jpg);\" role=\"img\" aria-label=\"Taxis y traslados en Baqueira\"><\/div>\n\t\t\t\t<div class=\"elementor-cta__bg-overlay\"><\/div>\n\t\t\t<\/div>\n\t\t\t\t\t\t\t<div class=\"elementor-cta__content\">\n\t\t\t\t\n\t\t\t\t\t\t\t\t\t<h2 class=\"elementor-cta__title elementor-cta__content-item elementor-content-item elementor-animated-item--grow\">\n\t\t\t\t\t\tTransporte privado\t\t\t\t\t<\/h2>\n\t\t\t\t\n\t\t\t\t\n\t\t\t\t\t\t\t<\/div>\n\t\t\t\t\t\t<\/div>\n\t\t\t\t\t\t<\/div>\n\t\t\t\t<\/div>\n\t\t\t\t\t<\/div>\n\t\t<\/div>\n\t\t\t\t<div class=\"elementor-column elementor-col-33 elementor-inner-column elementor-element elementor-element-648fce00\" data-id=\"648fce00\" data-element_type=\"column\" data-e-type=\"column\">\n\t\t\t<div class=\"elementor-widget-wrap elementor-element-populated\">\n\t\t\t\t\t\t<div class=\"elementor-element elementor-element-3a15017 elementor-cta--skin-cover elementor-bg-transform elementor-bg-transform-zoom-out elementor-animated-content elementor-widget elementor-widget-call-to-action\" data-id=\"3a15017\" data-element_type=\"widget\" data-e-type=\"widget\" data-widget_type=\"call-to-action.default\">\n\t\t\t\t<div class=\"elementor-widget-container\">\n\t\t\t\t\t\t\t<div class=\"elementor-cta\">\n\t\t\t\t\t<div class=\"elementor-cta__bg-wrapper\">\n\t\t\t\t<div class=\"elementor-cta__bg elementor-bg\" style=\"background-image: url(https:\/\/www.totiaranalquilerbaqueira.com\/blog\/wp-content\/uploads\/2024\/08\/ninos-curso-esqui.jpg);\" role=\"img\" aria-label=\"Ninos en un curso de esqui\"><\/div>\n\t\t\t\t<div class=\"elementor-cta__bg-overlay\"><\/div>\n\t\t\t<\/div>\n\t\t\t\t\t\t\t<div class=\"elementor-cta__content\">\n\t\t\t\t\n\t\t\t\t\t\t\t\t\t<h2 class=\"elementor-cta__title elementor-cta__content-item elementor-content-item elementor-animated-item--grow\">\n\t\t\t\t\t\tClases de ski\t\t\t\t\t<\/h2>\n\t\t\t\t\n\t\t\t\t\n\t\t\t\t\t\t\t<\/div>\n\t\t\t\t\t\t<\/div>\n\t\t\t\t\t\t<\/div>\n\t\t\t\t<\/div>\n\t\t\t\t\t<\/div>\n\t\t<\/div>\n\t\t\t\t\t<\/div>\n\t\t<\/section>\n\t\t\t\t\t<\/div>\n\t\t<\/div>\n\t\t\t\t\t<\/div>\n\t\t<\/section>\n\t\t\t\t<\/div>\n\t\t","protected":false},"excerpt":{"rendered":"<p>\u00bfQu\u00e9 es Tanau y Baqueira 1700 y d\u00f3nde est\u00e1n? Tanau y Baqueira 1700 es un para\u00edso de monta\u00f1a situado en el coraz\u00f3n de los Pirineos, dentro del prestigioso dominio esquiable de Baqueira-Beret, conocido por ser uno de los destinos de monta\u00f1a m\u00e1s exclusivos y reconocidos de Espa\u00f1a. Tanau, un encantador y selecto n\u00facleo residencial, se [&hellip;]<\/p>\n","protected":false},"author":2,"featured_media":3452,"parent":0,"menu_order":0,"comment_status":"closed","ping_status":"closed","template":"","meta":{"footnotes":""},"class_list":["post-3427","page","type-page","status-publish","has-post-thumbnail","hentry"],"yoast_head":"<!-- This site is optimized with the Yoast SEO plugin v27.4 - https:\/\/yoast.com\/product\/yoast-seo-wordpress\/ -->\n<title>Tanau y la cota 1700 de Baqueira, un Para\u00edso de Nieve para el Ski<\/title>\n<meta name=\"description\" content=\"Tanau y la cota 1700 de Baqueira, con acceso directo al Telesilla. \u00a1Una estancia en lo m\u00e1s alto del Valle de Ar\u00e1n y a pie de pistas!\" \/>\n<meta name=\"robots\" content=\"index, follow, max-snippet:-1, max-image-preview:large, max-video-preview:-1\" \/>\n<link rel=\"canonical\" href=\"https:\/\/www.totiaranalquilerbaqueira.com\/blog\/baqueira-1700-tanau\/\" \/>\n<meta property=\"og:locale\" content=\"es_ES\" \/>\n<meta property=\"og:type\" content=\"article\" \/>\n<meta property=\"og:title\" content=\"Tanau y la cota 1700 de Baqueira, un Para\u00edso de Nieve para el Ski\" \/>\n<meta property=\"og:description\" content=\"Tanau y la cota 1700 de Baqueira, con acceso directo al Telesilla. \u00a1Una estancia en lo m\u00e1s alto del Valle de Ar\u00e1n y a pie de pistas!\" \/>\n<meta property=\"og:url\" content=\"https:\/\/www.totiaranalquilerbaqueira.com\/blog\/baqueira-1700-tanau\/\" \/>\n<meta property=\"og:site_name\" content=\"Blog\" \/>\n<meta property=\"article:modified_time\" content=\"2024-08-22T12:52:45+00:00\" \/>\n<meta property=\"og:image\" content=\"https:\/\/www.totiaranalquilerbaqueira.com\/blog\/wp-content\/uploads\/2024\/08\/baqueira-1700-tanau.jpg\" \/>\n\t<meta property=\"og:image:width\" content=\"1920\" \/>\n\t<meta property=\"og:image:height\" content=\"650\" \/>\n\t<meta property=\"og:image:type\" content=\"image\/jpeg\" \/>\n<meta name=\"twitter:card\" content=\"summary_large_image\" \/>\n<meta name=\"twitter:label1\" content=\"Tiempo de lectura\" \/>\n\t<meta name=\"twitter:data1\" content=\"7 minutos\" \/>\n<script type=\"application\/ld+json\" class=\"yoast-schema-graph\">{\"@context\":\"https:\\\/\\\/schema.org\",\"@graph\":[{\"@type\":\"WebPage\",\"@id\":\"https:\\\/\\\/www.totiaranalquilerbaqueira.com\\\/blog\\\/baqueira-1700-tanau\\\/\",\"url\":\"https:\\\/\\\/www.totiaranalquilerbaqueira.com\\\/blog\\\/baqueira-1700-tanau\\\/\",\"name\":\"Tanau y la cota 1700 de Baqueira, un Para\u00edso de Nieve para el Ski\",\"isPartOf\":{\"@id\":\"https:\\\/\\\/www.totiaranalquilerbaqueira.com\\\/blog\\\/#website\"},\"primaryImageOfPage\":{\"@id\":\"https:\\\/\\\/www.totiaranalquilerbaqueira.com\\\/blog\\\/baqueira-1700-tanau\\\/#primaryimage\"},\"image\":{\"@id\":\"https:\\\/\\\/www.totiaranalquilerbaqueira.com\\\/blog\\\/baqueira-1700-tanau\\\/#primaryimage\"},\"thumbnailUrl\":\"https:\\\/\\\/www.totiaranalquilerbaqueira.com\\\/blog\\\/wp-content\\\/uploads\\\/2024\\\/08\\\/baqueira-1700-tanau.jpg\",\"datePublished\":\"2024-08-22T12:44:19+00:00\",\"dateModified\":\"2024-08-22T12:52:45+00:00\",\"description\":\"Tanau y la cota 1700 de Baqueira, con acceso directo al Telesilla. \u00a1Una estancia en lo m\u00e1s alto del Valle de Ar\u00e1n y a pie de pistas!\",\"breadcrumb\":{\"@id\":\"https:\\\/\\\/www.totiaranalquilerbaqueira.com\\\/blog\\\/baqueira-1700-tanau\\\/#breadcrumb\"},\"inLanguage\":\"es\",\"potentialAction\":[{\"@type\":\"ReadAction\",\"target\":[\"https:\\\/\\\/www.totiaranalquilerbaqueira.com\\\/blog\\\/baqueira-1700-tanau\\\/\"]}]},{\"@type\":\"ImageObject\",\"inLanguage\":\"es\",\"@id\":\"https:\\\/\\\/www.totiaranalquilerbaqueira.com\\\/blog\\\/baqueira-1700-tanau\\\/#primaryimage\",\"url\":\"https:\\\/\\\/www.totiaranalquilerbaqueira.com\\\/blog\\\/wp-content\\\/uploads\\\/2024\\\/08\\\/baqueira-1700-tanau.jpg\",\"contentUrl\":\"https:\\\/\\\/www.totiaranalquilerbaqueira.com\\\/blog\\\/wp-content\\\/uploads\\\/2024\\\/08\\\/baqueira-1700-tanau.jpg\",\"width\":1920,\"height\":650,\"caption\":\"Baqueira 1700 Tanau\"},{\"@type\":\"BreadcrumbList\",\"@id\":\"https:\\\/\\\/www.totiaranalquilerbaqueira.com\\\/blog\\\/baqueira-1700-tanau\\\/#breadcrumb\",\"itemListElement\":[{\"@type\":\"ListItem\",\"position\":1,\"name\":\"Portada\",\"item\":\"https:\\\/\\\/www.totiaranalquilerbaqueira.com\\\/blog\\\/\"},{\"@type\":\"ListItem\",\"position\":2,\"name\":\"Baqueira 1700 Tanau\"}]},{\"@type\":\"WebSite\",\"@id\":\"https:\\\/\\\/www.totiaranalquilerbaqueira.com\\\/blog\\\/#website\",\"url\":\"https:\\\/\\\/www.totiaranalquilerbaqueira.com\\\/blog\\\/\",\"name\":\"Blog\",\"description\":\"Totiaranalquilerbaqueira\",\"publisher\":{\"@id\":\"https:\\\/\\\/www.totiaranalquilerbaqueira.com\\\/blog\\\/#organization\"},\"potentialAction\":[{\"@type\":\"SearchAction\",\"target\":{\"@type\":\"EntryPoint\",\"urlTemplate\":\"https:\\\/\\\/www.totiaranalquilerbaqueira.com\\\/blog\\\/?s={search_term_string}\"},\"query-input\":{\"@type\":\"PropertyValueSpecification\",\"valueRequired\":true,\"valueName\":\"search_term_string\"}}],\"inLanguage\":\"es\"},{\"@type\":\"Organization\",\"@id\":\"https:\\\/\\\/www.totiaranalquilerbaqueira.com\\\/blog\\\/#organization\",\"name\":\"Blog\",\"url\":\"https:\\\/\\\/www.totiaranalquilerbaqueira.com\\\/blog\\\/\",\"logo\":{\"@type\":\"ImageObject\",\"inLanguage\":\"es\",\"@id\":\"https:\\\/\\\/www.totiaranalquilerbaqueira.com\\\/blog\\\/#\\\/schema\\\/logo\\\/image\\\/\",\"url\":\"https:\\\/\\\/www.totiaranalquilerbaqueira.com\\\/blog\\\/wp-content\\\/uploads\\\/2024\\\/08\\\/logo-totiaran-baqueira.png\",\"contentUrl\":\"https:\\\/\\\/www.totiaranalquilerbaqueira.com\\\/blog\\\/wp-content\\\/uploads\\\/2024\\\/08\\\/logo-totiaran-baqueira.png\",\"width\":400,\"height\":84,\"caption\":\"Blog\"},\"image\":{\"@id\":\"https:\\\/\\\/www.totiaranalquilerbaqueira.com\\\/blog\\\/#\\\/schema\\\/logo\\\/image\\\/\"}}]}<\/script>\n<!-- \/ Yoast SEO plugin. -->","yoast_head_json":{"title":"Tanau y la cota 1700 de Baqueira, un Para\u00edso de Nieve para el Ski","description":"Tanau y la cota 1700 de Baqueira, con acceso directo al Telesilla. \u00a1Una estancia en lo m\u00e1s alto del Valle de Ar\u00e1n y a pie de pistas!","robots":{"index":"index","follow":"follow","max-snippet":"max-snippet:-1","max-image-preview":"max-image-preview:large","max-video-preview":"max-video-preview:-1"},"canonical":"https:\/\/www.totiaranalquilerbaqueira.com\/blog\/baqueira-1700-tanau\/","og_locale":"es_ES","og_type":"article","og_title":"Tanau y la cota 1700 de Baqueira, un Para\u00edso de Nieve para el Ski","og_description":"Tanau y la cota 1700 de Baqueira, con acceso directo al Telesilla. \u00a1Una estancia en lo m\u00e1s alto del Valle de Ar\u00e1n y a pie de pistas!","og_url":"https:\/\/www.totiaranalquilerbaqueira.com\/blog\/baqueira-1700-tanau\/","og_site_name":"Blog","article_modified_time":"2024-08-22T12:52:45+00:00","og_image":[{"width":1920,"height":650,"url":"https:\/\/www.totiaranalquilerbaqueira.com\/blog\/wp-content\/uploads\/2024\/08\/baqueira-1700-tanau.jpg","type":"image\/jpeg"}],"twitter_card":"summary_large_image","twitter_misc":{"Tiempo de lectura":"7 minutos"},"schema":{"@context":"https:\/\/schema.org","@graph":[{"@type":"WebPage","@id":"https:\/\/www.totiaranalquilerbaqueira.com\/blog\/baqueira-1700-tanau\/","url":"https:\/\/www.totiaranalquilerbaqueira.com\/blog\/baqueira-1700-tanau\/","name":"Tanau y la cota 1700 de Baqueira, un Para\u00edso de Nieve para el Ski","isPartOf":{"@id":"https:\/\/www.totiaranalquilerbaqueira.com\/blog\/#website"},"primaryImageOfPage":{"@id":"https:\/\/www.totiaranalquilerbaqueira.com\/blog\/baqueira-1700-tanau\/#primaryimage"},"image":{"@id":"https:\/\/www.totiaranalquilerbaqueira.com\/blog\/baqueira-1700-tanau\/#primaryimage"},"thumbnailUrl":"https:\/\/www.totiaranalquilerbaqueira.com\/blog\/wp-content\/uploads\/2024\/08\/baqueira-1700-tanau.jpg","datePublished":"2024-08-22T12:44:19+00:00","dateModified":"2024-08-22T12:52:45+00:00","description":"Tanau y la cota 1700 de Baqueira, con acceso directo al Telesilla. \u00a1Una estancia en lo m\u00e1s alto del Valle de Ar\u00e1n y a pie de pistas!","breadcrumb":{"@id":"https:\/\/www.totiaranalquilerbaqueira.com\/blog\/baqueira-1700-tanau\/#breadcrumb"},"inLanguage":"es","potentialAction":[{"@type":"ReadAction","target":["https:\/\/www.totiaranalquilerbaqueira.com\/blog\/baqueira-1700-tanau\/"]}]},{"@type":"ImageObject","inLanguage":"es","@id":"https:\/\/www.totiaranalquilerbaqueira.com\/blog\/baqueira-1700-tanau\/#primaryimage","url":"https:\/\/www.totiaranalquilerbaqueira.com\/blog\/wp-content\/uploads\/2024\/08\/baqueira-1700-tanau.jpg","contentUrl":"https:\/\/www.totiaranalquilerbaqueira.com\/blog\/wp-content\/uploads\/2024\/08\/baqueira-1700-tanau.jpg","width":1920,"height":650,"caption":"Baqueira 1700 Tanau"},{"@type":"BreadcrumbList","@id":"https:\/\/www.totiaranalquilerbaqueira.com\/blog\/baqueira-1700-tanau\/#breadcrumb","itemListElement":[{"@type":"ListItem","position":1,"name":"Portada","item":"https:\/\/www.totiaranalquilerbaqueira.com\/blog\/"},{"@type":"ListItem","position":2,"name":"Baqueira 1700 Tanau"}]},{"@type":"WebSite","@id":"https:\/\/www.totiaranalquilerbaqueira.com\/blog\/#website","url":"https:\/\/www.totiaranalquilerbaqueira.com\/blog\/","name":"Blog","description":"Totiaranalquilerbaqueira","publisher":{"@id":"https:\/\/www.totiaranalquilerbaqueira.com\/blog\/#organization"},"potentialAction":[{"@type":"SearchAction","target":{"@type":"EntryPoint","urlTemplate":"https:\/\/www.totiaranalquilerbaqueira.com\/blog\/?s={search_term_string}"},"query-input":{"@type":"PropertyValueSpecification","valueRequired":true,"valueName":"search_term_string"}}],"inLanguage":"es"},{"@type":"Organization","@id":"https:\/\/www.totiaranalquilerbaqueira.com\/blog\/#organization","name":"Blog","url":"https:\/\/www.totiaranalquilerbaqueira.com\/blog\/","logo":{"@type":"ImageObject","inLanguage":"es","@id":"https:\/\/www.totiaranalquilerbaqueira.com\/blog\/#\/schema\/logo\/image\/","url":"https:\/\/www.totiaranalquilerbaqueira.com\/blog\/wp-content\/uploads\/2024\/08\/logo-totiaran-baqueira.png","contentUrl":"https:\/\/www.totiaranalquilerbaqueira.com\/blog\/wp-content\/uploads\/2024\/08\/logo-totiaran-baqueira.png","width":400,"height":84,"caption":"Blog"},"image":{"@id":"https:\/\/www.totiaranalquilerbaqueira.com\/blog\/#\/schema\/logo\/image\/"}}]}},"_links":{"self":[{"href":"https:\/\/www.totiaranalquilerbaqueira.com\/blog\/wp-json\/wp\/v2\/pages\/3427","targetHints":{"allow":["GET"]}}],"collection":[{"href":"https:\/\/www.totiaranalquilerbaqueira.com\/blog\/wp-json\/wp\/v2\/pages"}],"about":[{"href":"https:\/\/www.totiaranalquilerbaqueira.com\/blog\/wp-json\/wp\/v2\/types\/page"}],"author":[{"embeddable":true,"href":"https:\/\/www.totiaranalquilerbaqueira.com\/blog\/wp-json\/wp\/v2\/users\/2"}],"replies":[{"embeddable":true,"href":"https:\/\/www.totiaranalquilerbaqueira.com\/blog\/wp-json\/wp\/v2\/comments?post=3427"}],"version-history":[{"count":16,"href":"https:\/\/www.totiaranalquilerbaqueira.com\/blog\/wp-json\/wp\/v2\/pages\/3427\/revisions"}],"predecessor-version":[{"id":3473,"href":"https:\/\/www.totiaranalquilerbaqueira.com\/blog\/wp-json\/wp\/v2\/pages\/3427\/revisions\/3473"}],"wp:featuredmedia":[{"embeddable":true,"href":"https:\/\/www.totiaranalquilerbaqueira.com\/blog\/wp-json\/wp\/v2\/media\/3452"}],"wp:attachment":[{"href":"https:\/\/www.totiaranalquilerbaqueira.com\/blog\/wp-json\/wp\/v2\/media?parent=3427"}],"curies":[{"name":"wp","href":"https:\/\/api.w.org\/{rel}","templated":true}]}}