{"id":3167,"date":"2024-08-21T13:12:55","date_gmt":"2024-08-21T13:12:55","guid":{"rendered":"https:\/\/www.totiaranalquilerbaqueira.com\/blog\/?page_id=3167"},"modified":"2025-06-27T11:10:25","modified_gmt":"2025-06-27T11:10:25","slug":"val-de-ruda","status":"publish","type":"page","link":"https:\/\/www.totiaranalquilerbaqueira.com\/blog\/val-de-ruda\/","title":{"rendered":"Val de Ruda"},"content":{"rendered":"\t\t<div data-elementor-type=\"wp-page\" data-elementor-id=\"3167\" class=\"elementor elementor-3167\" data-elementor-post-type=\"page\">\n\t\t\t\t\t\t<section class=\"elementor-section elementor-top-section elementor-element elementor-element-e231926 elementor-section-boxed elementor-section-height-default elementor-section-height-default\" data-id=\"e231926\" data-element_type=\"section\" data-e-type=\"section\">\n\t\t\t\t\t\t<div class=\"elementor-container elementor-column-gap-default\">\n\t\t\t\t\t<div class=\"elementor-column elementor-col-100 elementor-top-column elementor-element elementor-element-ffa0081\" data-id=\"ffa0081\" data-element_type=\"column\" data-e-type=\"column\">\n\t\t\t<div class=\"elementor-widget-wrap elementor-element-populated\">\n\t\t\t\t\t\t<div class=\"elementor-element elementor-element-dcdb4f7 elementor-widget elementor-widget-heading\" data-id=\"dcdb4f7\" data-element_type=\"widget\" data-e-type=\"widget\" data-widget_type=\"heading.default\">\n\t\t\t\t<div class=\"elementor-widget-container\">\n\t\t\t\t\t<h2 class=\"elementor-heading-title elementor-size-default\">\u00bfD\u00f3nde est\u00e1 Val de Ruda?<\/h2>\t\t\t\t<\/div>\n\t\t\t\t<\/div>\n\t\t\t\t<div class=\"elementor-element elementor-element-1551745 elementor-widget elementor-widget-text-editor\" data-id=\"1551745\" data-element_type=\"widget\" data-e-type=\"widget\" data-widget_type=\"text-editor.default\">\n\t\t\t\t<div class=\"elementor-widget-container\">\n\t\t\t\t\t\t\t\t\t<div class=\"row-fluid-wrapper row-depth-2 row-number-1 \"><div class=\"row-fluid \"><div class=\"span12 widget-span widget-type-custom_widget \" data-widget-type=\"custom_widget\" data-x=\"0\" data-w=\"12\"><div id=\"hs_cos_wrapper_module_156680604517689\" class=\"hs_cos_wrapper hs_cos_wrapper_widget hs_cos_wrapper_type_module widget-type-rich_text\" data-hs-cos-general-type=\"widget\" data-hs-cos-type=\"module\"><p>Val de Ruda es una exclusiva urbanizaci\u00f3n ubicada en el coraz\u00f3n de Baqueira Beret, en el Valle de Ar\u00e1n, Lleida. Para llegar, debes tomar la carretera C-28 desde Vielha, en direcci\u00f3n a Salard\u00fa y Baqueira. A unos 13 km de Vielha, antes de llegar al n\u00facleo de Baqueira, encontrar\u00e1s la entrada a Val de Ruda.<\/p><p>La urbanizaci\u00f3n est\u00e1 bien se\u00f1alizada y se encuentra cerca de la estaci\u00f3n de esqu\u00ed, ofreciendo acceso directo a las pistas mediante un telesilla propio. La zona es conocida por su comodidad, lujo y proximidad a servicios de alta calidad.<\/p><\/div><\/div><\/div><\/div>\t\t\t\t\t\t\t\t<\/div>\n\t\t\t\t<\/div>\n\t\t\t\t<div class=\"elementor-element elementor-element-c77bf4f elementor-widget elementor-widget-image\" data-id=\"c77bf4f\" data-element_type=\"widget\" data-e-type=\"widget\" data-widget_type=\"image.default\">\n\t\t\t\t<div class=\"elementor-widget-container\">\n\t\t\t\t\t\t\t\t\t\t\t\t\t\t\t<img fetchpriority=\"high\" decoding=\"async\" width=\"724\" height=\"454\" src=\"https:\/\/www.totiaranalquilerbaqueira.com\/blog\/wp-content\/uploads\/2024\/08\/val-de-ruda-lujo-ski-valle-aran.jpg\" class=\"attachment-large size-large wp-image-3176\" alt=\"val de ruda ski de lujo\" srcset=\"https:\/\/www.totiaranalquilerbaqueira.com\/blog\/wp-content\/uploads\/2024\/08\/val-de-ruda-lujo-ski-valle-aran.jpg 724w, https:\/\/www.totiaranalquilerbaqueira.com\/blog\/wp-content\/uploads\/2024\/08\/val-de-ruda-lujo-ski-valle-aran-300x188.jpg 300w\" sizes=\"(max-width: 724px) 100vw, 724px\" \/>\t\t\t\t\t\t\t\t\t\t\t\t\t\t\t<\/div>\n\t\t\t\t<\/div>\n\t\t\t\t<div class=\"elementor-element elementor-element-4778aa2 elementor-widget elementor-widget-text-editor\" data-id=\"4778aa2\" data-element_type=\"widget\" data-e-type=\"widget\" data-widget_type=\"text-editor.default\">\n\t\t\t\t<div class=\"elementor-widget-container\">\n\t\t\t\t\t\t\t\t\t<div class=\"row-fluid-wrapper row-depth-2 row-number-1 \"><div class=\"row-fluid \"><div class=\"span12 widget-span widget-type-custom_widget \" data-widget-type=\"custom_widget\" data-x=\"0\" data-w=\"12\"><div id=\"hs_cos_wrapper_module_156680604517689\" class=\"hs_cos_wrapper hs_cos_wrapper_widget hs_cos_wrapper_type_module widget-type-rich_text\" data-hs-cos-general-type=\"widget\" data-hs-cos-type=\"module\"><p><strong>Val de Ruda\u00a0<\/strong>esta situada al lado del Bosque de Ruda con acceso directo Telesilla de Baqueira 1500 de la misma urbanizaci\u00f3n. Tiene grandes zonas ajardinadas y un paseo peatonal en medio que atraviesa la urbanizaci\u00f3n. Hay una gran cantidad de alojamientos en la zona con plaza de garaje y taquillas para guardar tu material de esqu\u00ed. Asi que no tendr\u00e1s que preocuparte mucho por la facilidad a la hora de esquiar o aparcar el coche si te hospedas en Val de Ruda esta temporada de ski.\u00a0<\/p><\/div><\/div><\/div><\/div>\t\t\t\t\t\t\t\t<\/div>\n\t\t\t\t<\/div>\n\t\t\t\t<div class=\"elementor-element elementor-element-c78632f elementor-align-left elementor-widget elementor-widget-button\" data-id=\"c78632f\" data-element_type=\"widget\" data-e-type=\"widget\" data-widget_type=\"button.default\">\n\t\t\t\t<div class=\"elementor-widget-container\">\n\t\t\t\t\t\t\t\t\t<div class=\"elementor-button-wrapper\">\n\t\t\t\t\t<a class=\"elementor-button elementor-button-link elementor-size-sm\" href=\"https:\/\/www.totiaranalquilerbaqueira.com\/alquiler\/alquileres-baqueira-1500-val-de-ruda-baqueira-n1906304\/\">\n\t\t\t\t\t\t<span class=\"elementor-button-content-wrapper\">\n\t\t\t\t\t\t\t\t\t<span class=\"elementor-button-text\">Alojamientos en Val de Ruda<\/span>\n\t\t\t\t\t<\/span>\n\t\t\t\t\t<\/a>\n\t\t\t\t<\/div>\n\t\t\t\t\t\t\t\t<\/div>\n\t\t\t\t<\/div>\n\t\t\t\t\t<\/div>\n\t\t<\/div>\n\t\t\t\t\t<\/div>\n\t\t<\/section>\n\t\t\t\t<section class=\"elementor-section elementor-top-section elementor-element elementor-element-626eec1 elementor-section-boxed elementor-section-height-default elementor-section-height-default\" data-id=\"626eec1\" data-element_type=\"section\" data-e-type=\"section\" data-settings=\"{&quot;background_background&quot;:&quot;classic&quot;}\">\n\t\t\t\t\t\t<div class=\"elementor-container elementor-column-gap-default\">\n\t\t\t\t\t<div class=\"elementor-column elementor-col-50 elementor-top-column elementor-element elementor-element-b24160b\" data-id=\"b24160b\" data-element_type=\"column\" data-e-type=\"column\">\n\t\t\t<div class=\"elementor-widget-wrap elementor-element-populated\">\n\t\t\t\t\t\t<div class=\"elementor-element elementor-element-2a28a72 elementor-widget elementor-widget-heading\" data-id=\"2a28a72\" data-element_type=\"widget\" data-e-type=\"widget\" data-widget_type=\"heading.default\">\n\t\t\t\t<div class=\"elementor-widget-container\">\n\t\t\t\t\t<h2 class=\"elementor-heading-title elementor-size-default\">Atractivos en Val de Ruda<\/h2>\t\t\t\t<\/div>\n\t\t\t\t<\/div>\n\t\t\t\t<div class=\"elementor-element elementor-element-77c7fbe elementor-widget elementor-widget-text-editor\" data-id=\"77c7fbe\" data-element_type=\"widget\" data-e-type=\"widget\" data-widget_type=\"text-editor.default\">\n\t\t\t\t<div class=\"elementor-widget-container\">\n\t\t\t\t\t\t\t\t\t<div class=\"row-fluid-wrapper row-depth-2 row-number-1 \"><div class=\"row-fluid \"><div class=\"span12 widget-span widget-type-custom_widget \" data-widget-type=\"custom_widget\" data-x=\"0\" data-w=\"12\"><div id=\"hs_cos_wrapper_module_156680604517689\" class=\"hs_cos_wrapper hs_cos_wrapper_widget hs_cos_wrapper_type_module widget-type-rich_text\" data-hs-cos-general-type=\"widget\" data-hs-cos-type=\"module\"><p>Val de Ruda es una zona perfecta para pasar tus vacaciones tanto en invierno como en verano. Todos nuestros alojamientos en Val de Ruda disponen de plaza de parking muy cerca de cada uno de los alojamientos. Esta urbanizaci\u00f3n tiene acceso directo al telecabina para que no tengas que preocuparte en coger el coche y buscar sitio para aparcar.\u00a0<\/p><p>En <strong>invierno<\/strong>, es una zona perfecta para los amantes del esqu\u00ed por su cercan\u00eda al Telecabina. Aparte de disponer de parking para tu veh\u00edculo, dispone de unas salas espectaculares de Taquillas para que puedas cambiarte los zapatos y coger tu material de esqu\u00ed con la mayor comodidad e ir directo a pistas.\u00a0<\/p><p><span style=\"color: var( --e-global-color-text ); font-family: var( --e-global-typography-text-font-family ), Sans-serif; font-weight: var( --e-global-typography-text-font-weight ); font-size: 1rem;\">En <strong>verano<\/strong> se encuentra cerca de inicios de senderismo y rutas en bici. Esta urbanizaci\u00f3n\u00a0 est\u00e1 rodeada de zonas ajardinadas hasta con un peque\u00f1o r\u00edo que la atraviesa\u00a0 y a tocar del bosque de Ruda. Por lo tanto podr\u00e1 disfrutar de la naturaleza y la tranquilidad sin necesidad de coger el coche.<\/span><\/p><\/div><\/div><\/div><\/div>\t\t\t\t\t\t\t\t<\/div>\n\t\t\t\t<\/div>\n\t\t\t\t\t<\/div>\n\t\t<\/div>\n\t\t\t\t<div class=\"elementor-column elementor-col-50 elementor-top-column elementor-element elementor-element-b2bb1fc\" data-id=\"b2bb1fc\" data-element_type=\"column\" data-e-type=\"column\">\n\t\t\t<div class=\"elementor-widget-wrap elementor-element-populated\">\n\t\t\t\t\t\t<div class=\"elementor-element elementor-element-00579c2 elementor-widget elementor-widget-image\" data-id=\"00579c2\" data-element_type=\"widget\" data-e-type=\"widget\" data-widget_type=\"image.default\">\n\t\t\t\t<div class=\"elementor-widget-container\">\n\t\t\t\t\t\t\t\t\t\t\t\t\t\t\t<img decoding=\"async\" width=\"724\" height=\"454\" src=\"https:\/\/www.totiaranalquilerbaqueira.com\/blog\/wp-content\/uploads\/2024\/08\/val-de-ruda-reservas-ski.jpg\" class=\"attachment-large size-large wp-image-3179\" alt=\"telesilla en val de ruda\" srcset=\"https:\/\/www.totiaranalquilerbaqueira.com\/blog\/wp-content\/uploads\/2024\/08\/val-de-ruda-reservas-ski.jpg 724w, https:\/\/www.totiaranalquilerbaqueira.com\/blog\/wp-content\/uploads\/2024\/08\/val-de-ruda-reservas-ski-300x188.jpg 300w\" sizes=\"(max-width: 724px) 100vw, 724px\" \/>\t\t\t\t\t\t\t\t\t\t\t\t\t\t\t<\/div>\n\t\t\t\t<\/div>\n\t\t\t\t\t<\/div>\n\t\t<\/div>\n\t\t\t\t\t<\/div>\n\t\t<\/section>\n\t\t\t\t<section class=\"elementor-section elementor-top-section elementor-element elementor-element-aaf77fe elementor-section-boxed elementor-section-height-default elementor-section-height-default\" data-id=\"aaf77fe\" data-element_type=\"section\" data-e-type=\"section\">\n\t\t\t\t\t\t<div class=\"elementor-container elementor-column-gap-default\">\n\t\t\t\t\t<div class=\"elementor-column elementor-col-100 elementor-top-column elementor-element elementor-element-913c9e6\" data-id=\"913c9e6\" data-element_type=\"column\" data-e-type=\"column\">\n\t\t\t<div class=\"elementor-widget-wrap elementor-element-populated\">\n\t\t\t\t\t\t<div class=\"elementor-element elementor-element-a902f52 elementor-widget elementor-widget-heading\" data-id=\"a902f52\" data-element_type=\"widget\" data-e-type=\"widget\" data-widget_type=\"heading.default\">\n\t\t\t\t<div class=\"elementor-widget-container\">\n\t\t\t\t\t<h2 class=\"elementor-heading-title elementor-size-default\">Casas y apartamentos en Val de Ruda, exclusividad y comodidad<\/h2>\t\t\t\t<\/div>\n\t\t\t\t<\/div>\n\t\t\t\t<div class=\"elementor-element elementor-element-8d2e096 elementor-widget elementor-widget-text-editor\" data-id=\"8d2e096\" data-element_type=\"widget\" data-e-type=\"widget\" data-widget_type=\"text-editor.default\">\n\t\t\t\t<div class=\"elementor-widget-container\">\n\t\t\t\t\t\t\t\t\t<div class=\"row-fluid-wrapper row-depth-2 row-number-1 \"><div class=\"row-fluid \"><div class=\"span12 widget-span widget-type-custom_widget \" data-widget-type=\"custom_widget\" data-x=\"0\" data-w=\"12\"><div id=\"hs_cos_wrapper_module_156680604517689\" class=\"hs_cos_wrapper hs_cos_wrapper_widget hs_cos_wrapper_type_module widget-type-rich_text\" data-hs-cos-general-type=\"widget\" data-hs-cos-type=\"module\"><p>En Totiaran disponemos de una larga lista de alojamientos en Baqueira, en la urbanizaci\u00f3n\u00a0\u00a0<a href=\"https:\/\/www.totiaranalquilerbaqueira.com\/alquiler\/alquileres-baqueira-1500-val-de-ruda-baqueira-n1906304\/\" target=\"_blank\" rel=\"noopener\">Val de Ruda en Baqueira 1500<\/a>. Todos reformados con los mejores electrodom\u00e9sticos, acceso directo al telecabina y salas de taquillas; pensando en el mayor confort.<\/p><p>La lista de apartamentos van desde 2 dormitorios para 4\/6 personas, hasta casas de lujo para 12 personas y m\u00e1s.\u00a0 \u00a0Todos nuestros alojamientos en Val de Ruda inlcuyen una plaza de parking y taquilla guarda- esqu\u00eds en salas, que te llevan al\u00a0 telecabina de Baqueira 1500.<\/p><p>Para grupos grandes que no cab\u00e9is en un solo alojamiento, no os preocup\u00e9is, en Totiaran disponemos de varios alojamientos situados al lado de otros en el mismo Bloque\/grupo, en esta preciosa urbanizaci\u00f3n.\u00a0 A continuaci\u00f3n os detallamos por grupos los alojamientos que se encuentran pr\u00f3ximos el uno del otro:<\/p><\/div><\/div><\/div><\/div>\t\t\t\t\t\t\t\t<\/div>\n\t\t\t\t<\/div>\n\t\t\t\t\t<\/div>\n\t\t<\/div>\n\t\t\t\t\t<\/div>\n\t\t<\/section>\n\t\t\t\t<section class=\"elementor-section elementor-top-section elementor-element elementor-element-6d80324 elementor-section-boxed elementor-section-height-default elementor-section-height-default\" data-id=\"6d80324\" data-element_type=\"section\" data-e-type=\"section\">\n\t\t\t\t\t\t<div class=\"elementor-container elementor-column-gap-default\">\n\t\t\t\t\t<div class=\"elementor-column elementor-col-100 elementor-top-column elementor-element elementor-element-dd3d314\" data-id=\"dd3d314\" data-element_type=\"column\" data-e-type=\"column\">\n\t\t\t<div class=\"elementor-widget-wrap elementor-element-populated\">\n\t\t\t\t\t\t<div class=\"elementor-element elementor-element-04223dc elementor-widget elementor-widget-grid\" data-id=\"04223dc\" data-element_type=\"widget\" data-e-type=\"widget\" data-widget_type=\"grid.default\">\n\t\t\t\t<div class=\"elementor-widget-container\">\n\t\t\t\t\t\t\t<div class=\"its--row alojamientos-recomendados\">\n\n\t\t\t<div class=\"alojamientos-recomendados-container\">\n\n\t\t\t\t\t\n\t\t\t\t\t<a href=\"https:\/\/www.totiaranalquilerbaqueira.com\/alquiler\/apartamento-baqueira-cabirol-by-totiaran-287709.html\" rel=\"nofollow\" style=\"width: 23%;\">\n\t\t\t\t\t\t<div class=\"apartamento-box\">\n\t\t\t\t\t\t\t<div class=\"imagen_recomendados\">\n\t\t\t\t\t\t\t\t<img decoding=\"async\" src=\"https:\/\/crs.avantio.com\/fotos\/2\/16687892711ce8e9674a51be5bd7626f86f3a7ec0c\/big17657171077907499b579645c7d7b143df283899e0.jpg\" alt=\"Cabirol by Totiaran moderno triplex para 12p en Val de Ruda Baqueira\">\n\t\t\t\t\t\t\t<\/div>\n\t\t\t\t\t\t\t<div class=\"info\">\n\t\t\t\t\t\t\t\t<div class=\"ubicacion\">\n\t\t\t\t\t\t\t\t\t<i class=\"fa-solid fa-location-dot icono-mapa\"><\/i><span class=\"ubicacion-texto\">Baqueira - L\u00e9rida \/ Lleida<\/span>\n\t\t\t\t\t\t\t\t<\/div>\n\t\t\t\t\t\t\t\t<H4 class=\"titulo-alojamiento\">\n\t\t\t\t\t\t\t\t\tCabirol by Totiaran moderno triplex para 12p en Val de Ruda Baqueira\t\t\t\t\t\t\t\t<\/H4>\n\t\t\t\t\t\t\t\t<p class=\"precio-alojamiento\">Desde <span class=\"precio\">605.00\u20ac<\/span> por noche<\/p>\n\t\t\t\t\t\t\t<\/div>\n\t\t\t\t\t\t<\/div>\n\t\t\t\t\t<\/a> \n\t\t\t\t\t\t\n\t\t\t\t\t<a href=\"https:\/\/www.totiaranalquilerbaqueira.com\/alquiler\/apartamento-baqueira-invernalia-by-totiaran-287900.html\" rel=\"nofollow\" style=\"width: 23%;\">\n\t\t\t\t\t\t<div class=\"apartamento-box\">\n\t\t\t\t\t\t\t<div class=\"imagen_recomendados\">\n\t\t\t\t\t\t\t\t<img decoding=\"async\" src=\"https:\/\/crs.avantio.com\/fotos\/2\/157468559936939a71df584338e893e0b371f6fa33\/big1574685602d4d391d717176970ab31e4987fb7e5ce.jpg\" alt=\"Invernalia; precioso apartamento a pie de pista en Val de Ruda 3dorm\">\n\t\t\t\t\t\t\t<\/div>\n\t\t\t\t\t\t\t<div class=\"info\">\n\t\t\t\t\t\t\t\t<div class=\"ubicacion\">\n\t\t\t\t\t\t\t\t\t<i class=\"fa-solid fa-location-dot icono-mapa\"><\/i><span class=\"ubicacion-texto\">Baqueira - L\u00e9rida \/ Lleida<\/span>\n\t\t\t\t\t\t\t\t<\/div>\n\t\t\t\t\t\t\t\t<H4 class=\"titulo-alojamiento\">\n\t\t\t\t\t\t\t\t\tInvernalia; precioso apartamento a pie de pista en Val de Ruda 3dorm\t\t\t\t\t\t\t\t<\/H4>\n\t\t\t\t\t\t\t\t<p class=\"precio-alojamiento\">Desde <span class=\"precio\">290.00\u20ac<\/span> por noche<\/p>\n\t\t\t\t\t\t\t<\/div>\n\t\t\t\t\t\t<\/div>\n\t\t\t\t\t<\/a> \n\t\t\t\t\t\t\n\t\t\t\t\t<a href=\"https:\/\/www.totiaranalquilerbaqueira.com\/alquiler\/apartamento-baqueira-garona-by-totiaran-288038.html\" rel=\"nofollow\" style=\"width: 23%;\">\n\t\t\t\t\t\t<div class=\"apartamento-box\">\n\t\t\t\t\t\t\t<div class=\"imagen_recomendados\">\n\t\t\t\t\t\t\t\t<img decoding=\"async\" src=\"https:\/\/crs.avantio.com\/fotos\/2\/155801537135de154cb5bd90a2b4db10457c49ad2b\/big1566054394d3419b9a552c2047d0468217d8d4f58c.jpg\" alt=\"Garona by Totiaran\">\n\t\t\t\t\t\t\t<\/div>\n\t\t\t\t\t\t\t<div class=\"info\">\n\t\t\t\t\t\t\t\t<div class=\"ubicacion\">\n\t\t\t\t\t\t\t\t\t<i class=\"fa-solid fa-location-dot icono-mapa\"><\/i><span class=\"ubicacion-texto\">Baqueira - L\u00e9rida \/ Lleida<\/span>\n\t\t\t\t\t\t\t\t<\/div>\n\t\t\t\t\t\t\t\t<H4 class=\"titulo-alojamiento\">\n\t\t\t\t\t\t\t\t\tGarona by Totiaran\t\t\t\t\t\t\t\t<\/H4>\n\t\t\t\t\t\t\t\t<p class=\"precio-alojamiento\">Desde <span class=\"precio\">165.00\u20ac<\/span> por noche<\/p>\n\t\t\t\t\t\t\t<\/div>\n\t\t\t\t\t\t<\/div>\n\t\t\t\t\t<\/a> \n\t\t\t\t\t\t\n\t\t\t\t\t<a href=\"https:\/\/www.totiaranalquilerbaqueira.com\/alquiler\/apartamento-baqueira-costarjas-by-totiaran-288162.html\" rel=\"nofollow\" style=\"width: 23%;\">\n\t\t\t\t\t\t<div class=\"apartamento-box\">\n\t\t\t\t\t\t\t<div class=\"imagen_recomendados\">\n\t\t\t\t\t\t\t\t<img decoding=\"async\" src=\"https:\/\/crs.avantio.com\/fotos\/2\/15585191869274920e6f58877ed6aedd93af95acb9\/big1558519191caacc7f2600e71f7bb8b4dde4ba071e5.jpg\" alt=\"Costarj\u00e0s Fabuloso apartamento de 75m2 a pie de pistas en Cota 1500 de Baqueira-Beret\">\n\t\t\t\t\t\t\t<\/div>\n\t\t\t\t\t\t\t<div class=\"info\">\n\t\t\t\t\t\t\t\t<div class=\"ubicacion\">\n\t\t\t\t\t\t\t\t\t<i class=\"fa-solid fa-location-dot icono-mapa\"><\/i><span class=\"ubicacion-texto\">Baqueira - L\u00e9rida \/ Lleida<\/span>\n\t\t\t\t\t\t\t\t<\/div>\n\t\t\t\t\t\t\t\t<H4 class=\"titulo-alojamiento\">\n\t\t\t\t\t\t\t\t\tCostarj\u00e0s Fabuloso apartamento de 75m2 a pie de pistas en Cota 1500 de Baqueira-Beret\t\t\t\t\t\t\t\t<\/H4>\n\t\t\t\t\t\t\t\t<p class=\"precio-alojamiento\">Desde <span class=\"precio\">170.00\u20ac<\/span> por noche<\/p>\n\t\t\t\t\t\t\t<\/div>\n\t\t\t\t\t\t<\/div>\n\t\t\t\t\t<\/a> \n\t\t\t\t\t\t\n\t\t\t\t\t<a href=\"https:\/\/www.totiaranalquilerbaqueira.com\/alquiler\/casa-baqueira-casa-chamois-by-totiaran-288176.html\" rel=\"nofollow\" style=\"width: 23%;\">\n\t\t\t\t\t\t<div class=\"apartamento-box\">\n\t\t\t\t\t\t\t<div class=\"imagen_recomendados\">\n\t\t\t\t\t\t\t\t<img decoding=\"async\" src=\"https:\/\/crs.avantio.com\/fotos\/2\/156475171817fcb8ba6d096f4da141789c6d2e5112\/big1566065094a63f401ffb4cad366ab47fd67ba7bf3c.jpg\" alt=\"Casa Chamois Espectacular casa unifamiliar en Val de Ruda, Cota 1500 de Baqueira Beret\">\n\t\t\t\t\t\t\t<\/div>\n\t\t\t\t\t\t\t<div class=\"info\">\n\t\t\t\t\t\t\t\t<div class=\"ubicacion\">\n\t\t\t\t\t\t\t\t\t<i class=\"fa-solid fa-location-dot icono-mapa\"><\/i><span class=\"ubicacion-texto\">Baqueira - L\u00e9rida \/ Lleida<\/span>\n\t\t\t\t\t\t\t\t<\/div>\n\t\t\t\t\t\t\t\t<H4 class=\"titulo-alojamiento\">\n\t\t\t\t\t\t\t\t\tCasa Chamois Espectacular casa unifamiliar en Val de Ruda, Cota 1500 de Baqueira Beret\t\t\t\t\t\t\t\t<\/H4>\n\t\t\t\t\t\t\t\t<p class=\"precio-alojamiento\">Desde <span class=\"precio\">1600.00\u20ac<\/span> por noche<\/p>\n\t\t\t\t\t\t\t<\/div>\n\t\t\t\t\t\t<\/div>\n\t\t\t\t\t<\/a> \n\t\t\t\t\t\t\n\t\t\t\t\t<a href=\"https:\/\/www.totiaranalquilerbaqueira.com\/alquiler\/casa-baqueira-casa-hereisho-by-totiaran-288179.html\" rel=\"nofollow\" style=\"width: 23%;\">\n\t\t\t\t\t\t<div class=\"apartamento-box\">\n\t\t\t\t\t\t\t<div class=\"imagen_recomendados\">\n\t\t\t\t\t\t\t\t<img decoding=\"async\" src=\"https:\/\/crs.avantio.com\/fotos\/2\/15647529349b4df724a56b103e7ae9fbfd5955e97b\/big160268877461c511a2b9de0bdd9aa00428a1e2fb64.jpg\" alt=\"Casa Her\u00e8isho Casa de 300m2 de alto standing a pie de pistas Cota 1500\">\n\t\t\t\t\t\t\t<\/div>\n\t\t\t\t\t\t\t<div class=\"info\">\n\t\t\t\t\t\t\t\t<div class=\"ubicacion\">\n\t\t\t\t\t\t\t\t\t<i class=\"fa-solid fa-location-dot icono-mapa\"><\/i><span class=\"ubicacion-texto\">Baqueira - L\u00e9rida \/ Lleida<\/span>\n\t\t\t\t\t\t\t\t<\/div>\n\t\t\t\t\t\t\t\t<H4 class=\"titulo-alojamiento\">\n\t\t\t\t\t\t\t\t\tCasa Her\u00e8isho Casa de 300m2 de alto standing a pie de pistas Cota 1500\t\t\t\t\t\t\t\t<\/H4>\n\t\t\t\t\t\t\t\t<p class=\"precio-alojamiento\">Desde <span class=\"precio\">1600.00\u20ac<\/span> por noche<\/p>\n\t\t\t\t\t\t\t<\/div>\n\t\t\t\t\t\t<\/div>\n\t\t\t\t\t<\/a> \n\t\t\t\t\t\t\n\t\t\t\t\t<a href=\"https:\/\/www.totiaranalquilerbaqueira.com\/alquiler\/casa-baqueira-casa-lobo-by-totiaran-288181.html\" rel=\"nofollow\" style=\"width: 23%;\">\n\t\t\t\t\t\t<div class=\"apartamento-box\">\n\t\t\t\t\t\t\t<div class=\"imagen_recomendados\">\n\t\t\t\t\t\t\t\t<img decoding=\"async\" src=\"https:\/\/crs.avantio.com\/fotos\/2\/1564753044de2b0d05f73f9060e9de3f9b57268d86\/big1697649834f57ea394742434fcebcc3a250b5a8844.jpg\" alt=\"Casa Lobo - Val de Ruda\">\n\t\t\t\t\t\t\t<\/div>\n\t\t\t\t\t\t\t<div class=\"info\">\n\t\t\t\t\t\t\t\t<div class=\"ubicacion\">\n\t\t\t\t\t\t\t\t\t<i class=\"fa-solid fa-location-dot icono-mapa\"><\/i><span class=\"ubicacion-texto\">Baqueira - L\u00e9rida \/ Lleida<\/span>\n\t\t\t\t\t\t\t\t<\/div>\n\t\t\t\t\t\t\t\t<H4 class=\"titulo-alojamiento\">\n\t\t\t\t\t\t\t\t\tCasa Lobo - Val de Ruda\t\t\t\t\t\t\t\t<\/H4>\n\t\t\t\t\t\t\t\t<p class=\"precio-alojamiento\">Desde <span class=\"precio\">1900.00\u20ac<\/span> por noche<\/p>\n\t\t\t\t\t\t\t<\/div>\n\t\t\t\t\t\t<\/div>\n\t\t\t\t\t<\/a> \n\t\t\t\t\t\t\n\t\t\t\t\t<a href=\"https:\/\/www.totiaranalquilerbaqueira.com\/alquiler\/apartamento-baqueira-craba-by-totiaran-288184.html\" rel=\"nofollow\" style=\"width: 23%;\">\n\t\t\t\t\t\t<div class=\"apartamento-box\">\n\t\t\t\t\t\t\t<div class=\"imagen_recomendados\">\n\t\t\t\t\t\t\t\t<img decoding=\"async\" src=\"https:\/\/crs.avantio.com\/fotos\/2\/15585200437f571c3d1f73203efb7148b732296722\/big16342038989c921f41ee731ad9d6a3c6b9b4e8cc22.jpg\" alt=\"Craba Estupendo apartamento para 7p en Val de Ruda Cota 1500 de Baqueira -Beret\">\n\t\t\t\t\t\t\t<\/div>\n\t\t\t\t\t\t\t<div class=\"info\">\n\t\t\t\t\t\t\t\t<div class=\"ubicacion\">\n\t\t\t\t\t\t\t\t\t<i class=\"fa-solid fa-location-dot icono-mapa\"><\/i><span class=\"ubicacion-texto\">Baqueira - L\u00e9rida \/ Lleida<\/span>\n\t\t\t\t\t\t\t\t<\/div>\n\t\t\t\t\t\t\t\t<H4 class=\"titulo-alojamiento\">\n\t\t\t\t\t\t\t\t\tCraba Estupendo apartamento para 7p en Val de Ruda Cota 1500 de Baqueira -Beret\t\t\t\t\t\t\t\t<\/H4>\n\t\t\t\t\t\t\t\t<p class=\"precio-alojamiento\">Desde <span class=\"precio\">290.00\u20ac<\/span> por noche<\/p>\n\t\t\t\t\t\t\t<\/div>\n\t\t\t\t\t\t<\/div>\n\t\t\t\t\t<\/a> \n\t\t\t\t\t\t\n\t\t\t\t\t<a href=\"https:\/\/www.totiaranalquilerbaqueira.com\/alquiler\/apartamento-baqueira-esquiros-by-totiaran-288187.html\" rel=\"nofollow\" style=\"width: 23%;\">\n\t\t\t\t\t\t<div class=\"apartamento-box\">\n\t\t\t\t\t\t\t<div class=\"imagen_recomendados\">\n\t\t\t\t\t\t\t\t<img decoding=\"async\" src=\"https:\/\/crs.avantio.com\/fotos\/2\/15648158372962b2b6c19d3706ea88c3e9ce0c7764\/big16044831444e3c44b9755ac2c8263ece29702207df.jpg\" alt=\"Esquir\u00f3s Espacioso y acogedor apartamento para 8p a pie de pistas cota 1500\">\n\t\t\t\t\t\t\t<\/div>\n\t\t\t\t\t\t\t<div class=\"info\">\n\t\t\t\t\t\t\t\t<div class=\"ubicacion\">\n\t\t\t\t\t\t\t\t\t<i class=\"fa-solid fa-location-dot icono-mapa\"><\/i><span class=\"ubicacion-texto\">Baqueira - L\u00e9rida \/ Lleida<\/span>\n\t\t\t\t\t\t\t\t<\/div>\n\t\t\t\t\t\t\t\t<H4 class=\"titulo-alojamiento\">\n\t\t\t\t\t\t\t\t\tEsquir\u00f3s Espacioso y acogedor apartamento para 8p a pie de pistas cota 1500\t\t\t\t\t\t\t\t<\/H4>\n\t\t\t\t\t\t\t\t<p class=\"precio-alojamiento\">Desde <span class=\"precio\">280.00\u20ac<\/span> por noche<\/p>\n\t\t\t\t\t\t\t<\/div>\n\t\t\t\t\t\t<\/div>\n\t\t\t\t\t<\/a> \n\t\t\t\t\t\t\n\t\t\t\t\t<a href=\"https:\/\/www.totiaranalquilerbaqueira.com\/alquiler\/apartamento-baqueira-jireta-by-totiaran-288189.html\" rel=\"nofollow\" style=\"width: 23%;\">\n\t\t\t\t\t\t<div class=\"apartamento-box\">\n\t\t\t\t\t\t\t<div class=\"imagen_recomendados\">\n\t\t\t\t\t\t\t\t<img decoding=\"async\" src=\"https:\/\/crs.avantio.com\/fotos\/2\/155853695653bead93c8ff2fd7d385b2b34b6dfdc5\/big15660395510cb23c344057637451b6d67d23cbcfb8.jpg\" alt=\"Jireta Magnifico apartamento reci\u00e9n amueblado para 6p en Val de Ruda cota 1500\">\n\t\t\t\t\t\t\t<\/div>\n\t\t\t\t\t\t\t<div class=\"info\">\n\t\t\t\t\t\t\t\t<div class=\"ubicacion\">\n\t\t\t\t\t\t\t\t\t<i class=\"fa-solid fa-location-dot icono-mapa\"><\/i><span class=\"ubicacion-texto\">Baqueira - L\u00e9rida \/ Lleida<\/span>\n\t\t\t\t\t\t\t\t<\/div>\n\t\t\t\t\t\t\t\t<H4 class=\"titulo-alojamiento\">\n\t\t\t\t\t\t\t\t\tJireta Magnifico apartamento reci\u00e9n amueblado para 6p en Val de Ruda cota 1500\t\t\t\t\t\t\t\t<\/H4>\n\t\t\t\t\t\t\t\t<p class=\"precio-alojamiento\">Desde <span class=\"precio\">170.00\u20ac<\/span> por noche<\/p>\n\t\t\t\t\t\t\t<\/div>\n\t\t\t\t\t\t<\/div>\n\t\t\t\t\t<\/a> \n\t\t\t\t\t\t\n\t\t\t\t\t<a href=\"https:\/\/www.totiaranalquilerbaqueira.com\/alquiler\/apartamento-baqueira-montgarri-by-totiaran-288198.html\" rel=\"nofollow\" style=\"width: 23%;\">\n\t\t\t\t\t\t<div class=\"apartamento-box\">\n\t\t\t\t\t\t\t<div class=\"imagen_recomendados\">\n\t\t\t\t\t\t\t\t<img decoding=\"async\" src=\"https:\/\/crs.avantio.com\/fotos\/2\/1558621757ef24e529e9a9d07b09e1634a2dcf3304\/big172675099640f2fda9dc46eec23a8a4d62995f9f1b.jpg\" alt=\"Montgarri Magn\u00edfico apartamento de 2h\/2b para 6 personas a pie de pistas cota 1500\">\n\t\t\t\t\t\t\t<\/div>\n\t\t\t\t\t\t\t<div class=\"info\">\n\t\t\t\t\t\t\t\t<div class=\"ubicacion\">\n\t\t\t\t\t\t\t\t\t<i class=\"fa-solid fa-location-dot icono-mapa\"><\/i><span class=\"ubicacion-texto\">Baqueira - L\u00e9rida \/ Lleida<\/span>\n\t\t\t\t\t\t\t\t<\/div>\n\t\t\t\t\t\t\t\t<H4 class=\"titulo-alojamiento\">\n\t\t\t\t\t\t\t\t\tMontgarri Magn\u00edfico apartamento de 2h\/2b para 6 personas a pie de pistas cota 1500\t\t\t\t\t\t\t\t<\/H4>\n\t\t\t\t\t\t\t\t<p class=\"precio-alojamiento\">Desde <span class=\"precio\">225.00\u20ac<\/span> por noche<\/p>\n\t\t\t\t\t\t\t<\/div>\n\t\t\t\t\t\t<\/div>\n\t\t\t\t\t<\/a> \n\t\t\t\t\t\t\n\t\t\t\t\t<a href=\"https:\/\/www.totiaranalquilerbaqueira.com\/alquiler\/apartamento-baqueira-orri-by-totiaran-288201.html\" rel=\"nofollow\" style=\"width: 23%;\">\n\t\t\t\t\t\t<div class=\"apartamento-box\">\n\t\t\t\t\t\t\t<div class=\"imagen_recomendados\">\n\t\t\t\t\t\t\t\t<img decoding=\"async\" src=\"https:\/\/crs.avantio.com\/fotos\/2\/1564820492b1ae1e22820b0f541d2c15c8e652237a\/big1570106547bc215e44f38b8136d3aba3c500a9c7e1.jpg\" alt=\"Orri Estupendo apartamento para 5p a pie de pistas cota 1500 de Baqueira-Beret\">\n\t\t\t\t\t\t\t<\/div>\n\t\t\t\t\t\t\t<div class=\"info\">\n\t\t\t\t\t\t\t\t<div class=\"ubicacion\">\n\t\t\t\t\t\t\t\t\t<i class=\"fa-solid fa-location-dot icono-mapa\"><\/i><span class=\"ubicacion-texto\">Baqueira - L\u00e9rida \/ Lleida<\/span>\n\t\t\t\t\t\t\t\t<\/div>\n\t\t\t\t\t\t\t\t<H4 class=\"titulo-alojamiento\">\n\t\t\t\t\t\t\t\t\tOrri Estupendo apartamento para 5p a pie de pistas cota 1500 de Baqueira-Beret\t\t\t\t\t\t\t\t<\/H4>\n\t\t\t\t\t\t\t\t<p class=\"precio-alojamiento\">Desde <span class=\"precio\">170.00\u20ac<\/span> por noche<\/p>\n\t\t\t\t\t\t\t<\/div>\n\t\t\t\t\t\t<\/div>\n\t\t\t\t\t<\/a> \n\t\t\t\t\t\t\t\t<\/div>\n\t\t\t<\/div>\n\t\t\t\t\t\t<\/div>\n\t\t\t\t<\/div>\n\t\t\t\t\t<\/div>\n\t\t<\/div>\n\t\t\t\t\t<\/div>\n\t\t<\/section>\n\t\t\t\t<section class=\"elementor-section elementor-top-section elementor-element elementor-element-fa8949f elementor-section-boxed elementor-section-height-default elementor-section-height-default\" data-id=\"fa8949f\" data-element_type=\"section\" data-e-type=\"section\">\n\t\t\t\t\t\t<div class=\"elementor-container elementor-column-gap-default\">\n\t\t\t\t\t<div class=\"elementor-column elementor-col-100 elementor-top-column elementor-element elementor-element-60f44cd\" data-id=\"60f44cd\" data-element_type=\"column\" data-e-type=\"column\">\n\t\t\t<div class=\"elementor-widget-wrap elementor-element-populated\">\n\t\t\t\t\t\t<div class=\"elementor-element elementor-element-c02680b elementor-widget elementor-widget-heading\" data-id=\"c02680b\" data-element_type=\"widget\" data-e-type=\"widget\" data-widget_type=\"heading.default\">\n\t\t\t\t<div class=\"elementor-widget-container\">\n\t\t\t\t\t<h2 class=\"elementor-heading-title elementor-size-default\">Descubre todos nuestros alojamientos en Val de Ruda y alrededores<\/h2>\t\t\t\t<\/div>\n\t\t\t\t<\/div>\n\t\t\t\t\t<\/div>\n\t\t<\/div>\n\t\t\t\t\t<\/div>\n\t\t<\/section>\n\t\t\t\t<section class=\"elementor-section elementor-top-section elementor-element elementor-element-4701374c elementor-section-boxed elementor-section-height-default elementor-section-height-default\" data-id=\"4701374c\" data-element_type=\"section\" data-e-type=\"section\">\n\t\t\t\t\t\t<div class=\"elementor-container elementor-column-gap-default\">\n\t\t\t\t\t<div class=\"elementor-column elementor-col-33 elementor-top-column elementor-element elementor-element-f46cae8\" data-id=\"f46cae8\" data-element_type=\"column\" data-e-type=\"column\">\n\t\t\t<div class=\"elementor-widget-wrap elementor-element-populated\">\n\t\t\t\t\t\t<div class=\"elementor-element elementor-element-6283ea0b elementor-align-left elementor-widget elementor-widget-button\" data-id=\"6283ea0b\" data-element_type=\"widget\" data-e-type=\"widget\" data-widget_type=\"button.default\">\n\t\t\t\t<div class=\"elementor-widget-container\">\n\t\t\t\t\t\t\t\t\t<div class=\"elementor-button-wrapper\">\n\t\t\t\t\t<a class=\"elementor-button elementor-button-link elementor-size-sm\" href=\"https:\/\/www.totiaranalquilerbaqueira.com\/alquiler\/alquileres-baqueira-d1396\/\">\n\t\t\t\t\t\t<span class=\"elementor-button-content-wrapper\">\n\t\t\t\t\t\t\t\t\t<span class=\"elementor-button-text\">Alojamientos en Baqueira<\/span>\n\t\t\t\t\t<\/span>\n\t\t\t\t\t<\/a>\n\t\t\t\t<\/div>\n\t\t\t\t\t\t\t\t<\/div>\n\t\t\t\t<\/div>\n\t\t\t\t\t<\/div>\n\t\t<\/div>\n\t\t\t\t<div class=\"elementor-column elementor-col-33 elementor-top-column elementor-element elementor-element-5fadc3e2\" data-id=\"5fadc3e2\" data-element_type=\"column\" data-e-type=\"column\">\n\t\t\t<div class=\"elementor-widget-wrap elementor-element-populated\">\n\t\t\t\t\t\t<div class=\"elementor-element elementor-element-61270f86 elementor-align-left elementor-widget elementor-widget-button\" data-id=\"61270f86\" data-element_type=\"widget\" data-e-type=\"widget\" data-widget_type=\"button.default\">\n\t\t\t\t<div class=\"elementor-widget-container\">\n\t\t\t\t\t\t\t\t\t<div class=\"elementor-button-wrapper\">\n\t\t\t\t\t<a class=\"elementor-button elementor-button-link elementor-size-sm\" href=\"https:\/\/www.totiaranalquilerbaqueira.com\/alquiler\/alquileres-baqueira-1500-val-de-ruda-baqueira-n1906304\/\">\n\t\t\t\t\t\t<span class=\"elementor-button-content-wrapper\">\n\t\t\t\t\t\t\t\t\t<span class=\"elementor-button-text\">Alojamientos en Val de Ruda<\/span>\n\t\t\t\t\t<\/span>\n\t\t\t\t\t<\/a>\n\t\t\t\t<\/div>\n\t\t\t\t\t\t\t\t<\/div>\n\t\t\t\t<\/div>\n\t\t\t\t\t<\/div>\n\t\t<\/div>\n\t\t\t\t<div class=\"elementor-column elementor-col-33 elementor-top-column elementor-element elementor-element-58973c73\" data-id=\"58973c73\" data-element_type=\"column\" data-e-type=\"column\">\n\t\t\t<div class=\"elementor-widget-wrap elementor-element-populated\">\n\t\t\t\t\t\t<div class=\"elementor-element elementor-element-1f18e1ff elementor-align-left elementor-widget elementor-widget-button\" data-id=\"1f18e1ff\" data-element_type=\"widget\" data-e-type=\"widget\" data-widget_type=\"button.default\">\n\t\t\t\t<div class=\"elementor-widget-container\">\n\t\t\t\t\t\t\t\t\t<div class=\"elementor-button-wrapper\">\n\t\t\t\t\t<a class=\"elementor-button elementor-button-link elementor-size-sm\" href=\"https:\/\/www.totiaranalquilerbaqueira.com\/alquiler\/alquiler-alquileres-u0\/\">\n\t\t\t\t\t\t<span class=\"elementor-button-content-wrapper\">\n\t\t\t\t\t\t\t\t\t<span class=\"elementor-button-text\">Alojamientos en Valle de Ar\u00e1n<\/span>\n\t\t\t\t\t<\/span>\n\t\t\t\t\t<\/a>\n\t\t\t\t<\/div>\n\t\t\t\t\t\t\t\t<\/div>\n\t\t\t\t<\/div>\n\t\t\t\t\t<\/div>\n\t\t<\/div>\n\t\t\t\t\t<\/div>\n\t\t<\/section>\n\t\t\t\t<section class=\"elementor-section elementor-top-section elementor-element elementor-element-182be64 elementor-section-boxed elementor-section-height-default elementor-section-height-default\" data-id=\"182be64\" data-element_type=\"section\" data-e-type=\"section\" data-settings=\"{&quot;background_background&quot;:&quot;classic&quot;}\">\n\t\t\t\t\t\t<div class=\"elementor-container elementor-column-gap-no\">\n\t\t\t\t\t<div class=\"elementor-column elementor-col-50 elementor-top-column elementor-element elementor-element-217faf4\" data-id=\"217faf4\" data-element_type=\"column\" data-e-type=\"column\">\n\t\t\t<div class=\"elementor-widget-wrap elementor-element-populated\">\n\t\t\t\t\t\t<div class=\"elementor-element elementor-element-3c764ab elementor-widget elementor-widget-text-editor\" data-id=\"3c764ab\" data-element_type=\"widget\" data-e-type=\"widget\" data-widget_type=\"text-editor.default\">\n\t\t\t\t<div class=\"elementor-widget-container\">\n\t\t\t\t\t\t\t\t\t<p style=\"text-align: left;\"><span style=\"color: #ffffff;\">Si reservas tu alojamiento en Val de Ruda con nosotros, <strong>tienes un 25% de descuento en el alquiler de Esqu\u00eds en\u00a0 Totirent Ski. Ya no tienes excusa, \u00bfvamos a Val de Ruda a esquiar en Baqueira?<\/strong><\/span><\/p>\t\t\t\t\t\t\t\t<\/div>\n\t\t\t\t<\/div>\n\t\t\t\t\t<\/div>\n\t\t<\/div>\n\t\t\t\t<div class=\"elementor-column elementor-col-50 elementor-top-column elementor-element elementor-element-65e1841\" data-id=\"65e1841\" data-element_type=\"column\" data-e-type=\"column\">\n\t\t\t<div class=\"elementor-widget-wrap elementor-element-populated\">\n\t\t\t\t\t\t<div class=\"elementor-element elementor-element-cd5ea45 elementor-align-center elementor-widget elementor-widget-button\" data-id=\"cd5ea45\" data-element_type=\"widget\" data-e-type=\"widget\" data-widget_type=\"button.default\">\n\t\t\t\t<div class=\"elementor-widget-container\">\n\t\t\t\t\t\t\t\t\t<div class=\"elementor-button-wrapper\">\n\t\t\t\t\t<a class=\"elementor-button elementor-button-link elementor-size-sm\" href=\"https:\/\/www.totiaranalquilerbaqueira.com\/blog\/alquiler-ski-reparaciones\/\">\n\t\t\t\t\t\t<span class=\"elementor-button-content-wrapper\">\n\t\t\t\t\t\t\t\t\t<span class=\"elementor-button-text\">Alquiler de ski en Val de Ruda<\/span>\n\t\t\t\t\t<\/span>\n\t\t\t\t\t<\/a>\n\t\t\t\t<\/div>\n\t\t\t\t\t\t\t\t<\/div>\n\t\t\t\t<\/div>\n\t\t\t\t\t<\/div>\n\t\t<\/div>\n\t\t\t\t\t<\/div>\n\t\t<\/section>\n\t\t\t\t<section class=\"elementor-section elementor-top-section elementor-element elementor-element-639668e elementor-section-full_width elementor-section-height-default elementor-section-height-default\" data-id=\"639668e\" data-element_type=\"section\" data-e-type=\"section\">\n\t\t\t\t\t\t<div class=\"elementor-container elementor-column-gap-no\">\n\t\t\t\t\t<div class=\"elementor-column elementor-col-100 elementor-top-column elementor-element elementor-element-eab4dfd\" data-id=\"eab4dfd\" data-element_type=\"column\" data-e-type=\"column\">\n\t\t\t<div class=\"elementor-widget-wrap elementor-element-populated\">\n\t\t\t\t\t\t<div class=\"elementor-element elementor-element-3495fe6 elementor-widget elementor-widget-image\" data-id=\"3495fe6\" data-element_type=\"widget\" data-e-type=\"widget\" data-widget_type=\"image.default\">\n\t\t\t\t<div class=\"elementor-widget-container\">\n\t\t\t\t\t\t\t\t\t\t\t\t\t\t\t<img decoding=\"async\" width=\"1920\" height=\"834\" src=\"https:\/\/www.totiaranalquilerbaqueira.com\/blog\/wp-content\/uploads\/2024\/08\/val-de-ruda1.jpg\" class=\"attachment-full size-full wp-image-3221\" alt=\"\" srcset=\"https:\/\/www.totiaranalquilerbaqueira.com\/blog\/wp-content\/uploads\/2024\/08\/val-de-ruda1.jpg 1920w, https:\/\/www.totiaranalquilerbaqueira.com\/blog\/wp-content\/uploads\/2024\/08\/val-de-ruda1-300x130.jpg 300w, https:\/\/www.totiaranalquilerbaqueira.com\/blog\/wp-content\/uploads\/2024\/08\/val-de-ruda1-1024x445.jpg 1024w, https:\/\/www.totiaranalquilerbaqueira.com\/blog\/wp-content\/uploads\/2024\/08\/val-de-ruda1-768x334.jpg 768w, https:\/\/www.totiaranalquilerbaqueira.com\/blog\/wp-content\/uploads\/2024\/08\/val-de-ruda1-1536x667.jpg 1536w\" sizes=\"(max-width: 1920px) 100vw, 1920px\" \/>\t\t\t\t\t\t\t\t\t\t\t\t\t\t\t<\/div>\n\t\t\t\t<\/div>\n\t\t\t\t\t<\/div>\n\t\t<\/div>\n\t\t\t\t\t<\/div>\n\t\t<\/section>\n\t\t\t\t<section class=\"elementor-section elementor-top-section elementor-element elementor-element-8566a08 elementor-section-content-middle elementor-section-boxed elementor-section-height-default elementor-section-height-default\" data-id=\"8566a08\" data-element_type=\"section\" data-e-type=\"section\" data-settings=\"{&quot;background_background&quot;:&quot;classic&quot;}\">\n\t\t\t\t\t\t<div class=\"elementor-container elementor-column-gap-no\">\n\t\t\t\t\t<div class=\"elementor-column elementor-col-100 elementor-top-column elementor-element elementor-element-32569a\" data-id=\"32569a\" data-element_type=\"column\" data-e-type=\"column\">\n\t\t\t<div class=\"elementor-widget-wrap elementor-element-populated\">\n\t\t\t\t\t\t<div class=\"elementor-element elementor-element-2548f6bd elementor-widget elementor-widget-heading\" data-id=\"2548f6bd\" data-element_type=\"widget\" data-e-type=\"widget\" data-widget_type=\"heading.default\">\n\t\t\t\t<div class=\"elementor-widget-container\">\n\t\t\t\t\t<h2 class=\"elementor-heading-title elementor-size-default\">Servicios adicionales en Val de Ruda<\/h2>\t\t\t\t<\/div>\n\t\t\t\t<\/div>\n\t\t\t\t<div class=\"elementor-element elementor-element-1e77875d elementor-widget elementor-widget-heading\" data-id=\"1e77875d\" data-element_type=\"widget\" data-e-type=\"widget\" data-widget_type=\"heading.default\">\n\t\t\t\t<div class=\"elementor-widget-container\">\n\t\t\t\t\t<h5 class=\"elementor-heading-title elementor-size-default\">Tu tranquilidad y bienestar es la principal preocupaci\u00f3n del equipo de Toti Ar\u00e1n. Por esta raz\u00f3n, le ofrecemos un conjunto de servicios adicionales para que sus vacaciones sean perfectas en Baqueira Beret:<\/h5>\t\t\t\t<\/div>\n\t\t\t\t<\/div>\n\t\t\t\t<section class=\"elementor-section elementor-inner-section elementor-element elementor-element-f2b2482 elementor-section-content-middle elementor-section-boxed elementor-section-height-default elementor-section-height-default\" data-id=\"f2b2482\" data-element_type=\"section\" data-e-type=\"section\">\n\t\t\t\t\t\t<div class=\"elementor-container elementor-column-gap-default\">\n\t\t\t\t\t<div class=\"elementor-column elementor-col-33 elementor-inner-column elementor-element elementor-element-2e96bd87\" data-id=\"2e96bd87\" data-element_type=\"column\" data-e-type=\"column\" data-settings=\"{&quot;background_background&quot;:&quot;classic&quot;}\">\n\t\t\t<div class=\"elementor-widget-wrap elementor-element-populated\">\n\t\t\t\t\t<div class=\"elementor-background-overlay\"><\/div>\n\t\t\t\t\t\t<div class=\"elementor-element elementor-element-1ba5a4aa elementor-cta--skin-cover elementor-cta--valign-middle elementor-bg-transform elementor-bg-transform-zoom-out elementor-animated-content elementor-widget elementor-widget-call-to-action\" data-id=\"1ba5a4aa\" data-element_type=\"widget\" data-e-type=\"widget\" data-widget_type=\"call-to-action.default\">\n\t\t\t\t<div class=\"elementor-widget-container\">\n\t\t\t\t\t\t\t<div class=\"elementor-cta\">\n\t\t\t\t\t<div class=\"elementor-cta__bg-wrapper\">\n\t\t\t\t<div class=\"elementor-cta__bg elementor-bg\" style=\"background-image: url(https:\/\/www.totiaranalquilerbaqueira.com\/blog\/wp-content\/uploads\/2024\/08\/botas-de-ski-como-elegirlas-768x465.jpg);\" role=\"img\" aria-label=\"botas de ski. c\u00f3mo elegirlas\"><\/div>\n\t\t\t\t<div class=\"elementor-cta__bg-overlay\"><\/div>\n\t\t\t<\/div>\n\t\t\t\t\t\t\t<div class=\"elementor-cta__content\">\n\t\t\t\t\n\t\t\t\t\t\t\t\t\t<h2 class=\"elementor-cta__title elementor-cta__content-item elementor-content-item elementor-animated-item--grow\">\n\t\t\t\t\t\tAlquiler de Skis\t\t\t\t\t<\/h2>\n\t\t\t\t\n\t\t\t\t\n\t\t\t\t\t\t\t<\/div>\n\t\t\t\t\t\t<\/div>\n\t\t\t\t\t\t<\/div>\n\t\t\t\t<\/div>\n\t\t\t\t\t<\/div>\n\t\t<\/div>\n\t\t\t\t<div class=\"elementor-column elementor-col-33 elementor-inner-column elementor-element elementor-element-63b46866\" data-id=\"63b46866\" data-element_type=\"column\" data-e-type=\"column\">\n\t\t\t<div class=\"elementor-widget-wrap elementor-element-populated\">\n\t\t\t\t\t\t<div class=\"elementor-element elementor-element-4c428984 elementor-cta--skin-cover elementor-bg-transform elementor-bg-transform-zoom-out elementor-animated-content elementor-widget elementor-widget-call-to-action\" data-id=\"4c428984\" data-element_type=\"widget\" data-e-type=\"widget\" data-widget_type=\"call-to-action.default\">\n\t\t\t\t<div class=\"elementor-widget-container\">\n\t\t\t\t\t\t\t<div class=\"elementor-cta\">\n\t\t\t\t\t<div class=\"elementor-cta__bg-wrapper\">\n\t\t\t\t<div class=\"elementor-cta__bg elementor-bg\" style=\"background-image: url(https:\/\/www.totiaranalquilerbaqueira.com\/blog\/wp-content\/uploads\/2024\/08\/lavanderia-baqueira.jpg);\" role=\"img\" aria-label=\"lavanderia en baqueira\"><\/div>\n\t\t\t\t<div class=\"elementor-cta__bg-overlay\"><\/div>\n\t\t\t<\/div>\n\t\t\t\t\t\t\t<div class=\"elementor-cta__content\">\n\t\t\t\t\n\t\t\t\t\t\t\t\t\t<h2 class=\"elementor-cta__title elementor-cta__content-item elementor-content-item elementor-animated-item--grow\">\n\t\t\t\t\t\tLavander\u00eda a domicilio\t\t\t\t\t<\/h2>\n\t\t\t\t\n\t\t\t\t\n\t\t\t\t\t\t\t<\/div>\n\t\t\t\t\t\t<\/div>\n\t\t\t\t\t\t<\/div>\n\t\t\t\t<\/div>\n\t\t\t\t\t<\/div>\n\t\t<\/div>\n\t\t\t\t<div class=\"elementor-column elementor-col-33 elementor-inner-column elementor-element elementor-element-032bf6a\" data-id=\"032bf6a\" data-element_type=\"column\" data-e-type=\"column\">\n\t\t\t<div class=\"elementor-widget-wrap elementor-element-populated\">\n\t\t\t\t\t\t<div class=\"elementor-element elementor-element-043bc72 elementor-cta--skin-cover elementor-bg-transform elementor-bg-transform-zoom-out elementor-animated-content elementor-widget elementor-widget-call-to-action\" data-id=\"043bc72\" data-element_type=\"widget\" data-e-type=\"widget\" data-widget_type=\"call-to-action.default\">\n\t\t\t\t<div class=\"elementor-widget-container\">\n\t\t\t\t\t\t\t<div class=\"elementor-cta\">\n\t\t\t\t\t<div class=\"elementor-cta__bg-wrapper\">\n\t\t\t\t<div class=\"elementor-cta__bg elementor-bg\" style=\"background-image: url(https:\/\/www.totiaranalquilerbaqueira.com\/blog\/wp-content\/uploads\/2024\/08\/canguros-baqueira-768x386.jpg);\" role=\"img\" aria-label=\"Servicio de canguro y cuidado de ni\u00f1os en Baqueira\"><\/div>\n\t\t\t\t<div class=\"elementor-cta__bg-overlay\"><\/div>\n\t\t\t<\/div>\n\t\t\t\t\t\t\t<div class=\"elementor-cta__content\">\n\t\t\t\t\n\t\t\t\t\t\t\t\t\t<h2 class=\"elementor-cta__title elementor-cta__content-item elementor-content-item elementor-animated-item--grow\">\n\t\t\t\t\t\tCanguros\t\t\t\t\t<\/h2>\n\t\t\t\t\n\t\t\t\t\n\t\t\t\t\t\t\t<\/div>\n\t\t\t\t\t\t<\/div>\n\t\t\t\t\t\t<\/div>\n\t\t\t\t<\/div>\n\t\t\t\t\t<\/div>\n\t\t<\/div>\n\t\t\t\t\t<\/div>\n\t\t<\/section>\n\t\t\t\t<section class=\"elementor-section elementor-inner-section elementor-element elementor-element-6c2b4ed elementor-section-content-middle elementor-section-boxed elementor-section-height-default elementor-section-height-default\" data-id=\"6c2b4ed\" data-element_type=\"section\" data-e-type=\"section\">\n\t\t\t\t\t\t<div class=\"elementor-container elementor-column-gap-default\">\n\t\t\t\t\t<div class=\"elementor-column elementor-col-33 elementor-inner-column elementor-element elementor-element-dcb12d4\" data-id=\"dcb12d4\" data-element_type=\"column\" data-e-type=\"column\">\n\t\t\t<div class=\"elementor-widget-wrap elementor-element-populated\">\n\t\t\t\t\t\t<div class=\"elementor-element elementor-element-99afa85 elementor-cta--skin-cover elementor-cta--valign-middle elementor-bg-transform elementor-bg-transform-zoom-out elementor-animated-content elementor-widget elementor-widget-call-to-action\" data-id=\"99afa85\" data-element_type=\"widget\" data-e-type=\"widget\" data-widget_type=\"call-to-action.default\">\n\t\t\t\t<div class=\"elementor-widget-container\">\n\t\t\t\t\t\t\t<div class=\"elementor-cta\">\n\t\t\t\t\t<div class=\"elementor-cta__bg-wrapper\">\n\t\t\t\t<div class=\"elementor-cta__bg elementor-bg\" style=\"background-image: url(https:\/\/www.totiaranalquilerbaqueira.com\/blog\/wp-content\/uploads\/2024\/08\/compra-a-domicilio-baqueira-768x483.jpg);\" role=\"img\" aria-label=\"Compra a domicilio en Baqueira\"><\/div>\n\t\t\t\t<div class=\"elementor-cta__bg-overlay\"><\/div>\n\t\t\t<\/div>\n\t\t\t\t\t\t\t<div class=\"elementor-cta__content\">\n\t\t\t\t\n\t\t\t\t\t\t\t\t\t<h2 class=\"elementor-cta__title elementor-cta__content-item elementor-content-item elementor-animated-item--grow\">\n\t\t\t\t\t\tComida a domicilio\t\t\t\t\t<\/h2>\n\t\t\t\t\n\t\t\t\t\n\t\t\t\t\t\t\t<\/div>\n\t\t\t\t\t\t<\/div>\n\t\t\t\t\t\t<\/div>\n\t\t\t\t<\/div>\n\t\t\t\t\t<\/div>\n\t\t<\/div>\n\t\t\t\t<div class=\"elementor-column elementor-col-33 elementor-inner-column elementor-element elementor-element-9cc2f7b\" data-id=\"9cc2f7b\" data-element_type=\"column\" data-e-type=\"column\">\n\t\t\t<div class=\"elementor-widget-wrap elementor-element-populated\">\n\t\t\t\t\t\t<div class=\"elementor-element elementor-element-11c51c2 elementor-cta--skin-cover elementor-bg-transform elementor-bg-transform-zoom-out elementor-animated-content elementor-widget elementor-widget-call-to-action\" data-id=\"11c51c2\" data-element_type=\"widget\" data-e-type=\"widget\" data-widget_type=\"call-to-action.default\">\n\t\t\t\t<div class=\"elementor-widget-container\">\n\t\t\t\t\t\t\t<div class=\"elementor-cta\">\n\t\t\t\t\t<div class=\"elementor-cta__bg-wrapper\">\n\t\t\t\t<div class=\"elementor-cta__bg elementor-bg\" style=\"background-image: url(https:\/\/www.totiaranalquilerbaqueira.com\/blog\/wp-content\/uploads\/2024\/08\/taxi-traslados-baqueira.jpg);\" role=\"img\" aria-label=\"Taxis y traslados en Baqueira\"><\/div>\n\t\t\t\t<div class=\"elementor-cta__bg-overlay\"><\/div>\n\t\t\t<\/div>\n\t\t\t\t\t\t\t<div class=\"elementor-cta__content\">\n\t\t\t\t\n\t\t\t\t\t\t\t\t\t<h2 class=\"elementor-cta__title elementor-cta__content-item elementor-content-item elementor-animated-item--grow\">\n\t\t\t\t\t\tTransporte privado\t\t\t\t\t<\/h2>\n\t\t\t\t\n\t\t\t\t\n\t\t\t\t\t\t\t<\/div>\n\t\t\t\t\t\t<\/div>\n\t\t\t\t\t\t<\/div>\n\t\t\t\t<\/div>\n\t\t\t\t\t<\/div>\n\t\t<\/div>\n\t\t\t\t<div class=\"elementor-column elementor-col-33 elementor-inner-column elementor-element elementor-element-c1d3989\" data-id=\"c1d3989\" data-element_type=\"column\" data-e-type=\"column\">\n\t\t\t<div class=\"elementor-widget-wrap elementor-element-populated\">\n\t\t\t\t\t\t<div class=\"elementor-element elementor-element-0dc549b elementor-cta--skin-cover elementor-bg-transform elementor-bg-transform-zoom-out elementor-animated-content elementor-widget elementor-widget-call-to-action\" data-id=\"0dc549b\" data-element_type=\"widget\" data-e-type=\"widget\" data-widget_type=\"call-to-action.default\">\n\t\t\t\t<div class=\"elementor-widget-container\">\n\t\t\t\t\t\t\t<div class=\"elementor-cta\">\n\t\t\t\t\t<div class=\"elementor-cta__bg-wrapper\">\n\t\t\t\t<div class=\"elementor-cta__bg elementor-bg\" style=\"background-image: url(https:\/\/www.totiaranalquilerbaqueira.com\/blog\/wp-content\/uploads\/2024\/08\/ninos-curso-esqui.jpg);\" role=\"img\" aria-label=\"Ninos en un curso de esqui\"><\/div>\n\t\t\t\t<div class=\"elementor-cta__bg-overlay\"><\/div>\n\t\t\t<\/div>\n\t\t\t\t\t\t\t<div class=\"elementor-cta__content\">\n\t\t\t\t\n\t\t\t\t\t\t\t\t\t<h2 class=\"elementor-cta__title elementor-cta__content-item elementor-content-item elementor-animated-item--grow\">\n\t\t\t\t\t\tClases de ski\t\t\t\t\t<\/h2>\n\t\t\t\t\n\t\t\t\t\n\t\t\t\t\t\t\t<\/div>\n\t\t\t\t\t\t<\/div>\n\t\t\t\t\t\t<\/div>\n\t\t\t\t<\/div>\n\t\t\t\t\t<\/div>\n\t\t<\/div>\n\t\t\t\t\t<\/div>\n\t\t<\/section>\n\t\t\t\t\t<\/div>\n\t\t<\/div>\n\t\t\t\t\t<\/div>\n\t\t<\/section>\n\t\t\t\t<\/div>\n\t\t","protected":false},"excerpt":{"rendered":"<p>\u00bfD\u00f3nde est\u00e1 Val de Ruda? Val de Ruda es una exclusiva urbanizaci\u00f3n ubicada en el coraz\u00f3n de Baqueira Beret, en el Valle de Ar\u00e1n, Lleida. Para llegar, debes tomar la carretera C-28 desde Vielha, en direcci\u00f3n a Salard\u00fa y Baqueira. A unos 13 km de Vielha, antes de llegar al n\u00facleo de Baqueira, encontrar\u00e1s la [&hellip;]<\/p>\n","protected":false},"author":2,"featured_media":3168,"parent":0,"menu_order":0,"comment_status":"closed","ping_status":"closed","template":"","meta":{"footnotes":""},"class_list":["post-3167","page","type-page","status-publish","has-post-thumbnail","hentry"],"yoast_head":"<!-- This site is optimized with the Yoast SEO plugin v27.4 - https:\/\/yoast.com\/product\/yoast-seo-wordpress\/ -->\n<title>Val de Ruda in Baqueira, luxury and snow near the ski slopes<\/title>\n<meta name=\"description\" content=\"Discover Val de Ruda, one of the most exclusive developments in the Pyrenees, next to the ski lifts to the ski slopes in Baqueira Beret.\" \/>\n<meta name=\"robots\" content=\"index, follow, max-snippet:-1, max-image-preview:large, max-video-preview:-1\" \/>\n<link rel=\"canonical\" href=\"https:\/\/www.totiaranalquilerbaqueira.com\/blog\/val-de-ruda\/\" \/>\n<meta property=\"og:locale\" content=\"es_ES\" \/>\n<meta property=\"og:type\" content=\"article\" \/>\n<meta property=\"og:title\" content=\"Val de Ruda in Baqueira, luxury and snow near the ski slopes\" \/>\n<meta property=\"og:description\" content=\"Discover Val de Ruda, one of the most exclusive developments in the Pyrenees, next to the ski lifts to the ski slopes in Baqueira Beret.\" \/>\n<meta property=\"og:url\" content=\"https:\/\/www.totiaranalquilerbaqueira.com\/blog\/val-de-ruda\/\" \/>\n<meta property=\"og:site_name\" content=\"Blog\" \/>\n<meta property=\"article:modified_time\" content=\"2025-06-27T11:10:25+00:00\" \/>\n<meta property=\"og:image\" content=\"https:\/\/www.totiaranalquilerbaqueira.com\/blog\/wp-content\/uploads\/2024\/08\/val-de-ruda.jpg\" \/>\n\t<meta property=\"og:image:width\" content=\"1920\" \/>\n\t<meta property=\"og:image:height\" content=\"650\" \/>\n\t<meta property=\"og:image:type\" content=\"image\/jpeg\" \/>\n<meta name=\"twitter:card\" content=\"summary_large_image\" \/>\n<meta name=\"twitter:label1\" content=\"Tiempo de lectura\" \/>\n\t<meta name=\"twitter:data1\" content=\"7 minutos\" \/>\n<script type=\"application\/ld+json\" class=\"yoast-schema-graph\">{\"@context\":\"https:\\\/\\\/schema.org\",\"@graph\":[{\"@type\":\"WebPage\",\"@id\":\"https:\\\/\\\/www.totiaranalquilerbaqueira.com\\\/blog\\\/val-de-ruda\\\/\",\"url\":\"https:\\\/\\\/www.totiaranalquilerbaqueira.com\\\/blog\\\/val-de-ruda\\\/\",\"name\":\"Val de Ruda in Baqueira, luxury and snow near the ski slopes\",\"isPartOf\":{\"@id\":\"https:\\\/\\\/www.totiaranalquilerbaqueira.com\\\/blog\\\/#website\"},\"primaryImageOfPage\":{\"@id\":\"https:\\\/\\\/www.totiaranalquilerbaqueira.com\\\/blog\\\/val-de-ruda\\\/#primaryimage\"},\"image\":{\"@id\":\"https:\\\/\\\/www.totiaranalquilerbaqueira.com\\\/blog\\\/val-de-ruda\\\/#primaryimage\"},\"thumbnailUrl\":\"https:\\\/\\\/www.totiaranalquilerbaqueira.com\\\/blog\\\/wp-content\\\/uploads\\\/2024\\\/08\\\/val-de-ruda.jpg\",\"datePublished\":\"2024-08-21T13:12:55+00:00\",\"dateModified\":\"2025-06-27T11:10:25+00:00\",\"description\":\"Discover Val de Ruda, one of the most exclusive developments in the Pyrenees, next to the ski lifts to the ski slopes in Baqueira Beret.\",\"breadcrumb\":{\"@id\":\"https:\\\/\\\/www.totiaranalquilerbaqueira.com\\\/blog\\\/val-de-ruda\\\/#breadcrumb\"},\"inLanguage\":\"es\",\"potentialAction\":[{\"@type\":\"ReadAction\",\"target\":[\"https:\\\/\\\/www.totiaranalquilerbaqueira.com\\\/blog\\\/val-de-ruda\\\/\"]}]},{\"@type\":\"ImageObject\",\"inLanguage\":\"es\",\"@id\":\"https:\\\/\\\/www.totiaranalquilerbaqueira.com\\\/blog\\\/val-de-ruda\\\/#primaryimage\",\"url\":\"https:\\\/\\\/www.totiaranalquilerbaqueira.com\\\/blog\\\/wp-content\\\/uploads\\\/2024\\\/08\\\/val-de-ruda.jpg\",\"contentUrl\":\"https:\\\/\\\/www.totiaranalquilerbaqueira.com\\\/blog\\\/wp-content\\\/uploads\\\/2024\\\/08\\\/val-de-ruda.jpg\",\"width\":1920,\"height\":650,\"caption\":\"Val de Ruda Baqueira centro\"},{\"@type\":\"BreadcrumbList\",\"@id\":\"https:\\\/\\\/www.totiaranalquilerbaqueira.com\\\/blog\\\/val-de-ruda\\\/#breadcrumb\",\"itemListElement\":[{\"@type\":\"ListItem\",\"position\":1,\"name\":\"Portada\",\"item\":\"https:\\\/\\\/www.totiaranalquilerbaqueira.com\\\/blog\\\/\"},{\"@type\":\"ListItem\",\"position\":2,\"name\":\"Val de Ruda\"}]},{\"@type\":\"WebSite\",\"@id\":\"https:\\\/\\\/www.totiaranalquilerbaqueira.com\\\/blog\\\/#website\",\"url\":\"https:\\\/\\\/www.totiaranalquilerbaqueira.com\\\/blog\\\/\",\"name\":\"Blog\",\"description\":\"Totiaranalquilerbaqueira\",\"publisher\":{\"@id\":\"https:\\\/\\\/www.totiaranalquilerbaqueira.com\\\/blog\\\/#organization\"},\"potentialAction\":[{\"@type\":\"SearchAction\",\"target\":{\"@type\":\"EntryPoint\",\"urlTemplate\":\"https:\\\/\\\/www.totiaranalquilerbaqueira.com\\\/blog\\\/?s={search_term_string}\"},\"query-input\":{\"@type\":\"PropertyValueSpecification\",\"valueRequired\":true,\"valueName\":\"search_term_string\"}}],\"inLanguage\":\"es\"},{\"@type\":\"Organization\",\"@id\":\"https:\\\/\\\/www.totiaranalquilerbaqueira.com\\\/blog\\\/#organization\",\"name\":\"Blog\",\"url\":\"https:\\\/\\\/www.totiaranalquilerbaqueira.com\\\/blog\\\/\",\"logo\":{\"@type\":\"ImageObject\",\"inLanguage\":\"es\",\"@id\":\"https:\\\/\\\/www.totiaranalquilerbaqueira.com\\\/blog\\\/#\\\/schema\\\/logo\\\/image\\\/\",\"url\":\"https:\\\/\\\/www.totiaranalquilerbaqueira.com\\\/blog\\\/wp-content\\\/uploads\\\/2024\\\/08\\\/logo-totiaran-baqueira.png\",\"contentUrl\":\"https:\\\/\\\/www.totiaranalquilerbaqueira.com\\\/blog\\\/wp-content\\\/uploads\\\/2024\\\/08\\\/logo-totiaran-baqueira.png\",\"width\":400,\"height\":84,\"caption\":\"Blog\"},\"image\":{\"@id\":\"https:\\\/\\\/www.totiaranalquilerbaqueira.com\\\/blog\\\/#\\\/schema\\\/logo\\\/image\\\/\"}}]}<\/script>\n<!-- \/ Yoast SEO plugin. -->","yoast_head_json":{"title":"Val de Ruda in Baqueira, luxury and snow near the ski slopes","description":"Discover Val de Ruda, one of the most exclusive developments in the Pyrenees, next to the ski lifts to the ski slopes in Baqueira Beret.","robots":{"index":"index","follow":"follow","max-snippet":"max-snippet:-1","max-image-preview":"max-image-preview:large","max-video-preview":"max-video-preview:-1"},"canonical":"https:\/\/www.totiaranalquilerbaqueira.com\/blog\/val-de-ruda\/","og_locale":"es_ES","og_type":"article","og_title":"Val de Ruda in Baqueira, luxury and snow near the ski slopes","og_description":"Discover Val de Ruda, one of the most exclusive developments in the Pyrenees, next to the ski lifts to the ski slopes in Baqueira Beret.","og_url":"https:\/\/www.totiaranalquilerbaqueira.com\/blog\/val-de-ruda\/","og_site_name":"Blog","article_modified_time":"2025-06-27T11:10:25+00:00","og_image":[{"width":1920,"height":650,"url":"https:\/\/www.totiaranalquilerbaqueira.com\/blog\/wp-content\/uploads\/2024\/08\/val-de-ruda.jpg","type":"image\/jpeg"}],"twitter_card":"summary_large_image","twitter_misc":{"Tiempo de lectura":"7 minutos"},"schema":{"@context":"https:\/\/schema.org","@graph":[{"@type":"WebPage","@id":"https:\/\/www.totiaranalquilerbaqueira.com\/blog\/val-de-ruda\/","url":"https:\/\/www.totiaranalquilerbaqueira.com\/blog\/val-de-ruda\/","name":"Val de Ruda in Baqueira, luxury and snow near the ski slopes","isPartOf":{"@id":"https:\/\/www.totiaranalquilerbaqueira.com\/blog\/#website"},"primaryImageOfPage":{"@id":"https:\/\/www.totiaranalquilerbaqueira.com\/blog\/val-de-ruda\/#primaryimage"},"image":{"@id":"https:\/\/www.totiaranalquilerbaqueira.com\/blog\/val-de-ruda\/#primaryimage"},"thumbnailUrl":"https:\/\/www.totiaranalquilerbaqueira.com\/blog\/wp-content\/uploads\/2024\/08\/val-de-ruda.jpg","datePublished":"2024-08-21T13:12:55+00:00","dateModified":"2025-06-27T11:10:25+00:00","description":"Discover Val de Ruda, one of the most exclusive developments in the Pyrenees, next to the ski lifts to the ski slopes in Baqueira Beret.","breadcrumb":{"@id":"https:\/\/www.totiaranalquilerbaqueira.com\/blog\/val-de-ruda\/#breadcrumb"},"inLanguage":"es","potentialAction":[{"@type":"ReadAction","target":["https:\/\/www.totiaranalquilerbaqueira.com\/blog\/val-de-ruda\/"]}]},{"@type":"ImageObject","inLanguage":"es","@id":"https:\/\/www.totiaranalquilerbaqueira.com\/blog\/val-de-ruda\/#primaryimage","url":"https:\/\/www.totiaranalquilerbaqueira.com\/blog\/wp-content\/uploads\/2024\/08\/val-de-ruda.jpg","contentUrl":"https:\/\/www.totiaranalquilerbaqueira.com\/blog\/wp-content\/uploads\/2024\/08\/val-de-ruda.jpg","width":1920,"height":650,"caption":"Val de Ruda Baqueira centro"},{"@type":"BreadcrumbList","@id":"https:\/\/www.totiaranalquilerbaqueira.com\/blog\/val-de-ruda\/#breadcrumb","itemListElement":[{"@type":"ListItem","position":1,"name":"Portada","item":"https:\/\/www.totiaranalquilerbaqueira.com\/blog\/"},{"@type":"ListItem","position":2,"name":"Val de Ruda"}]},{"@type":"WebSite","@id":"https:\/\/www.totiaranalquilerbaqueira.com\/blog\/#website","url":"https:\/\/www.totiaranalquilerbaqueira.com\/blog\/","name":"Blog","description":"Totiaranalquilerbaqueira","publisher":{"@id":"https:\/\/www.totiaranalquilerbaqueira.com\/blog\/#organization"},"potentialAction":[{"@type":"SearchAction","target":{"@type":"EntryPoint","urlTemplate":"https:\/\/www.totiaranalquilerbaqueira.com\/blog\/?s={search_term_string}"},"query-input":{"@type":"PropertyValueSpecification","valueRequired":true,"valueName":"search_term_string"}}],"inLanguage":"es"},{"@type":"Organization","@id":"https:\/\/www.totiaranalquilerbaqueira.com\/blog\/#organization","name":"Blog","url":"https:\/\/www.totiaranalquilerbaqueira.com\/blog\/","logo":{"@type":"ImageObject","inLanguage":"es","@id":"https:\/\/www.totiaranalquilerbaqueira.com\/blog\/#\/schema\/logo\/image\/","url":"https:\/\/www.totiaranalquilerbaqueira.com\/blog\/wp-content\/uploads\/2024\/08\/logo-totiaran-baqueira.png","contentUrl":"https:\/\/www.totiaranalquilerbaqueira.com\/blog\/wp-content\/uploads\/2024\/08\/logo-totiaran-baqueira.png","width":400,"height":84,"caption":"Blog"},"image":{"@id":"https:\/\/www.totiaranalquilerbaqueira.com\/blog\/#\/schema\/logo\/image\/"}}]}},"_links":{"self":[{"href":"https:\/\/www.totiaranalquilerbaqueira.com\/blog\/wp-json\/wp\/v2\/pages\/3167","targetHints":{"allow":["GET"]}}],"collection":[{"href":"https:\/\/www.totiaranalquilerbaqueira.com\/blog\/wp-json\/wp\/v2\/pages"}],"about":[{"href":"https:\/\/www.totiaranalquilerbaqueira.com\/blog\/wp-json\/wp\/v2\/types\/page"}],"author":[{"embeddable":true,"href":"https:\/\/www.totiaranalquilerbaqueira.com\/blog\/wp-json\/wp\/v2\/users\/2"}],"replies":[{"embeddable":true,"href":"https:\/\/www.totiaranalquilerbaqueira.com\/blog\/wp-json\/wp\/v2\/comments?post=3167"}],"version-history":[{"count":83,"href":"https:\/\/www.totiaranalquilerbaqueira.com\/blog\/wp-json\/wp\/v2\/pages\/3167\/revisions"}],"predecessor-version":[{"id":5842,"href":"https:\/\/www.totiaranalquilerbaqueira.com\/blog\/wp-json\/wp\/v2\/pages\/3167\/revisions\/5842"}],"wp:featuredmedia":[{"embeddable":true,"href":"https:\/\/www.totiaranalquilerbaqueira.com\/blog\/wp-json\/wp\/v2\/media\/3168"}],"wp:attachment":[{"href":"https:\/\/www.totiaranalquilerbaqueira.com\/blog\/wp-json\/wp\/v2\/media?parent=3167"}],"curies":[{"name":"wp","href":"https:\/\/api.w.org\/{rel}","templated":true}]}}