{"id":4234,"date":"2024-08-21T13:12:55","date_gmt":"2024-08-21T13:12:55","guid":{"rendered":"https:\/\/www.totiaranalquilerbaqueira.com\/blog\/?page_id=4234"},"modified":"2025-06-27T11:09:58","modified_gmt":"2025-06-27T11:09:58","slug":"val-de-ruda","status":"publish","type":"page","link":"https:\/\/www.totiaranalquilerbaqueira.com\/blog\/fr\/val-de-ruda\/","title":{"rendered":"Val de Ruda"},"content":{"rendered":"\t\t<div data-elementor-type=\"wp-page\" data-elementor-id=\"4234\" class=\"elementor elementor-4234 elementor-3167\" data-elementor-post-type=\"page\">\n\t\t\t\t\t\t<section class=\"elementor-section elementor-top-section elementor-element elementor-element-e231926 elementor-section-boxed elementor-section-height-default elementor-section-height-default\" data-id=\"e231926\" data-element_type=\"section\" data-e-type=\"section\">\n\t\t\t\t\t\t<div class=\"elementor-container elementor-column-gap-default\">\n\t\t\t\t\t<div class=\"elementor-column elementor-col-100 elementor-top-column elementor-element elementor-element-ffa0081\" data-id=\"ffa0081\" data-element_type=\"column\" data-e-type=\"column\">\n\t\t\t<div class=\"elementor-widget-wrap elementor-element-populated\">\n\t\t\t\t\t\t<div class=\"elementor-element elementor-element-dcdb4f7 elementor-widget elementor-widget-heading\" data-id=\"dcdb4f7\" data-element_type=\"widget\" data-e-type=\"widget\" data-widget_type=\"heading.default\">\n\t\t\t\t<div class=\"elementor-widget-container\">\n\t\t\t\t\t<h2 class=\"elementor-heading-title elementor-size-default\">O\u00f9 se trouve le Val de Ruda ?<\/h2>\t\t\t\t<\/div>\n\t\t\t\t<\/div>\n\t\t\t\t<div class=\"elementor-element elementor-element-1551745 elementor-widget elementor-widget-text-editor\" data-id=\"1551745\" data-element_type=\"widget\" data-e-type=\"widget\" data-widget_type=\"text-editor.default\">\n\t\t\t\t<div class=\"elementor-widget-container\">\n\t\t\t\t\t\t\t\t\t<div class=\"row-fluid-wrapper row-depth-2 row-number-1 \"><div class=\"row-fluid \"><div class=\"span12 widget-span widget-type-custom_widget \" data-widget-type=\"custom_widget\" data-x=\"0\" data-w=\"12\"><div id=\"hs_cos_wrapper_module_156680604517689\" class=\"hs_cos_wrapper hs_cos_wrapper_widget hs_cos_wrapper_type_module widget-type-rich_text\" data-hs-cos-general-type=\"widget\" data-hs-cos-type=\"module\"><p>Le Val de Ruda est un quartier r\u00e9sidentiel exclusif situ\u00e9 au c\u0153ur de Baqueira Beret, dans la vall\u00e9e d&rsquo;Aran, \u00e0 Lleida. Pour y acc\u00e9der, prenez la route C-28 depuis Vielha, en direction de Salard\u00fa et Baqueira. \u00c0 environ 13 km de Vielha, avant d&rsquo;arriver au centre de Baqueira, vous trouverez l&rsquo;entr\u00e9e de Val de Ruda.<\/p><p>Le lotissement est bien indiqu\u00e9 et se trouve \u00e0 proximit\u00e9 de la station de ski, offrant un acc\u00e8s direct aux pistes gr\u00e2ce \u00e0 son propre t\u00e9l\u00e9si\u00e8ge. La r\u00e9gion est connue pour son confort, son luxe et la proximit\u00e9 de services de qualit\u00e9.<\/p><\/div><\/div><\/div><\/div>\t\t\t\t\t\t\t\t<\/div>\n\t\t\t\t<\/div>\n\t\t\t\t<div class=\"elementor-element elementor-element-c77bf4f elementor-widget elementor-widget-image\" data-id=\"c77bf4f\" data-element_type=\"widget\" data-e-type=\"widget\" data-widget_type=\"image.default\">\n\t\t\t\t<div class=\"elementor-widget-container\">\n\t\t\t\t\t\t\t\t\t\t\t\t\t\t\t<img fetchpriority=\"high\" decoding=\"async\" width=\"724\" height=\"454\" src=\"https:\/\/www.totiaranalquilerbaqueira.com\/blog\/wp-content\/uploads\/2024\/08\/val-de-ruda-lujo-ski-valle-aran.jpg\" class=\"attachment-large size-large wp-image-3178\" alt=\"val de ruda ski de lujo\" srcset=\"https:\/\/www.totiaranalquilerbaqueira.com\/blog\/wp-content\/uploads\/2024\/08\/val-de-ruda-lujo-ski-valle-aran.jpg 724w, https:\/\/www.totiaranalquilerbaqueira.com\/blog\/wp-content\/uploads\/2024\/08\/val-de-ruda-lujo-ski-valle-aran-300x188.jpg 300w\" sizes=\"(max-width: 724px) 100vw, 724px\" \/>\t\t\t\t\t\t\t\t\t\t\t\t\t\t\t<\/div>\n\t\t\t\t<\/div>\n\t\t\t\t<div class=\"elementor-element elementor-element-4778aa2 elementor-widget elementor-widget-text-editor\" data-id=\"4778aa2\" data-element_type=\"widget\" data-e-type=\"widget\" data-widget_type=\"text-editor.default\">\n\t\t\t\t<div class=\"elementor-widget-container\">\n\t\t\t\t\t\t\t\t\t<div class=\"row-fluid-wrapper row-depth-2 row-number-1 \"><div class=\"row-fluid \"><div class=\"span12 widget-span widget-type-custom_widget \" data-widget-type=\"custom_widget\" data-x=\"0\" data-w=\"12\"><div id=\"hs_cos_wrapper_module_156680604517689\" class=\"hs_cos_wrapper hs_cos_wrapper_widget hs_cos_wrapper_type_module widget-type-rich_text\" data-hs-cos-general-type=\"widget\" data-hs-cos-type=\"module\"><p><strong>Val de Ruda<\/strong> est situ\u00e9 \u00e0 c\u00f4t\u00e9 du Bosque de Ruda et offre un acc\u00e8s direct au t\u00e9l\u00e9si\u00e8ge Baqueira 1500 dans la m\u00eame urbanisation. Il dispose de vastes jardins et d&rsquo;une all\u00e9e pi\u00e9tonne qui traverse l&rsquo;urbanisation. Il y a un grand nombre de logements dans la r\u00e9gion avec des places de parking et des casiers pour ranger votre mat\u00e9riel de ski. Vous n&rsquo;aurez donc pas \u00e0 vous soucier de la facilit\u00e9 \u00e0 skier ou \u00e0 garer votre voiture si vous s\u00e9journez au Val de Ruda pendant la saison de ski.<\/p><\/div><\/div><\/div><\/div>\t\t\t\t\t\t\t\t<\/div>\n\t\t\t\t<\/div>\n\t\t\t\t<div class=\"elementor-element elementor-element-c78632f elementor-align-left elementor-widget elementor-widget-button\" data-id=\"c78632f\" data-element_type=\"widget\" data-e-type=\"widget\" data-widget_type=\"button.default\">\n\t\t\t\t<div class=\"elementor-widget-container\">\n\t\t\t\t\t\t\t\t\t<div class=\"elementor-button-wrapper\">\n\t\t\t\t\t<a class=\"elementor-button elementor-button-link elementor-size-sm\" href=\"https:\/\/www.totiaranalquilerbaqueira.com\/fr\/location\/locations-baqueira-1500-val-de-ruda-baqueira-n1906304\/\">\n\t\t\t\t\t\t<span class=\"elementor-button-content-wrapper\">\n\t\t\t\t\t\t\t\t\t<span class=\"elementor-button-text\">H\u00e9bergement au Val de Ruda<\/span>\n\t\t\t\t\t<\/span>\n\t\t\t\t\t<\/a>\n\t\t\t\t<\/div>\n\t\t\t\t\t\t\t\t<\/div>\n\t\t\t\t<\/div>\n\t\t\t\t\t<\/div>\n\t\t<\/div>\n\t\t\t\t\t<\/div>\n\t\t<\/section>\n\t\t\t\t<section class=\"elementor-section elementor-top-section elementor-element elementor-element-626eec1 elementor-section-boxed elementor-section-height-default elementor-section-height-default\" data-id=\"626eec1\" data-element_type=\"section\" data-e-type=\"section\" data-settings=\"{&quot;background_background&quot;:&quot;classic&quot;}\">\n\t\t\t\t\t\t<div class=\"elementor-container elementor-column-gap-default\">\n\t\t\t\t\t<div class=\"elementor-column elementor-col-50 elementor-top-column elementor-element elementor-element-b24160b\" data-id=\"b24160b\" data-element_type=\"column\" data-e-type=\"column\">\n\t\t\t<div class=\"elementor-widget-wrap elementor-element-populated\">\n\t\t\t\t\t\t<div class=\"elementor-element elementor-element-2a28a72 elementor-widget elementor-widget-heading\" data-id=\"2a28a72\" data-element_type=\"widget\" data-e-type=\"widget\" data-widget_type=\"heading.default\">\n\t\t\t\t<div class=\"elementor-widget-container\">\n\t\t\t\t\t<h2 class=\"elementor-heading-title elementor-size-default\">Attractions du Val de Ruda<\/h2>\t\t\t\t<\/div>\n\t\t\t\t<\/div>\n\t\t\t\t<div class=\"elementor-element elementor-element-77c7fbe elementor-widget elementor-widget-text-editor\" data-id=\"77c7fbe\" data-element_type=\"widget\" data-e-type=\"widget\" data-widget_type=\"text-editor.default\">\n\t\t\t\t<div class=\"elementor-widget-container\">\n\t\t\t\t\t\t\t\t\t<div class=\"row-fluid-wrapper row-depth-2 row-number-1 \"><div class=\"row-fluid \"><div class=\"span12 widget-span widget-type-custom_widget \" data-widget-type=\"custom_widget\" data-x=\"0\" data-w=\"12\"><div id=\"hs_cos_wrapper_module_156680604517689\" class=\"hs_cos_wrapper hs_cos_wrapper_widget hs_cos_wrapper_type_module widget-type-rich_text\" data-hs-cos-general-type=\"widget\" data-hs-cos-type=\"module\"><p>Le Val de Ruda est l&rsquo;endroit id\u00e9al pour passer des vacances en hiver et en \u00e9t\u00e9. Tous nos logements au Val de Ruda disposent d&rsquo;une place de parking tr\u00e8s proche de chacun d&rsquo;entre eux. Ce complexe dispose d&rsquo;un acc\u00e8s direct au t\u00e9l\u00e9ph\u00e9rique, ce qui vous \u00e9vite d&rsquo;avoir \u00e0 prendre la voiture et \u00e0 chercher une place de parking.<\/p><p>En <strong>hiver<\/strong>, c&rsquo;est un endroit id\u00e9al pour les amateurs de ski en raison de sa proximit\u00e9 avec le t\u00e9l\u00e9ph\u00e9rique. En plus d&rsquo;avoir un parking pour votre v\u00e9hicule, il dispose de vestiaires spectaculaires qui vous permettent de changer de chaussures et de prendre votre \u00e9quipement de ski dans le plus grand confort et de vous rendre directement sur les pistes.<\/p><p>En <strong>\u00e9t\u00e9<\/strong>, il se trouve \u00e0 proximit\u00e9 de sentiers de randonn\u00e9e et de pistes cyclables. Cette urbanisation est entour\u00e9e d&rsquo;espaces paysagers, travers\u00e9e par une petite rivi\u00e8re et proche de la for\u00eat de Ruda. Vous pouvez donc profiter de la nature et de la tranquillit\u00e9 sans avoir \u00e0 prendre la voiture.<\/p><\/div><\/div><\/div><\/div>\t\t\t\t\t\t\t\t<\/div>\n\t\t\t\t<\/div>\n\t\t\t\t\t<\/div>\n\t\t<\/div>\n\t\t\t\t<div class=\"elementor-column elementor-col-50 elementor-top-column elementor-element elementor-element-b2bb1fc\" data-id=\"b2bb1fc\" data-element_type=\"column\" data-e-type=\"column\">\n\t\t\t<div class=\"elementor-widget-wrap elementor-element-populated\">\n\t\t\t\t\t\t<div class=\"elementor-element elementor-element-00579c2 elementor-widget elementor-widget-image\" data-id=\"00579c2\" data-element_type=\"widget\" data-e-type=\"widget\" data-widget_type=\"image.default\">\n\t\t\t\t<div class=\"elementor-widget-container\">\n\t\t\t\t\t\t\t\t\t\t\t\t\t\t\t<img decoding=\"async\" width=\"724\" height=\"454\" src=\"https:\/\/www.totiaranalquilerbaqueira.com\/blog\/wp-content\/uploads\/2024\/08\/val-de-ruda-reservas-ski.jpg\" class=\"attachment-large size-large wp-image-3181\" alt=\"telesilla en val de ruda\" srcset=\"https:\/\/www.totiaranalquilerbaqueira.com\/blog\/wp-content\/uploads\/2024\/08\/val-de-ruda-reservas-ski.jpg 724w, https:\/\/www.totiaranalquilerbaqueira.com\/blog\/wp-content\/uploads\/2024\/08\/val-de-ruda-reservas-ski-300x188.jpg 300w\" sizes=\"(max-width: 724px) 100vw, 724px\" \/>\t\t\t\t\t\t\t\t\t\t\t\t\t\t\t<\/div>\n\t\t\t\t<\/div>\n\t\t\t\t\t<\/div>\n\t\t<\/div>\n\t\t\t\t\t<\/div>\n\t\t<\/section>\n\t\t\t\t<section class=\"elementor-section elementor-top-section elementor-element elementor-element-aaf77fe elementor-section-boxed elementor-section-height-default elementor-section-height-default\" data-id=\"aaf77fe\" data-element_type=\"section\" data-e-type=\"section\">\n\t\t\t\t\t\t<div class=\"elementor-container elementor-column-gap-default\">\n\t\t\t\t\t<div class=\"elementor-column elementor-col-100 elementor-top-column elementor-element elementor-element-913c9e6\" data-id=\"913c9e6\" data-element_type=\"column\" data-e-type=\"column\">\n\t\t\t<div class=\"elementor-widget-wrap elementor-element-populated\">\n\t\t\t\t\t\t<div class=\"elementor-element elementor-element-a902f52 elementor-widget elementor-widget-heading\" data-id=\"a902f52\" data-element_type=\"widget\" data-e-type=\"widget\" data-widget_type=\"heading.default\">\n\t\t\t\t<div class=\"elementor-widget-container\">\n\t\t\t\t\t<h2 class=\"elementor-heading-title elementor-size-default\">Maisons et appartements au Val de Ruda, exclusivit\u00e9 et confort<\/h2>\t\t\t\t<\/div>\n\t\t\t\t<\/div>\n\t\t\t\t<div class=\"elementor-element elementor-element-8d2e096 elementor-widget elementor-widget-text-editor\" data-id=\"8d2e096\" data-element_type=\"widget\" data-e-type=\"widget\" data-widget_type=\"text-editor.default\">\n\t\t\t\t<div class=\"elementor-widget-container\">\n\t\t\t\t\t\t\t\t\t<div class=\"row-fluid-wrapper row-depth-2 row-number-1 \"><div class=\"row-fluid \"><div class=\"span12 widget-span widget-type-custom_widget \" data-widget-type=\"custom_widget\" data-x=\"0\" data-w=\"12\"><div id=\"hs_cos_wrapper_module_156680604517689\" class=\"hs_cos_wrapper hs_cos_wrapper_widget hs_cos_wrapper_type_module widget-type-rich_text\" data-hs-cos-general-type=\"widget\" data-hs-cos-type=\"module\"><p>Totiaran dispose d&rsquo;une longue liste de logements \u00e0 Baqueira, dans l&rsquo;urbanisation Val de Ruda \u00e0 Baqueira 1500. Tous sont r\u00e9nov\u00e9s avec les meilleurs appareils, un acc\u00e8s direct \u00e0 la t\u00e9l\u00e9cabine et des vestiaires, dans un souci de confort maximal.<\/p><p>La liste des appartements va de 2 chambres pour 4\/6 personnes \u00e0 des maisons de luxe pour 12 personnes et plus. Tous nos h\u00e9bergements au Val de Ruda comprennent une place de parking et des casiers \u00e0 skis dans les chambres, qui m\u00e8nent \u00e0 la t\u00e9l\u00e9cabine Baqueira 1500.<\/p><p>Pour les grands groupes qui ne trouvent pas leur place dans un seul logement, ne vous inqui\u00e9tez pas, \u00e0 Totiaran nous avons plusieurs logements situ\u00e9s les uns \u00e0 c\u00f4t\u00e9 des autres dans le m\u00eame bloc\/groupe, dans cette belle urbanisation. Vous trouverez ci-dessous les d\u00e9tails des logements proches les uns des autres pour chaque groupe :<\/p><\/div><\/div><\/div><\/div>\t\t\t\t\t\t\t\t<\/div>\n\t\t\t\t<\/div>\n\t\t\t\t\t<\/div>\n\t\t<\/div>\n\t\t\t\t\t<\/div>\n\t\t<\/section>\n\t\t\t\t<section class=\"elementor-section elementor-top-section elementor-element elementor-element-672e1a4 elementor-section-boxed elementor-section-height-default elementor-section-height-default\" data-id=\"672e1a4\" data-element_type=\"section\" data-e-type=\"section\">\n\t\t\t\t\t\t<div class=\"elementor-container elementor-column-gap-default\">\n\t\t\t\t\t<div class=\"elementor-column elementor-col-100 elementor-top-column elementor-element elementor-element-2c4eb98\" data-id=\"2c4eb98\" data-element_type=\"column\" data-e-type=\"column\">\n\t\t\t<div class=\"elementor-widget-wrap elementor-element-populated\">\n\t\t\t\t\t\t<div class=\"elementor-element elementor-element-4352112 elementor-widget elementor-widget-grid\" data-id=\"4352112\" data-element_type=\"widget\" data-e-type=\"widget\" data-widget_type=\"grid.default\">\n\t\t\t\t<div class=\"elementor-widget-container\">\n\t\t\t\t\t\t\t<div class=\"its--row alojamientos-recomendados\">\n\n\t\t\t<div class=\"alojamientos-recomendados-container\">\n\n\t\t\t\t\t\n\t\t\t\t\t<a href=\"https:\/\/www.totiaranalquilerbaqueira.com\/fr\/location\/appartement-baqueira-cabirol-by-totiaran-287709.html\" rel=\"nofollow\" style=\"width: 23%;\">\n\t\t\t\t\t\t<div class=\"apartamento-box\">\n\t\t\t\t\t\t\t<div class=\"imagen_recomendados\">\n\t\t\t\t\t\t\t\t<img decoding=\"async\" src=\"https:\/\/crs.avantio.com\/fotos\/2\/16687892711ce8e9674a51be5bd7626f86f3a7ec0c\/big17657171077907499b579645c7d7b143df283899e0.jpg\" alt=\"Cabirol by Totiaran triplex moderne pour 12p \u00e0 Val de Ruda Baqueira\">\n\t\t\t\t\t\t\t<\/div>\n\t\t\t\t\t\t\t<div class=\"info\">\n\t\t\t\t\t\t\t\t<div class=\"ubicacion\">\n\t\t\t\t\t\t\t\t\t<i class=\"fa-solid fa-location-dot icono-mapa\"><\/i><span class=\"ubicacion-texto\">Baqueira - L\u00e9rida<\/span>\n\t\t\t\t\t\t\t\t<\/div>\n\t\t\t\t\t\t\t\t<H4 class=\"titulo-alojamiento\">\n\t\t\t\t\t\t\t\t\tCabirol by Totiaran triplex moderne pour 12p \u00e0 Val de Ruda Baqueira\t\t\t\t\t\t\t\t<\/H4>\n\t\t\t\t\t\t\t\t<p class=\"precio-alojamiento\">\u00c0 partir de <span class=\"precio\">605.00\u20ac<\/span> par nuit<\/p>\n\t\t\t\t\t\t\t<\/div>\n\t\t\t\t\t\t<\/div>\n\t\t\t\t\t<\/a> \n\t\t\t\t\t\t\n\t\t\t\t\t<a href=\"https:\/\/www.totiaranalquilerbaqueira.com\/fr\/location\/appartement-baqueira-invernalia-by-totiaran-287900.html\" rel=\"nofollow\" style=\"width: 23%;\">\n\t\t\t\t\t\t<div class=\"apartamento-box\">\n\t\t\t\t\t\t\t<div class=\"imagen_recomendados\">\n\t\t\t\t\t\t\t\t<img decoding=\"async\" src=\"https:\/\/crs.avantio.com\/fotos\/2\/157468559936939a71df584338e893e0b371f6fa33\/big1574685602d4d391d717176970ab31e4987fb7e5ce.jpg\" alt=\"Invernalia; precioso apartamento a pie de pista en Val de Ruda 3dorm\">\n\t\t\t\t\t\t\t<\/div>\n\t\t\t\t\t\t\t<div class=\"info\">\n\t\t\t\t\t\t\t\t<div class=\"ubicacion\">\n\t\t\t\t\t\t\t\t\t<i class=\"fa-solid fa-location-dot icono-mapa\"><\/i><span class=\"ubicacion-texto\">Baqueira - L\u00e9rida<\/span>\n\t\t\t\t\t\t\t\t<\/div>\n\t\t\t\t\t\t\t\t<H4 class=\"titulo-alojamiento\">\n\t\t\t\t\t\t\t\t\tInvernalia; precioso apartamento a pie de pista en Val de Ruda 3dorm\t\t\t\t\t\t\t\t<\/H4>\n\t\t\t\t\t\t\t\t<p class=\"precio-alojamiento\">\u00c0 partir de <span class=\"precio\">290.00\u20ac<\/span> par nuit<\/p>\n\t\t\t\t\t\t\t<\/div>\n\t\t\t\t\t\t<\/div>\n\t\t\t\t\t<\/a> \n\t\t\t\t\t\t\n\t\t\t\t\t<a href=\"https:\/\/www.totiaranalquilerbaqueira.com\/fr\/location\/appartement-baqueira-garona-by-totiaran-288038.html\" rel=\"nofollow\" style=\"width: 23%;\">\n\t\t\t\t\t\t<div class=\"apartamento-box\">\n\t\t\t\t\t\t\t<div class=\"imagen_recomendados\">\n\t\t\t\t\t\t\t\t<img decoding=\"async\" src=\"https:\/\/crs.avantio.com\/fotos\/2\/155801537135de154cb5bd90a2b4db10457c49ad2b\/big1566054394d3419b9a552c2047d0468217d8d4f58c.jpg\" alt=\"Garona by Totiaran\">\n\t\t\t\t\t\t\t<\/div>\n\t\t\t\t\t\t\t<div class=\"info\">\n\t\t\t\t\t\t\t\t<div class=\"ubicacion\">\n\t\t\t\t\t\t\t\t\t<i class=\"fa-solid fa-location-dot icono-mapa\"><\/i><span class=\"ubicacion-texto\">Baqueira - L\u00e9rida<\/span>\n\t\t\t\t\t\t\t\t<\/div>\n\t\t\t\t\t\t\t\t<H4 class=\"titulo-alojamiento\">\n\t\t\t\t\t\t\t\t\tGarona by Totiaran\t\t\t\t\t\t\t\t<\/H4>\n\t\t\t\t\t\t\t\t<p class=\"precio-alojamiento\">\u00c0 partir de <span class=\"precio\">165.00\u20ac<\/span> par nuit<\/p>\n\t\t\t\t\t\t\t<\/div>\n\t\t\t\t\t\t<\/div>\n\t\t\t\t\t<\/a> \n\t\t\t\t\t\t\n\t\t\t\t\t<a href=\"https:\/\/www.totiaranalquilerbaqueira.com\/fr\/location\/appartement-baqueira-costarjas-by-totiaran-288162.html\" rel=\"nofollow\" style=\"width: 23%;\">\n\t\t\t\t\t\t<div class=\"apartamento-box\">\n\t\t\t\t\t\t\t<div class=\"imagen_recomendados\">\n\t\t\t\t\t\t\t\t<img decoding=\"async\" src=\"https:\/\/crs.avantio.com\/fotos\/2\/15585191869274920e6f58877ed6aedd93af95acb9\/big1558519191caacc7f2600e71f7bb8b4dde4ba071e5.jpg\" alt=\"Costarj\u00e0s Fabuleux appartement de 75m2 au pied des pistes \u00e0 Cota 1500 de Baqueira-Beret\">\n\t\t\t\t\t\t\t<\/div>\n\t\t\t\t\t\t\t<div class=\"info\">\n\t\t\t\t\t\t\t\t<div class=\"ubicacion\">\n\t\t\t\t\t\t\t\t\t<i class=\"fa-solid fa-location-dot icono-mapa\"><\/i><span class=\"ubicacion-texto\">Baqueira - L\u00e9rida<\/span>\n\t\t\t\t\t\t\t\t<\/div>\n\t\t\t\t\t\t\t\t<H4 class=\"titulo-alojamiento\">\n\t\t\t\t\t\t\t\t\tCostarj\u00e0s Fabuleux appartement de 75m2 au pied des pistes \u00e0 Cota 1500 de Baqueira-Beret\t\t\t\t\t\t\t\t<\/H4>\n\t\t\t\t\t\t\t\t<p class=\"precio-alojamiento\">\u00c0 partir de <span class=\"precio\">170.00\u20ac<\/span> par nuit<\/p>\n\t\t\t\t\t\t\t<\/div>\n\t\t\t\t\t\t<\/div>\n\t\t\t\t\t<\/a> \n\t\t\t\t\t\t\n\t\t\t\t\t<a href=\"https:\/\/www.totiaranalquilerbaqueira.com\/fr\/location\/maison-baqueira-casa-chamois-by-totiaran-288176.html\" rel=\"nofollow\" style=\"width: 23%;\">\n\t\t\t\t\t\t<div class=\"apartamento-box\">\n\t\t\t\t\t\t\t<div class=\"imagen_recomendados\">\n\t\t\t\t\t\t\t\t<img decoding=\"async\" src=\"https:\/\/crs.avantio.com\/fotos\/2\/156475171817fcb8ba6d096f4da141789c6d2e5112\/big1566065094a63f401ffb4cad366ab47fd67ba7bf3c.jpg\" alt=\"Casa Chamois Spectaculaire maison individuelle \u00e0 Val de Ruda, Cota 1500 de Baqueira Beret\">\n\t\t\t\t\t\t\t<\/div>\n\t\t\t\t\t\t\t<div class=\"info\">\n\t\t\t\t\t\t\t\t<div class=\"ubicacion\">\n\t\t\t\t\t\t\t\t\t<i class=\"fa-solid fa-location-dot icono-mapa\"><\/i><span class=\"ubicacion-texto\">Baqueira - L\u00e9rida<\/span>\n\t\t\t\t\t\t\t\t<\/div>\n\t\t\t\t\t\t\t\t<H4 class=\"titulo-alojamiento\">\n\t\t\t\t\t\t\t\t\tCasa Chamois Spectaculaire maison individuelle \u00e0 Val de Ruda, Cota 1500 de Baqueira Beret\t\t\t\t\t\t\t\t<\/H4>\n\t\t\t\t\t\t\t\t<p class=\"precio-alojamiento\">\u00c0 partir de <span class=\"precio\">1600.00\u20ac<\/span> par nuit<\/p>\n\t\t\t\t\t\t\t<\/div>\n\t\t\t\t\t\t<\/div>\n\t\t\t\t\t<\/a> \n\t\t\t\t\t\t\n\t\t\t\t\t<a href=\"https:\/\/www.totiaranalquilerbaqueira.com\/fr\/location\/maison-baqueira-casa-hereisho-by-totiaran-288179.html\" rel=\"nofollow\" style=\"width: 23%;\">\n\t\t\t\t\t\t<div class=\"apartamento-box\">\n\t\t\t\t\t\t\t<div class=\"imagen_recomendados\">\n\t\t\t\t\t\t\t\t<img decoding=\"async\" src=\"https:\/\/crs.avantio.com\/fotos\/2\/15647529349b4df724a56b103e7ae9fbfd5955e97b\/big160268877461c511a2b9de0bdd9aa00428a1e2fb64.jpg\" alt=\"Casa Her\u00e8isho Maison de 300m2 de haut standing au pied des pistes Cota 1500\">\n\t\t\t\t\t\t\t<\/div>\n\t\t\t\t\t\t\t<div class=\"info\">\n\t\t\t\t\t\t\t\t<div class=\"ubicacion\">\n\t\t\t\t\t\t\t\t\t<i class=\"fa-solid fa-location-dot icono-mapa\"><\/i><span class=\"ubicacion-texto\">Baqueira - L\u00e9rida<\/span>\n\t\t\t\t\t\t\t\t<\/div>\n\t\t\t\t\t\t\t\t<H4 class=\"titulo-alojamiento\">\n\t\t\t\t\t\t\t\t\tCasa Her\u00e8isho Maison de 300m2 de haut standing au pied des pistes Cota 1500\t\t\t\t\t\t\t\t<\/H4>\n\t\t\t\t\t\t\t\t<p class=\"precio-alojamiento\">\u00c0 partir de <span class=\"precio\">1600.00\u20ac<\/span> par nuit<\/p>\n\t\t\t\t\t\t\t<\/div>\n\t\t\t\t\t\t<\/div>\n\t\t\t\t\t<\/a> \n\t\t\t\t\t\t\n\t\t\t\t\t<a href=\"https:\/\/www.totiaranalquilerbaqueira.com\/fr\/location\/maison-baqueira-casa-lobo-by-totiaran-288181.html\" rel=\"nofollow\" style=\"width: 23%;\">\n\t\t\t\t\t\t<div class=\"apartamento-box\">\n\t\t\t\t\t\t\t<div class=\"imagen_recomendados\">\n\t\t\t\t\t\t\t\t<img decoding=\"async\" src=\"https:\/\/crs.avantio.com\/fotos\/2\/1564753044de2b0d05f73f9060e9de3f9b57268d86\/big1697649834f57ea394742434fcebcc3a250b5a8844.jpg\" alt=\"Casa Lobo - Val de Ruda\">\n\t\t\t\t\t\t\t<\/div>\n\t\t\t\t\t\t\t<div class=\"info\">\n\t\t\t\t\t\t\t\t<div class=\"ubicacion\">\n\t\t\t\t\t\t\t\t\t<i class=\"fa-solid fa-location-dot icono-mapa\"><\/i><span class=\"ubicacion-texto\">Baqueira - L\u00e9rida<\/span>\n\t\t\t\t\t\t\t\t<\/div>\n\t\t\t\t\t\t\t\t<H4 class=\"titulo-alojamiento\">\n\t\t\t\t\t\t\t\t\tCasa Lobo - Val de Ruda\t\t\t\t\t\t\t\t<\/H4>\n\t\t\t\t\t\t\t\t<p class=\"precio-alojamiento\">\u00c0 partir de <span class=\"precio\">1900.00\u20ac<\/span> par nuit<\/p>\n\t\t\t\t\t\t\t<\/div>\n\t\t\t\t\t\t<\/div>\n\t\t\t\t\t<\/a> \n\t\t\t\t\t\t\n\t\t\t\t\t<a href=\"https:\/\/www.totiaranalquilerbaqueira.com\/fr\/location\/appartement-baqueira-craba-by-totiaran-288184.html\" rel=\"nofollow\" style=\"width: 23%;\">\n\t\t\t\t\t\t<div class=\"apartamento-box\">\n\t\t\t\t\t\t\t<div class=\"imagen_recomendados\">\n\t\t\t\t\t\t\t\t<img decoding=\"async\" src=\"https:\/\/crs.avantio.com\/fotos\/2\/15585200437f571c3d1f73203efb7148b732296722\/big16342038989c921f41ee731ad9d6a3c6b9b4e8cc22.jpg\" alt=\"Craba Grand appartement pour 7p \u00e0 Val de Ruda Cota 1500 Baqueira-Beret\">\n\t\t\t\t\t\t\t<\/div>\n\t\t\t\t\t\t\t<div class=\"info\">\n\t\t\t\t\t\t\t\t<div class=\"ubicacion\">\n\t\t\t\t\t\t\t\t\t<i class=\"fa-solid fa-location-dot icono-mapa\"><\/i><span class=\"ubicacion-texto\">Baqueira - L\u00e9rida<\/span>\n\t\t\t\t\t\t\t\t<\/div>\n\t\t\t\t\t\t\t\t<H4 class=\"titulo-alojamiento\">\n\t\t\t\t\t\t\t\t\tCraba Grand appartement pour 7p \u00e0 Val de Ruda Cota 1500 Baqueira-Beret\t\t\t\t\t\t\t\t<\/H4>\n\t\t\t\t\t\t\t\t<p class=\"precio-alojamiento\">\u00c0 partir de <span class=\"precio\">290.00\u20ac<\/span> par nuit<\/p>\n\t\t\t\t\t\t\t<\/div>\n\t\t\t\t\t\t<\/div>\n\t\t\t\t\t<\/a> \n\t\t\t\t\t\t\n\t\t\t\t\t<a href=\"https:\/\/www.totiaranalquilerbaqueira.com\/fr\/location\/appartement-baqueira-esquiros-by-totiaran-288187.html\" rel=\"nofollow\" style=\"width: 23%;\">\n\t\t\t\t\t\t<div class=\"apartamento-box\">\n\t\t\t\t\t\t\t<div class=\"imagen_recomendados\">\n\t\t\t\t\t\t\t\t<img decoding=\"async\" src=\"https:\/\/crs.avantio.com\/fotos\/2\/15648158372962b2b6c19d3706ea88c3e9ce0c7764\/big16044831444e3c44b9755ac2c8263ece29702207df.jpg\" alt=\"Esquir\u00f3s Appartement spacieux et confortable pour 8p au pied des pistes 1500\">\n\t\t\t\t\t\t\t<\/div>\n\t\t\t\t\t\t\t<div class=\"info\">\n\t\t\t\t\t\t\t\t<div class=\"ubicacion\">\n\t\t\t\t\t\t\t\t\t<i class=\"fa-solid fa-location-dot icono-mapa\"><\/i><span class=\"ubicacion-texto\">Baqueira - L\u00e9rida<\/span>\n\t\t\t\t\t\t\t\t<\/div>\n\t\t\t\t\t\t\t\t<H4 class=\"titulo-alojamiento\">\n\t\t\t\t\t\t\t\t\tEsquir\u00f3s Appartement spacieux et confortable pour 8p au pied des pistes 1500\t\t\t\t\t\t\t\t<\/H4>\n\t\t\t\t\t\t\t\t<p class=\"precio-alojamiento\">\u00c0 partir de <span class=\"precio\">280.00\u20ac<\/span> par nuit<\/p>\n\t\t\t\t\t\t\t<\/div>\n\t\t\t\t\t\t<\/div>\n\t\t\t\t\t<\/a> \n\t\t\t\t\t\t\n\t\t\t\t\t<a href=\"https:\/\/www.totiaranalquilerbaqueira.com\/fr\/location\/appartement-baqueira-jireta-by-totiaran-288189.html\" rel=\"nofollow\" style=\"width: 23%;\">\n\t\t\t\t\t\t<div class=\"apartamento-box\">\n\t\t\t\t\t\t\t<div class=\"imagen_recomendados\">\n\t\t\t\t\t\t\t\t<img decoding=\"async\" src=\"https:\/\/crs.avantio.com\/fotos\/2\/155853695653bead93c8ff2fd7d385b2b34b6dfdc5\/big15660395510cb23c344057637451b6d67d23cbcfb8.jpg\" alt=\"Jireta Magnifique appartement nouvellement meubl\u00e9 pour 6p \u00e0 Val de Ruda cota 1500\">\n\t\t\t\t\t\t\t<\/div>\n\t\t\t\t\t\t\t<div class=\"info\">\n\t\t\t\t\t\t\t\t<div class=\"ubicacion\">\n\t\t\t\t\t\t\t\t\t<i class=\"fa-solid fa-location-dot icono-mapa\"><\/i><span class=\"ubicacion-texto\">Baqueira - L\u00e9rida<\/span>\n\t\t\t\t\t\t\t\t<\/div>\n\t\t\t\t\t\t\t\t<H4 class=\"titulo-alojamiento\">\n\t\t\t\t\t\t\t\t\tJireta Magnifique appartement nouvellement meubl\u00e9 pour 6p \u00e0 Val de Ruda cota 1500\t\t\t\t\t\t\t\t<\/H4>\n\t\t\t\t\t\t\t\t<p class=\"precio-alojamiento\">\u00c0 partir de <span class=\"precio\">170.00\u20ac<\/span> par nuit<\/p>\n\t\t\t\t\t\t\t<\/div>\n\t\t\t\t\t\t<\/div>\n\t\t\t\t\t<\/a> \n\t\t\t\t\t\t\n\t\t\t\t\t<a href=\"https:\/\/www.totiaranalquilerbaqueira.com\/fr\/location\/appartement-baqueira-montgarri-by-totiaran-288198.html\" rel=\"nofollow\" style=\"width: 23%;\">\n\t\t\t\t\t\t<div class=\"apartamento-box\">\n\t\t\t\t\t\t\t<div class=\"imagen_recomendados\">\n\t\t\t\t\t\t\t\t<img decoding=\"async\" src=\"https:\/\/crs.avantio.com\/fotos\/2\/1558621757ef24e529e9a9d07b09e1634a2dcf3304\/big172675099640f2fda9dc46eec23a8a4d62995f9f1b.jpg\" alt=\"Montgarri Magnifique appartement avec 2 chambres \/ 2 salles de bain pour 6 personnes au pied des pistes 1500\">\n\t\t\t\t\t\t\t<\/div>\n\t\t\t\t\t\t\t<div class=\"info\">\n\t\t\t\t\t\t\t\t<div class=\"ubicacion\">\n\t\t\t\t\t\t\t\t\t<i class=\"fa-solid fa-location-dot icono-mapa\"><\/i><span class=\"ubicacion-texto\">Baqueira - L\u00e9rida<\/span>\n\t\t\t\t\t\t\t\t<\/div>\n\t\t\t\t\t\t\t\t<H4 class=\"titulo-alojamiento\">\n\t\t\t\t\t\t\t\t\tMontgarri Magnifique appartement avec 2 chambres \/ 2 salles de bain pour 6 personnes au pied des pistes 1500\t\t\t\t\t\t\t\t<\/H4>\n\t\t\t\t\t\t\t\t<p class=\"precio-alojamiento\">\u00c0 partir de <span class=\"precio\">225.00\u20ac<\/span> par nuit<\/p>\n\t\t\t\t\t\t\t<\/div>\n\t\t\t\t\t\t<\/div>\n\t\t\t\t\t<\/a> \n\t\t\t\t\t\t\n\t\t\t\t\t<a href=\"https:\/\/www.totiaranalquilerbaqueira.com\/fr\/location\/appartement-baqueira-orri-by-totiaran-288201.html\" rel=\"nofollow\" style=\"width: 23%;\">\n\t\t\t\t\t\t<div class=\"apartamento-box\">\n\t\t\t\t\t\t\t<div class=\"imagen_recomendados\">\n\t\t\t\t\t\t\t\t<img decoding=\"async\" src=\"https:\/\/crs.avantio.com\/fotos\/2\/1564820492b1ae1e22820b0f541d2c15c8e652237a\/big1570106547bc215e44f38b8136d3aba3c500a9c7e1.jpg\" alt=\"Orri Grand appartement pour 5p au pied des pistes 1500 de Baqueira-Beret\">\n\t\t\t\t\t\t\t<\/div>\n\t\t\t\t\t\t\t<div class=\"info\">\n\t\t\t\t\t\t\t\t<div class=\"ubicacion\">\n\t\t\t\t\t\t\t\t\t<i class=\"fa-solid fa-location-dot icono-mapa\"><\/i><span class=\"ubicacion-texto\">Baqueira - L\u00e9rida<\/span>\n\t\t\t\t\t\t\t\t<\/div>\n\t\t\t\t\t\t\t\t<H4 class=\"titulo-alojamiento\">\n\t\t\t\t\t\t\t\t\tOrri Grand appartement pour 5p au pied des pistes 1500 de Baqueira-Beret\t\t\t\t\t\t\t\t<\/H4>\n\t\t\t\t\t\t\t\t<p class=\"precio-alojamiento\">\u00c0 partir de <span class=\"precio\">170.00\u20ac<\/span> par nuit<\/p>\n\t\t\t\t\t\t\t<\/div>\n\t\t\t\t\t\t<\/div>\n\t\t\t\t\t<\/a> \n\t\t\t\t\t\t\t\t<\/div>\n\t\t\t<\/div>\n\t\t\t\t\t\t<\/div>\n\t\t\t\t<\/div>\n\t\t\t\t\t<\/div>\n\t\t<\/div>\n\t\t\t\t\t<\/div>\n\t\t<\/section>\n\t\t\t\t<section class=\"elementor-section elementor-top-section elementor-element elementor-element-fa8949f elementor-section-boxed elementor-section-height-default elementor-section-height-default\" data-id=\"fa8949f\" data-element_type=\"section\" data-e-type=\"section\">\n\t\t\t\t\t\t<div class=\"elementor-container elementor-column-gap-default\">\n\t\t\t\t\t<div class=\"elementor-column elementor-col-100 elementor-top-column elementor-element elementor-element-60f44cd\" data-id=\"60f44cd\" data-element_type=\"column\" data-e-type=\"column\">\n\t\t\t<div class=\"elementor-widget-wrap elementor-element-populated\">\n\t\t\t\t\t\t<div class=\"elementor-element elementor-element-c02680b elementor-widget elementor-widget-heading\" data-id=\"c02680b\" data-element_type=\"widget\" data-e-type=\"widget\" data-widget_type=\"heading.default\">\n\t\t\t\t<div class=\"elementor-widget-container\">\n\t\t\t\t\t<h2 class=\"elementor-heading-title elementor-size-default\">D\u00e9couvrez tous nos h\u00e9bergements au Val de Ruda et dans les environs<\/h2>\t\t\t\t<\/div>\n\t\t\t\t<\/div>\n\t\t\t\t\t<\/div>\n\t\t<\/div>\n\t\t\t\t\t<\/div>\n\t\t<\/section>\n\t\t\t\t<section class=\"elementor-section elementor-top-section elementor-element elementor-element-4701374c elementor-section-boxed elementor-section-height-default elementor-section-height-default\" data-id=\"4701374c\" data-element_type=\"section\" data-e-type=\"section\">\n\t\t\t\t\t\t<div class=\"elementor-container elementor-column-gap-default\">\n\t\t\t\t\t<div class=\"elementor-column elementor-col-33 elementor-top-column elementor-element elementor-element-f46cae8\" data-id=\"f46cae8\" data-element_type=\"column\" data-e-type=\"column\">\n\t\t\t<div class=\"elementor-widget-wrap elementor-element-populated\">\n\t\t\t\t\t\t<div class=\"elementor-element elementor-element-6283ea0b elementor-align-left elementor-widget elementor-widget-button\" data-id=\"6283ea0b\" data-element_type=\"widget\" data-e-type=\"widget\" data-widget_type=\"button.default\">\n\t\t\t\t<div class=\"elementor-widget-container\">\n\t\t\t\t\t\t\t\t\t<div class=\"elementor-button-wrapper\">\n\t\t\t\t\t<a class=\"elementor-button elementor-button-link elementor-size-sm\" href=\"https:\/\/www.totiaranalquilerbaqueira.com\/fr\/location\/locations-baqueira-d1396\/\">\n\t\t\t\t\t\t<span class=\"elementor-button-content-wrapper\">\n\t\t\t\t\t\t\t\t\t<span class=\"elementor-button-text\">H\u00e9bergement \u00e0 Baqueira<\/span>\n\t\t\t\t\t<\/span>\n\t\t\t\t\t<\/a>\n\t\t\t\t<\/div>\n\t\t\t\t\t\t\t\t<\/div>\n\t\t\t\t<\/div>\n\t\t\t\t\t<\/div>\n\t\t<\/div>\n\t\t\t\t<div class=\"elementor-column elementor-col-33 elementor-top-column elementor-element elementor-element-5fadc3e2\" data-id=\"5fadc3e2\" data-element_type=\"column\" data-e-type=\"column\">\n\t\t\t<div class=\"elementor-widget-wrap elementor-element-populated\">\n\t\t\t\t\t\t<div class=\"elementor-element elementor-element-61270f86 elementor-align-left elementor-widget elementor-widget-button\" data-id=\"61270f86\" data-element_type=\"widget\" data-e-type=\"widget\" data-widget_type=\"button.default\">\n\t\t\t\t<div class=\"elementor-widget-container\">\n\t\t\t\t\t\t\t\t\t<div class=\"elementor-button-wrapper\">\n\t\t\t\t\t<a class=\"elementor-button elementor-button-link elementor-size-sm\" href=\"https:\/\/www.totiaranalquilerbaqueira.com\/fr\/location\/locations-baqueira-1500-val-de-ruda-baqueira-n1906304\/\">\n\t\t\t\t\t\t<span class=\"elementor-button-content-wrapper\">\n\t\t\t\t\t\t\t\t\t<span class=\"elementor-button-text\">H\u00e9bergement au Val de Ruda<\/span>\n\t\t\t\t\t<\/span>\n\t\t\t\t\t<\/a>\n\t\t\t\t<\/div>\n\t\t\t\t\t\t\t\t<\/div>\n\t\t\t\t<\/div>\n\t\t\t\t\t<\/div>\n\t\t<\/div>\n\t\t\t\t<div class=\"elementor-column elementor-col-33 elementor-top-column elementor-element elementor-element-58973c73\" data-id=\"58973c73\" data-element_type=\"column\" data-e-type=\"column\">\n\t\t\t<div class=\"elementor-widget-wrap elementor-element-populated\">\n\t\t\t\t\t\t<div class=\"elementor-element elementor-element-1f18e1ff elementor-align-left elementor-widget elementor-widget-button\" data-id=\"1f18e1ff\" data-element_type=\"widget\" data-e-type=\"widget\" data-widget_type=\"button.default\">\n\t\t\t\t<div class=\"elementor-widget-container\">\n\t\t\t\t\t\t\t\t\t<div class=\"elementor-button-wrapper\">\n\t\t\t\t\t<a class=\"elementor-button elementor-button-link elementor-size-sm\" href=\"https:\/\/www.totiaranalquilerbaqueira.com\/fr\/location\/location-locations-u0\/\">\n\t\t\t\t\t\t<span class=\"elementor-button-content-wrapper\">\n\t\t\t\t\t\t\t\t\t<span class=\"elementor-button-text\">H\u00e9bergement dans la vall\u00e9e d'Aran<\/span>\n\t\t\t\t\t<\/span>\n\t\t\t\t\t<\/a>\n\t\t\t\t<\/div>\n\t\t\t\t\t\t\t\t<\/div>\n\t\t\t\t<\/div>\n\t\t\t\t\t<\/div>\n\t\t<\/div>\n\t\t\t\t\t<\/div>\n\t\t<\/section>\n\t\t\t\t<section class=\"elementor-section elementor-top-section elementor-element elementor-element-182be64 elementor-section-boxed elementor-section-height-default elementor-section-height-default\" data-id=\"182be64\" data-element_type=\"section\" data-e-type=\"section\" data-settings=\"{&quot;background_background&quot;:&quot;classic&quot;}\">\n\t\t\t\t\t\t<div class=\"elementor-container elementor-column-gap-no\">\n\t\t\t\t\t<div class=\"elementor-column elementor-col-50 elementor-top-column elementor-element elementor-element-217faf4\" data-id=\"217faf4\" data-element_type=\"column\" data-e-type=\"column\">\n\t\t\t<div class=\"elementor-widget-wrap elementor-element-populated\">\n\t\t\t\t\t\t<div class=\"elementor-element elementor-element-3c764ab elementor-widget elementor-widget-text-editor\" data-id=\"3c764ab\" data-element_type=\"widget\" data-e-type=\"widget\" data-widget_type=\"text-editor.default\">\n\t\t\t\t<div class=\"elementor-widget-container\">\n\t\t\t\t\t\t\t\t\t<p style=\"text-align: left;\"><span style=\"color: #ffffff;\">Si vous r\u00e9servez votre h\u00e9bergement dans le Val de Ruda avec nous, vous b\u00e9n\u00e9ficiez d&rsquo;une r\u00e9duction de 25 % sur la location de skis chez Totirent Ski. <strong>Maintenant vous n&rsquo;avez plus d&rsquo;excuse, allons-nous au Val de Ruda pour skier \u00e0 Baqueira ?<\/strong><\/span><\/p>\t\t\t\t\t\t\t\t<\/div>\n\t\t\t\t<\/div>\n\t\t\t\t\t<\/div>\n\t\t<\/div>\n\t\t\t\t<div class=\"elementor-column elementor-col-50 elementor-top-column elementor-element elementor-element-65e1841\" data-id=\"65e1841\" data-element_type=\"column\" data-e-type=\"column\">\n\t\t\t<div class=\"elementor-widget-wrap elementor-element-populated\">\n\t\t\t\t\t\t<div class=\"elementor-element elementor-element-cd5ea45 elementor-align-center elementor-widget elementor-widget-button\" data-id=\"cd5ea45\" data-element_type=\"widget\" data-e-type=\"widget\" data-widget_type=\"button.default\">\n\t\t\t\t<div class=\"elementor-widget-container\">\n\t\t\t\t\t\t\t\t\t<div class=\"elementor-button-wrapper\">\n\t\t\t\t\t<a class=\"elementor-button elementor-button-link elementor-size-sm\" href=\"https:\/\/www.totiaranalquilerbaqueira.com\/blog\/fr\/location-et-reparation-de-skis-a-baqueira-beret\/\">\n\t\t\t\t\t\t<span class=\"elementor-button-content-wrapper\">\n\t\t\t\t\t\t\t\t\t<span class=\"elementor-button-text\">Location de ski \u00e0 Val de Ruda<\/span>\n\t\t\t\t\t<\/span>\n\t\t\t\t\t<\/a>\n\t\t\t\t<\/div>\n\t\t\t\t\t\t\t\t<\/div>\n\t\t\t\t<\/div>\n\t\t\t\t\t<\/div>\n\t\t<\/div>\n\t\t\t\t\t<\/div>\n\t\t<\/section>\n\t\t\t\t<section class=\"elementor-section elementor-top-section elementor-element elementor-element-639668e elementor-section-full_width elementor-section-height-default elementor-section-height-default\" data-id=\"639668e\" data-element_type=\"section\" data-e-type=\"section\">\n\t\t\t\t\t\t<div class=\"elementor-container elementor-column-gap-no\">\n\t\t\t\t\t<div class=\"elementor-column elementor-col-100 elementor-top-column elementor-element elementor-element-eab4dfd\" data-id=\"eab4dfd\" data-element_type=\"column\" data-e-type=\"column\">\n\t\t\t<div class=\"elementor-widget-wrap elementor-element-populated\">\n\t\t\t\t\t\t<div class=\"elementor-element elementor-element-3495fe6 elementor-widget elementor-widget-image\" data-id=\"3495fe6\" data-element_type=\"widget\" data-e-type=\"widget\" data-widget_type=\"image.default\">\n\t\t\t\t<div class=\"elementor-widget-container\">\n\t\t\t\t\t\t\t\t\t\t\t\t\t\t\t<img decoding=\"async\" width=\"1920\" height=\"834\" src=\"https:\/\/www.totiaranalquilerbaqueira.com\/blog\/wp-content\/uploads\/2024\/08\/val-de-ruda1.jpg\" class=\"attachment-full size-full wp-image-3223\" alt=\"Val de Ruda, urbanizaci\u00f3n en Baqueira Beret\" srcset=\"https:\/\/www.totiaranalquilerbaqueira.com\/blog\/wp-content\/uploads\/2024\/08\/val-de-ruda1.jpg 1920w, https:\/\/www.totiaranalquilerbaqueira.com\/blog\/wp-content\/uploads\/2024\/08\/val-de-ruda1-300x130.jpg 300w, https:\/\/www.totiaranalquilerbaqueira.com\/blog\/wp-content\/uploads\/2024\/08\/val-de-ruda1-1024x445.jpg 1024w, https:\/\/www.totiaranalquilerbaqueira.com\/blog\/wp-content\/uploads\/2024\/08\/val-de-ruda1-768x334.jpg 768w, https:\/\/www.totiaranalquilerbaqueira.com\/blog\/wp-content\/uploads\/2024\/08\/val-de-ruda1-1536x667.jpg 1536w\" sizes=\"(max-width: 1920px) 100vw, 1920px\" \/>\t\t\t\t\t\t\t\t\t\t\t\t\t\t\t<\/div>\n\t\t\t\t<\/div>\n\t\t\t\t\t<\/div>\n\t\t<\/div>\n\t\t\t\t\t<\/div>\n\t\t<\/section>\n\t\t\t\t<section class=\"elementor-section elementor-top-section elementor-element elementor-element-8566a08 elementor-section-content-middle elementor-section-boxed elementor-section-height-default elementor-section-height-default\" data-id=\"8566a08\" data-element_type=\"section\" data-e-type=\"section\" data-settings=\"{&quot;background_background&quot;:&quot;classic&quot;}\">\n\t\t\t\t\t\t<div class=\"elementor-container elementor-column-gap-no\">\n\t\t\t\t\t<div class=\"elementor-column elementor-col-100 elementor-top-column elementor-element elementor-element-32569a\" data-id=\"32569a\" data-element_type=\"column\" data-e-type=\"column\">\n\t\t\t<div class=\"elementor-widget-wrap elementor-element-populated\">\n\t\t\t\t\t\t<div class=\"elementor-element elementor-element-2548f6bd elementor-widget elementor-widget-heading\" data-id=\"2548f6bd\" data-element_type=\"widget\" data-e-type=\"widget\" data-widget_type=\"heading.default\">\n\t\t\t\t<div class=\"elementor-widget-container\">\n\t\t\t\t\t<h2 class=\"elementor-heading-title elementor-size-default\">Services suppl\u00e9mentaires au Val de Ruda<\/h2>\t\t\t\t<\/div>\n\t\t\t\t<\/div>\n\t\t\t\t<div class=\"elementor-element elementor-element-1e77875d elementor-widget elementor-widget-heading\" data-id=\"1e77875d\" data-element_type=\"widget\" data-e-type=\"widget\" data-widget_type=\"heading.default\">\n\t\t\t\t<div class=\"elementor-widget-container\">\n\t\t\t\t\t<h5 class=\"elementor-heading-title elementor-size-default\">Votre tranquillit\u00e9 et votre bien-\u00eatre sont au c\u0153ur des pr\u00e9occupations de l'\u00e9quipe de Toti Aran. C'est pourquoi nous vous proposons une s\u00e9rie de services compl\u00e9mentaires pour que vos vacances \u00e0 Baqueira Beret soient parfaites :<\/h5>\t\t\t\t<\/div>\n\t\t\t\t<\/div>\n\t\t\t\t<section class=\"elementor-section elementor-inner-section elementor-element elementor-element-f2b2482 elementor-section-content-middle elementor-section-boxed elementor-section-height-default elementor-section-height-default\" data-id=\"f2b2482\" data-element_type=\"section\" data-e-type=\"section\">\n\t\t\t\t\t\t<div class=\"elementor-container elementor-column-gap-default\">\n\t\t\t\t\t<div class=\"elementor-column elementor-col-33 elementor-inner-column elementor-element elementor-element-2e96bd87\" data-id=\"2e96bd87\" data-element_type=\"column\" data-e-type=\"column\" data-settings=\"{&quot;background_background&quot;:&quot;classic&quot;}\">\n\t\t\t<div class=\"elementor-widget-wrap elementor-element-populated\">\n\t\t\t\t\t<div class=\"elementor-background-overlay\"><\/div>\n\t\t\t\t\t\t<div class=\"elementor-element elementor-element-1ba5a4aa elementor-cta--skin-cover elementor-cta--valign-middle elementor-bg-transform elementor-bg-transform-zoom-out elementor-animated-content elementor-widget elementor-widget-call-to-action\" data-id=\"1ba5a4aa\" data-element_type=\"widget\" data-e-type=\"widget\" data-widget_type=\"call-to-action.default\">\n\t\t\t\t<div class=\"elementor-widget-container\">\n\t\t\t\t\t\t\t<div class=\"elementor-cta\">\n\t\t\t\t\t<div class=\"elementor-cta__bg-wrapper\">\n\t\t\t\t<div class=\"elementor-cta__bg elementor-bg\" style=\"background-image: url(https:\/\/www.totiaranalquilerbaqueira.com\/blog\/wp-content\/uploads\/2024\/08\/botas-de-ski-como-elegirlas-768x465.jpg);\" role=\"img\" aria-label=\"botas de ski. c\u00f3mo elegirlas\"><\/div>\n\t\t\t\t<div class=\"elementor-cta__bg-overlay\"><\/div>\n\t\t\t<\/div>\n\t\t\t\t\t\t\t<div class=\"elementor-cta__content\">\n\t\t\t\t\n\t\t\t\t\t\t\t\t\t<h2 class=\"elementor-cta__title elementor-cta__content-item elementor-content-item elementor-animated-item--grow\">\n\t\t\t\t\t\tLocation de skis\t\t\t\t\t<\/h2>\n\t\t\t\t\n\t\t\t\t\n\t\t\t\t\t\t\t<\/div>\n\t\t\t\t\t\t<\/div>\n\t\t\t\t\t\t<\/div>\n\t\t\t\t<\/div>\n\t\t\t\t\t<\/div>\n\t\t<\/div>\n\t\t\t\t<div class=\"elementor-column elementor-col-33 elementor-inner-column elementor-element elementor-element-63b46866\" data-id=\"63b46866\" data-element_type=\"column\" data-e-type=\"column\">\n\t\t\t<div class=\"elementor-widget-wrap elementor-element-populated\">\n\t\t\t\t\t\t<div class=\"elementor-element elementor-element-4c428984 elementor-cta--skin-cover elementor-bg-transform elementor-bg-transform-zoom-out elementor-animated-content elementor-widget elementor-widget-call-to-action\" data-id=\"4c428984\" data-element_type=\"widget\" data-e-type=\"widget\" data-widget_type=\"call-to-action.default\">\n\t\t\t\t<div class=\"elementor-widget-container\">\n\t\t\t\t\t\t\t<div class=\"elementor-cta\">\n\t\t\t\t\t<div class=\"elementor-cta__bg-wrapper\">\n\t\t\t\t<div class=\"elementor-cta__bg elementor-bg\" style=\"background-image: url(https:\/\/www.totiaranalquilerbaqueira.com\/blog\/wp-content\/uploads\/2024\/08\/lavanderia-baqueira.jpg);\" role=\"img\" aria-label=\"lavanderia en baqueira\"><\/div>\n\t\t\t\t<div class=\"elementor-cta__bg-overlay\"><\/div>\n\t\t\t<\/div>\n\t\t\t\t\t\t\t<div class=\"elementor-cta__content\">\n\t\t\t\t\n\t\t\t\t\t\t\t\t\t<h2 class=\"elementor-cta__title elementor-cta__content-item elementor-content-item elementor-animated-item--grow\">\n\t\t\t\t\t\tLessive \u00e0 domicile\t\t\t\t\t<\/h2>\n\t\t\t\t\n\t\t\t\t\n\t\t\t\t\t\t\t<\/div>\n\t\t\t\t\t\t<\/div>\n\t\t\t\t\t\t<\/div>\n\t\t\t\t<\/div>\n\t\t\t\t\t<\/div>\n\t\t<\/div>\n\t\t\t\t<div class=\"elementor-column elementor-col-33 elementor-inner-column elementor-element elementor-element-032bf6a\" data-id=\"032bf6a\" data-element_type=\"column\" data-e-type=\"column\">\n\t\t\t<div class=\"elementor-widget-wrap elementor-element-populated\">\n\t\t\t\t\t\t<div class=\"elementor-element elementor-element-043bc72 elementor-cta--skin-cover elementor-bg-transform elementor-bg-transform-zoom-out elementor-animated-content elementor-widget elementor-widget-call-to-action\" data-id=\"043bc72\" data-element_type=\"widget\" data-e-type=\"widget\" data-widget_type=\"call-to-action.default\">\n\t\t\t\t<div class=\"elementor-widget-container\">\n\t\t\t\t\t\t\t<div class=\"elementor-cta\">\n\t\t\t\t\t<div class=\"elementor-cta__bg-wrapper\">\n\t\t\t\t<div class=\"elementor-cta__bg elementor-bg\" style=\"background-image: url(https:\/\/www.totiaranalquilerbaqueira.com\/blog\/wp-content\/uploads\/2024\/08\/canguros-baqueira-768x386.jpg);\" role=\"img\" aria-label=\"Servicio de canguro y cuidado de ni\u00f1os en Baqueira\"><\/div>\n\t\t\t\t<div class=\"elementor-cta__bg-overlay\"><\/div>\n\t\t\t<\/div>\n\t\t\t\t\t\t\t<div class=\"elementor-cta__content\">\n\t\t\t\t\n\t\t\t\t\t\t\t\t\t<h2 class=\"elementor-cta__title elementor-cta__content-item elementor-content-item elementor-animated-item--grow\">\n\t\t\t\t\t\tGardes d'enfants\t\t\t\t\t<\/h2>\n\t\t\t\t\n\t\t\t\t\n\t\t\t\t\t\t\t<\/div>\n\t\t\t\t\t\t<\/div>\n\t\t\t\t\t\t<\/div>\n\t\t\t\t<\/div>\n\t\t\t\t\t<\/div>\n\t\t<\/div>\n\t\t\t\t\t<\/div>\n\t\t<\/section>\n\t\t\t\t<section class=\"elementor-section elementor-inner-section elementor-element elementor-element-6c2b4ed elementor-section-content-middle elementor-section-boxed elementor-section-height-default elementor-section-height-default\" data-id=\"6c2b4ed\" data-element_type=\"section\" data-e-type=\"section\">\n\t\t\t\t\t\t<div class=\"elementor-container elementor-column-gap-default\">\n\t\t\t\t\t<div class=\"elementor-column elementor-col-33 elementor-inner-column elementor-element elementor-element-dcb12d4\" data-id=\"dcb12d4\" data-element_type=\"column\" data-e-type=\"column\">\n\t\t\t<div class=\"elementor-widget-wrap elementor-element-populated\">\n\t\t\t\t\t\t<div class=\"elementor-element elementor-element-99afa85 elementor-cta--skin-cover elementor-cta--valign-middle elementor-bg-transform elementor-bg-transform-zoom-out elementor-animated-content elementor-widget elementor-widget-call-to-action\" data-id=\"99afa85\" data-element_type=\"widget\" data-e-type=\"widget\" data-widget_type=\"call-to-action.default\">\n\t\t\t\t<div class=\"elementor-widget-container\">\n\t\t\t\t\t\t\t<div class=\"elementor-cta\">\n\t\t\t\t\t<div class=\"elementor-cta__bg-wrapper\">\n\t\t\t\t<div class=\"elementor-cta__bg elementor-bg\" style=\"background-image: url(https:\/\/www.totiaranalquilerbaqueira.com\/blog\/wp-content\/uploads\/2024\/08\/compra-a-domicilio-baqueira-768x483.jpg);\" role=\"img\" aria-label=\"Compra a domicilio en Baqueira\"><\/div>\n\t\t\t\t<div class=\"elementor-cta__bg-overlay\"><\/div>\n\t\t\t<\/div>\n\t\t\t\t\t\t\t<div class=\"elementor-cta__content\">\n\t\t\t\t\n\t\t\t\t\t\t\t\t\t<h2 class=\"elementor-cta__title elementor-cta__content-item elementor-content-item elementor-animated-item--grow\">\n\t\t\t\t\t\tNourriture livr\u00e9e \u00e0 domicile\t\t\t\t\t<\/h2>\n\t\t\t\t\n\t\t\t\t\n\t\t\t\t\t\t\t<\/div>\n\t\t\t\t\t\t<\/div>\n\t\t\t\t\t\t<\/div>\n\t\t\t\t<\/div>\n\t\t\t\t\t<\/div>\n\t\t<\/div>\n\t\t\t\t<div class=\"elementor-column elementor-col-33 elementor-inner-column elementor-element elementor-element-9cc2f7b\" data-id=\"9cc2f7b\" data-element_type=\"column\" data-e-type=\"column\">\n\t\t\t<div class=\"elementor-widget-wrap elementor-element-populated\">\n\t\t\t\t\t\t<div class=\"elementor-element elementor-element-11c51c2 elementor-cta--skin-cover elementor-bg-transform elementor-bg-transform-zoom-out elementor-animated-content elementor-widget elementor-widget-call-to-action\" data-id=\"11c51c2\" data-element_type=\"widget\" data-e-type=\"widget\" data-widget_type=\"call-to-action.default\">\n\t\t\t\t<div class=\"elementor-widget-container\">\n\t\t\t\t\t\t\t<div class=\"elementor-cta\">\n\t\t\t\t\t<div class=\"elementor-cta__bg-wrapper\">\n\t\t\t\t<div class=\"elementor-cta__bg elementor-bg\" style=\"background-image: url(https:\/\/www.totiaranalquilerbaqueira.com\/blog\/wp-content\/uploads\/2024\/08\/taxi-traslados-baqueira.jpg);\" role=\"img\" aria-label=\"Taxis y traslados en Baqueira\"><\/div>\n\t\t\t\t<div class=\"elementor-cta__bg-overlay\"><\/div>\n\t\t\t<\/div>\n\t\t\t\t\t\t\t<div class=\"elementor-cta__content\">\n\t\t\t\t\n\t\t\t\t\t\t\t\t\t<h2 class=\"elementor-cta__title elementor-cta__content-item elementor-content-item elementor-animated-item--grow\">\n\t\t\t\t\t\tTransport priv\u00e9\t\t\t\t\t<\/h2>\n\t\t\t\t\n\t\t\t\t\n\t\t\t\t\t\t\t<\/div>\n\t\t\t\t\t\t<\/div>\n\t\t\t\t\t\t<\/div>\n\t\t\t\t<\/div>\n\t\t\t\t\t<\/div>\n\t\t<\/div>\n\t\t\t\t<div class=\"elementor-column elementor-col-33 elementor-inner-column elementor-element elementor-element-c1d3989\" data-id=\"c1d3989\" data-element_type=\"column\" data-e-type=\"column\">\n\t\t\t<div class=\"elementor-widget-wrap elementor-element-populated\">\n\t\t\t\t\t\t<div class=\"elementor-element elementor-element-0dc549b elementor-cta--skin-cover elementor-bg-transform elementor-bg-transform-zoom-out elementor-animated-content elementor-widget elementor-widget-call-to-action\" data-id=\"0dc549b\" data-element_type=\"widget\" data-e-type=\"widget\" data-widget_type=\"call-to-action.default\">\n\t\t\t\t<div class=\"elementor-widget-container\">\n\t\t\t\t\t\t\t<div class=\"elementor-cta\">\n\t\t\t\t\t<div class=\"elementor-cta__bg-wrapper\">\n\t\t\t\t<div class=\"elementor-cta__bg elementor-bg\" style=\"background-image: url(https:\/\/www.totiaranalquilerbaqueira.com\/blog\/wp-content\/uploads\/2024\/08\/ninos-curso-esqui.jpg);\" role=\"img\" aria-label=\"Ninos en un curso de esqui\"><\/div>\n\t\t\t\t<div class=\"elementor-cta__bg-overlay\"><\/div>\n\t\t\t<\/div>\n\t\t\t\t\t\t\t<div class=\"elementor-cta__content\">\n\t\t\t\t\n\t\t\t\t\t\t\t\t\t<h2 class=\"elementor-cta__title elementor-cta__content-item elementor-content-item elementor-animated-item--grow\">\n\t\t\t\t\t\tCours de ski\t\t\t\t\t<\/h2>\n\t\t\t\t\n\t\t\t\t\n\t\t\t\t\t\t\t<\/div>\n\t\t\t\t\t\t<\/div>\n\t\t\t\t\t\t<\/div>\n\t\t\t\t<\/div>\n\t\t\t\t\t<\/div>\n\t\t<\/div>\n\t\t\t\t\t<\/div>\n\t\t<\/section>\n\t\t\t\t\t<\/div>\n\t\t<\/div>\n\t\t\t\t\t<\/div>\n\t\t<\/section>\n\t\t\t\t<\/div>\n\t\t","protected":false},"excerpt":{"rendered":"<p>O\u00f9 se trouve le Val de Ruda ? Le Val de Ruda est un quartier r\u00e9sidentiel exclusif situ\u00e9 au c\u0153ur de Baqueira Beret, dans la vall\u00e9e d&rsquo;Aran, \u00e0 Lleida. Pour y acc\u00e9der, prenez la route C-28 depuis Vielha, en direction de Salard\u00fa et Baqueira. \u00c0 environ 13 km de Vielha, avant d&rsquo;arriver au centre de [&hellip;]<\/p>\n","protected":false},"author":2,"featured_media":3170,"parent":0,"menu_order":0,"comment_status":"closed","ping_status":"closed","template":"","meta":{"footnotes":""},"class_list":["post-4234","page","type-page","status-publish","has-post-thumbnail","hentry"],"yoast_head":"<!-- This site is optimized with the Yoast SEO plugin v27.4 - https:\/\/yoast.com\/product\/yoast-seo-wordpress\/ -->\n<title>Val de Ruda \u00e0 Baqueira, luxe et neige pr\u00e8s des pistes de ski<\/title>\n<meta name=\"description\" content=\"D\u00e9couvrez Val de Ruda, l&#039;un des lotissements les plus exclusifs des Pyr\u00e9n\u00e9es, \u00e0 proximit\u00e9 des remont\u00e9es m\u00e9caniques des pistes de ski de Baqueira Beret.\" \/>\n<meta name=\"robots\" content=\"index, follow, max-snippet:-1, max-image-preview:large, max-video-preview:-1\" \/>\n<link rel=\"canonical\" href=\"https:\/\/www.totiaranalquilerbaqueira.com\/blog\/fr\/val-de-ruda\/\" \/>\n<meta property=\"og:locale\" content=\"fr_FR\" \/>\n<meta property=\"og:type\" content=\"article\" \/>\n<meta property=\"og:title\" content=\"Val de Ruda \u00e0 Baqueira, luxe et neige pr\u00e8s des pistes de ski\" \/>\n<meta property=\"og:description\" content=\"D\u00e9couvrez Val de Ruda, l&#039;un des lotissements les plus exclusifs des Pyr\u00e9n\u00e9es, \u00e0 proximit\u00e9 des remont\u00e9es m\u00e9caniques des pistes de ski de Baqueira Beret.\" \/>\n<meta property=\"og:url\" content=\"https:\/\/www.totiaranalquilerbaqueira.com\/blog\/fr\/val-de-ruda\/\" \/>\n<meta property=\"og:site_name\" content=\"Blog\" \/>\n<meta property=\"article:modified_time\" content=\"2025-06-27T11:09:58+00:00\" \/>\n<meta property=\"og:image\" content=\"https:\/\/www.totiaranalquilerbaqueira.com\/blog\/wp-content\/uploads\/2024\/08\/val-de-ruda.jpg\" \/>\n\t<meta property=\"og:image:width\" content=\"1920\" \/>\n\t<meta property=\"og:image:height\" content=\"650\" \/>\n\t<meta property=\"og:image:type\" content=\"image\/jpeg\" \/>\n<meta name=\"twitter:card\" content=\"summary_large_image\" \/>\n<meta name=\"twitter:label1\" content=\"Dur\u00e9e de lecture estim\u00e9e\" \/>\n\t<meta name=\"twitter:data1\" content=\"8 minutes\" \/>\n<script type=\"application\/ld+json\" class=\"yoast-schema-graph\">{\"@context\":\"https:\\\/\\\/schema.org\",\"@graph\":[{\"@type\":\"WebPage\",\"@id\":\"https:\\\/\\\/www.totiaranalquilerbaqueira.com\\\/blog\\\/fr\\\/val-de-ruda\\\/\",\"url\":\"https:\\\/\\\/www.totiaranalquilerbaqueira.com\\\/blog\\\/fr\\\/val-de-ruda\\\/\",\"name\":\"Val de Ruda \u00e0 Baqueira, luxe et neige pr\u00e8s des pistes de ski\",\"isPartOf\":{\"@id\":\"https:\\\/\\\/www.totiaranalquilerbaqueira.com\\\/blog\\\/fr\\\/#website\"},\"primaryImageOfPage\":{\"@id\":\"https:\\\/\\\/www.totiaranalquilerbaqueira.com\\\/blog\\\/fr\\\/val-de-ruda\\\/#primaryimage\"},\"image\":{\"@id\":\"https:\\\/\\\/www.totiaranalquilerbaqueira.com\\\/blog\\\/fr\\\/val-de-ruda\\\/#primaryimage\"},\"thumbnailUrl\":\"https:\\\/\\\/www.totiaranalquilerbaqueira.com\\\/blog\\\/wp-content\\\/uploads\\\/2024\\\/08\\\/val-de-ruda.jpg\",\"datePublished\":\"2024-08-21T13:12:55+00:00\",\"dateModified\":\"2025-06-27T11:09:58+00:00\",\"description\":\"D\u00e9couvrez Val de Ruda, l'un des lotissements les plus exclusifs des Pyr\u00e9n\u00e9es, \u00e0 proximit\u00e9 des remont\u00e9es m\u00e9caniques des pistes de ski de Baqueira Beret.\",\"breadcrumb\":{\"@id\":\"https:\\\/\\\/www.totiaranalquilerbaqueira.com\\\/blog\\\/fr\\\/val-de-ruda\\\/#breadcrumb\"},\"inLanguage\":\"fr-FR\",\"potentialAction\":[{\"@type\":\"ReadAction\",\"target\":[\"https:\\\/\\\/www.totiaranalquilerbaqueira.com\\\/blog\\\/fr\\\/val-de-ruda\\\/\"]}]},{\"@type\":\"ImageObject\",\"inLanguage\":\"fr-FR\",\"@id\":\"https:\\\/\\\/www.totiaranalquilerbaqueira.com\\\/blog\\\/fr\\\/val-de-ruda\\\/#primaryimage\",\"url\":\"https:\\\/\\\/www.totiaranalquilerbaqueira.com\\\/blog\\\/wp-content\\\/uploads\\\/2024\\\/08\\\/val-de-ruda.jpg\",\"contentUrl\":\"https:\\\/\\\/www.totiaranalquilerbaqueira.com\\\/blog\\\/wp-content\\\/uploads\\\/2024\\\/08\\\/val-de-ruda.jpg\",\"width\":1920,\"height\":650,\"caption\":\"Val de Ruda\"},{\"@type\":\"BreadcrumbList\",\"@id\":\"https:\\\/\\\/www.totiaranalquilerbaqueira.com\\\/blog\\\/fr\\\/val-de-ruda\\\/#breadcrumb\",\"itemListElement\":[{\"@type\":\"ListItem\",\"position\":1,\"name\":\"Portada\",\"item\":\"https:\\\/\\\/www.totiaranalquilerbaqueira.com\\\/blog\\\/fr\\\/\"},{\"@type\":\"ListItem\",\"position\":2,\"name\":\"Val de Ruda\"}]},{\"@type\":\"WebSite\",\"@id\":\"https:\\\/\\\/www.totiaranalquilerbaqueira.com\\\/blog\\\/fr\\\/#website\",\"url\":\"https:\\\/\\\/www.totiaranalquilerbaqueira.com\\\/blog\\\/fr\\\/\",\"name\":\"Blog\",\"description\":\"Totiaranalquilerbaqueira\",\"publisher\":{\"@id\":\"https:\\\/\\\/www.totiaranalquilerbaqueira.com\\\/blog\\\/fr\\\/#organization\"},\"potentialAction\":[{\"@type\":\"SearchAction\",\"target\":{\"@type\":\"EntryPoint\",\"urlTemplate\":\"https:\\\/\\\/www.totiaranalquilerbaqueira.com\\\/blog\\\/fr\\\/?s={search_term_string}\"},\"query-input\":{\"@type\":\"PropertyValueSpecification\",\"valueRequired\":true,\"valueName\":\"search_term_string\"}}],\"inLanguage\":\"fr-FR\"},{\"@type\":\"Organization\",\"@id\":\"https:\\\/\\\/www.totiaranalquilerbaqueira.com\\\/blog\\\/fr\\\/#organization\",\"name\":\"Blog\",\"url\":\"https:\\\/\\\/www.totiaranalquilerbaqueira.com\\\/blog\\\/fr\\\/\",\"logo\":{\"@type\":\"ImageObject\",\"inLanguage\":\"fr-FR\",\"@id\":\"https:\\\/\\\/www.totiaranalquilerbaqueira.com\\\/blog\\\/fr\\\/#\\\/schema\\\/logo\\\/image\\\/\",\"url\":\"https:\\\/\\\/www.totiaranalquilerbaqueira.com\\\/blog\\\/wp-content\\\/uploads\\\/2024\\\/08\\\/logo-totiaran-baqueira.png\",\"contentUrl\":\"https:\\\/\\\/www.totiaranalquilerbaqueira.com\\\/blog\\\/wp-content\\\/uploads\\\/2024\\\/08\\\/logo-totiaran-baqueira.png\",\"width\":400,\"height\":84,\"caption\":\"Blog\"},\"image\":{\"@id\":\"https:\\\/\\\/www.totiaranalquilerbaqueira.com\\\/blog\\\/fr\\\/#\\\/schema\\\/logo\\\/image\\\/\"}}]}<\/script>\n<!-- \/ Yoast SEO plugin. -->","yoast_head_json":{"title":"Val de Ruda \u00e0 Baqueira, luxe et neige pr\u00e8s des pistes de ski","description":"D\u00e9couvrez Val de Ruda, l'un des lotissements les plus exclusifs des Pyr\u00e9n\u00e9es, \u00e0 proximit\u00e9 des remont\u00e9es m\u00e9caniques des pistes de ski de Baqueira Beret.","robots":{"index":"index","follow":"follow","max-snippet":"max-snippet:-1","max-image-preview":"max-image-preview:large","max-video-preview":"max-video-preview:-1"},"canonical":"https:\/\/www.totiaranalquilerbaqueira.com\/blog\/fr\/val-de-ruda\/","og_locale":"fr_FR","og_type":"article","og_title":"Val de Ruda \u00e0 Baqueira, luxe et neige pr\u00e8s des pistes de ski","og_description":"D\u00e9couvrez Val de Ruda, l'un des lotissements les plus exclusifs des Pyr\u00e9n\u00e9es, \u00e0 proximit\u00e9 des remont\u00e9es m\u00e9caniques des pistes de ski de Baqueira Beret.","og_url":"https:\/\/www.totiaranalquilerbaqueira.com\/blog\/fr\/val-de-ruda\/","og_site_name":"Blog","article_modified_time":"2025-06-27T11:09:58+00:00","og_image":[{"width":1920,"height":650,"url":"https:\/\/www.totiaranalquilerbaqueira.com\/blog\/wp-content\/uploads\/2024\/08\/val-de-ruda.jpg","type":"image\/jpeg"}],"twitter_card":"summary_large_image","twitter_misc":{"Dur\u00e9e de lecture estim\u00e9e":"8 minutes"},"schema":{"@context":"https:\/\/schema.org","@graph":[{"@type":"WebPage","@id":"https:\/\/www.totiaranalquilerbaqueira.com\/blog\/fr\/val-de-ruda\/","url":"https:\/\/www.totiaranalquilerbaqueira.com\/blog\/fr\/val-de-ruda\/","name":"Val de Ruda \u00e0 Baqueira, luxe et neige pr\u00e8s des pistes de ski","isPartOf":{"@id":"https:\/\/www.totiaranalquilerbaqueira.com\/blog\/fr\/#website"},"primaryImageOfPage":{"@id":"https:\/\/www.totiaranalquilerbaqueira.com\/blog\/fr\/val-de-ruda\/#primaryimage"},"image":{"@id":"https:\/\/www.totiaranalquilerbaqueira.com\/blog\/fr\/val-de-ruda\/#primaryimage"},"thumbnailUrl":"https:\/\/www.totiaranalquilerbaqueira.com\/blog\/wp-content\/uploads\/2024\/08\/val-de-ruda.jpg","datePublished":"2024-08-21T13:12:55+00:00","dateModified":"2025-06-27T11:09:58+00:00","description":"D\u00e9couvrez Val de Ruda, l'un des lotissements les plus exclusifs des Pyr\u00e9n\u00e9es, \u00e0 proximit\u00e9 des remont\u00e9es m\u00e9caniques des pistes de ski de Baqueira Beret.","breadcrumb":{"@id":"https:\/\/www.totiaranalquilerbaqueira.com\/blog\/fr\/val-de-ruda\/#breadcrumb"},"inLanguage":"fr-FR","potentialAction":[{"@type":"ReadAction","target":["https:\/\/www.totiaranalquilerbaqueira.com\/blog\/fr\/val-de-ruda\/"]}]},{"@type":"ImageObject","inLanguage":"fr-FR","@id":"https:\/\/www.totiaranalquilerbaqueira.com\/blog\/fr\/val-de-ruda\/#primaryimage","url":"https:\/\/www.totiaranalquilerbaqueira.com\/blog\/wp-content\/uploads\/2024\/08\/val-de-ruda.jpg","contentUrl":"https:\/\/www.totiaranalquilerbaqueira.com\/blog\/wp-content\/uploads\/2024\/08\/val-de-ruda.jpg","width":1920,"height":650,"caption":"Val de Ruda"},{"@type":"BreadcrumbList","@id":"https:\/\/www.totiaranalquilerbaqueira.com\/blog\/fr\/val-de-ruda\/#breadcrumb","itemListElement":[{"@type":"ListItem","position":1,"name":"Portada","item":"https:\/\/www.totiaranalquilerbaqueira.com\/blog\/fr\/"},{"@type":"ListItem","position":2,"name":"Val de Ruda"}]},{"@type":"WebSite","@id":"https:\/\/www.totiaranalquilerbaqueira.com\/blog\/fr\/#website","url":"https:\/\/www.totiaranalquilerbaqueira.com\/blog\/fr\/","name":"Blog","description":"Totiaranalquilerbaqueira","publisher":{"@id":"https:\/\/www.totiaranalquilerbaqueira.com\/blog\/fr\/#organization"},"potentialAction":[{"@type":"SearchAction","target":{"@type":"EntryPoint","urlTemplate":"https:\/\/www.totiaranalquilerbaqueira.com\/blog\/fr\/?s={search_term_string}"},"query-input":{"@type":"PropertyValueSpecification","valueRequired":true,"valueName":"search_term_string"}}],"inLanguage":"fr-FR"},{"@type":"Organization","@id":"https:\/\/www.totiaranalquilerbaqueira.com\/blog\/fr\/#organization","name":"Blog","url":"https:\/\/www.totiaranalquilerbaqueira.com\/blog\/fr\/","logo":{"@type":"ImageObject","inLanguage":"fr-FR","@id":"https:\/\/www.totiaranalquilerbaqueira.com\/blog\/fr\/#\/schema\/logo\/image\/","url":"https:\/\/www.totiaranalquilerbaqueira.com\/blog\/wp-content\/uploads\/2024\/08\/logo-totiaran-baqueira.png","contentUrl":"https:\/\/www.totiaranalquilerbaqueira.com\/blog\/wp-content\/uploads\/2024\/08\/logo-totiaran-baqueira.png","width":400,"height":84,"caption":"Blog"},"image":{"@id":"https:\/\/www.totiaranalquilerbaqueira.com\/blog\/fr\/#\/schema\/logo\/image\/"}}]}},"_links":{"self":[{"href":"https:\/\/www.totiaranalquilerbaqueira.com\/blog\/fr\/wp-json\/wp\/v2\/pages\/4234","targetHints":{"allow":["GET"]}}],"collection":[{"href":"https:\/\/www.totiaranalquilerbaqueira.com\/blog\/fr\/wp-json\/wp\/v2\/pages"}],"about":[{"href":"https:\/\/www.totiaranalquilerbaqueira.com\/blog\/fr\/wp-json\/wp\/v2\/types\/page"}],"author":[{"embeddable":true,"href":"https:\/\/www.totiaranalquilerbaqueira.com\/blog\/fr\/wp-json\/wp\/v2\/users\/2"}],"replies":[{"embeddable":true,"href":"https:\/\/www.totiaranalquilerbaqueira.com\/blog\/fr\/wp-json\/wp\/v2\/comments?post=4234"}],"version-history":[{"count":22,"href":"https:\/\/www.totiaranalquilerbaqueira.com\/blog\/fr\/wp-json\/wp\/v2\/pages\/4234\/revisions"}],"predecessor-version":[{"id":5836,"href":"https:\/\/www.totiaranalquilerbaqueira.com\/blog\/fr\/wp-json\/wp\/v2\/pages\/4234\/revisions\/5836"}],"wp:featuredmedia":[{"embeddable":true,"href":"https:\/\/www.totiaranalquilerbaqueira.com\/blog\/fr\/wp-json\/wp\/v2\/media\/3170"}],"wp:attachment":[{"href":"https:\/\/www.totiaranalquilerbaqueira.com\/blog\/fr\/wp-json\/wp\/v2\/media?parent=4234"}],"curies":[{"name":"wp","href":"https:\/\/api.w.org\/{rel}","templated":true}]}}