{"id":4144,"date":"2024-08-22T12:44:19","date_gmt":"2024-08-22T12:44:19","guid":{"rendered":"https:\/\/www.totiaranalquilerbaqueira.com\/blog\/?page_id=4144"},"modified":"2024-11-21T11:27:16","modified_gmt":"2024-11-21T11:27:16","slug":"baqueira-1700-tanau","status":"publish","type":"page","link":"https:\/\/www.totiaranalquilerbaqueira.com\/blog\/fr\/baqueira-1700-tanau\/","title":{"rendered":"Baqueira 1700 Tanau"},"content":{"rendered":"\t\t<div data-elementor-type=\"wp-page\" data-elementor-id=\"4144\" class=\"elementor elementor-4144 elementor-3427\" data-elementor-post-type=\"page\">\n\t\t\t\t\t\t<section class=\"elementor-section elementor-top-section elementor-element elementor-element-9b0a7e elementor-section-boxed elementor-section-height-default elementor-section-height-default\" data-id=\"9b0a7e\" data-element_type=\"section\" data-e-type=\"section\">\n\t\t\t\t\t\t<div class=\"elementor-container elementor-column-gap-default\">\n\t\t\t\t\t<div class=\"elementor-column elementor-col-100 elementor-top-column elementor-element elementor-element-cf531bc\" data-id=\"cf531bc\" data-element_type=\"column\" data-e-type=\"column\">\n\t\t\t<div class=\"elementor-widget-wrap elementor-element-populated\">\n\t\t\t\t\t\t<div class=\"elementor-element elementor-element-3e8df796 elementor-widget elementor-widget-heading\" data-id=\"3e8df796\" data-element_type=\"widget\" data-e-type=\"widget\" data-widget_type=\"heading.default\">\n\t\t\t\t<div class=\"elementor-widget-container\">\n\t\t\t\t\t<h2 class=\"elementor-heading-title elementor-size-default\">Qu'est-ce que Tanau et Baqueira 1700 et o\u00f9 sont-ils ?<\/h2>\t\t\t\t<\/div>\n\t\t\t\t<\/div>\n\t\t\t\t<div class=\"elementor-element elementor-element-deb5f47 elementor-widget elementor-widget-text-editor\" data-id=\"deb5f47\" data-element_type=\"widget\" data-e-type=\"widget\" data-widget_type=\"text-editor.default\">\n\t\t\t\t<div class=\"elementor-widget-container\">\n\t\t\t\t\t\t\t\t\t<div class=\"row-fluid-wrapper row-depth-2 row-number-1 \"><div class=\"row-fluid \"><div class=\"span12 widget-span widget-type-custom_widget\" data-widget-type=\"custom_widget\" data-x=\"0\" data-w=\"12\"><div id=\"hs_cos_wrapper_module_156680604517689\" class=\"hs_cos_wrapper hs_cos_wrapper_widget hs_cos_wrapper_type_module widget-type-rich_text\" data-hs-cos-general-type=\"widget\" data-hs-cos-type=\"module\"><div class=\"row-fluid-wrapper row-depth-2 row-number-1 \"><div class=\"row-fluid \"><div class=\"span12 widget-span widget-type-custom_widget\" data-widget-type=\"custom_widget\" data-x=\"0\" data-w=\"12\"><div id=\"hs_cos_wrapper_module_156680604517689\" class=\"hs_cos_wrapper hs_cos_wrapper_widget hs_cos_wrapper_type_module widget-type-rich_text\" data-hs-cos-general-type=\"widget\" data-hs-cos-type=\"module\"><p>Tanau et Baqueira 1700 sont un paradis de montagne situ\u00e9 au c\u0153ur des Pyr\u00e9n\u00e9es, au sein du prestigieux domaine skiable de Baqueira-Beret, r\u00e9put\u00e9 pour \u00eatre l&rsquo;une des destinations de montagne les plus exclusives et reconnues d&rsquo;Espagne.<\/p><p><strong>Tanau, un quartier r\u00e9sidentiel charmant et s\u00e9lect, se distingue par sa tranquillit\u00e9 et son acc\u00e8s direct aux pistes de ski<\/strong>, offrant aux visiteurs une exp\u00e9rience de ski luxueuse dans un environnement serein et entour\u00e9 de nature.<\/p><p>Baqueira 1700, quant \u00e0 lui, <strong>est l&rsquo;\u00e9picentre de la station de ski, situ\u00e9 \u00e0 une altitude de 1 700 m\u00e8tres<\/strong> au-dessus du niveau de la mer. Cette zone est connue pour sa vie sociale anim\u00e9e, avec une large gamme de services comprenant des restaurants, des boutiques haut de gamme et des h\u00e9bergements de premier ordre. Sa situation privil\u00e9gi\u00e9e permet un acc\u00e8s facile et direct aux principales pistes de ski, en faisant un point de r\u00e9f\u00e9rence pour les skieurs de tous niveaux.<\/p><p>Les deux destinations, Tanau et Baqueira 1700, offrent des vues \u00e0 couper le souffle, des conditions de ski exceptionnelles et une atmosph\u00e8re exclusive et \u00e9l\u00e9gante avec en toile de fond les majestueuses Pyr\u00e9n\u00e9es. Tout cela fait de Tanau et Baqueira 1700 le lieu id\u00e9al pour profiter de vacances de r\u00eave, en hiver comme en \u00e9t\u00e9, avec tous les luxes et conforts \u00e0 port\u00e9e de main en pleine nature.<\/p><\/div><\/div><\/div><\/div><\/div><\/div><\/div><\/div>\t\t\t\t\t\t\t\t<\/div>\n\t\t\t\t<\/div>\n\t\t\t\t<div class=\"elementor-element elementor-element-0fd5330 elementor-widget elementor-widget-image-gallery\" data-id=\"0fd5330\" data-element_type=\"widget\" data-e-type=\"widget\" data-widget_type=\"image-gallery.default\">\n\t\t\t\t<div class=\"elementor-widget-container\">\n\t\t\t\t\t\t\t<div class=\"elementor-image-gallery\">\n\t\t\t<div id='gallery-1' class='gallery galleryid-4144 gallery-columns-4 gallery-size-medium'><figure class='gallery-item'>\n\t\t\t<div class='gallery-icon landscape'>\n\t\t\t\t<a data-elementor-open-lightbox=\"yes\" data-elementor-lightbox-slideshow=\"0fd5330\" data-elementor-lightbox-title=\"baqueira-1700-tanau-1\" data-e-action-hash=\"#elementor-action%3Aaction%3Dlightbox%26settings%3DeyJpZCI6MzQzMCwidXJsIjoiaHR0cHM6XC9cL3d3dy50b3RpYXJhbmFscXVpbGVyYmFxdWVpcmEuY29tXC9ibG9nXC93cC1jb250ZW50XC91cGxvYWRzXC8yMDI0XC8wOFwvYmFxdWVpcmEtMTcwMC10YW5hdS0xLmpwZyIsInNsaWRlc2hvdyI6IjBmZDUzMzAifQ%3D%3D\" href='https:\/\/www.totiaranalquilerbaqueira.com\/blog\/wp-content\/uploads\/2024\/08\/baqueira-1700-tanau-1.jpg'><img fetchpriority=\"high\" decoding=\"async\" width=\"300\" height=\"200\" src=\"https:\/\/www.totiaranalquilerbaqueira.com\/blog\/wp-content\/uploads\/2024\/08\/baqueira-1700-tanau-1-300x200.jpg\" class=\"attachment-medium size-medium\" alt=\"esqui de maxima calidad en Bauqiera Tanau\" srcset=\"https:\/\/www.totiaranalquilerbaqueira.com\/blog\/wp-content\/uploads\/2024\/08\/baqueira-1700-tanau-1-300x200.jpg 300w, https:\/\/www.totiaranalquilerbaqueira.com\/blog\/wp-content\/uploads\/2024\/08\/baqueira-1700-tanau-1-768x513.jpg 768w, https:\/\/www.totiaranalquilerbaqueira.com\/blog\/wp-content\/uploads\/2024\/08\/baqueira-1700-tanau-1.jpg 800w\" sizes=\"(max-width: 300px) 100vw, 300px\" \/><\/a>\n\t\t\t<\/div><\/figure><figure class='gallery-item'>\n\t\t\t<div class='gallery-icon landscape'>\n\t\t\t\t<a data-elementor-open-lightbox=\"yes\" data-elementor-lightbox-slideshow=\"0fd5330\" data-elementor-lightbox-title=\"baqueira-1700-tanau-2\" data-e-action-hash=\"#elementor-action%3Aaction%3Dlightbox%26settings%3DeyJpZCI6MzQzMywidXJsIjoiaHR0cHM6XC9cL3d3dy50b3RpYXJhbmFscXVpbGVyYmFxdWVpcmEuY29tXC9ibG9nXC93cC1jb250ZW50XC91cGxvYWRzXC8yMDI0XC8wOFwvYmFxdWVpcmEtMTcwMC10YW5hdS0yLmpwZyIsInNsaWRlc2hvdyI6IjBmZDUzMzAifQ%3D%3D\" href='https:\/\/www.totiaranalquilerbaqueira.com\/blog\/wp-content\/uploads\/2024\/08\/baqueira-1700-tanau-2.jpg'><img decoding=\"async\" width=\"300\" height=\"200\" src=\"https:\/\/www.totiaranalquilerbaqueira.com\/blog\/wp-content\/uploads\/2024\/08\/baqueira-1700-tanau-2-300x200.jpg\" class=\"attachment-medium size-medium\" alt=\"tanau y la cota 1700\" srcset=\"https:\/\/www.totiaranalquilerbaqueira.com\/blog\/wp-content\/uploads\/2024\/08\/baqueira-1700-tanau-2-300x200.jpg 300w, https:\/\/www.totiaranalquilerbaqueira.com\/blog\/wp-content\/uploads\/2024\/08\/baqueira-1700-tanau-2-768x513.jpg 768w, https:\/\/www.totiaranalquilerbaqueira.com\/blog\/wp-content\/uploads\/2024\/08\/baqueira-1700-tanau-2.jpg 800w\" sizes=\"(max-width: 300px) 100vw, 300px\" \/><\/a>\n\t\t\t<\/div><\/figure><figure class='gallery-item'>\n\t\t\t<div class='gallery-icon landscape'>\n\t\t\t\t<a data-elementor-open-lightbox=\"yes\" data-elementor-lightbox-slideshow=\"0fd5330\" data-elementor-lightbox-title=\"baqueira-1700-tanau-7\" data-e-action-hash=\"#elementor-action%3Aaction%3Dlightbox%26settings%3DeyJpZCI6MzQ0OCwidXJsIjoiaHR0cHM6XC9cL3d3dy50b3RpYXJhbmFscXVpbGVyYmFxdWVpcmEuY29tXC9ibG9nXC93cC1jb250ZW50XC91cGxvYWRzXC8yMDI0XC8wOFwvYmFxdWVpcmEtMTcwMC10YW5hdS03LmpwZyIsInNsaWRlc2hvdyI6IjBmZDUzMzAifQ%3D%3D\" href='https:\/\/www.totiaranalquilerbaqueira.com\/blog\/wp-content\/uploads\/2024\/08\/baqueira-1700-tanau-7.jpg'><img decoding=\"async\" width=\"300\" height=\"200\" src=\"https:\/\/www.totiaranalquilerbaqueira.com\/blog\/wp-content\/uploads\/2024\/08\/baqueira-1700-tanau-7-300x200.jpg\" class=\"attachment-medium size-medium\" alt=\"urbanicaziones de Tanau y Baqueira 1700\" srcset=\"https:\/\/www.totiaranalquilerbaqueira.com\/blog\/wp-content\/uploads\/2024\/08\/baqueira-1700-tanau-7-300x200.jpg 300w, https:\/\/www.totiaranalquilerbaqueira.com\/blog\/wp-content\/uploads\/2024\/08\/baqueira-1700-tanau-7-768x513.jpg 768w, https:\/\/www.totiaranalquilerbaqueira.com\/blog\/wp-content\/uploads\/2024\/08\/baqueira-1700-tanau-7.jpg 800w\" sizes=\"(max-width: 300px) 100vw, 300px\" \/><\/a>\n\t\t\t<\/div><\/figure><figure class='gallery-item'>\n\t\t\t<div class='gallery-icon landscape'>\n\t\t\t\t<a data-elementor-open-lightbox=\"yes\" data-elementor-lightbox-slideshow=\"0fd5330\" data-elementor-lightbox-title=\"baqueira-1700-tanau-8\" data-e-action-hash=\"#elementor-action%3Aaction%3Dlightbox%26settings%3DeyJpZCI6MzQ1MSwidXJsIjoiaHR0cHM6XC9cL3d3dy50b3RpYXJhbmFscXVpbGVyYmFxdWVpcmEuY29tXC9ibG9nXC93cC1jb250ZW50XC91cGxvYWRzXC8yMDI0XC8wOFwvYmFxdWVpcmEtMTcwMC10YW5hdS04LmpwZyIsInNsaWRlc2hvdyI6IjBmZDUzMzAifQ%3D%3D\" href='https:\/\/www.totiaranalquilerbaqueira.com\/blog\/wp-content\/uploads\/2024\/08\/baqueira-1700-tanau-8.jpg'><img loading=\"lazy\" decoding=\"async\" width=\"300\" height=\"200\" src=\"https:\/\/www.totiaranalquilerbaqueira.com\/blog\/wp-content\/uploads\/2024\/08\/baqueira-1700-tanau-8-300x200.jpg\" class=\"attachment-medium size-medium\" alt=\"Ski en Tanau Baqueira 1700\" srcset=\"https:\/\/www.totiaranalquilerbaqueira.com\/blog\/wp-content\/uploads\/2024\/08\/baqueira-1700-tanau-8-300x200.jpg 300w, https:\/\/www.totiaranalquilerbaqueira.com\/blog\/wp-content\/uploads\/2024\/08\/baqueira-1700-tanau-8-768x513.jpg 768w, https:\/\/www.totiaranalquilerbaqueira.com\/blog\/wp-content\/uploads\/2024\/08\/baqueira-1700-tanau-8.jpg 800w\" sizes=\"(max-width: 300px) 100vw, 300px\" \/><\/a>\n\t\t\t<\/div><\/figure><figure class='gallery-item'>\n\t\t\t<div class='gallery-icon landscape'>\n\t\t\t\t<a data-elementor-open-lightbox=\"yes\" data-elementor-lightbox-slideshow=\"0fd5330\" data-elementor-lightbox-title=\"baqueira-1700-tanau-5\" data-e-action-hash=\"#elementor-action%3Aaction%3Dlightbox%26settings%3DeyJpZCI6MzQ0MiwidXJsIjoiaHR0cHM6XC9cL3d3dy50b3RpYXJhbmFscXVpbGVyYmFxdWVpcmEuY29tXC9ibG9nXC93cC1jb250ZW50XC91cGxvYWRzXC8yMDI0XC8wOFwvYmFxdWVpcmEtMTcwMC10YW5hdS01LmpwZyIsInNsaWRlc2hvdyI6IjBmZDUzMzAifQ%3D%3D\" href='https:\/\/www.totiaranalquilerbaqueira.com\/blog\/wp-content\/uploads\/2024\/08\/baqueira-1700-tanau-5.jpg'><img loading=\"lazy\" decoding=\"async\" width=\"300\" height=\"200\" src=\"https:\/\/www.totiaranalquilerbaqueira.com\/blog\/wp-content\/uploads\/2024\/08\/baqueira-1700-tanau-5-300x200.jpg\" class=\"attachment-medium size-medium\" alt=\"esqui desde Tanau Baqueira 1700\" srcset=\"https:\/\/www.totiaranalquilerbaqueira.com\/blog\/wp-content\/uploads\/2024\/08\/baqueira-1700-tanau-5-300x200.jpg 300w, https:\/\/www.totiaranalquilerbaqueira.com\/blog\/wp-content\/uploads\/2024\/08\/baqueira-1700-tanau-5-768x513.jpg 768w, https:\/\/www.totiaranalquilerbaqueira.com\/blog\/wp-content\/uploads\/2024\/08\/baqueira-1700-tanau-5.jpg 800w\" sizes=\"(max-width: 300px) 100vw, 300px\" \/><\/a>\n\t\t\t<\/div><\/figure><figure class='gallery-item'>\n\t\t\t<div class='gallery-icon landscape'>\n\t\t\t\t<a data-elementor-open-lightbox=\"yes\" data-elementor-lightbox-slideshow=\"0fd5330\" data-elementor-lightbox-title=\"baqueira-1700-tanau-6\" data-e-action-hash=\"#elementor-action%3Aaction%3Dlightbox%26settings%3DeyJpZCI6MzQ0NSwidXJsIjoiaHR0cHM6XC9cL3d3dy50b3RpYXJhbmFscXVpbGVyYmFxdWVpcmEuY29tXC9ibG9nXC93cC1jb250ZW50XC91cGxvYWRzXC8yMDI0XC8wOFwvYmFxdWVpcmEtMTcwMC10YW5hdS02LmpwZyIsInNsaWRlc2hvdyI6IjBmZDUzMzAifQ%3D%3D\" href='https:\/\/www.totiaranalquilerbaqueira.com\/blog\/wp-content\/uploads\/2024\/08\/baqueira-1700-tanau-6.jpg'><img loading=\"lazy\" decoding=\"async\" width=\"300\" height=\"200\" src=\"https:\/\/www.totiaranalquilerbaqueira.com\/blog\/wp-content\/uploads\/2024\/08\/baqueira-1700-tanau-6-300x200.jpg\" class=\"attachment-medium size-medium\" alt=\"Telesillas en Tanau y Baqueira 1700\" srcset=\"https:\/\/www.totiaranalquilerbaqueira.com\/blog\/wp-content\/uploads\/2024\/08\/baqueira-1700-tanau-6-300x200.jpg 300w, https:\/\/www.totiaranalquilerbaqueira.com\/blog\/wp-content\/uploads\/2024\/08\/baqueira-1700-tanau-6-768x513.jpg 768w, https:\/\/www.totiaranalquilerbaqueira.com\/blog\/wp-content\/uploads\/2024\/08\/baqueira-1700-tanau-6.jpg 800w\" sizes=\"(max-width: 300px) 100vw, 300px\" \/><\/a>\n\t\t\t<\/div><\/figure><figure class='gallery-item'>\n\t\t\t<div class='gallery-icon landscape'>\n\t\t\t\t<a data-elementor-open-lightbox=\"yes\" data-elementor-lightbox-slideshow=\"0fd5330\" data-elementor-lightbox-title=\"baqueira-1700-tanau-4\" data-e-action-hash=\"#elementor-action%3Aaction%3Dlightbox%26settings%3DeyJpZCI6MzQzOSwidXJsIjoiaHR0cHM6XC9cL3d3dy50b3RpYXJhbmFscXVpbGVyYmFxdWVpcmEuY29tXC9ibG9nXC93cC1jb250ZW50XC91cGxvYWRzXC8yMDI0XC8wOFwvYmFxdWVpcmEtMTcwMC10YW5hdS00LmpwZyIsInNsaWRlc2hvdyI6IjBmZDUzMzAifQ%3D%3D\" href='https:\/\/www.totiaranalquilerbaqueira.com\/blog\/wp-content\/uploads\/2024\/08\/baqueira-1700-tanau-4.jpg'><img loading=\"lazy\" decoding=\"async\" width=\"300\" height=\"200\" src=\"https:\/\/www.totiaranalquilerbaqueira.com\/blog\/wp-content\/uploads\/2024\/08\/baqueira-1700-tanau-4-300x200.jpg\" class=\"attachment-medium size-medium\" alt=\"baqueira 1700\" srcset=\"https:\/\/www.totiaranalquilerbaqueira.com\/blog\/wp-content\/uploads\/2024\/08\/baqueira-1700-tanau-4-300x200.jpg 300w, https:\/\/www.totiaranalquilerbaqueira.com\/blog\/wp-content\/uploads\/2024\/08\/baqueira-1700-tanau-4-768x513.jpg 768w, https:\/\/www.totiaranalquilerbaqueira.com\/blog\/wp-content\/uploads\/2024\/08\/baqueira-1700-tanau-4.jpg 800w\" sizes=\"(max-width: 300px) 100vw, 300px\" \/><\/a>\n\t\t\t<\/div><\/figure><figure class='gallery-item'>\n\t\t\t<div class='gallery-icon landscape'>\n\t\t\t\t<a data-elementor-open-lightbox=\"yes\" data-elementor-lightbox-slideshow=\"0fd5330\" data-elementor-lightbox-title=\"baqueira-1700-tanau-3\" data-e-action-hash=\"#elementor-action%3Aaction%3Dlightbox%26settings%3DeyJpZCI6MzQzNiwidXJsIjoiaHR0cHM6XC9cL3d3dy50b3RpYXJhbmFscXVpbGVyYmFxdWVpcmEuY29tXC9ibG9nXC93cC1jb250ZW50XC91cGxvYWRzXC8yMDI0XC8wOFwvYmFxdWVpcmEtMTcwMC10YW5hdS0zLmpwZyIsInNsaWRlc2hvdyI6IjBmZDUzMzAifQ%3D%3D\" href='https:\/\/www.totiaranalquilerbaqueira.com\/blog\/wp-content\/uploads\/2024\/08\/baqueira-1700-tanau-3.jpg'><img loading=\"lazy\" decoding=\"async\" width=\"300\" height=\"200\" src=\"https:\/\/www.totiaranalquilerbaqueira.com\/blog\/wp-content\/uploads\/2024\/08\/baqueira-1700-tanau-3-300x200.jpg\" class=\"attachment-medium size-medium\" alt=\"esquia en baqueira desde tanau\" srcset=\"https:\/\/www.totiaranalquilerbaqueira.com\/blog\/wp-content\/uploads\/2024\/08\/baqueira-1700-tanau-3-300x200.jpg 300w, https:\/\/www.totiaranalquilerbaqueira.com\/blog\/wp-content\/uploads\/2024\/08\/baqueira-1700-tanau-3-768x513.jpg 768w, https:\/\/www.totiaranalquilerbaqueira.com\/blog\/wp-content\/uploads\/2024\/08\/baqueira-1700-tanau-3.jpg 800w\" sizes=\"(max-width: 300px) 100vw, 300px\" \/><\/a>\n\t\t\t<\/div><\/figure>\n\t\t<\/div>\n\t\t<\/div>\n\t\t\t\t\t\t<\/div>\n\t\t\t\t<\/div>\n\t\t\t\t<div class=\"elementor-element elementor-element-49e81703 elementor-align-left elementor-widget elementor-widget-button\" data-id=\"49e81703\" data-element_type=\"widget\" data-e-type=\"widget\" data-widget_type=\"button.default\">\n\t\t\t\t<div class=\"elementor-widget-container\">\n\t\t\t\t\t\t\t\t\t<div class=\"elementor-button-wrapper\">\n\t\t\t\t\t<a class=\"elementor-button elementor-button-link elementor-size-sm\" href=\"https:\/\/www.totiaranalquilerbaqueira.com\/fr\/location\/locations-baqueira-1700-tanau-baqueira-n1906302\/\">\n\t\t\t\t\t\t<span class=\"elementor-button-content-wrapper\">\n\t\t\t\t\t\t\t\t\t<span class=\"elementor-button-text\">H\u00e9bergement \u00e0 Tanau<\/span>\n\t\t\t\t\t<\/span>\n\t\t\t\t\t<\/a>\n\t\t\t\t<\/div>\n\t\t\t\t\t\t\t\t<\/div>\n\t\t\t\t<\/div>\n\t\t\t\t\t<\/div>\n\t\t<\/div>\n\t\t\t\t\t<\/div>\n\t\t<\/section>\n\t\t\t\t<section class=\"elementor-section elementor-top-section elementor-element elementor-element-33b31e3a elementor-section-boxed elementor-section-height-default elementor-section-height-default\" data-id=\"33b31e3a\" data-element_type=\"section\" data-e-type=\"section\" data-settings=\"{&quot;background_background&quot;:&quot;classic&quot;}\">\n\t\t\t\t\t\t<div class=\"elementor-container elementor-column-gap-default\">\n\t\t\t\t\t<div class=\"elementor-column elementor-col-50 elementor-top-column elementor-element elementor-element-35e9769b\" data-id=\"35e9769b\" data-element_type=\"column\" data-e-type=\"column\">\n\t\t\t<div class=\"elementor-widget-wrap elementor-element-populated\">\n\t\t\t\t\t\t<div class=\"elementor-element elementor-element-5c964712 elementor-widget elementor-widget-heading\" data-id=\"5c964712\" data-element_type=\"widget\" data-e-type=\"widget\" data-widget_type=\"heading.default\">\n\t\t\t\t<div class=\"elementor-widget-container\">\n\t\t\t\t\t<h2 class=\"elementor-heading-title elementor-size-default\">Attractions \u00e0 Tanau et 1700 m d'altitude<\/h2>\t\t\t\t<\/div>\n\t\t\t\t<\/div>\n\t\t\t\t<div class=\"elementor-element elementor-element-2c55067a elementor-widget elementor-widget-text-editor\" data-id=\"2c55067a\" data-element_type=\"widget\" data-e-type=\"widget\" data-widget_type=\"text-editor.default\">\n\t\t\t\t<div class=\"elementor-widget-container\">\n\t\t\t\t\t\t\t\t\t<div class=\"row-fluid-wrapper row-depth-2 row-number-1 \"><div class=\"row-fluid \"><div class=\"span12 widget-span widget-type-custom_widget \" data-widget-type=\"custom_widget\" data-x=\"0\" data-w=\"12\"><div id=\"hs_cos_wrapper_module_156680604517689\" class=\"hs_cos_wrapper hs_cos_wrapper_widget hs_cos_wrapper_type_module widget-type-rich_text\" data-hs-cos-general-type=\"widget\" data-hs-cos-type=\"module\"><p>La vall\u00e9e d&rsquo;Aran n&rsquo;est pas seulement connue pour le ski \u00e0 Baqueira. \u00c0 partir de Baqueira 1700, vous aurez le privil\u00e8ge de dormir \u00e0 l&rsquo;altitude la plus \u00e9lev\u00e9e de la vall\u00e9e d&rsquo;Aran, dans un environnement de silence et de vues sur la vall\u00e9e.<\/p><p>Baqueira et Tanau offrent aux visiteurs la gastronomie typique de la vall\u00e9e, des zones commerciales, des excursions et des sports d&rsquo;aventure. Pouvez-vous en dire plus ?<\/p><p><strong>HIVER<\/strong> : En hiver, la r\u00e9gion de Tanau compte deux bars\/restaurants qui offrent une atmosph\u00e8re agr\u00e9able pour prendre un verre apr\u00e8s le ski ou manger sur le pouce. Si vous descendez \u00e0 Baqueira 1500, vous trouverez un large \u00e9ventail de restaurants et de bars pour tous les go\u00fbts. Vous n&rsquo;aurez donc pas besoin d&rsquo;aller ailleurs pour d\u00eener ou boire un verre. L&#8217;emplacement de la station est \u00e9galement id\u00e9al en raison de sa proximit\u00e9 avec le t\u00e9l\u00e9si\u00e8ge d&rsquo;Esquiros pour le ski de haut niveau.<\/p><p><strong>\u00c9T\u00c9<\/strong> : Pendant l&rsquo;\u00e9t\u00e9, vous pouvez pratiquer des sports d&rsquo;aventure comme le rafting ou la randonn\u00e9e, des excursions, des jeux de groupe, des pique-niques en pleine nature ou des visites dans les parcs naturels et les r\u00e9serves des environs. Vous pouvez \u00e9galement commencer votre parcours en VTT depuis votre porte d&rsquo;entr\u00e9e et vous rendre sur les pistes de ski o\u00f9 il y a de nombreux itin\u00e9raires \u00e0 d\u00e9couvrir.<\/p><\/div><\/div><\/div><\/div>\t\t\t\t\t\t\t\t<\/div>\n\t\t\t\t<\/div>\n\t\t\t\t\t<\/div>\n\t\t<\/div>\n\t\t\t\t<div class=\"elementor-column elementor-col-50 elementor-top-column elementor-element elementor-element-7ba9bea8\" data-id=\"7ba9bea8\" data-element_type=\"column\" data-e-type=\"column\">\n\t\t\t<div class=\"elementor-widget-wrap elementor-element-populated\">\n\t\t\t\t\t\t<div class=\"elementor-element elementor-element-137d89cd elementor-widget elementor-widget-image\" data-id=\"137d89cd\" data-element_type=\"widget\" data-e-type=\"widget\" data-widget_type=\"image.default\">\n\t\t\t\t<div class=\"elementor-widget-container\">\n\t\t\t\t\t\t\t\t\t\t\t\t\t\t\t<img loading=\"lazy\" decoding=\"async\" width=\"700\" height=\"424\" src=\"https:\/\/www.totiaranalquilerbaqueira.com\/blog\/wp-content\/uploads\/2024\/08\/paseo-caballo-nieve-valle-aran.jpg\" class=\"attachment-large size-large wp-image-1692\" alt=\"Paseo a caballo por la nieve en el Valle de Ar\u00e1n\" srcset=\"https:\/\/www.totiaranalquilerbaqueira.com\/blog\/wp-content\/uploads\/2024\/08\/paseo-caballo-nieve-valle-aran.jpg 700w, https:\/\/www.totiaranalquilerbaqueira.com\/blog\/wp-content\/uploads\/2024\/08\/paseo-caballo-nieve-valle-aran-300x182.jpg 300w\" sizes=\"(max-width: 700px) 100vw, 700px\" \/>\t\t\t\t\t\t\t\t\t\t\t\t\t\t\t<\/div>\n\t\t\t\t<\/div>\n\t\t\t\t<div class=\"elementor-element elementor-element-7e36f0f elementor-widget elementor-widget-image\" data-id=\"7e36f0f\" data-element_type=\"widget\" data-e-type=\"widget\" data-widget_type=\"image.default\">\n\t\t\t\t<div class=\"elementor-widget-container\">\n\t\t\t\t\t\t\t\t\t\t\t\t\t\t\t<img loading=\"lazy\" decoding=\"async\" width=\"800\" height=\"484\" src=\"https:\/\/www.totiaranalquilerbaqueira.com\/blog\/wp-content\/uploads\/2024\/08\/apres-ski-baqueira-naturaleza.jpg\" class=\"attachment-large size-large wp-image-711\" alt=\"apres ski baqueira naturaleza salvaje\" srcset=\"https:\/\/www.totiaranalquilerbaqueira.com\/blog\/wp-content\/uploads\/2024\/08\/apres-ski-baqueira-naturaleza.jpg 800w, https:\/\/www.totiaranalquilerbaqueira.com\/blog\/wp-content\/uploads\/2024\/08\/apres-ski-baqueira-naturaleza-300x182.jpg 300w, https:\/\/www.totiaranalquilerbaqueira.com\/blog\/wp-content\/uploads\/2024\/08\/apres-ski-baqueira-naturaleza-768x465.jpg 768w\" sizes=\"(max-width: 800px) 100vw, 800px\" \/>\t\t\t\t\t\t\t\t\t\t\t\t\t\t\t<\/div>\n\t\t\t\t<\/div>\n\t\t\t\t\t<\/div>\n\t\t<\/div>\n\t\t\t\t\t<\/div>\n\t\t<\/section>\n\t\t\t\t<section class=\"elementor-section elementor-top-section elementor-element elementor-element-3d0ddffd elementor-section-boxed elementor-section-height-default elementor-section-height-default\" data-id=\"3d0ddffd\" data-element_type=\"section\" data-e-type=\"section\">\n\t\t\t\t\t\t<div class=\"elementor-container elementor-column-gap-default\">\n\t\t\t\t\t<div class=\"elementor-column elementor-col-100 elementor-top-column elementor-element elementor-element-6d99e4a3\" data-id=\"6d99e4a3\" data-element_type=\"column\" data-e-type=\"column\">\n\t\t\t<div class=\"elementor-widget-wrap elementor-element-populated\">\n\t\t\t\t\t\t<div class=\"elementor-element elementor-element-14e03fb0 elementor-widget elementor-widget-heading\" data-id=\"14e03fb0\" data-element_type=\"widget\" data-e-type=\"widget\" data-widget_type=\"heading.default\">\n\t\t\t\t<div class=\"elementor-widget-container\">\n\t\t\t\t\t<h2 class=\"elementor-heading-title elementor-size-default\">Maisons et appartements \u00e0 Tanau et Bauqiera 1700, le balcon de la vall\u00e9e d'Aran<\/h2>\t\t\t\t<\/div>\n\t\t\t\t<\/div>\n\t\t\t\t<div class=\"elementor-element elementor-element-3b2e072f elementor-widget elementor-widget-text-editor\" data-id=\"3b2e072f\" data-element_type=\"widget\" data-e-type=\"widget\" data-widget_type=\"text-editor.default\">\n\t\t\t\t<div class=\"elementor-widget-container\">\n\t\t\t\t\t\t\t\t\t<div class=\"row-fluid-wrapper row-depth-2 row-number-1 \"><div class=\"row-fluid \"><div class=\"span12 widget-span widget-type-custom_widget\" data-widget-type=\"custom_widget\" data-x=\"0\" data-w=\"12\"><div id=\"hs_cos_wrapper_module_156680604517689\" class=\"hs_cos_wrapper hs_cos_wrapper_widget hs_cos_wrapper_type_module widget-type-rich_text\" data-hs-cos-general-type=\"widget\" data-hs-cos-type=\"module\"><p>Chez Totiaran, nous disposons <strong>des meilleurs logements<\/strong> dans la <strong>r\u00e9gion de Tanau et Baqueira<\/strong>.<\/p><p><a href=\"https:\/\/www.totiaranalquilerbaqueira.com\/fr\/location\/appartement-baqueira-adriana-by-totiaran-289165.html\" target=\"_blank\" rel=\"noopener\">APPARTEMENT ADRIANA<\/a>: Un splendide appartement enti\u00e8rement r\u00e9nov\u00e9 avec 2 chambres et 2 salles de bain pour un total de 6 personnes.<\/p><p><a href=\"https:\/\/www.totiaranalquilerbaqueira.com\/fr\/location\/maison-baqueira-casa-mont-romies-by-totiaran-288180.html\" target=\"_blank\" rel=\"noopener\">CASA MONT-ROMIES<\/a>: Un duplex avec des vues spectaculaires. Il dispose de 4 chambres, 3 salles de bain et un WC, pour un total de 8 personnes avec une option pour 2 enfants suppl\u00e9mentaires.<\/p><p><a href=\"https:\/\/www.totiaranalquilerbaqueira.com\/fr\/location\/appartement-baqueira-cris-by-totiaran-332893.html\" target=\"_blank\" rel=\"noopener\">APPARTEMENT CRIS<\/a>: Un appartement de montagne accueillant avec 1 chambre et un canap\u00e9-lit double, et une salle de bain compl\u00e8te.<\/p><p><a href=\"https:\/\/www.totiaranalquilerbaqueira.com\/fr\/location\/appartement-baqueira-eli-by-totiaran-307047.html\" target=\"_blank\" rel=\"noopener\">APPARTEMENT ELI<\/a>: Appartement enti\u00e8rement r\u00e9nov\u00e9 avec 1 chambre et 1 salle de bain, pouvant accueillir jusqu&rsquo;\u00e0 5 personnes; enti\u00e8rement moderne, r\u00e9nov\u00e9 et flambant neuf.<\/p><p>APPARTEMENT DUPLEX <a href=\"https:\/\/www.totiaranalquilerbaqueira.com\/fr\/location\/appartement-baqueira-mike-by-totiaran-289166.html\" target=\"_blank\" rel=\"noopener\">MIKE<\/a>: Un duplex confortable et chaleureux, enti\u00e8rement r\u00e9nov\u00e9 dans un style nordique avec 3 chambres et 2 salles de bain, pour une capacit\u00e9 maximale de 7 personnes.<\/p><p><a href=\"https:\/\/www.totiaranalquilerbaqueira.com\/alquiler\/apartamento-baqueira-toran-289167.html\" target=\"_blank\" rel=\"noopener\">APARTAMENTO TORAN<\/a>: Un bel appartement dans un cadre montagnard, de type duplex, avec 2 chambres et 2 salles de bain pour un total de 6 personnes.<\/p><p><strong>\u00a0<\/strong>Les\u00a0<strong>int\u00e9rieurs de nos appartements et maisons \u00e0 Tanau sont con\u00e7us dans le style rustique<\/strong> typique des Pyr\u00e9n\u00e9es, en utilisant des textures et des couleurs traditionnelles telles que la pierre, le bois et la laine.<\/p><p>La touche de modernit\u00e9 est apport\u00e9e par les appareils \u00e9lectrom\u00e9nagers et les dispositifs technologiques de derni\u00e8re g\u00e9n\u00e9ration, afin que vos vacances soient compl\u00e8tes et reposantes.<\/p><p>Les ext\u00e9rieurs suivent la m\u00eame ligne : une architecture typique de la Vall\u00e9e de l&rsquo;Aran accompagn\u00e9e des<strong> meilleures vues sur l&rsquo;environnement de la vall\u00e9e<\/strong>.<\/p><p>Dans les m\u00eames complexes d&rsquo;appartements ou \u00e0 proximit\u00e9, vous trouverez des zones de loisirs et sportives, ainsi que des piscines et des spas, pour vous d\u00e9tendre apr\u00e8s une bonne journ\u00e9e de ski.<\/p><\/div><\/div><\/div><\/div>\t\t\t\t\t\t\t\t<\/div>\n\t\t\t\t<\/div>\n\t\t\t\t\t<\/div>\n\t\t<\/div>\n\t\t\t\t\t<\/div>\n\t\t<\/section>\n\t\t\t\t<section class=\"elementor-section elementor-top-section elementor-element elementor-element-79cbe78c elementor-section-boxed elementor-section-height-default elementor-section-height-default\" data-id=\"79cbe78c\" data-element_type=\"section\" data-e-type=\"section\">\n\t\t\t\t\t\t<div class=\"elementor-container elementor-column-gap-default\">\n\t\t\t\t\t<div class=\"elementor-column elementor-col-100 elementor-top-column elementor-element elementor-element-516ce732\" data-id=\"516ce732\" data-element_type=\"column\" data-e-type=\"column\">\n\t\t\t<div class=\"elementor-widget-wrap elementor-element-populated\">\n\t\t\t\t\t\t<div class=\"elementor-element elementor-element-198bfdcd elementor-widget elementor-widget-heading\" data-id=\"198bfdcd\" data-element_type=\"widget\" data-e-type=\"widget\" data-widget_type=\"heading.default\">\n\t\t\t\t<div class=\"elementor-widget-container\">\n\t\t\t\t\t<h2 class=\"elementor-heading-title elementor-size-default\">D\u00e9couvrez o\u00f9 s\u00e9journer \u00e0 Tanau et dans les environs<\/h2>\t\t\t\t<\/div>\n\t\t\t\t<\/div>\n\t\t\t\t<div class=\"elementor-element elementor-element-9860199 elementor-widget elementor-widget-text-editor\" data-id=\"9860199\" data-element_type=\"widget\" data-e-type=\"widget\" data-widget_type=\"text-editor.default\">\n\t\t\t\t<div class=\"elementor-widget-container\">\n\t\t\t\t\t\t\t\t\t<p>Tanau est l&rsquo;endroit id\u00e9al pendant la saison de ski pour marcher jusqu&rsquo;au t\u00e9l\u00e9si\u00e8ge d&rsquo;Esquir\u00f3s et skier confortablement, mais c&rsquo;est aussi l&rsquo;endroit id\u00e9al en \u00e9t\u00e9 pour commencer un parcours en VTT le long de pistes et de circuits passionnants, parfaits pour d\u00e9charger l&rsquo;adr\u00e9naline sur le VTT. R\u00e9servons-nous \u00e0 Baqueira 1700 ?<\/p>\t\t\t\t\t\t\t\t<\/div>\n\t\t\t\t<\/div>\n\t\t\t\t\t<\/div>\n\t\t<\/div>\n\t\t\t\t\t<\/div>\n\t\t<\/section>\n\t\t\t\t<section class=\"elementor-section elementor-top-section elementor-element elementor-element-3182239a elementor-section-boxed elementor-section-height-default elementor-section-height-default\" data-id=\"3182239a\" data-element_type=\"section\" data-e-type=\"section\">\n\t\t\t\t\t\t<div class=\"elementor-container elementor-column-gap-default\">\n\t\t\t\t\t<div class=\"elementor-column elementor-col-33 elementor-top-column elementor-element elementor-element-397248f0\" data-id=\"397248f0\" data-element_type=\"column\" data-e-type=\"column\">\n\t\t\t<div class=\"elementor-widget-wrap elementor-element-populated\">\n\t\t\t\t\t\t<div class=\"elementor-element elementor-element-705e8c7f elementor-align-left elementor-widget elementor-widget-button\" data-id=\"705e8c7f\" data-element_type=\"widget\" data-e-type=\"widget\" data-widget_type=\"button.default\">\n\t\t\t\t<div class=\"elementor-widget-container\">\n\t\t\t\t\t\t\t\t\t<div class=\"elementor-button-wrapper\">\n\t\t\t\t\t<a class=\"elementor-button elementor-button-link elementor-size-sm\" href=\"https:\/\/www.totiaranalquilerbaqueira.com\/fr\/location\/locations-baqueira-d1396\/\">\n\t\t\t\t\t\t<span class=\"elementor-button-content-wrapper\">\n\t\t\t\t\t\t\t\t\t<span class=\"elementor-button-text\">H\u00e9bergement \u00e0 Baqueira<\/span>\n\t\t\t\t\t<\/span>\n\t\t\t\t\t<\/a>\n\t\t\t\t<\/div>\n\t\t\t\t\t\t\t\t<\/div>\n\t\t\t\t<\/div>\n\t\t\t\t\t<\/div>\n\t\t<\/div>\n\t\t\t\t<div class=\"elementor-column elementor-col-33 elementor-top-column elementor-element elementor-element-22ad0ea\" data-id=\"22ad0ea\" data-element_type=\"column\" data-e-type=\"column\">\n\t\t\t<div class=\"elementor-widget-wrap elementor-element-populated\">\n\t\t\t\t\t\t<div class=\"elementor-element elementor-element-8840eb7 elementor-align-left elementor-widget elementor-widget-button\" data-id=\"8840eb7\" data-element_type=\"widget\" data-e-type=\"widget\" data-widget_type=\"button.default\">\n\t\t\t\t<div class=\"elementor-widget-container\">\n\t\t\t\t\t\t\t\t\t<div class=\"elementor-button-wrapper\">\n\t\t\t\t\t<a class=\"elementor-button elementor-button-link elementor-size-sm\" href=\"https:\/\/www.totiaranalquilerbaqueira.com\/fr\/location\/locations-baqueira-1700-tanau-baqueira-n1906302\/\">\n\t\t\t\t\t\t<span class=\"elementor-button-content-wrapper\">\n\t\t\t\t\t\t\t\t\t<span class=\"elementor-button-text\">H\u00e9bergement \u00e0 Tanau<\/span>\n\t\t\t\t\t<\/span>\n\t\t\t\t\t<\/a>\n\t\t\t\t<\/div>\n\t\t\t\t\t\t\t\t<\/div>\n\t\t\t\t<\/div>\n\t\t\t\t\t<\/div>\n\t\t<\/div>\n\t\t\t\t<div class=\"elementor-column elementor-col-33 elementor-top-column elementor-element elementor-element-349da0df\" data-id=\"349da0df\" data-element_type=\"column\" data-e-type=\"column\">\n\t\t\t<div class=\"elementor-widget-wrap elementor-element-populated\">\n\t\t\t\t\t\t<div class=\"elementor-element elementor-element-1409464c elementor-align-left elementor-widget elementor-widget-button\" data-id=\"1409464c\" data-element_type=\"widget\" data-e-type=\"widget\" data-widget_type=\"button.default\">\n\t\t\t\t<div class=\"elementor-widget-container\">\n\t\t\t\t\t\t\t\t\t<div class=\"elementor-button-wrapper\">\n\t\t\t\t\t<a class=\"elementor-button elementor-button-link elementor-size-sm\" href=\"https:\/\/www.totiaranalquilerbaqueira.com\/fr\/location\/location-locations-u0\/\">\n\t\t\t\t\t\t<span class=\"elementor-button-content-wrapper\">\n\t\t\t\t\t\t\t\t\t<span class=\"elementor-button-text\">H\u00e9bergement dans la vall\u00e9e d'Aran<\/span>\n\t\t\t\t\t<\/span>\n\t\t\t\t\t<\/a>\n\t\t\t\t<\/div>\n\t\t\t\t\t\t\t\t<\/div>\n\t\t\t\t<\/div>\n\t\t\t\t\t<\/div>\n\t\t<\/div>\n\t\t\t\t\t<\/div>\n\t\t<\/section>\n\t\t\t\t<section class=\"elementor-section elementor-top-section elementor-element elementor-element-2185fb22 elementor-section-boxed elementor-section-height-default elementor-section-height-default\" data-id=\"2185fb22\" data-element_type=\"section\" data-e-type=\"section\" data-settings=\"{&quot;background_background&quot;:&quot;classic&quot;}\">\n\t\t\t\t\t\t<div class=\"elementor-container elementor-column-gap-no\">\n\t\t\t\t\t<div class=\"elementor-column elementor-col-50 elementor-top-column elementor-element elementor-element-314f82f7\" data-id=\"314f82f7\" data-element_type=\"column\" data-e-type=\"column\">\n\t\t\t<div class=\"elementor-widget-wrap elementor-element-populated\">\n\t\t\t\t\t\t<div class=\"elementor-element elementor-element-6f70bf8e elementor-widget elementor-widget-text-editor\" data-id=\"6f70bf8e\" data-element_type=\"widget\" data-e-type=\"widget\" data-widget_type=\"text-editor.default\">\n\t\t\t\t<div class=\"elementor-widget-container\">\n\t\t\t\t\t\t\t\t\t<p style=\"text-align: left;\"><span style=\"color: #ffffff;\"><strong>Si vous r\u00e9servez votre h\u00e9bergement \u00e0 Tanau et Baqueira 1700 avec nous, vous b\u00e9n\u00e9ficiez d&rsquo;une r\u00e9duction de 25% sur la location de skis chez Totirent Ski. Maintenant vous n&rsquo;avez plus d&rsquo;excuse, allons \u00e0 Tanau et skions \u00e0 Baqueira<\/strong> 1700.?<\/span><\/p>\t\t\t\t\t\t\t\t<\/div>\n\t\t\t\t<\/div>\n\t\t\t\t\t<\/div>\n\t\t<\/div>\n\t\t\t\t<div class=\"elementor-column elementor-col-50 elementor-top-column elementor-element elementor-element-10151ef1\" data-id=\"10151ef1\" data-element_type=\"column\" data-e-type=\"column\">\n\t\t\t<div class=\"elementor-widget-wrap elementor-element-populated\">\n\t\t\t\t\t\t<div class=\"elementor-element elementor-element-499296f5 elementor-align-center elementor-widget elementor-widget-button\" data-id=\"499296f5\" data-element_type=\"widget\" data-e-type=\"widget\" data-widget_type=\"button.default\">\n\t\t\t\t<div class=\"elementor-widget-container\">\n\t\t\t\t\t\t\t\t\t<div class=\"elementor-button-wrapper\">\n\t\t\t\t\t<a class=\"elementor-button elementor-button-link elementor-size-sm\" href=\"https:\/\/www.totiaranalquilerbaqueira.com\/blog\/fr\/location-et-reparation-de-skis-a-baqueira-beret\/\">\n\t\t\t\t\t\t<span class=\"elementor-button-content-wrapper\">\n\t\t\t\t\t\t\t\t\t<span class=\"elementor-button-text\">Location de ski \u00e0 Val de Ruda<\/span>\n\t\t\t\t\t<\/span>\n\t\t\t\t\t<\/a>\n\t\t\t\t<\/div>\n\t\t\t\t\t\t\t\t<\/div>\n\t\t\t\t<\/div>\n\t\t\t\t\t<\/div>\n\t\t<\/div>\n\t\t\t\t\t<\/div>\n\t\t<\/section>\n\t\t\t\t<section class=\"elementor-section elementor-top-section elementor-element elementor-element-27e374ed elementor-section-full_width elementor-section-height-default elementor-section-height-default\" data-id=\"27e374ed\" data-element_type=\"section\" data-e-type=\"section\">\n\t\t\t\t\t\t<div class=\"elementor-container elementor-column-gap-no\">\n\t\t\t\t\t<div class=\"elementor-column elementor-col-100 elementor-top-column elementor-element elementor-element-4487b86d\" data-id=\"4487b86d\" data-element_type=\"column\" data-e-type=\"column\">\n\t\t\t<div class=\"elementor-widget-wrap elementor-element-populated\">\n\t\t\t\t\t\t<div class=\"elementor-element elementor-element-1d7d764b elementor-widget elementor-widget-image\" data-id=\"1d7d764b\" data-element_type=\"widget\" data-e-type=\"widget\" data-widget_type=\"image.default\">\n\t\t\t\t<div class=\"elementor-widget-container\">\n\t\t\t\t\t\t\t\t\t\t\t\t\t\t\t<img loading=\"lazy\" decoding=\"async\" width=\"1920\" height=\"650\" src=\"https:\/\/www.totiaranalquilerbaqueira.com\/blog\/wp-content\/uploads\/2024\/08\/baqueira-1700.jpg\" class=\"attachment-full size-full wp-image-3464\" alt=\"Baqueira 1700\" srcset=\"https:\/\/www.totiaranalquilerbaqueira.com\/blog\/wp-content\/uploads\/2024\/08\/baqueira-1700.jpg 1920w, https:\/\/www.totiaranalquilerbaqueira.com\/blog\/wp-content\/uploads\/2024\/08\/baqueira-1700-300x102.jpg 300w, https:\/\/www.totiaranalquilerbaqueira.com\/blog\/wp-content\/uploads\/2024\/08\/baqueira-1700-1024x347.jpg 1024w, https:\/\/www.totiaranalquilerbaqueira.com\/blog\/wp-content\/uploads\/2024\/08\/baqueira-1700-768x260.jpg 768w, https:\/\/www.totiaranalquilerbaqueira.com\/blog\/wp-content\/uploads\/2024\/08\/baqueira-1700-1536x520.jpg 1536w\" sizes=\"(max-width: 1920px) 100vw, 1920px\" \/>\t\t\t\t\t\t\t\t\t\t\t\t\t\t\t<\/div>\n\t\t\t\t<\/div>\n\t\t\t\t\t<\/div>\n\t\t<\/div>\n\t\t\t\t\t<\/div>\n\t\t<\/section>\n\t\t\t\t<section class=\"elementor-section elementor-top-section elementor-element elementor-element-214b7734 elementor-section-content-middle elementor-section-boxed elementor-section-height-default elementor-section-height-default\" data-id=\"214b7734\" data-element_type=\"section\" data-e-type=\"section\" data-settings=\"{&quot;background_background&quot;:&quot;classic&quot;}\">\n\t\t\t\t\t\t<div class=\"elementor-container elementor-column-gap-no\">\n\t\t\t\t\t<div class=\"elementor-column elementor-col-100 elementor-top-column elementor-element elementor-element-252c82ea\" data-id=\"252c82ea\" data-element_type=\"column\" data-e-type=\"column\">\n\t\t\t<div class=\"elementor-widget-wrap elementor-element-populated\">\n\t\t\t\t\t\t<div class=\"elementor-element elementor-element-258de4f6 elementor-widget elementor-widget-heading\" data-id=\"258de4f6\" data-element_type=\"widget\" data-e-type=\"widget\" data-widget_type=\"heading.default\">\n\t\t\t\t<div class=\"elementor-widget-container\">\n\t\t\t\t\t<h2 class=\"elementor-heading-title elementor-size-default\">Services suppl\u00e9mentaires \u00e0 Tanau et Baqueira 1700<\/h2>\t\t\t\t<\/div>\n\t\t\t\t<\/div>\n\t\t\t\t<div class=\"elementor-element elementor-element-6f897bb2 elementor-widget elementor-widget-heading\" data-id=\"6f897bb2\" data-element_type=\"widget\" data-e-type=\"widget\" data-widget_type=\"heading.default\">\n\t\t\t\t<div class=\"elementor-widget-container\">\n\t\t\t\t\t<h5 class=\"elementor-heading-title elementor-size-default\">Votre tranquillit\u00e9 et votre bien-\u00eatre sont au c\u0153ur des pr\u00e9occupations de l'\u00e9quipe de Toti Aran. C'est pourquoi nous vous proposons une s\u00e9rie de services compl\u00e9mentaires pour que vos vacances \u00e0 Baqueira Beret soient parfaites :<\/h5>\t\t\t\t<\/div>\n\t\t\t\t<\/div>\n\t\t\t\t<section class=\"elementor-section elementor-inner-section elementor-element elementor-element-4302a7fe elementor-section-content-middle elementor-section-boxed elementor-section-height-default elementor-section-height-default\" data-id=\"4302a7fe\" data-element_type=\"section\" data-e-type=\"section\">\n\t\t\t\t\t\t<div class=\"elementor-container elementor-column-gap-default\">\n\t\t\t\t\t<div class=\"elementor-column elementor-col-33 elementor-inner-column elementor-element elementor-element-6ab9d729\" data-id=\"6ab9d729\" data-element_type=\"column\" data-e-type=\"column\" data-settings=\"{&quot;background_background&quot;:&quot;classic&quot;}\">\n\t\t\t<div class=\"elementor-widget-wrap elementor-element-populated\">\n\t\t\t\t\t<div class=\"elementor-background-overlay\"><\/div>\n\t\t\t\t\t\t<div class=\"elementor-element elementor-element-7853028b elementor-cta--skin-cover elementor-cta--valign-middle elementor-bg-transform elementor-bg-transform-zoom-out elementor-animated-content elementor-widget elementor-widget-call-to-action\" data-id=\"7853028b\" data-element_type=\"widget\" data-e-type=\"widget\" data-widget_type=\"call-to-action.default\">\n\t\t\t\t<div class=\"elementor-widget-container\">\n\t\t\t\t\t\t\t<div class=\"elementor-cta\">\n\t\t\t\t\t<div class=\"elementor-cta__bg-wrapper\">\n\t\t\t\t<div class=\"elementor-cta__bg elementor-bg\" style=\"background-image: url(https:\/\/www.totiaranalquilerbaqueira.com\/blog\/wp-content\/uploads\/2024\/08\/botas-de-ski-como-elegirlas-768x465.jpg);\" role=\"img\" aria-label=\"botas de ski. c\u00f3mo elegirlas\"><\/div>\n\t\t\t\t<div class=\"elementor-cta__bg-overlay\"><\/div>\n\t\t\t<\/div>\n\t\t\t\t\t\t\t<div class=\"elementor-cta__content\">\n\t\t\t\t\n\t\t\t\t\t\t\t\t\t<h2 class=\"elementor-cta__title elementor-cta__content-item elementor-content-item elementor-animated-item--grow\">\n\t\t\t\t\t\tLocation de skis\t\t\t\t\t<\/h2>\n\t\t\t\t\n\t\t\t\t\n\t\t\t\t\t\t\t<\/div>\n\t\t\t\t\t\t<\/div>\n\t\t\t\t\t\t<\/div>\n\t\t\t\t<\/div>\n\t\t\t\t\t<\/div>\n\t\t<\/div>\n\t\t\t\t<div class=\"elementor-column elementor-col-33 elementor-inner-column elementor-element elementor-element-713843a4\" data-id=\"713843a4\" data-element_type=\"column\" data-e-type=\"column\">\n\t\t\t<div class=\"elementor-widget-wrap elementor-element-populated\">\n\t\t\t\t\t\t<div class=\"elementor-element elementor-element-16873b3f elementor-cta--skin-cover elementor-bg-transform elementor-bg-transform-zoom-out elementor-animated-content elementor-widget elementor-widget-call-to-action\" data-id=\"16873b3f\" data-element_type=\"widget\" data-e-type=\"widget\" data-widget_type=\"call-to-action.default\">\n\t\t\t\t<div class=\"elementor-widget-container\">\n\t\t\t\t\t\t\t<div class=\"elementor-cta\">\n\t\t\t\t\t<div class=\"elementor-cta__bg-wrapper\">\n\t\t\t\t<div class=\"elementor-cta__bg elementor-bg\" style=\"background-image: url(https:\/\/www.totiaranalquilerbaqueira.com\/blog\/wp-content\/uploads\/2024\/08\/lavanderia-baqueira.jpg);\" role=\"img\" aria-label=\"lavanderia en baqueira\"><\/div>\n\t\t\t\t<div class=\"elementor-cta__bg-overlay\"><\/div>\n\t\t\t<\/div>\n\t\t\t\t\t\t\t<div class=\"elementor-cta__content\">\n\t\t\t\t\n\t\t\t\t\t\t\t\t\t<h2 class=\"elementor-cta__title elementor-cta__content-item elementor-content-item elementor-animated-item--grow\">\n\t\t\t\t\t\tLessive \u00e0 domicile\t\t\t\t\t<\/h2>\n\t\t\t\t\n\t\t\t\t\n\t\t\t\t\t\t\t<\/div>\n\t\t\t\t\t\t<\/div>\n\t\t\t\t\t\t<\/div>\n\t\t\t\t<\/div>\n\t\t\t\t\t<\/div>\n\t\t<\/div>\n\t\t\t\t<div class=\"elementor-column elementor-col-33 elementor-inner-column elementor-element elementor-element-6e1599c5\" data-id=\"6e1599c5\" data-element_type=\"column\" data-e-type=\"column\">\n\t\t\t<div class=\"elementor-widget-wrap elementor-element-populated\">\n\t\t\t\t\t\t<div class=\"elementor-element elementor-element-194b1f32 elementor-cta--skin-cover elementor-bg-transform elementor-bg-transform-zoom-out elementor-animated-content elementor-widget elementor-widget-call-to-action\" data-id=\"194b1f32\" data-element_type=\"widget\" data-e-type=\"widget\" data-widget_type=\"call-to-action.default\">\n\t\t\t\t<div class=\"elementor-widget-container\">\n\t\t\t\t\t\t\t<div class=\"elementor-cta\">\n\t\t\t\t\t<div class=\"elementor-cta__bg-wrapper\">\n\t\t\t\t<div class=\"elementor-cta__bg elementor-bg\" style=\"background-image: url(https:\/\/www.totiaranalquilerbaqueira.com\/blog\/wp-content\/uploads\/2024\/08\/canguros-baqueira-768x386.jpg);\" role=\"img\" aria-label=\"Servicio de canguro y cuidado de ni\u00f1os en Baqueira\"><\/div>\n\t\t\t\t<div class=\"elementor-cta__bg-overlay\"><\/div>\n\t\t\t<\/div>\n\t\t\t\t\t\t\t<div class=\"elementor-cta__content\">\n\t\t\t\t\n\t\t\t\t\t\t\t\t\t<h2 class=\"elementor-cta__title elementor-cta__content-item elementor-content-item elementor-animated-item--grow\">\n\t\t\t\t\t\tGardes d'enfants\t\t\t\t\t<\/h2>\n\t\t\t\t\n\t\t\t\t\n\t\t\t\t\t\t\t<\/div>\n\t\t\t\t\t\t<\/div>\n\t\t\t\t\t\t<\/div>\n\t\t\t\t<\/div>\n\t\t\t\t\t<\/div>\n\t\t<\/div>\n\t\t\t\t\t<\/div>\n\t\t<\/section>\n\t\t\t\t<section class=\"elementor-section elementor-inner-section elementor-element elementor-element-5d2b840f elementor-section-content-middle elementor-section-boxed elementor-section-height-default elementor-section-height-default\" data-id=\"5d2b840f\" data-element_type=\"section\" data-e-type=\"section\">\n\t\t\t\t\t\t<div class=\"elementor-container elementor-column-gap-default\">\n\t\t\t\t\t<div class=\"elementor-column elementor-col-33 elementor-inner-column elementor-element elementor-element-517793f8\" data-id=\"517793f8\" data-element_type=\"column\" data-e-type=\"column\">\n\t\t\t<div class=\"elementor-widget-wrap elementor-element-populated\">\n\t\t\t\t\t\t<div class=\"elementor-element elementor-element-7bfd41a9 elementor-cta--skin-cover elementor-cta--valign-middle elementor-bg-transform elementor-bg-transform-zoom-out elementor-animated-content elementor-widget elementor-widget-call-to-action\" data-id=\"7bfd41a9\" data-element_type=\"widget\" data-e-type=\"widget\" data-widget_type=\"call-to-action.default\">\n\t\t\t\t<div class=\"elementor-widget-container\">\n\t\t\t\t\t\t\t<div class=\"elementor-cta\">\n\t\t\t\t\t<div class=\"elementor-cta__bg-wrapper\">\n\t\t\t\t<div class=\"elementor-cta__bg elementor-bg\" style=\"background-image: url(https:\/\/www.totiaranalquilerbaqueira.com\/blog\/wp-content\/uploads\/2024\/08\/compra-a-domicilio-baqueira-768x483.jpg);\" role=\"img\" aria-label=\"Compra a domicilio en Baqueira\"><\/div>\n\t\t\t\t<div class=\"elementor-cta__bg-overlay\"><\/div>\n\t\t\t<\/div>\n\t\t\t\t\t\t\t<div class=\"elementor-cta__content\">\n\t\t\t\t\n\t\t\t\t\t\t\t\t\t<h2 class=\"elementor-cta__title elementor-cta__content-item elementor-content-item elementor-animated-item--grow\">\n\t\t\t\t\t\tNourriture livr\u00e9e \u00e0 domicile\t\t\t\t\t<\/h2>\n\t\t\t\t\n\t\t\t\t\n\t\t\t\t\t\t\t<\/div>\n\t\t\t\t\t\t<\/div>\n\t\t\t\t\t\t<\/div>\n\t\t\t\t<\/div>\n\t\t\t\t\t<\/div>\n\t\t<\/div>\n\t\t\t\t<div class=\"elementor-column elementor-col-33 elementor-inner-column elementor-element elementor-element-191d403a\" data-id=\"191d403a\" data-element_type=\"column\" data-e-type=\"column\">\n\t\t\t<div class=\"elementor-widget-wrap elementor-element-populated\">\n\t\t\t\t\t\t<div class=\"elementor-element elementor-element-68ef7224 elementor-cta--skin-cover elementor-bg-transform elementor-bg-transform-zoom-out elementor-animated-content elementor-widget elementor-widget-call-to-action\" data-id=\"68ef7224\" data-element_type=\"widget\" data-e-type=\"widget\" data-widget_type=\"call-to-action.default\">\n\t\t\t\t<div class=\"elementor-widget-container\">\n\t\t\t\t\t\t\t<div class=\"elementor-cta\">\n\t\t\t\t\t<div class=\"elementor-cta__bg-wrapper\">\n\t\t\t\t<div class=\"elementor-cta__bg elementor-bg\" style=\"background-image: url(https:\/\/www.totiaranalquilerbaqueira.com\/blog\/wp-content\/uploads\/2024\/08\/taxi-traslados-baqueira.jpg);\" role=\"img\" aria-label=\"Taxis y traslados en Baqueira\"><\/div>\n\t\t\t\t<div class=\"elementor-cta__bg-overlay\"><\/div>\n\t\t\t<\/div>\n\t\t\t\t\t\t\t<div class=\"elementor-cta__content\">\n\t\t\t\t\n\t\t\t\t\t\t\t\t\t<h2 class=\"elementor-cta__title elementor-cta__content-item elementor-content-item elementor-animated-item--grow\">\n\t\t\t\t\t\tTransport priv\u00e9\t\t\t\t\t<\/h2>\n\t\t\t\t\n\t\t\t\t\n\t\t\t\t\t\t\t<\/div>\n\t\t\t\t\t\t<\/div>\n\t\t\t\t\t\t<\/div>\n\t\t\t\t<\/div>\n\t\t\t\t\t<\/div>\n\t\t<\/div>\n\t\t\t\t<div class=\"elementor-column elementor-col-33 elementor-inner-column elementor-element elementor-element-648fce00\" data-id=\"648fce00\" data-element_type=\"column\" data-e-type=\"column\">\n\t\t\t<div class=\"elementor-widget-wrap elementor-element-populated\">\n\t\t\t\t\t\t<div class=\"elementor-element elementor-element-3a15017 elementor-cta--skin-cover elementor-bg-transform elementor-bg-transform-zoom-out elementor-animated-content elementor-widget elementor-widget-call-to-action\" data-id=\"3a15017\" data-element_type=\"widget\" data-e-type=\"widget\" data-widget_type=\"call-to-action.default\">\n\t\t\t\t<div class=\"elementor-widget-container\">\n\t\t\t\t\t\t\t<div class=\"elementor-cta\">\n\t\t\t\t\t<div class=\"elementor-cta__bg-wrapper\">\n\t\t\t\t<div class=\"elementor-cta__bg elementor-bg\" style=\"background-image: url(https:\/\/www.totiaranalquilerbaqueira.com\/blog\/wp-content\/uploads\/2024\/08\/ninos-curso-esqui.jpg);\" role=\"img\" aria-label=\"Ninos en un curso de esqui\"><\/div>\n\t\t\t\t<div class=\"elementor-cta__bg-overlay\"><\/div>\n\t\t\t<\/div>\n\t\t\t\t\t\t\t<div class=\"elementor-cta__content\">\n\t\t\t\t\n\t\t\t\t\t\t\t\t\t<h2 class=\"elementor-cta__title elementor-cta__content-item elementor-content-item elementor-animated-item--grow\">\n\t\t\t\t\t\tCours de ski\t\t\t\t\t<\/h2>\n\t\t\t\t\n\t\t\t\t\n\t\t\t\t\t\t\t<\/div>\n\t\t\t\t\t\t<\/div>\n\t\t\t\t\t\t<\/div>\n\t\t\t\t<\/div>\n\t\t\t\t\t<\/div>\n\t\t<\/div>\n\t\t\t\t\t<\/div>\n\t\t<\/section>\n\t\t\t\t\t<\/div>\n\t\t<\/div>\n\t\t\t\t\t<\/div>\n\t\t<\/section>\n\t\t\t\t<\/div>\n\t\t","protected":false},"excerpt":{"rendered":"<p>Qu&rsquo;est-ce que Tanau et Baqueira 1700 et o\u00f9 sont-ils ? Tanau et Baqueira 1700 sont un paradis de montagne situ\u00e9 au c\u0153ur des Pyr\u00e9n\u00e9es, au sein du prestigieux domaine skiable de Baqueira-Beret, r\u00e9put\u00e9 pour \u00eatre l&rsquo;une des destinations de montagne les plus exclusives et reconnues d&rsquo;Espagne. Tanau, un quartier r\u00e9sidentiel charmant et s\u00e9lect, se distingue [&hellip;]<\/p>\n","protected":false},"author":2,"featured_media":3454,"parent":0,"menu_order":0,"comment_status":"closed","ping_status":"closed","template":"","meta":{"footnotes":""},"class_list":["post-4144","page","type-page","status-publish","has-post-thumbnail","hentry"],"yoast_head":"<!-- This site is optimized with the Yoast SEO plugin v27.4 - https:\/\/yoast.com\/product\/yoast-seo-wordpress\/ -->\n<title>Tanau et les 1700 m\u00e8tres de Baqueira, un paradis pour les skieurs.<\/title>\n<meta name=\"description\" content=\"Tanau et les 1700m de Baqueira, avec acc\u00e8s direct au t\u00e9l\u00e9si\u00e8ge. Un s\u00e9jour au point le plus haut de la Vall\u00e9e d&#039;Aran et au pied des pistes!\" \/>\n<meta name=\"robots\" content=\"index, follow, max-snippet:-1, max-image-preview:large, max-video-preview:-1\" \/>\n<link rel=\"canonical\" href=\"https:\/\/www.totiaranalquilerbaqueira.com\/blog\/fr\/baqueira-1700-tanau\/\" \/>\n<meta property=\"og:locale\" content=\"fr_FR\" \/>\n<meta property=\"og:type\" content=\"article\" \/>\n<meta property=\"og:title\" content=\"Tanau et les 1700 m\u00e8tres de Baqueira, un paradis pour les skieurs.\" \/>\n<meta property=\"og:description\" content=\"Tanau et les 1700m de Baqueira, avec acc\u00e8s direct au t\u00e9l\u00e9si\u00e8ge. Un s\u00e9jour au point le plus haut de la Vall\u00e9e d&#039;Aran et au pied des pistes!\" \/>\n<meta property=\"og:url\" content=\"https:\/\/www.totiaranalquilerbaqueira.com\/blog\/fr\/baqueira-1700-tanau\/\" \/>\n<meta property=\"og:site_name\" content=\"Blog\" \/>\n<meta property=\"article:modified_time\" content=\"2024-11-21T11:27:16+00:00\" \/>\n<meta property=\"og:image\" content=\"https:\/\/www.totiaranalquilerbaqueira.com\/blog\/wp-content\/uploads\/2024\/08\/baqueira-1700-tanau.jpg\" \/>\n\t<meta property=\"og:image:width\" content=\"1920\" \/>\n\t<meta property=\"og:image:height\" content=\"650\" \/>\n\t<meta property=\"og:image:type\" content=\"image\/jpeg\" \/>\n<meta name=\"twitter:card\" content=\"summary_large_image\" \/>\n<meta name=\"twitter:label1\" content=\"Dur\u00e9e de lecture estim\u00e9e\" \/>\n\t<meta name=\"twitter:data1\" content=\"7 minutes\" \/>\n<script type=\"application\/ld+json\" class=\"yoast-schema-graph\">{\"@context\":\"https:\\\/\\\/schema.org\",\"@graph\":[{\"@type\":\"WebPage\",\"@id\":\"https:\\\/\\\/www.totiaranalquilerbaqueira.com\\\/blog\\\/fr\\\/baqueira-1700-tanau\\\/\",\"url\":\"https:\\\/\\\/www.totiaranalquilerbaqueira.com\\\/blog\\\/fr\\\/baqueira-1700-tanau\\\/\",\"name\":\"Tanau et les 1700 m\u00e8tres de Baqueira, un paradis pour les skieurs.\",\"isPartOf\":{\"@id\":\"https:\\\/\\\/www.totiaranalquilerbaqueira.com\\\/blog\\\/fr\\\/#website\"},\"primaryImageOfPage\":{\"@id\":\"https:\\\/\\\/www.totiaranalquilerbaqueira.com\\\/blog\\\/fr\\\/baqueira-1700-tanau\\\/#primaryimage\"},\"image\":{\"@id\":\"https:\\\/\\\/www.totiaranalquilerbaqueira.com\\\/blog\\\/fr\\\/baqueira-1700-tanau\\\/#primaryimage\"},\"thumbnailUrl\":\"https:\\\/\\\/www.totiaranalquilerbaqueira.com\\\/blog\\\/wp-content\\\/uploads\\\/2024\\\/08\\\/baqueira-1700-tanau.jpg\",\"datePublished\":\"2024-08-22T12:44:19+00:00\",\"dateModified\":\"2024-11-21T11:27:16+00:00\",\"description\":\"Tanau et les 1700m de Baqueira, avec acc\u00e8s direct au t\u00e9l\u00e9si\u00e8ge. Un s\u00e9jour au point le plus haut de la Vall\u00e9e d'Aran et au pied des pistes!\",\"breadcrumb\":{\"@id\":\"https:\\\/\\\/www.totiaranalquilerbaqueira.com\\\/blog\\\/fr\\\/baqueira-1700-tanau\\\/#breadcrumb\"},\"inLanguage\":\"fr-FR\",\"potentialAction\":[{\"@type\":\"ReadAction\",\"target\":[\"https:\\\/\\\/www.totiaranalquilerbaqueira.com\\\/blog\\\/fr\\\/baqueira-1700-tanau\\\/\"]}]},{\"@type\":\"ImageObject\",\"inLanguage\":\"fr-FR\",\"@id\":\"https:\\\/\\\/www.totiaranalquilerbaqueira.com\\\/blog\\\/fr\\\/baqueira-1700-tanau\\\/#primaryimage\",\"url\":\"https:\\\/\\\/www.totiaranalquilerbaqueira.com\\\/blog\\\/wp-content\\\/uploads\\\/2024\\\/08\\\/baqueira-1700-tanau.jpg\",\"contentUrl\":\"https:\\\/\\\/www.totiaranalquilerbaqueira.com\\\/blog\\\/wp-content\\\/uploads\\\/2024\\\/08\\\/baqueira-1700-tanau.jpg\",\"width\":1920,\"height\":650,\"caption\":\"Baqueira 1700 Tanau\"},{\"@type\":\"BreadcrumbList\",\"@id\":\"https:\\\/\\\/www.totiaranalquilerbaqueira.com\\\/blog\\\/fr\\\/baqueira-1700-tanau\\\/#breadcrumb\",\"itemListElement\":[{\"@type\":\"ListItem\",\"position\":1,\"name\":\"Portada\",\"item\":\"https:\\\/\\\/www.totiaranalquilerbaqueira.com\\\/blog\\\/fr\\\/\"},{\"@type\":\"ListItem\",\"position\":2,\"name\":\"Baqueira 1700 Tanau\"}]},{\"@type\":\"WebSite\",\"@id\":\"https:\\\/\\\/www.totiaranalquilerbaqueira.com\\\/blog\\\/fr\\\/#website\",\"url\":\"https:\\\/\\\/www.totiaranalquilerbaqueira.com\\\/blog\\\/fr\\\/\",\"name\":\"Blog\",\"description\":\"Totiaranalquilerbaqueira\",\"publisher\":{\"@id\":\"https:\\\/\\\/www.totiaranalquilerbaqueira.com\\\/blog\\\/fr\\\/#organization\"},\"potentialAction\":[{\"@type\":\"SearchAction\",\"target\":{\"@type\":\"EntryPoint\",\"urlTemplate\":\"https:\\\/\\\/www.totiaranalquilerbaqueira.com\\\/blog\\\/fr\\\/?s={search_term_string}\"},\"query-input\":{\"@type\":\"PropertyValueSpecification\",\"valueRequired\":true,\"valueName\":\"search_term_string\"}}],\"inLanguage\":\"fr-FR\"},{\"@type\":\"Organization\",\"@id\":\"https:\\\/\\\/www.totiaranalquilerbaqueira.com\\\/blog\\\/fr\\\/#organization\",\"name\":\"Blog\",\"url\":\"https:\\\/\\\/www.totiaranalquilerbaqueira.com\\\/blog\\\/fr\\\/\",\"logo\":{\"@type\":\"ImageObject\",\"inLanguage\":\"fr-FR\",\"@id\":\"https:\\\/\\\/www.totiaranalquilerbaqueira.com\\\/blog\\\/fr\\\/#\\\/schema\\\/logo\\\/image\\\/\",\"url\":\"https:\\\/\\\/www.totiaranalquilerbaqueira.com\\\/blog\\\/wp-content\\\/uploads\\\/2024\\\/08\\\/logo-totiaran-baqueira.png\",\"contentUrl\":\"https:\\\/\\\/www.totiaranalquilerbaqueira.com\\\/blog\\\/wp-content\\\/uploads\\\/2024\\\/08\\\/logo-totiaran-baqueira.png\",\"width\":400,\"height\":84,\"caption\":\"Blog\"},\"image\":{\"@id\":\"https:\\\/\\\/www.totiaranalquilerbaqueira.com\\\/blog\\\/fr\\\/#\\\/schema\\\/logo\\\/image\\\/\"}}]}<\/script>\n<!-- \/ Yoast SEO plugin. -->","yoast_head_json":{"title":"Tanau et les 1700 m\u00e8tres de Baqueira, un paradis pour les skieurs.","description":"Tanau et les 1700m de Baqueira, avec acc\u00e8s direct au t\u00e9l\u00e9si\u00e8ge. Un s\u00e9jour au point le plus haut de la Vall\u00e9e d'Aran et au pied des pistes!","robots":{"index":"index","follow":"follow","max-snippet":"max-snippet:-1","max-image-preview":"max-image-preview:large","max-video-preview":"max-video-preview:-1"},"canonical":"https:\/\/www.totiaranalquilerbaqueira.com\/blog\/fr\/baqueira-1700-tanau\/","og_locale":"fr_FR","og_type":"article","og_title":"Tanau et les 1700 m\u00e8tres de Baqueira, un paradis pour les skieurs.","og_description":"Tanau et les 1700m de Baqueira, avec acc\u00e8s direct au t\u00e9l\u00e9si\u00e8ge. Un s\u00e9jour au point le plus haut de la Vall\u00e9e d'Aran et au pied des pistes!","og_url":"https:\/\/www.totiaranalquilerbaqueira.com\/blog\/fr\/baqueira-1700-tanau\/","og_site_name":"Blog","article_modified_time":"2024-11-21T11:27:16+00:00","og_image":[{"width":1920,"height":650,"url":"https:\/\/www.totiaranalquilerbaqueira.com\/blog\/wp-content\/uploads\/2024\/08\/baqueira-1700-tanau.jpg","type":"image\/jpeg"}],"twitter_card":"summary_large_image","twitter_misc":{"Dur\u00e9e de lecture estim\u00e9e":"7 minutes"},"schema":{"@context":"https:\/\/schema.org","@graph":[{"@type":"WebPage","@id":"https:\/\/www.totiaranalquilerbaqueira.com\/blog\/fr\/baqueira-1700-tanau\/","url":"https:\/\/www.totiaranalquilerbaqueira.com\/blog\/fr\/baqueira-1700-tanau\/","name":"Tanau et les 1700 m\u00e8tres de Baqueira, un paradis pour les skieurs.","isPartOf":{"@id":"https:\/\/www.totiaranalquilerbaqueira.com\/blog\/fr\/#website"},"primaryImageOfPage":{"@id":"https:\/\/www.totiaranalquilerbaqueira.com\/blog\/fr\/baqueira-1700-tanau\/#primaryimage"},"image":{"@id":"https:\/\/www.totiaranalquilerbaqueira.com\/blog\/fr\/baqueira-1700-tanau\/#primaryimage"},"thumbnailUrl":"https:\/\/www.totiaranalquilerbaqueira.com\/blog\/wp-content\/uploads\/2024\/08\/baqueira-1700-tanau.jpg","datePublished":"2024-08-22T12:44:19+00:00","dateModified":"2024-11-21T11:27:16+00:00","description":"Tanau et les 1700m de Baqueira, avec acc\u00e8s direct au t\u00e9l\u00e9si\u00e8ge. Un s\u00e9jour au point le plus haut de la Vall\u00e9e d'Aran et au pied des pistes!","breadcrumb":{"@id":"https:\/\/www.totiaranalquilerbaqueira.com\/blog\/fr\/baqueira-1700-tanau\/#breadcrumb"},"inLanguage":"fr-FR","potentialAction":[{"@type":"ReadAction","target":["https:\/\/www.totiaranalquilerbaqueira.com\/blog\/fr\/baqueira-1700-tanau\/"]}]},{"@type":"ImageObject","inLanguage":"fr-FR","@id":"https:\/\/www.totiaranalquilerbaqueira.com\/blog\/fr\/baqueira-1700-tanau\/#primaryimage","url":"https:\/\/www.totiaranalquilerbaqueira.com\/blog\/wp-content\/uploads\/2024\/08\/baqueira-1700-tanau.jpg","contentUrl":"https:\/\/www.totiaranalquilerbaqueira.com\/blog\/wp-content\/uploads\/2024\/08\/baqueira-1700-tanau.jpg","width":1920,"height":650,"caption":"Baqueira 1700 Tanau"},{"@type":"BreadcrumbList","@id":"https:\/\/www.totiaranalquilerbaqueira.com\/blog\/fr\/baqueira-1700-tanau\/#breadcrumb","itemListElement":[{"@type":"ListItem","position":1,"name":"Portada","item":"https:\/\/www.totiaranalquilerbaqueira.com\/blog\/fr\/"},{"@type":"ListItem","position":2,"name":"Baqueira 1700 Tanau"}]},{"@type":"WebSite","@id":"https:\/\/www.totiaranalquilerbaqueira.com\/blog\/fr\/#website","url":"https:\/\/www.totiaranalquilerbaqueira.com\/blog\/fr\/","name":"Blog","description":"Totiaranalquilerbaqueira","publisher":{"@id":"https:\/\/www.totiaranalquilerbaqueira.com\/blog\/fr\/#organization"},"potentialAction":[{"@type":"SearchAction","target":{"@type":"EntryPoint","urlTemplate":"https:\/\/www.totiaranalquilerbaqueira.com\/blog\/fr\/?s={search_term_string}"},"query-input":{"@type":"PropertyValueSpecification","valueRequired":true,"valueName":"search_term_string"}}],"inLanguage":"fr-FR"},{"@type":"Organization","@id":"https:\/\/www.totiaranalquilerbaqueira.com\/blog\/fr\/#organization","name":"Blog","url":"https:\/\/www.totiaranalquilerbaqueira.com\/blog\/fr\/","logo":{"@type":"ImageObject","inLanguage":"fr-FR","@id":"https:\/\/www.totiaranalquilerbaqueira.com\/blog\/fr\/#\/schema\/logo\/image\/","url":"https:\/\/www.totiaranalquilerbaqueira.com\/blog\/wp-content\/uploads\/2024\/08\/logo-totiaran-baqueira.png","contentUrl":"https:\/\/www.totiaranalquilerbaqueira.com\/blog\/wp-content\/uploads\/2024\/08\/logo-totiaran-baqueira.png","width":400,"height":84,"caption":"Blog"},"image":{"@id":"https:\/\/www.totiaranalquilerbaqueira.com\/blog\/fr\/#\/schema\/logo\/image\/"}}]}},"_links":{"self":[{"href":"https:\/\/www.totiaranalquilerbaqueira.com\/blog\/fr\/wp-json\/wp\/v2\/pages\/4144","targetHints":{"allow":["GET"]}}],"collection":[{"href":"https:\/\/www.totiaranalquilerbaqueira.com\/blog\/fr\/wp-json\/wp\/v2\/pages"}],"about":[{"href":"https:\/\/www.totiaranalquilerbaqueira.com\/blog\/fr\/wp-json\/wp\/v2\/types\/page"}],"author":[{"embeddable":true,"href":"https:\/\/www.totiaranalquilerbaqueira.com\/blog\/fr\/wp-json\/wp\/v2\/users\/2"}],"replies":[{"embeddable":true,"href":"https:\/\/www.totiaranalquilerbaqueira.com\/blog\/fr\/wp-json\/wp\/v2\/comments?post=4144"}],"version-history":[{"count":8,"href":"https:\/\/www.totiaranalquilerbaqueira.com\/blog\/fr\/wp-json\/wp\/v2\/pages\/4144\/revisions"}],"predecessor-version":[{"id":4616,"href":"https:\/\/www.totiaranalquilerbaqueira.com\/blog\/fr\/wp-json\/wp\/v2\/pages\/4144\/revisions\/4616"}],"wp:featuredmedia":[{"embeddable":true,"href":"https:\/\/www.totiaranalquilerbaqueira.com\/blog\/fr\/wp-json\/wp\/v2\/media\/3454"}],"wp:attachment":[{"href":"https:\/\/www.totiaranalquilerbaqueira.com\/blog\/fr\/wp-json\/wp\/v2\/media?parent=4144"}],"curies":[{"name":"wp","href":"https:\/\/api.w.org\/{rel}","templated":true}]}}